{"id":8170,"date":"2025-10-14T10:58:29","date_gmt":"2025-10-14T08:58:29","guid":{"rendered":"https:\/\/vallesalado.com\/?page_id=8170"},"modified":"2025-10-14T11:34:25","modified_gmt":"2025-10-14T09:34:25","slug":"sudoe-2","status":"publish","type":"page","link":"https:\/\/www.vallesalado.com\/en\/get-to-know-the-salt-valley\/partnership-programme\/sudoe-2\/","title":{"rendered":"7 destinos tur\u00edsticos HITTS"},"content":{"rendered":"\t\t<div data-elementor-type=\"wp-page\" data-elementor-id=\"8170\" class=\"elementor elementor-8170 elementor-8168\" data-elementor-post-type=\"page\">\n\t\t\t\t\t\t<section class=\"elementor-section elementor-top-section elementor-element elementor-element-d372253 elementor-section-boxed elementor-section-height-default elementor-section-height-default\" data-id=\"d372253\" data-element_type=\"section\" data-settings=\"{&quot;background_background&quot;:&quot;classic&quot;}\">\n\t\t\t\t\t\t<div class=\"elementor-container elementor-column-gap-default\">\n\t\t\t\t\t<div class=\"elementor-column elementor-col-100 elementor-top-column elementor-element elementor-element-6d54883\" data-id=\"6d54883\" data-element_type=\"column\">\n\t\t\t<div class=\"elementor-widget-wrap elementor-element-populated\">\n\t\t\t\t\t\t<div class=\"elementor-element elementor-element-82d26e7 elementor-widget elementor-widget-heading\" data-id=\"82d26e7\" data-element_type=\"widget\" data-widget_type=\"heading.default\">\n\t\t\t\t<div class=\"elementor-widget-container\">\n\t\t\t\t\t<h1 class=\"elementor-heading-title elementor-size-default\">7 destinos tur\u00edsticos HITTS<\/h1>\t\t\t\t<\/div>\n\t\t\t\t<\/div>\n\t\t\t\t<div class=\"elementor-element elementor-element-c1f6845 elementor-align-center elementor-widget elementor-widget-breadcrumbs\" data-id=\"c1f6845\" data-element_type=\"widget\" data-widget_type=\"breadcrumbs.default\">\n\t\t\t\t<div class=\"elementor-widget-container\">\n\t\t\t\t\t<p id=\"breadcrumbs\"><span><span><a href=\"https:\/\/www.vallesalado.com\/en\/\">Valle Salado<\/a><\/span><\/span><\/p>\t\t\t\t<\/div>\n\t\t\t\t<\/div>\n\t\t\t\t\t<\/div>\n\t\t<\/div>\n\t\t\t\t\t<\/div>\n\t\t<\/section>\n\t\t\t\t<section class=\"elementor-section elementor-top-section elementor-element elementor-element-820e7c0 elementor-section-boxed elementor-section-height-default elementor-section-height-default\" data-id=\"820e7c0\" data-element_type=\"section\">\n\t\t\t\t\t\t<div class=\"elementor-container elementor-column-gap-default\">\n\t\t\t\t\t<div class=\"elementor-column elementor-col-100 elementor-top-column elementor-element elementor-element-4892736\" data-id=\"4892736\" data-element_type=\"column\">\n\t\t\t<div class=\"elementor-widget-wrap elementor-element-populated\">\n\t\t\t\t\t\t<div class=\"elementor-element elementor-element-fa46ca6 elementor-widget elementor-widget-text-editor\" data-id=\"fa46ca6\" data-element_type=\"widget\" data-widget_type=\"text-editor.default\">\n\t\t\t\t<div class=\"elementor-widget-container\">\n\t\t\t\t\t\t\t\t\t<p>The <strong><a href=\"https:\/\/www.iglesiasanlorenzoubeda.com\/proyecto-interreg-sudoe-hitts\/\">HITTS project<\/a> <\/strong>is a <strong>European Union<\/strong> initiative that connects territories in <strong>Spain, France and Portugal<\/strong> &#8211; 7 HITTS tourist destinations &#8211; to enhance the value of their immense heritage and face challenges such as depopulation and aging, through sustainable and ecological development.<\/p><p>Here is a fascinating journey through subway caves, magical lagoons, medieval castles and original festivals that scare demons. Real and authentic places, in their purest state, that seem to be taken from a novel or a legend. Do you dare to know them? <\/p>\t\t\t\t\t\t\t\t<\/div>\n\t\t\t\t<\/div>\n\t\t\t\t<div class=\"elementor-element elementor-element-78b1f5a elementor-widget elementor-widget-image\" data-id=\"78b1f5a\" data-element_type=\"widget\" data-widget_type=\"image.default\">\n\t\t\t\t<div class=\"elementor-widget-container\">\n\t\t\t\t\t\t\t\t\t\t\t\t\t\t\t<img fetchpriority=\"high\" decoding=\"async\" width=\"800\" height=\"557\" src=\"https:\/\/www.vallesalado.com\/wp-content\/uploads\/2025\/10\/hitts-01.jpeg\" class=\"attachment-full size-full wp-image-8178\" alt=\"7 destinos tur\u00edsticos HITTS\" srcset=\"https:\/\/www.vallesalado.com\/wp-content\/uploads\/2025\/10\/hitts-01.jpeg 800w, https:\/\/www.vallesalado.com\/wp-content\/uploads\/2025\/10\/hitts-01-300x209.jpeg 300w, https:\/\/www.vallesalado.com\/wp-content\/uploads\/2025\/10\/hitts-01-768x535.jpeg 768w, https:\/\/www.vallesalado.com\/wp-content\/uploads\/2025\/10\/hitts-01-600x418.jpeg 600w\" sizes=\"(max-width: 800px) 100vw, 800px\" \/>\t\t\t\t\t\t\t\t\t\t\t\t\t\t\t<\/div>\n\t\t\t\t<\/div>\n\t\t\t\t\t<\/div>\n\t\t<\/div>\n\t\t\t\t\t<\/div>\n\t\t<\/section>\n\t\t\t\t<section class=\"elementor-section elementor-top-section elementor-element elementor-element-5ac8181 elementor-section-boxed elementor-section-height-default elementor-section-height-default\" data-id=\"5ac8181\" data-element_type=\"section\">\n\t\t\t\t\t\t<div class=\"elementor-container elementor-column-gap-wider\">\n\t\t\t\t\t<div class=\"elementor-column elementor-col-50 elementor-top-column elementor-element elementor-element-6079038\" data-id=\"6079038\" data-element_type=\"column\">\n\t\t\t<div class=\"elementor-widget-wrap elementor-element-populated\">\n\t\t\t\t\t\t<div class=\"elementor-element elementor-element-1f4e012 elementor-widget elementor-widget-heading\" data-id=\"1f4e012\" data-element_type=\"widget\" data-widget_type=\"heading.default\">\n\t\t\t\t<div class=\"elementor-widget-container\">\n\t\t\t\t\t<h2 class=\"elementor-heading-title elementor-size-default\">\u00dabeda and the neighborhood of San Lorenzo (Spain)<\/h2>\t\t\t\t<\/div>\n\t\t\t\t<\/div>\n\t\t\t\t<div class=\"elementor-element elementor-element-19bf904 elementor-widget elementor-widget-text-editor\" data-id=\"19bf904\" data-element_type=\"widget\" data-widget_type=\"text-editor.default\">\n\t\t\t\t<div class=\"elementor-widget-container\">\n\t\t\t\t\t\t\t\t\t<p>We finish the tour in the south of Spain, in <strong>\u00dabeda<\/strong>, a World Heritage City. At its heart is the <strong>neighborhood of San Lorenzo<\/strong>, a historical-artistic complex that revolves around the <strong>\n  <a href=\"https:\/\/www.iglesiasanlorenzoubeda.com\/\">Renaissance church<\/a>\n<\/strong> of the same name, currently being restored by the <strong>Huerta de San Antonio Foundation<\/strong>. <\/p><p>The church, built on the old <strong>Almohad wall<\/strong>, is today a living cultural space. The neighborhood retains its medieval fabric, with palaces, manor houses and views of the Guadalquivir valley, with <g id=\"gid_1\">traditional orchards<\/g> that mark the city. A place masterfully described by <strong>\n  <a href=\"https:\/\/xn--antoniomuozmolina-nxb.es\/\">Antonio Mu\u00f1oz Molina<\/a>\n<\/strong>a resident of this neighborhood in the bosom of a family of market gardeners.  <\/p>\t\t\t\t\t\t\t\t<\/div>\n\t\t\t\t<\/div>\n\t\t\t\t\t<\/div>\n\t\t<\/div>\n\t\t\t\t<div class=\"elementor-column elementor-col-50 elementor-top-column elementor-element elementor-element-a32766c\" data-id=\"a32766c\" data-element_type=\"column\">\n\t\t\t<div class=\"elementor-widget-wrap elementor-element-populated\">\n\t\t\t\t\t\t<div class=\"elementor-element elementor-element-2157148 elementor-widget elementor-widget-image\" data-id=\"2157148\" data-element_type=\"widget\" data-widget_type=\"image.default\">\n\t\t\t\t<div class=\"elementor-widget-container\">\n\t\t\t\t\t\t\t\t\t\t\t\t\t\t\t<img decoding=\"async\" width=\"800\" height=\"540\" src=\"https:\/\/www.vallesalado.com\/wp-content\/uploads\/2025\/10\/hitts-02.jpeg\" class=\"attachment-full size-full wp-image-8207\" alt=\"\u00dabeda y el barrio de San Lorenzo (Espa\u00f1a)\" srcset=\"https:\/\/www.vallesalado.com\/wp-content\/uploads\/2025\/10\/hitts-02.jpeg 800w, https:\/\/www.vallesalado.com\/wp-content\/uploads\/2025\/10\/hitts-02-300x203.jpeg 300w, https:\/\/www.vallesalado.com\/wp-content\/uploads\/2025\/10\/hitts-02-768x518.jpeg 768w, https:\/\/www.vallesalado.com\/wp-content\/uploads\/2025\/10\/hitts-02-600x405.jpeg 600w\" sizes=\"(max-width: 800px) 100vw, 800px\" \/>\t\t\t\t\t\t\t\t\t\t\t\t\t\t\t<\/div>\n\t\t\t\t<\/div>\n\t\t\t\t\t<\/div>\n\t\t<\/div>\n\t\t\t\t\t<\/div>\n\t\t<\/section>\n\t\t\t\t<section class=\"elementor-section elementor-top-section elementor-element elementor-element-7d75f04 elementor-section-boxed elementor-section-height-default elementor-section-height-default\" data-id=\"7d75f04\" data-element_type=\"section\">\n\t\t\t\t\t\t<div class=\"elementor-container elementor-column-gap-wider\">\n\t\t\t\t\t<div class=\"elementor-column elementor-col-50 elementor-top-column elementor-element elementor-element-fccc33f\" data-id=\"fccc33f\" data-element_type=\"column\">\n\t\t\t<div class=\"elementor-widget-wrap elementor-element-populated\">\n\t\t\t\t\t\t<div class=\"elementor-element elementor-element-fd5144f elementor-widget elementor-widget-heading\" data-id=\"fd5144f\" data-element_type=\"widget\" data-widget_type=\"heading.default\">\n\t\t\t\t<div class=\"elementor-widget-container\">\n\t\t\t\t\t<h2 class=\"elementor-heading-title elementor-size-default\">A\u00f1ana Salt Valley (Spain)<\/h2>\t\t\t\t<\/div>\n\t\t\t\t<\/div>\n\t\t\t\t<div class=\"elementor-element elementor-element-2116824 elementor-widget elementor-widget-text-editor\" data-id=\"2116824\" data-element_type=\"widget\" data-widget_type=\"text-editor.default\">\n\t\t\t\t<div class=\"elementor-widget-container\">\n\t\t\t\t\t\t\t\t\t<div id=\"texto5025\" class=\"texto modulo clear_both \"><div id=\"texto_contenido5025\" class=\"texto_contenido\"><p>In Alava, Basque Country, is located the <a href=\"https:\/\/vallesalado.com\/VALLE-SALADO-HOME\"><strong>A\u00f1ana Salt Valley<\/strong>, an<\/a> exceptional enclave in Europe, with a salt mine in use that is more than <strong>7,500 years old<\/strong>. Here salt is still extracted with the same techniques used by the ancestors, in an environment that has been awarded the <strong>Europa Nostra prize<\/strong> for its conservation. <\/p><p>Next to these terraces and mills stands the <strong>medieval village of Salinas de A\u00f1ana<\/strong>, with vestiges of walls and architecture that takes you back in time. History coexists in the salt valley with a <strong>very diverse natural landscape<\/strong> formed by rocky escarpments and dense forests of Scotch pines, beeches and oaks. <\/p><\/div><\/div>\t\t\t\t\t\t\t\t<\/div>\n\t\t\t\t<\/div>\n\t\t\t\t\t<\/div>\n\t\t<\/div>\n\t\t\t\t<div class=\"elementor-column elementor-col-50 elementor-top-column elementor-element elementor-element-d5de6e1\" data-id=\"d5de6e1\" data-element_type=\"column\">\n\t\t\t<div class=\"elementor-widget-wrap elementor-element-populated\">\n\t\t\t\t\t\t<div class=\"elementor-element elementor-element-ed23683 elementor-widget elementor-widget-image\" data-id=\"ed23683\" data-element_type=\"widget\" data-widget_type=\"image.default\">\n\t\t\t\t<div class=\"elementor-widget-container\">\n\t\t\t\t\t\t\t\t\t\t\t\t\t\t\t<img decoding=\"async\" width=\"800\" height=\"466\" src=\"https:\/\/www.vallesalado.com\/wp-content\/uploads\/2025\/10\/hitts-03.jpeg\" class=\"attachment-full size-full wp-image-8202\" alt=\"Valle Salado de A\u00f1ana (Espa\u00f1a)\" srcset=\"https:\/\/www.vallesalado.com\/wp-content\/uploads\/2025\/10\/hitts-03.jpeg 800w, https:\/\/www.vallesalado.com\/wp-content\/uploads\/2025\/10\/hitts-03-300x175.jpeg 300w, https:\/\/www.vallesalado.com\/wp-content\/uploads\/2025\/10\/hitts-03-768x447.jpeg 768w, https:\/\/www.vallesalado.com\/wp-content\/uploads\/2025\/10\/hitts-03-600x350.jpeg 600w\" sizes=\"(max-width: 800px) 100vw, 800px\" \/>\t\t\t\t\t\t\t\t\t\t\t\t\t\t\t<\/div>\n\t\t\t\t<\/div>\n\t\t\t\t\t<\/div>\n\t\t<\/div>\n\t\t\t\t\t<\/div>\n\t\t<\/section>\n\t\t\t\t<section class=\"elementor-section elementor-top-section elementor-element elementor-element-a1c3a12 elementor-section-boxed elementor-section-height-default elementor-section-height-default\" data-id=\"a1c3a12\" data-element_type=\"section\">\n\t\t\t\t\t\t<div class=\"elementor-container elementor-column-gap-wider\">\n\t\t\t\t\t<div class=\"elementor-column elementor-col-50 elementor-top-column elementor-element elementor-element-3d76f8b\" data-id=\"3d76f8b\" data-element_type=\"column\">\n\t\t\t<div class=\"elementor-widget-wrap elementor-element-populated\">\n\t\t\t\t\t\t<div class=\"elementor-element elementor-element-7bfd77c elementor-widget elementor-widget-heading\" data-id=\"7bfd77c\" data-element_type=\"widget\" data-widget_type=\"heading.default\">\n\t\t\t\t<div class=\"elementor-widget-container\">\n\t\t\t\t\t<h2 class=\"elementor-heading-title elementor-size-default\">Lands of Liberty: Campo de Montiel and Campo de Calatrava (Spain)<\/h2>\t\t\t\t<\/div>\n\t\t\t\t<\/div>\n\t\t\t\t<div class=\"elementor-element elementor-element-2b33a6d elementor-widget elementor-widget-text-editor\" data-id=\"2b33a6d\" data-element_type=\"widget\" data-widget_type=\"text-editor.default\">\n\t\t\t\t<div class=\"elementor-widget-container\">\n\t\t\t\t\t\t\t\t\t<p>In the province of Ciudad Real, the past comes alive in the so called <strong>\n  <a href=\"https:\/\/tierrasdelibertad.com\/tu-turismo\">Lands of Liberty<\/a>\n<\/strong>which include the historical Campos de Montiel and Calatrava. Here took place the <g id=\"gid_2\">Battle of Montiel (1360)<\/g>, between Pedro I and Enrique II. Today, this event is commemorated with the festival of <strong>\n  <a href=\"https:\/\/www.facebook.com\/groups\/133956200230\">Medieval Montiel<\/a>\n<\/strong>a historical reenactment with costumes, fights and 14th century setting around the <strong>Castillo de la Estrella<\/strong>.  <\/p><p>But this HITTS tourist destination not only offers history: it also hosts natural areas such as the <strong>Lagunas de Ruidera<\/strong>, a place of crystal clear waters connected to each other, forming one of the most beautiful lake ecosystems in southern Europe.<\/p>\t\t\t\t\t\t\t\t<\/div>\n\t\t\t\t<\/div>\n\t\t\t\t\t<\/div>\n\t\t<\/div>\n\t\t\t\t<div class=\"elementor-column elementor-col-50 elementor-top-column elementor-element elementor-element-f1f9b94\" data-id=\"f1f9b94\" data-element_type=\"column\">\n\t\t\t<div class=\"elementor-widget-wrap elementor-element-populated\">\n\t\t\t\t\t\t<div class=\"elementor-element elementor-element-43a63f3 elementor-widget elementor-widget-image\" data-id=\"43a63f3\" data-element_type=\"widget\" data-widget_type=\"image.default\">\n\t\t\t\t<div class=\"elementor-widget-container\">\n\t\t\t\t\t\t\t\t\t\t\t\t\t\t\t<img loading=\"lazy\" decoding=\"async\" width=\"800\" height=\"533\" src=\"https:\/\/www.vallesalado.com\/wp-content\/uploads\/2025\/10\/hitts-04.jpeg\" class=\"attachment-full size-full wp-image-8198\" alt=\"Tierras de Libertad: Campo de Montiel y Campo de Calatrava (Espa\u00f1a)\" srcset=\"https:\/\/www.vallesalado.com\/wp-content\/uploads\/2025\/10\/hitts-04.jpeg 800w, https:\/\/www.vallesalado.com\/wp-content\/uploads\/2025\/10\/hitts-04-300x200.jpeg 300w, https:\/\/www.vallesalado.com\/wp-content\/uploads\/2025\/10\/hitts-04-768x512.jpeg 768w, https:\/\/www.vallesalado.com\/wp-content\/uploads\/2025\/10\/hitts-04-600x400.jpeg 600w\" sizes=\"(max-width: 800px) 100vw, 800px\" \/>\t\t\t\t\t\t\t\t\t\t\t\t\t\t\t<\/div>\n\t\t\t\t<\/div>\n\t\t\t\t\t<\/div>\n\t\t<\/div>\n\t\t\t\t\t<\/div>\n\t\t<\/section>\n\t\t\t\t<section class=\"elementor-section elementor-top-section elementor-element elementor-element-941f3d5 elementor-section-boxed elementor-section-height-default elementor-section-height-default\" data-id=\"941f3d5\" data-element_type=\"section\">\n\t\t\t\t\t\t<div class=\"elementor-container elementor-column-gap-wider\">\n\t\t\t\t\t<div class=\"elementor-column elementor-col-50 elementor-top-column elementor-element elementor-element-9b95566\" data-id=\"9b95566\" data-element_type=\"column\">\n\t\t\t<div class=\"elementor-widget-wrap elementor-element-populated\">\n\t\t\t\t\t\t<div class=\"elementor-element elementor-element-593c94a elementor-widget elementor-widget-heading\" data-id=\"593c94a\" data-element_type=\"widget\" data-widget_type=\"heading.default\">\n\t\t\t\t<div class=\"elementor-widget-container\">\n\t\t\t\t\t<h2 class=\"elementor-heading-title elementor-size-default\">Montalegre and its Friday the 13th party (Portugal)<\/h2>\t\t\t\t<\/div>\n\t\t\t\t<\/div>\n\t\t\t\t<div class=\"elementor-element elementor-element-b9c3b2f elementor-widget elementor-widget-text-editor\" data-id=\"b9c3b2f\" data-element_type=\"widget\" data-widget_type=\"text-editor.default\">\n\t\t\t\t<div class=\"elementor-widget-container\">\n\t\t\t\t\t\t\t\t\t<p>In the north of Portugal, very close to Galicia, you will find <strong>\n  <a href=\"https:\/\/www.cm-montalegre.pt\/pages\/374\">Montalegre<\/a>\n<\/strong>Montalegre, a high mountain village that is part of the <strong>Peneda-Ger\u00eas National Park<\/strong>. It is an environment of waterfalls, wild horses and howling Iberian wolves, where you can breathe pure air and centuries-old traditions are preserved. <\/p><p>But the most surprising thing about this place is its <strong>\n  <a href=\"https:\/\/www.cm-montalegre.pt\/pages\/974\">Friday the 13th celebration<\/a>\n<\/strong>. Every time the calendar coincides, the town is transformed: witches, demons and magical creatures fill the streets in a <strong>pagan festival<\/strong> with parades, fireworks and a great popular queimada. A unique night to conjure fears and celebrate the supernatural around its <strong>medieval castle<\/strong>.  <\/p>\t\t\t\t\t\t\t\t<\/div>\n\t\t\t\t<\/div>\n\t\t\t\t\t<\/div>\n\t\t<\/div>\n\t\t\t\t<div class=\"elementor-column elementor-col-50 elementor-top-column elementor-element elementor-element-050b0bc\" data-id=\"050b0bc\" data-element_type=\"column\">\n\t\t\t<div class=\"elementor-widget-wrap elementor-element-populated\">\n\t\t\t\t\t\t<div class=\"elementor-element elementor-element-f1279c9 elementor-widget elementor-widget-image\" data-id=\"f1279c9\" data-element_type=\"widget\" data-widget_type=\"image.default\">\n\t\t\t\t<div class=\"elementor-widget-container\">\n\t\t\t\t\t\t\t\t\t\t\t\t\t\t\t<img loading=\"lazy\" decoding=\"async\" width=\"800\" height=\"533\" src=\"https:\/\/www.vallesalado.com\/wp-content\/uploads\/2025\/10\/hitts-05.jpeg\" class=\"attachment-full size-full wp-image-8194\" alt=\"Montalegre y su fiesta del Viernes 13 (Portugal)\" srcset=\"https:\/\/www.vallesalado.com\/wp-content\/uploads\/2025\/10\/hitts-05.jpeg 800w, https:\/\/www.vallesalado.com\/wp-content\/uploads\/2025\/10\/hitts-05-300x200.jpeg 300w, https:\/\/www.vallesalado.com\/wp-content\/uploads\/2025\/10\/hitts-05-768x512.jpeg 768w, https:\/\/www.vallesalado.com\/wp-content\/uploads\/2025\/10\/hitts-05-600x400.jpeg 600w\" sizes=\"(max-width: 800px) 100vw, 800px\" \/>\t\t\t\t\t\t\t\t\t\t\t\t\t\t\t<\/div>\n\t\t\t\t<\/div>\n\t\t\t\t\t<\/div>\n\t\t<\/div>\n\t\t\t\t\t<\/div>\n\t\t<\/section>\n\t\t\t\t<section class=\"elementor-section elementor-top-section elementor-element elementor-element-915800f elementor-section-boxed elementor-section-height-default elementor-section-height-default\" data-id=\"915800f\" data-element_type=\"section\">\n\t\t\t\t\t\t<div class=\"elementor-container elementor-column-gap-wider\">\n\t\t\t\t\t<div class=\"elementor-column elementor-col-50 elementor-top-column elementor-element elementor-element-d5c293a\" data-id=\"d5c293a\" data-element_type=\"column\">\n\t\t\t<div class=\"elementor-widget-wrap elementor-element-populated\">\n\t\t\t\t\t\t<div class=\"elementor-element elementor-element-4b5d0e1 elementor-widget elementor-widget-heading\" data-id=\"4b5d0e1\" data-element_type=\"widget\" data-widget_type=\"heading.default\">\n\t\t\t\t<div class=\"elementor-widget-container\">\n\t\t\t\t\t<h2 class=\"elementor-heading-title elementor-size-default\">Wine tourism in the M\u00e9dio Tejo (Portugal)<\/h2>\t\t\t\t<\/div>\n\t\t\t\t<\/div>\n\t\t\t\t<div class=\"elementor-element elementor-element-83d7663 elementor-widget elementor-widget-text-editor\" data-id=\"83d7663\" data-element_type=\"widget\" data-widget_type=\"text-editor.default\">\n\t\t\t\t<div class=\"elementor-widget-container\">\n\t\t\t\t\t\t\t\t\t<p>Further south, in the Portuguese region of the <strong>\n  <a href=\"https:\/\/mediotejo.pt\/\">M\u00e9dio Tejo<\/a>\n<\/strong>the hills are covered with vineyards. It is a land of winemaking tradition, with historic wineries such as <strong>Quinta do Montalto<\/strong> or <strong>S\u00e3o Jo\u00e3o Batista<\/strong>, which offer wine tourism experiences and wines with their own identity. <\/p><p>But this area is not only known for its wine. Here you will find the <strong>Sanctuary of Fatima<\/strong>, one of the most important pilgrimage sites in the world, and the <strong>\n  <a href=\"https:\/\/www.facebook.com\/ConventodeCristoTomar\">Convent of Christ<\/a>\n<\/strong> in the town of Tomar, declared a World Heritage Site by Unesco. All framed by the limestone formations of the <strong>Natural Park of the Sierras de Aire and Candeeiros<\/strong>, perfect for hiking and caving.  <\/p>\t\t\t\t\t\t\t\t<\/div>\n\t\t\t\t<\/div>\n\t\t\t\t\t<\/div>\n\t\t<\/div>\n\t\t\t\t<div class=\"elementor-column elementor-col-50 elementor-top-column elementor-element elementor-element-642dbb5\" data-id=\"642dbb5\" data-element_type=\"column\">\n\t\t\t<div class=\"elementor-widget-wrap elementor-element-populated\">\n\t\t\t\t\t\t<div class=\"elementor-element elementor-element-0309bbc elementor-widget elementor-widget-image\" data-id=\"0309bbc\" data-element_type=\"widget\" data-widget_type=\"image.default\">\n\t\t\t\t<div class=\"elementor-widget-container\">\n\t\t\t\t\t\t\t\t\t\t\t\t\t\t\t<img loading=\"lazy\" decoding=\"async\" width=\"800\" height=\"450\" src=\"https:\/\/www.vallesalado.com\/wp-content\/uploads\/2025\/10\/hitts-06.jpeg\" class=\"attachment-full size-full wp-image-8190\" alt=\"Enoturismo en el M\u00e9dio Tejo (Portugal)\" srcset=\"https:\/\/www.vallesalado.com\/wp-content\/uploads\/2025\/10\/hitts-06.jpeg 800w, https:\/\/www.vallesalado.com\/wp-content\/uploads\/2025\/10\/hitts-06-300x169.jpeg 300w, https:\/\/www.vallesalado.com\/wp-content\/uploads\/2025\/10\/hitts-06-768x432.jpeg 768w, https:\/\/www.vallesalado.com\/wp-content\/uploads\/2025\/10\/hitts-06-600x338.jpeg 600w\" sizes=\"(max-width: 800px) 100vw, 800px\" \/>\t\t\t\t\t\t\t\t\t\t\t\t\t\t\t<\/div>\n\t\t\t\t<\/div>\n\t\t\t\t\t<\/div>\n\t\t<\/div>\n\t\t\t\t\t<\/div>\n\t\t<\/section>\n\t\t\t\t<section class=\"elementor-section elementor-top-section elementor-element elementor-element-4c2d31f elementor-section-boxed elementor-section-height-default elementor-section-height-default\" data-id=\"4c2d31f\" data-element_type=\"section\">\n\t\t\t\t\t\t<div class=\"elementor-container elementor-column-gap-wider\">\n\t\t\t\t\t<div class=\"elementor-column elementor-col-50 elementor-top-column elementor-element elementor-element-4824e1f\" data-id=\"4824e1f\" data-element_type=\"column\">\n\t\t\t<div class=\"elementor-widget-wrap elementor-element-populated\">\n\t\t\t\t\t\t<div class=\"elementor-element elementor-element-909cfeb elementor-widget elementor-widget-heading\" data-id=\"909cfeb\" data-element_type=\"widget\" data-widget_type=\"heading.default\">\n\t\t\t\t<div class=\"elementor-widget-container\">\n\t\t\t\t\t<h2 class=\"elementor-heading-title elementor-size-default\">Grands Causses Natural Park Route (France)<\/h2>\t\t\t\t<\/div>\n\t\t\t\t<\/div>\n\t\t\t\t<div class=\"elementor-element elementor-element-ea2be12 elementor-widget elementor-widget-text-editor\" data-id=\"ea2be12\" data-element_type=\"widget\" data-widget_type=\"text-editor.default\">\n\t\t\t\t<div class=\"elementor-widget-container\">\n\t\t\t\t\t\t\t\t\t<p>Further south, in the Portuguese region of the <strong>\n  <a href=\"https:\/\/mediotejo.pt\/\">M\u00e9dio Tejo<\/a>\n<\/strong>the hills are covered with vineyards. It is a land of winemaking tradition, with historic wineries such as <strong>Quinta do Montalto<\/strong> or <strong>S\u00e3o Jo\u00e3o Batista<\/strong>, which offer wine tourism experiences and wines with their own identity. <\/p><p>But this area is not only known for its wine. The <g id=\"gid_0\">Sanctuary of Fatima<\/g>, one of the most important pilgrimage sites in the world, is located here, and the <g id=\"gid_1\">\n  <g id=\"gid_2\">Convent of Christ<\/g>\n<\/g> in the town of Tomar, declared a World Heritage Site by Unesco. All framed by the limestone formations of the <strong>Natural Park of the Sierras de Aire and Candeeiros<\/strong>, perfect for hiking and caving.  <\/p>\t\t\t\t\t\t\t\t<\/div>\n\t\t\t\t<\/div>\n\t\t\t\t\t<\/div>\n\t\t<\/div>\n\t\t\t\t<div class=\"elementor-column elementor-col-50 elementor-top-column elementor-element elementor-element-8e1333e\" data-id=\"8e1333e\" data-element_type=\"column\">\n\t\t\t<div class=\"elementor-widget-wrap elementor-element-populated\">\n\t\t\t\t\t\t<div class=\"elementor-element elementor-element-08e9e6d elementor-widget elementor-widget-image\" data-id=\"08e9e6d\" data-element_type=\"widget\" data-widget_type=\"image.default\">\n\t\t\t\t<div class=\"elementor-widget-container\">\n\t\t\t\t\t\t\t\t\t\t\t\t\t\t\t<img loading=\"lazy\" decoding=\"async\" width=\"800\" height=\"469\" src=\"https:\/\/www.vallesalado.com\/wp-content\/uploads\/2025\/10\/hitts-07.jpeg\" class=\"attachment-full size-full wp-image-8186\" alt=\"Ruta del Parque Natural des Grands Causses (Francia)\" srcset=\"https:\/\/www.vallesalado.com\/wp-content\/uploads\/2025\/10\/hitts-07.jpeg 800w, https:\/\/www.vallesalado.com\/wp-content\/uploads\/2025\/10\/hitts-07-300x176.jpeg 300w, https:\/\/www.vallesalado.com\/wp-content\/uploads\/2025\/10\/hitts-07-768x450.jpeg 768w, https:\/\/www.vallesalado.com\/wp-content\/uploads\/2025\/10\/hitts-07-600x352.jpeg 600w\" sizes=\"(max-width: 800px) 100vw, 800px\" \/>\t\t\t\t\t\t\t\t\t\t\t\t\t\t\t<\/div>\n\t\t\t\t<\/div>\n\t\t\t\t\t<\/div>\n\t\t<\/div>\n\t\t\t\t\t<\/div>\n\t\t<\/section>\n\t\t\t\t<section class=\"elementor-section elementor-top-section elementor-element elementor-element-5581fff elementor-section-boxed elementor-section-height-default elementor-section-height-default\" data-id=\"5581fff\" data-element_type=\"section\">\n\t\t\t\t\t\t<div class=\"elementor-container elementor-column-gap-wider\">\n\t\t\t\t\t<div class=\"elementor-column elementor-col-50 elementor-top-column elementor-element elementor-element-0d7cc5f\" data-id=\"0d7cc5f\" data-element_type=\"column\">\n\t\t\t<div class=\"elementor-widget-wrap elementor-element-populated\">\n\t\t\t\t\t\t<div class=\"elementor-element elementor-element-3359ded elementor-widget elementor-widget-heading\" data-id=\"3359ded\" data-element_type=\"widget\" data-widget_type=\"heading.default\">\n\t\t\t\t<div class=\"elementor-widget-container\">\n\t\t\t\t\t<h2 class=\"elementor-heading-title elementor-size-default\">Aven Armand and the City of Stones (France)<\/h2>\t\t\t\t<\/div>\n\t\t\t\t<\/div>\n\t\t\t\t<div class=\"elementor-element elementor-element-caa857e elementor-widget elementor-widget-text-editor\" data-id=\"caa857e\" data-element_type=\"widget\" data-widget_type=\"text-editor.default\">\n\t\t\t\t<div class=\"elementor-widget-container\">\n\t\t\t\t\t\t\t\t\t<p>In the southeast of France, in the heart of the <strong>C\u00e9vennes National Park<\/strong>, hides a subway cathedral: the Aven Armand cave.<strong> <a href=\"https:\/\/avenarmand.com\/patrimoine-unique-au-monde\/\">cave of Aven Armand<\/a><\/strong>. Located 75 meters underground, this cave offers the largest concentration of stalagmites in the world. Its spectacular vault reaches 45 meters high and is dominated by <strong>the &#8220;Great Stalagmite&#8221;,<\/strong> a colossal 30-meter formation created drop by drop over centuries.  <\/p><p>The descent into the cave is done by funicular, evoking the fascinating <em>Journey to the Center of the Earth<\/em> by Jules Verne. The cave was discovered in 1897 by the local <strong>Louis Armand<\/strong> and opened to the public in 1927, after being studied by <strong>Alfred Martel<\/strong>, a pioneer of speleology. <\/p><p>Nearby, Martel also mapped the <strong>\n  <a href=\"https:\/\/lacitedepierres.com\/\">City of Stones<\/a>\n<\/strong>then known as <strong>Montpellier the Old<\/strong>. It is another of the great attractions of the French region of Occitania and one of the 7 proposed HITTS tourist destinations. It consists of a natural labyrinth of rock formations reminiscent of a ruined city. It occupies <strong>120 hectares<\/strong> and offers an amazing landscape between Mediterranean forests and meadows where more than 30 species of orchids flourish.   <\/p>\t\t\t\t\t\t\t\t<\/div>\n\t\t\t\t<\/div>\n\t\t\t\t\t<\/div>\n\t\t<\/div>\n\t\t\t\t<div class=\"elementor-column elementor-col-50 elementor-top-column elementor-element elementor-element-45a8597\" data-id=\"45a8597\" data-element_type=\"column\">\n\t\t\t<div class=\"elementor-widget-wrap elementor-element-populated\">\n\t\t\t\t\t\t<div class=\"elementor-element elementor-element-2a24bd4 elementor-widget elementor-widget-image\" data-id=\"2a24bd4\" data-element_type=\"widget\" data-widget_type=\"image.default\">\n\t\t\t\t<div class=\"elementor-widget-container\">\n\t\t\t\t\t\t\t\t\t\t\t\t\t\t\t<img loading=\"lazy\" decoding=\"async\" width=\"800\" height=\"533\" src=\"https:\/\/www.vallesalado.com\/wp-content\/uploads\/2025\/10\/hitts-08.jpeg\" class=\"attachment-full size-full wp-image-8182\" alt=\"Aven Armand y la Ciudad de las Piedras (Francia)\" srcset=\"https:\/\/www.vallesalado.com\/wp-content\/uploads\/2025\/10\/hitts-08.jpeg 800w, https:\/\/www.vallesalado.com\/wp-content\/uploads\/2025\/10\/hitts-08-300x200.jpeg 300w, https:\/\/www.vallesalado.com\/wp-content\/uploads\/2025\/10\/hitts-08-768x512.jpeg 768w, https:\/\/www.vallesalado.com\/wp-content\/uploads\/2025\/10\/hitts-08-600x400.jpeg 600w\" sizes=\"(max-width: 800px) 100vw, 800px\" \/>\t\t\t\t\t\t\t\t\t\t\t\t\t\t\t<\/div>\n\t\t\t\t<\/div>\n\t\t\t\t\t<\/div>\n\t\t<\/div>\n\t\t\t\t\t<\/div>\n\t\t<\/section>\n\t\t\t\t<\/div>\n\t\t","protected":false},"excerpt":{"rendered":"<p>The HITTS project is a European Union initiative that connects territories in Spain, France and Portugal &#8211; 7 HITTS tourist destinations &#8211; to enhance the value of their immense heritage and face challenges such as depopulation and aging, through sustainable and ecological development. Here is a fascinating journey through subway caves, magical lagoons, medieval castles [&hellip;]<\/p>\n","protected":false},"author":1,"featured_media":4147,"parent":7063,"menu_order":0,"comment_status":"closed","ping_status":"closed","template":"","meta":{"inline_featured_image":false,"footnotes":"","_links_to":"","_links_to_target":""},"class_list":["post-8170","page","type-page","status-publish","has-post-thumbnail","hentry"],"yoast_head":"<!-- This site is optimized with the Yoast SEO plugin v26.7 - https:\/\/yoast.com\/wordpress\/plugins\/seo\/ -->\n<title>7 destinos tur\u00edsticos HITTS - Valle Salado de A\u00f1ana<\/title>\n<meta name=\"description\" content=\"The A\u00f1ana Salt Valley is part of the 7 HITTS tourist destinations, a European project that unites unique enclaves in Spain, France and Portugal.\" \/>\n<meta name=\"robots\" content=\"index, follow, max-snippet:-1, max-image-preview:large, max-video-preview:-1\" \/>\n<link rel=\"canonical\" href=\"https:\/\/www.vallesalado.com\/en\/get-to-know-the-salt-valley\/partnership-programme\/sudoe-2\/\" \/>\n<meta property=\"og:locale\" content=\"en_US\" \/>\n<meta property=\"og:type\" content=\"article\" \/>\n<meta property=\"og:title\" content=\"7 destinos tur\u00edsticos HITTS - Valle Salado de A\u00f1ana\" \/>\n<meta property=\"og:description\" content=\"The A\u00f1ana Salt Valley is part of the 7 HITTS tourist destinations, a European project that unites unique enclaves in Spain, France and Portugal.\" \/>\n<meta property=\"og:url\" content=\"https:\/\/www.vallesalado.com\/en\/get-to-know-the-salt-valley\/partnership-programme\/sudoe-2\/\" \/>\n<meta property=\"og:site_name\" content=\"Valle Salado de A\u00f1ana\" \/>\n<meta property=\"article:publisher\" content=\"https:\/\/www.facebook.com\/ValleSaladodeAnana\" \/>\n<meta property=\"article:modified_time\" content=\"2025-10-14T09:34:25+00:00\" \/>\n<meta property=\"og:image\" content=\"https:\/\/www.vallesalado.com\/wp-content\/uploads\/2024\/12\/valle-salado-miniatura.webp\" \/>\n\t<meta property=\"og:image:width\" content=\"1200\" \/>\n\t<meta property=\"og:image:height\" content=\"630\" \/>\n\t<meta property=\"og:image:type\" content=\"image\/webp\" \/>\n<meta name=\"twitter:card\" content=\"summary_large_image\" \/>\n<meta name=\"twitter:site\" content=\"@vallesalado\" \/>\n<meta name=\"twitter:label1\" content=\"Est. reading time\" \/>\n\t<meta name=\"twitter:data1\" content=\"5 minutes\" \/>\n<script type=\"application\/ld+json\" class=\"yoast-schema-graph\">{\"@context\":\"https:\/\/schema.org\",\"@graph\":[{\"@type\":\"WebPage\",\"@id\":\"https:\/\/www.vallesalado.com\/en\/get-to-know-the-salt-valley\/partnership-programme\/sudoe-2\/\",\"url\":\"https:\/\/www.vallesalado.com\/en\/get-to-know-the-salt-valley\/partnership-programme\/sudoe-2\/\",\"name\":\"7 destinos tur\u00edsticos HITTS - Valle Salado de A\u00f1ana\",\"isPartOf\":{\"@id\":\"https:\/\/www.vallesalado.com\/en\/#website\"},\"primaryImageOfPage\":{\"@id\":\"https:\/\/www.vallesalado.com\/en\/get-to-know-the-salt-valley\/partnership-programme\/sudoe-2\/#primaryimage\"},\"image\":{\"@id\":\"https:\/\/www.vallesalado.com\/en\/get-to-know-the-salt-valley\/partnership-programme\/sudoe-2\/#primaryimage\"},\"thumbnailUrl\":\"https:\/\/www.vallesalado.com\/wp-content\/uploads\/2024\/12\/valle-salado-miniatura.webp\",\"datePublished\":\"2025-10-14T08:58:29+00:00\",\"dateModified\":\"2025-10-14T09:34:25+00:00\",\"description\":\"The A\u00f1ana Salt Valley is part of the 7 HITTS tourist destinations, a European project that unites unique enclaves in Spain, France and Portugal.\",\"breadcrumb\":{\"@id\":\"https:\/\/www.vallesalado.com\/en\/get-to-know-the-salt-valley\/partnership-programme\/sudoe-2\/#breadcrumb\"},\"inLanguage\":\"en-US\",\"potentialAction\":[{\"@type\":\"ReadAction\",\"target\":[\"https:\/\/www.vallesalado.com\/en\/get-to-know-the-salt-valley\/partnership-programme\/sudoe-2\/\"]}]},{\"@type\":\"ImageObject\",\"inLanguage\":\"en-US\",\"@id\":\"https:\/\/www.vallesalado.com\/en\/get-to-know-the-salt-valley\/partnership-programme\/sudoe-2\/#primaryimage\",\"url\":\"https:\/\/www.vallesalado.com\/wp-content\/uploads\/2024\/12\/valle-salado-miniatura.webp\",\"contentUrl\":\"https:\/\/www.vallesalado.com\/wp-content\/uploads\/2024\/12\/valle-salado-miniatura.webp\",\"width\":1200,\"height\":630},{\"@type\":\"BreadcrumbList\",\"@id\":\"https:\/\/www.vallesalado.com\/en\/get-to-know-the-salt-valley\/partnership-programme\/sudoe-2\/#breadcrumb\",\"itemListElement\":[{\"@type\":\"ListItem\",\"position\":1,\"name\":\"Valle Salado\",\"item\":\"https:\/\/www.vallesalado.com\/en\/\"},{\"@type\":\"ListItem\",\"position\":2,\"name\":\"Get to know the Salt Valley\",\"item\":\"https:\/\/www.vallesalado.com\/en\/get-to-know-the-salt-valley\/\"},{\"@type\":\"ListItem\",\"position\":3,\"name\":\"Partnership programme\",\"item\":\"https:\/\/www.vallesalado.com\/en\/get-to-know-the-salt-valley\/partnership-programme\/\"},{\"@type\":\"ListItem\",\"position\":4,\"name\":\"7 destinos tur\u00edsticos HITTS\"}]},{\"@type\":\"WebSite\",\"@id\":\"https:\/\/www.vallesalado.com\/en\/#website\",\"url\":\"https:\/\/www.vallesalado.com\/en\/\",\"name\":\"Valle Salado de A\u00f1ana\",\"description\":\"Valle Salado de A\u00f1ana\",\"publisher\":{\"@id\":\"https:\/\/www.vallesalado.com\/en\/#organization\"},\"potentialAction\":[{\"@type\":\"SearchAction\",\"target\":{\"@type\":\"EntryPoint\",\"urlTemplate\":\"https:\/\/www.vallesalado.com\/en\/?s={search_term_string}\"},\"query-input\":{\"@type\":\"PropertyValueSpecification\",\"valueRequired\":true,\"valueName\":\"search_term_string\"}}],\"inLanguage\":\"en-US\"},{\"@type\":\"Organization\",\"@id\":\"https:\/\/www.vallesalado.com\/en\/#organization\",\"name\":\"Valle Salado de A\u00f1ana\",\"url\":\"https:\/\/www.vallesalado.com\/en\/\",\"logo\":{\"@type\":\"ImageObject\",\"inLanguage\":\"en-US\",\"@id\":\"https:\/\/www.vallesalado.com\/en\/#\/schema\/logo\/image\/\",\"url\":\"https:\/\/www.vallesalado.com\/wp-content\/uploads\/2025\/05\/logo-valle-salado.webp\",\"contentUrl\":\"https:\/\/www.vallesalado.com\/wp-content\/uploads\/2025\/05\/logo-valle-salado.webp\",\"width\":600,\"height\":143,\"caption\":\"Valle Salado de A\u00f1ana\"},\"image\":{\"@id\":\"https:\/\/www.vallesalado.com\/en\/#\/schema\/logo\/image\/\"},\"sameAs\":[\"https:\/\/www.facebook.com\/ValleSaladodeAnana\",\"https:\/\/x.com\/vallesalado\",\"https:\/\/www.instagram.com\/vallesalado\/\"]}]}<\/script>\n<!-- \/ Yoast SEO plugin. -->","yoast_head_json":{"title":"7 destinos tur\u00edsticos HITTS - Valle Salado de A\u00f1ana","description":"The A\u00f1ana Salt Valley is part of the 7 HITTS tourist destinations, a European project that unites unique enclaves in Spain, France and Portugal.","robots":{"index":"index","follow":"follow","max-snippet":"max-snippet:-1","max-image-preview":"max-image-preview:large","max-video-preview":"max-video-preview:-1"},"canonical":"https:\/\/www.vallesalado.com\/en\/get-to-know-the-salt-valley\/partnership-programme\/sudoe-2\/","og_locale":"en_US","og_type":"article","og_title":"7 destinos tur\u00edsticos HITTS - Valle Salado de A\u00f1ana","og_description":"The A\u00f1ana Salt Valley is part of the 7 HITTS tourist destinations, a European project that unites unique enclaves in Spain, France and Portugal.","og_url":"https:\/\/www.vallesalado.com\/en\/get-to-know-the-salt-valley\/partnership-programme\/sudoe-2\/","og_site_name":"Valle Salado de A\u00f1ana","article_publisher":"https:\/\/www.facebook.com\/ValleSaladodeAnana","article_modified_time":"2025-10-14T09:34:25+00:00","og_image":[{"width":1200,"height":630,"url":"https:\/\/www.vallesalado.com\/wp-content\/uploads\/2024\/12\/valle-salado-miniatura.webp","type":"image\/webp"}],"twitter_card":"summary_large_image","twitter_site":"@vallesalado","twitter_misc":{"Est. reading time":"5 minutes"},"schema":{"@context":"https:\/\/schema.org","@graph":[{"@type":"WebPage","@id":"https:\/\/www.vallesalado.com\/en\/get-to-know-the-salt-valley\/partnership-programme\/sudoe-2\/","url":"https:\/\/www.vallesalado.com\/en\/get-to-know-the-salt-valley\/partnership-programme\/sudoe-2\/","name":"7 destinos tur\u00edsticos HITTS - Valle Salado de A\u00f1ana","isPartOf":{"@id":"https:\/\/www.vallesalado.com\/en\/#website"},"primaryImageOfPage":{"@id":"https:\/\/www.vallesalado.com\/en\/get-to-know-the-salt-valley\/partnership-programme\/sudoe-2\/#primaryimage"},"image":{"@id":"https:\/\/www.vallesalado.com\/en\/get-to-know-the-salt-valley\/partnership-programme\/sudoe-2\/#primaryimage"},"thumbnailUrl":"https:\/\/www.vallesalado.com\/wp-content\/uploads\/2024\/12\/valle-salado-miniatura.webp","datePublished":"2025-10-14T08:58:29+00:00","dateModified":"2025-10-14T09:34:25+00:00","description":"The A\u00f1ana Salt Valley is part of the 7 HITTS tourist destinations, a European project that unites unique enclaves in Spain, France and Portugal.","breadcrumb":{"@id":"https:\/\/www.vallesalado.com\/en\/get-to-know-the-salt-valley\/partnership-programme\/sudoe-2\/#breadcrumb"},"inLanguage":"en-US","potentialAction":[{"@type":"ReadAction","target":["https:\/\/www.vallesalado.com\/en\/get-to-know-the-salt-valley\/partnership-programme\/sudoe-2\/"]}]},{"@type":"ImageObject","inLanguage":"en-US","@id":"https:\/\/www.vallesalado.com\/en\/get-to-know-the-salt-valley\/partnership-programme\/sudoe-2\/#primaryimage","url":"https:\/\/www.vallesalado.com\/wp-content\/uploads\/2024\/12\/valle-salado-miniatura.webp","contentUrl":"https:\/\/www.vallesalado.com\/wp-content\/uploads\/2024\/12\/valle-salado-miniatura.webp","width":1200,"height":630},{"@type":"BreadcrumbList","@id":"https:\/\/www.vallesalado.com\/en\/get-to-know-the-salt-valley\/partnership-programme\/sudoe-2\/#breadcrumb","itemListElement":[{"@type":"ListItem","position":1,"name":"Valle Salado","item":"https:\/\/www.vallesalado.com\/en\/"},{"@type":"ListItem","position":2,"name":"Get to know the Salt Valley","item":"https:\/\/www.vallesalado.com\/en\/get-to-know-the-salt-valley\/"},{"@type":"ListItem","position":3,"name":"Partnership programme","item":"https:\/\/www.vallesalado.com\/en\/get-to-know-the-salt-valley\/partnership-programme\/"},{"@type":"ListItem","position":4,"name":"7 destinos tur\u00edsticos HITTS"}]},{"@type":"WebSite","@id":"https:\/\/www.vallesalado.com\/en\/#website","url":"https:\/\/www.vallesalado.com\/en\/","name":"Valle Salado de A\u00f1ana","description":"Valle Salado de A\u00f1ana","publisher":{"@id":"https:\/\/www.vallesalado.com\/en\/#organization"},"potentialAction":[{"@type":"SearchAction","target":{"@type":"EntryPoint","urlTemplate":"https:\/\/www.vallesalado.com\/en\/?s={search_term_string}"},"query-input":{"@type":"PropertyValueSpecification","valueRequired":true,"valueName":"search_term_string"}}],"inLanguage":"en-US"},{"@type":"Organization","@id":"https:\/\/www.vallesalado.com\/en\/#organization","name":"Valle Salado de A\u00f1ana","url":"https:\/\/www.vallesalado.com\/en\/","logo":{"@type":"ImageObject","inLanguage":"en-US","@id":"https:\/\/www.vallesalado.com\/en\/#\/schema\/logo\/image\/","url":"https:\/\/www.vallesalado.com\/wp-content\/uploads\/2025\/05\/logo-valle-salado.webp","contentUrl":"https:\/\/www.vallesalado.com\/wp-content\/uploads\/2025\/05\/logo-valle-salado.webp","width":600,"height":143,"caption":"Valle Salado de A\u00f1ana"},"image":{"@id":"https:\/\/www.vallesalado.com\/en\/#\/schema\/logo\/image\/"},"sameAs":["https:\/\/www.facebook.com\/ValleSaladodeAnana","https:\/\/x.com\/vallesalado","https:\/\/www.instagram.com\/vallesalado\/"]}]}},"_links":{"self":[{"href":"https:\/\/www.vallesalado.com\/en\/wp-json\/wp\/v2\/pages\/8170","targetHints":{"allow":["GET"]}}],"collection":[{"href":"https:\/\/www.vallesalado.com\/en\/wp-json\/wp\/v2\/pages"}],"about":[{"href":"https:\/\/www.vallesalado.com\/en\/wp-json\/wp\/v2\/types\/page"}],"author":[{"embeddable":true,"href":"https:\/\/www.vallesalado.com\/en\/wp-json\/wp\/v2\/users\/1"}],"replies":[{"embeddable":true,"href":"https:\/\/www.vallesalado.com\/en\/wp-json\/wp\/v2\/comments?post=8170"}],"version-history":[{"count":3,"href":"https:\/\/www.vallesalado.com\/en\/wp-json\/wp\/v2\/pages\/8170\/revisions"}],"predecessor-version":[{"id":8223,"href":"https:\/\/www.vallesalado.com\/en\/wp-json\/wp\/v2\/pages\/8170\/revisions\/8223"}],"up":[{"embeddable":true,"href":"https:\/\/www.vallesalado.com\/en\/wp-json\/wp\/v2\/pages\/7063"}],"wp:featuredmedia":[{"embeddable":true,"href":"https:\/\/www.vallesalado.com\/en\/wp-json\/wp\/v2\/media\/4147"}],"wp:attachment":[{"href":"https:\/\/www.vallesalado.com\/en\/wp-json\/wp\/v2\/media?parent=8170"}],"curies":[{"name":"wp","href":"https:\/\/api.w.org\/{rel}","templated":true}]}}