{"id":7353,"date":"2024-12-03T17:41:21","date_gmt":"2024-12-03T16:41:21","guid":{"rendered":"https:\/\/vallesalado.com\/ananako-gatza\/enbaxadoreak\/martin-berasategui\/"},"modified":"2025-05-19T21:42:56","modified_gmt":"2025-05-19T19:42:56","slug":"martin-berasategui","status":"publish","type":"page","link":"https:\/\/www.vallesalado.com\/eu\/ananako-gatza\/enbaxadoreak\/martin-berasategui\/","title":{"rendered":"Mart\u00edn Berasategui"},"content":{"rendered":"\t\t<div data-elementor-type=\"wp-page\" data-elementor-id=\"7353\" class=\"elementor elementor-7353 elementor-286\" data-elementor-post-type=\"page\">\n\t\t\t\t\t\t<section class=\"elementor-section elementor-top-section elementor-element elementor-element-abc2b46 elementor-section-boxed elementor-section-height-default elementor-section-height-default\" data-id=\"abc2b46\" data-element_type=\"section\" data-settings=\"{&quot;background_background&quot;:&quot;classic&quot;}\">\n\t\t\t\t\t\t\t<div class=\"elementor-background-overlay\"><\/div>\n\t\t\t\t\t\t\t<div class=\"elementor-container elementor-column-gap-default\">\n\t\t\t\t\t<div class=\"elementor-column elementor-col-100 elementor-top-column elementor-element elementor-element-b8f94a0\" data-id=\"b8f94a0\" data-element_type=\"column\">\n\t\t\t<div class=\"elementor-widget-wrap elementor-element-populated\">\n\t\t\t\t\t\t<div class=\"elementor-element elementor-element-65b2bee elementor-widget elementor-widget-heading\" data-id=\"65b2bee\" data-element_type=\"widget\" data-widget_type=\"heading.default\">\n\t\t\t\t<div class=\"elementor-widget-container\">\n\t\t\t\t\t<h1 class=\"elementor-heading-title elementor-size-default\">Mart\u00edn Berasategui<\/h1>\t\t\t\t<\/div>\n\t\t\t\t<\/div>\n\t\t\t\t<div class=\"elementor-element elementor-element-049e9fb elementor-align-center elementor-widget elementor-widget-breadcrumbs\" data-id=\"049e9fb\" data-element_type=\"widget\" data-widget_type=\"breadcrumbs.default\">\n\t\t\t\t<div class=\"elementor-widget-container\">\n\t\t\t\t\t<p id=\"breadcrumbs\"><span><span><a href=\"https:\/\/www.vallesalado.com\/eu\/\">Valle Salado<\/a><\/span><\/span><\/p>\t\t\t\t<\/div>\n\t\t\t\t<\/div>\n\t\t\t\t\t<\/div>\n\t\t<\/div>\n\t\t\t\t\t<\/div>\n\t\t<\/section>\n\t\t\t\t<section class=\"elementor-section elementor-top-section elementor-element elementor-element-e6f21b8 elementor-section-boxed elementor-section-height-default elementor-section-height-default\" data-id=\"e6f21b8\" data-element_type=\"section\">\n\t\t\t\t\t\t<div class=\"elementor-container elementor-column-gap-wider\">\n\t\t\t\t\t<div class=\"elementor-column elementor-col-100 elementor-top-column elementor-element elementor-element-904c801\" data-id=\"904c801\" data-element_type=\"column\">\n\t\t\t<div class=\"elementor-widget-wrap elementor-element-populated\">\n\t\t\t\t\t\t<div class=\"elementor-element elementor-element-e4c256d elementor-widget elementor-widget-image\" data-id=\"e4c256d\" data-element_type=\"widget\" data-widget_type=\"image.default\">\n\t\t\t\t<div class=\"elementor-widget-container\">\n\t\t\t\t\t\t\t\t\t\t\t\t\t\t\t<img fetchpriority=\"high\" decoding=\"async\" width=\"400\" height=\"400\" src=\"https:\/\/www.vallesalado.com\/wp-content\/uploads\/2024\/12\/embajadores-logo-martin-berasategui.webp\" class=\"attachment-full size-full wp-image-4407\" alt=\"\" srcset=\"https:\/\/www.vallesalado.com\/wp-content\/uploads\/2024\/12\/embajadores-logo-martin-berasategui.webp 400w, https:\/\/www.vallesalado.com\/wp-content\/uploads\/2024\/12\/embajadores-logo-martin-berasategui-300x300.webp 300w, https:\/\/www.vallesalado.com\/wp-content\/uploads\/2024\/12\/embajadores-logo-martin-berasategui-150x150.webp 150w, https:\/\/www.vallesalado.com\/wp-content\/uploads\/2024\/12\/embajadores-logo-martin-berasategui-100x100.webp 100w\" sizes=\"(max-width: 400px) 100vw, 400px\" \/>\t\t\t\t\t\t\t\t\t\t\t\t\t\t\t<\/div>\n\t\t\t\t<\/div>\n\t\t\t\t<div class=\"elementor-element elementor-element-199d98d elementor-widget elementor-widget-text-editor\" data-id=\"199d98d\" data-element_type=\"widget\" data-widget_type=\"text-editor.default\">\n\t\t\t\t<div class=\"elementor-widget-container\">\n\t\t\t\t\t\t\t\t\t<p>\u201cA\u00f1anako Gatza munduko gatzen &#8216;Rolls Roycea&#8217; da, eta harribitxi gastronomikoa. Apartekoa eta purutasun handikoa, artisau-erako ekoizpenak jatorrizko zapore osoari eustea ahalbidetzen dio\u201d <\/p>\t\t\t\t\t\t\t\t<\/div>\n\t\t\t\t<\/div>\n\t\t\t\t<section class=\"elementor-section elementor-inner-section elementor-element elementor-element-ec63ac2 elementor-section-boxed elementor-section-height-default elementor-section-height-default\" data-id=\"ec63ac2\" data-element_type=\"section\">\n\t\t\t\t\t\t<div class=\"elementor-container elementor-column-gap-default\">\n\t\t\t\t\t<div class=\"elementor-column elementor-col-33 elementor-inner-column elementor-element elementor-element-d79f79b\" data-id=\"d79f79b\" data-element_type=\"column\">\n\t\t\t<div class=\"elementor-widget-wrap elementor-element-populated\">\n\t\t\t\t\t\t<div class=\"elementor-element elementor-element-b59a291 elementor-widget elementor-widget-text-editor\" data-id=\"b59a291\" data-element_type=\"widget\" data-widget_type=\"text-editor.default\">\n\t\t\t\t<div class=\"elementor-widget-container\">\n\t\t\t\t\t\t\t\t\t<p>Mart\u00edn Berasategui<\/p>\t\t\t\t\t\t\t\t<\/div>\n\t\t\t\t<\/div>\n\t\t\t\t\t<\/div>\n\t\t<\/div>\n\t\t\t\t<div class=\"elementor-column elementor-col-33 elementor-inner-column elementor-element elementor-element-aaed219\" data-id=\"aaed219\" data-element_type=\"column\">\n\t\t\t<div class=\"elementor-widget-wrap elementor-element-populated\">\n\t\t\t\t\t\t<div class=\"elementor-element elementor-element-a736c57 elementor-widget elementor-widget-text-editor\" data-id=\"a736c57\" data-element_type=\"widget\" data-widget_type=\"text-editor.default\">\n\t\t\t\t<div class=\"elementor-widget-container\">\n\t\t\t\t\t\t\t\t\t<p>Tel: 943 366 471<\/p>\t\t\t\t\t\t\t\t<\/div>\n\t\t\t\t<\/div>\n\t\t\t\t\t<\/div>\n\t\t<\/div>\n\t\t\t\t<div class=\"elementor-column elementor-col-33 elementor-inner-column elementor-element elementor-element-dd98f1a\" data-id=\"dd98f1a\" data-element_type=\"column\">\n\t\t\t<div class=\"elementor-widget-wrap elementor-element-populated\">\n\t\t\t\t\t\t<div class=\"elementor-element elementor-element-40daea7 elementor-widget elementor-widget-text-editor\" data-id=\"40daea7\" data-element_type=\"widget\" data-widget_type=\"text-editor.default\">\n\t\t\t\t<div class=\"elementor-widget-container\">\n\t\t\t\t\t\t\t\t\t<a href=\"http:\/\/www.martinberasategui.com\/\" target=\"_blank\" rel=\"noopener\">www.martinberasategui.com<\/a>\t\t\t\t\t\t\t\t<\/div>\n\t\t\t\t<\/div>\n\t\t\t\t\t<\/div>\n\t\t<\/div>\n\t\t\t\t\t<\/div>\n\t\t<\/section>\n\t\t\t\t\t<\/div>\n\t\t<\/div>\n\t\t\t\t\t<\/div>\n\t\t<\/section>\n\t\t\t\t<section class=\"elementor-section elementor-top-section elementor-element elementor-element-934edda elementor-section-boxed elementor-section-height-default elementor-section-height-default\" data-id=\"934edda\" data-element_type=\"section\">\n\t\t\t\t\t\t<div class=\"elementor-container elementor-column-gap-wider\">\n\t\t\t\t\t<div class=\"elementor-column elementor-col-50 elementor-top-column elementor-element elementor-element-a2ab9b0\" data-id=\"a2ab9b0\" data-element_type=\"column\">\n\t\t\t<div class=\"elementor-widget-wrap elementor-element-populated\">\n\t\t\t\t\t\t<div class=\"elementor-element elementor-element-11be604 elementor-widget elementor-widget-text-editor\" data-id=\"11be604\" data-element_type=\"widget\" data-widget_type=\"text-editor.default\">\n\t\t\t\t<div class=\"elementor-widget-container\">\n\t\t\t\t\t\t\t\t\t<p><strong>Martin Berasateguiren<\/strong> (Donostia, 1960) ospea, Michelin izar gehien -guztira zazpi- dituen sukaldari espainiarrarena, 1993tik aurrera areagotu zen ziztu bizian, 33 urte zituela bere jatetxea ireki zuenean Lasarte-Orian (Gipuzkoa).<\/p><p>Bere sukaldarit-prestakuntza eta bizitzaren zati handi bat Bodeg\u00f3n Alejandro izenekoarekin lotuta daude. Jatetxe maite hori Donostiako alde zaharrean dago, eta hargatik lortu zuen sukaldariak bere lehen Michelin izarra 1986an.<\/p><p>Berasategui ezagutzen dutenek badakite bere plateren bidez adierazten duela bere burua ongien. Esan liteke mihisean marrazten dituzten trazuak azaltzeko ezgai diren artista horien antza duela. Agian horregatik baliatzen ditu bere sentimenduekin loturiko esaldiak beraren sukaldaritza-estiloaz galdetzen diotenean: \u201cNire sukaldaritza nire gustuaren isla da, nire sentiberatasunarena eta amets txiki askorena. Lehenengo eta behin, plater bat nola bukatu nahi dudan pentsatzen dut, eta, ondoren, hori lortzeko sistema bilatzen dut\u201d.  <\/p><p>Berasateguiren ibilbidea itzal handiko sari eta aitorpenez josita dago. Hainbestez, ezen ia ezinezkoa litzatekeen zenbatzea, baina berak jakin du eskuzabaltasun handienarekin eskertzen: sukaldaritzarekiko grina kutsatuz eta bere jakinduria hainbat hedabideren bitartez zabalduz. <\/p><p>Martin Berasateguik inauguratu zuen 2012an A\u00f1anako Gatzaren Uzta.<\/p>\t\t\t\t\t\t\t\t<\/div>\n\t\t\t\t<\/div>\n\t\t\t\t\t<\/div>\n\t\t<\/div>\n\t\t\t\t<div class=\"elementor-column elementor-col-50 elementor-top-column elementor-element elementor-element-43f999e\" data-id=\"43f999e\" data-element_type=\"column\">\n\t\t\t<div class=\"elementor-widget-wrap elementor-element-populated\">\n\t\t\t\t\t\t<div class=\"elementor-element elementor-element-408e022 elementor-widget elementor-widget-image\" data-id=\"408e022\" data-element_type=\"widget\" data-widget_type=\"image.default\">\n\t\t\t\t<div class=\"elementor-widget-container\">\n\t\t\t\t\t\t\t\t\t\t\t\t\t\t\t<img decoding=\"async\" width=\"800\" height=\"561\" src=\"https:\/\/www.vallesalado.com\/wp-content\/uploads\/2024\/12\/martin-berasategui-principal.webp\" class=\"attachment-full size-full wp-image-4500\" alt=\"\" srcset=\"https:\/\/www.vallesalado.com\/wp-content\/uploads\/2024\/12\/martin-berasategui-principal.webp 800w, https:\/\/www.vallesalado.com\/wp-content\/uploads\/2024\/12\/martin-berasategui-principal-300x210.webp 300w, https:\/\/www.vallesalado.com\/wp-content\/uploads\/2024\/12\/martin-berasategui-principal-768x539.webp 768w, https:\/\/www.vallesalado.com\/wp-content\/uploads\/2024\/12\/martin-berasategui-principal-600x421.webp 600w\" sizes=\"(max-width: 800px) 100vw, 800px\" \/>\t\t\t\t\t\t\t\t\t\t\t\t\t\t\t<\/div>\n\t\t\t\t<\/div>\n\t\t\t\t<div class=\"elementor-element elementor-element-9fd785b e-transform elementor-widget elementor-widget-image\" data-id=\"9fd785b\" data-element_type=\"widget\" data-settings=\"{&quot;_transform_translateX_effect&quot;:{&quot;unit&quot;:&quot;px&quot;,&quot;size&quot;:220,&quot;sizes&quot;:[]},&quot;_transform_translateX_effect_tablet&quot;:{&quot;unit&quot;:&quot;px&quot;,&quot;size&quot;:106,&quot;sizes&quot;:[]},&quot;_transform_translateX_effect_mobile&quot;:{&quot;unit&quot;:&quot;px&quot;,&quot;size&quot;:20,&quot;sizes&quot;:[]},&quot;_transform_translateY_effect&quot;:{&quot;unit&quot;:&quot;px&quot;,&quot;size&quot;:-147,&quot;sizes&quot;:[]},&quot;_transform_translateY_effect_tablet&quot;:{&quot;unit&quot;:&quot;px&quot;,&quot;size&quot;:-86,&quot;sizes&quot;:[]},&quot;_transform_translateY_effect_mobile&quot;:{&quot;unit&quot;:&quot;px&quot;,&quot;size&quot;:-110,&quot;sizes&quot;:[]}}\" data-widget_type=\"image.default\">\n\t\t\t\t<div class=\"elementor-widget-container\">\n\t\t\t\t\t\t\t\t\t\t\t\t\t\t\t<img decoding=\"async\" width=\"600\" height=\"600\" src=\"https:\/\/www.vallesalado.com\/wp-content\/uploads\/2024\/12\/valle-salado-gota-19.webp\" class=\"attachment-full size-full wp-image-4443\" alt=\"\" srcset=\"https:\/\/www.vallesalado.com\/wp-content\/uploads\/2024\/12\/valle-salado-gota-19.webp 600w, https:\/\/www.vallesalado.com\/wp-content\/uploads\/2024\/12\/valle-salado-gota-19-300x300.webp 300w, https:\/\/www.vallesalado.com\/wp-content\/uploads\/2024\/12\/valle-salado-gota-19-150x150.webp 150w, https:\/\/www.vallesalado.com\/wp-content\/uploads\/2024\/12\/valle-salado-gota-19-100x100.webp 100w\" sizes=\"(max-width: 600px) 100vw, 600px\" \/>\t\t\t\t\t\t\t\t\t\t\t\t\t\t\t<\/div>\n\t\t\t\t<\/div>\n\t\t\t\t\t<\/div>\n\t\t<\/div>\n\t\t\t\t\t<\/div>\n\t\t<\/section>\n\t\t\t\t<section class=\"elementor-section elementor-top-section elementor-element elementor-element-e7a8e9e elementor-section-boxed elementor-section-height-default elementor-section-height-default\" data-id=\"e7a8e9e\" data-element_type=\"section\">\n\t\t\t\t\t\t<div class=\"elementor-container elementor-column-gap-default\">\n\t\t\t\t\t<div class=\"elementor-column elementor-col-100 elementor-top-column elementor-element elementor-element-4b7fe4d\" data-id=\"4b7fe4d\" data-element_type=\"column\">\n\t\t\t<div class=\"elementor-widget-wrap elementor-element-populated\">\n\t\t\t\t\t\t<div class=\"elementor-element elementor-element-8b30e84 elementor-widget elementor-widget-video\" data-id=\"8b30e84\" data-element_type=\"widget\" data-settings=\"{&quot;youtube_url&quot;:&quot;https:\\\/\\\/www.youtube.com\\\/watch?v=xb2ziUYN4ZM&quot;,&quot;video_type&quot;:&quot;youtube&quot;,&quot;controls&quot;:&quot;yes&quot;}\" data-widget_type=\"video.default\">\n\t\t\t\t<div class=\"elementor-widget-container\">\n\t\t\t\t\t\t\t<div class=\"elementor-wrapper elementor-open-inline\">\n\t\t\t<div class=\"elementor-video\"><\/div>\t\t<\/div>\n\t\t\t\t\t\t<\/div>\n\t\t\t\t<\/div>\n\t\t\t\t\t<\/div>\n\t\t<\/div>\n\t\t\t\t\t<\/div>\n\t\t<\/section>\n\t\t\t\t<\/div>\n\t\t","protected":false},"excerpt":{"rendered":"<p>\u201cA\u00f1anako Gatza munduko gatzen &#8216;Rolls Roycea&#8217; da, eta harribitxi gastronomikoa. Apartekoa eta purutasun handikoa, artisau-erako ekoizpenak jatorrizko zapore osoari eustea ahalbidetzen dio\u201d Mart\u00edn Berasategui Tel: 943 366 471 www.martinberasategui.com Martin Berasateguiren (Donostia, 1960) ospea, Michelin izar gehien -guztira zazpi- dituen sukaldari espainiarrarena, 1993tik aurrera areagotu zen ziztu bizian, 33 urte zituela bere jatetxea ireki zuenean [&hellip;]<\/p>\n","protected":false},"author":1,"featured_media":4146,"parent":6981,"menu_order":0,"comment_status":"closed","ping_status":"closed","template":"","meta":{"inline_featured_image":false,"footnotes":"","_links_to":"","_links_to_target":""},"class_list":["post-7353","page","type-page","status-publish","has-post-thumbnail","hentry"],"yoast_head":"<!-- This site is optimized with the Yoast SEO plugin v26.7 - https:\/\/yoast.com\/wordpress\/plugins\/seo\/ -->\n<title>Mart\u00edn Berasategui - Valle Salado de A\u00f1ana<\/title>\n<meta name=\"description\" content=\"Martin Berasateguik, zazpi Michelin izar dituen sukaldari ospetsuak, A\u00f1anako Gatza bitxi gastronomiko gisa duen berezitasuna azpimarratzen du.\" \/>\n<meta name=\"robots\" content=\"index, follow, max-snippet:-1, max-image-preview:large, max-video-preview:-1\" \/>\n<link rel=\"canonical\" href=\"https:\/\/www.vallesalado.com\/eu\/ananako-gatza\/enbaxadoreak\/martin-berasategui\/\" \/>\n<meta property=\"og:locale\" content=\"eu_ES\" \/>\n<meta property=\"og:type\" content=\"article\" \/>\n<meta property=\"og:title\" content=\"Mart\u00edn Berasategui - Valle Salado de A\u00f1ana\" \/>\n<meta property=\"og:description\" content=\"Martin Berasateguik, zazpi Michelin izar dituen sukaldari ospetsuak, A\u00f1anako Gatza bitxi gastronomiko gisa duen berezitasuna azpimarratzen du.\" \/>\n<meta property=\"og:url\" content=\"https:\/\/www.vallesalado.com\/eu\/ananako-gatza\/enbaxadoreak\/martin-berasategui\/\" \/>\n<meta property=\"og:site_name\" content=\"Valle Salado de A\u00f1ana\" \/>\n<meta property=\"article:publisher\" content=\"https:\/\/www.facebook.com\/ValleSaladodeAnana\" \/>\n<meta property=\"article:modified_time\" content=\"2025-05-19T19:42:56+00:00\" \/>\n<meta property=\"og:image\" content=\"https:\/\/www.vallesalado.com\/wp-content\/uploads\/2024\/12\/valle-salado-miniatura.webp\" \/>\n\t<meta property=\"og:image:width\" content=\"1200\" \/>\n\t<meta property=\"og:image:height\" content=\"630\" \/>\n\t<meta property=\"og:image:type\" content=\"image\/webp\" \/>\n<meta name=\"twitter:card\" content=\"summary_large_image\" \/>\n<meta name=\"twitter:site\" content=\"@vallesalado\" \/>\n<meta name=\"twitter:label1\" content=\"Est. reading time\" \/>\n\t<meta name=\"twitter:data1\" content=\"1 minute\" \/>\n<script type=\"application\/ld+json\" class=\"yoast-schema-graph\">{\"@context\":\"https:\/\/schema.org\",\"@graph\":[{\"@type\":\"WebPage\",\"@id\":\"https:\/\/www.vallesalado.com\/eu\/ananako-gatza\/enbaxadoreak\/martin-berasategui\/\",\"url\":\"https:\/\/www.vallesalado.com\/eu\/ananako-gatza\/enbaxadoreak\/martin-berasategui\/\",\"name\":\"Mart\u00edn Berasategui - Valle Salado de A\u00f1ana\",\"isPartOf\":{\"@id\":\"https:\/\/www.vallesalado.com\/eu\/#website\"},\"primaryImageOfPage\":{\"@id\":\"https:\/\/www.vallesalado.com\/eu\/ananako-gatza\/enbaxadoreak\/martin-berasategui\/#primaryimage\"},\"image\":{\"@id\":\"https:\/\/www.vallesalado.com\/eu\/ananako-gatza\/enbaxadoreak\/martin-berasategui\/#primaryimage\"},\"thumbnailUrl\":\"https:\/\/www.vallesalado.com\/wp-content\/uploads\/2024\/12\/valle-salado-miniatura.webp\",\"datePublished\":\"2024-12-03T16:41:21+00:00\",\"dateModified\":\"2025-05-19T19:42:56+00:00\",\"description\":\"Martin Berasateguik, zazpi Michelin izar dituen sukaldari ospetsuak, A\u00f1anako Gatza bitxi gastronomiko gisa duen berezitasuna azpimarratzen du.\",\"breadcrumb\":{\"@id\":\"https:\/\/www.vallesalado.com\/eu\/ananako-gatza\/enbaxadoreak\/martin-berasategui\/#breadcrumb\"},\"inLanguage\":\"eu-ES\",\"potentialAction\":[{\"@type\":\"ReadAction\",\"target\":[\"https:\/\/www.vallesalado.com\/eu\/ananako-gatza\/enbaxadoreak\/martin-berasategui\/\"]}]},{\"@type\":\"ImageObject\",\"inLanguage\":\"eu-ES\",\"@id\":\"https:\/\/www.vallesalado.com\/eu\/ananako-gatza\/enbaxadoreak\/martin-berasategui\/#primaryimage\",\"url\":\"https:\/\/www.vallesalado.com\/wp-content\/uploads\/2024\/12\/valle-salado-miniatura.webp\",\"contentUrl\":\"https:\/\/www.vallesalado.com\/wp-content\/uploads\/2024\/12\/valle-salado-miniatura.webp\",\"width\":1200,\"height\":630},{\"@type\":\"BreadcrumbList\",\"@id\":\"https:\/\/www.vallesalado.com\/eu\/ananako-gatza\/enbaxadoreak\/martin-berasategui\/#breadcrumb\",\"itemListElement\":[{\"@type\":\"ListItem\",\"position\":1,\"name\":\"Valle Salado\",\"item\":\"https:\/\/www.vallesalado.com\/eu\/\"},{\"@type\":\"ListItem\",\"position\":2,\"name\":\"A\u00f1anako gatza\",\"item\":\"https:\/\/www.vallesalado.com\/eu\/ananako-gatza\/\"},{\"@type\":\"ListItem\",\"position\":3,\"name\":\"Enbaxadoreak\",\"item\":\"https:\/\/www.vallesalado.com\/eu\/ananako-gatza\/enbaxadoreak\/\"},{\"@type\":\"ListItem\",\"position\":4,\"name\":\"Mart\u00edn Berasategui\"}]},{\"@type\":\"WebSite\",\"@id\":\"https:\/\/www.vallesalado.com\/eu\/#website\",\"url\":\"https:\/\/www.vallesalado.com\/eu\/\",\"name\":\"Valle Salado de A\u00f1ana\",\"description\":\"Valle Salado de A\u00f1ana\",\"publisher\":{\"@id\":\"https:\/\/www.vallesalado.com\/eu\/#organization\"},\"potentialAction\":[{\"@type\":\"SearchAction\",\"target\":{\"@type\":\"EntryPoint\",\"urlTemplate\":\"https:\/\/www.vallesalado.com\/eu\/?s={search_term_string}\"},\"query-input\":{\"@type\":\"PropertyValueSpecification\",\"valueRequired\":true,\"valueName\":\"search_term_string\"}}],\"inLanguage\":\"eu-ES\"},{\"@type\":\"Organization\",\"@id\":\"https:\/\/www.vallesalado.com\/eu\/#organization\",\"name\":\"Valle Salado de A\u00f1ana\",\"url\":\"https:\/\/www.vallesalado.com\/eu\/\",\"logo\":{\"@type\":\"ImageObject\",\"inLanguage\":\"eu-ES\",\"@id\":\"https:\/\/www.vallesalado.com\/eu\/#\/schema\/logo\/image\/\",\"url\":\"https:\/\/www.vallesalado.com\/wp-content\/uploads\/2025\/05\/logo-valle-salado.webp\",\"contentUrl\":\"https:\/\/www.vallesalado.com\/wp-content\/uploads\/2025\/05\/logo-valle-salado.webp\",\"width\":600,\"height\":143,\"caption\":\"Valle Salado de A\u00f1ana\"},\"image\":{\"@id\":\"https:\/\/www.vallesalado.com\/eu\/#\/schema\/logo\/image\/\"},\"sameAs\":[\"https:\/\/www.facebook.com\/ValleSaladodeAnana\",\"https:\/\/x.com\/vallesalado\",\"https:\/\/www.instagram.com\/vallesalado\/\"]}]}<\/script>\n<!-- \/ Yoast SEO plugin. -->","yoast_head_json":{"title":"Mart\u00edn Berasategui - Valle Salado de A\u00f1ana","description":"Martin Berasateguik, zazpi Michelin izar dituen sukaldari ospetsuak, A\u00f1anako Gatza bitxi gastronomiko gisa duen berezitasuna azpimarratzen du.","robots":{"index":"index","follow":"follow","max-snippet":"max-snippet:-1","max-image-preview":"max-image-preview:large","max-video-preview":"max-video-preview:-1"},"canonical":"https:\/\/www.vallesalado.com\/eu\/ananako-gatza\/enbaxadoreak\/martin-berasategui\/","og_locale":"eu_ES","og_type":"article","og_title":"Mart\u00edn Berasategui - Valle Salado de A\u00f1ana","og_description":"Martin Berasateguik, zazpi Michelin izar dituen sukaldari ospetsuak, A\u00f1anako Gatza bitxi gastronomiko gisa duen berezitasuna azpimarratzen du.","og_url":"https:\/\/www.vallesalado.com\/eu\/ananako-gatza\/enbaxadoreak\/martin-berasategui\/","og_site_name":"Valle Salado de A\u00f1ana","article_publisher":"https:\/\/www.facebook.com\/ValleSaladodeAnana","article_modified_time":"2025-05-19T19:42:56+00:00","og_image":[{"width":1200,"height":630,"url":"https:\/\/www.vallesalado.com\/wp-content\/uploads\/2024\/12\/valle-salado-miniatura.webp","type":"image\/webp"}],"twitter_card":"summary_large_image","twitter_site":"@vallesalado","twitter_misc":{"Est. reading time":"1 minute"},"schema":{"@context":"https:\/\/schema.org","@graph":[{"@type":"WebPage","@id":"https:\/\/www.vallesalado.com\/eu\/ananako-gatza\/enbaxadoreak\/martin-berasategui\/","url":"https:\/\/www.vallesalado.com\/eu\/ananako-gatza\/enbaxadoreak\/martin-berasategui\/","name":"Mart\u00edn Berasategui - Valle Salado de A\u00f1ana","isPartOf":{"@id":"https:\/\/www.vallesalado.com\/eu\/#website"},"primaryImageOfPage":{"@id":"https:\/\/www.vallesalado.com\/eu\/ananako-gatza\/enbaxadoreak\/martin-berasategui\/#primaryimage"},"image":{"@id":"https:\/\/www.vallesalado.com\/eu\/ananako-gatza\/enbaxadoreak\/martin-berasategui\/#primaryimage"},"thumbnailUrl":"https:\/\/www.vallesalado.com\/wp-content\/uploads\/2024\/12\/valle-salado-miniatura.webp","datePublished":"2024-12-03T16:41:21+00:00","dateModified":"2025-05-19T19:42:56+00:00","description":"Martin Berasateguik, zazpi Michelin izar dituen sukaldari ospetsuak, A\u00f1anako Gatza bitxi gastronomiko gisa duen berezitasuna azpimarratzen du.","breadcrumb":{"@id":"https:\/\/www.vallesalado.com\/eu\/ananako-gatza\/enbaxadoreak\/martin-berasategui\/#breadcrumb"},"inLanguage":"eu-ES","potentialAction":[{"@type":"ReadAction","target":["https:\/\/www.vallesalado.com\/eu\/ananako-gatza\/enbaxadoreak\/martin-berasategui\/"]}]},{"@type":"ImageObject","inLanguage":"eu-ES","@id":"https:\/\/www.vallesalado.com\/eu\/ananako-gatza\/enbaxadoreak\/martin-berasategui\/#primaryimage","url":"https:\/\/www.vallesalado.com\/wp-content\/uploads\/2024\/12\/valle-salado-miniatura.webp","contentUrl":"https:\/\/www.vallesalado.com\/wp-content\/uploads\/2024\/12\/valle-salado-miniatura.webp","width":1200,"height":630},{"@type":"BreadcrumbList","@id":"https:\/\/www.vallesalado.com\/eu\/ananako-gatza\/enbaxadoreak\/martin-berasategui\/#breadcrumb","itemListElement":[{"@type":"ListItem","position":1,"name":"Valle Salado","item":"https:\/\/www.vallesalado.com\/eu\/"},{"@type":"ListItem","position":2,"name":"A\u00f1anako gatza","item":"https:\/\/www.vallesalado.com\/eu\/ananako-gatza\/"},{"@type":"ListItem","position":3,"name":"Enbaxadoreak","item":"https:\/\/www.vallesalado.com\/eu\/ananako-gatza\/enbaxadoreak\/"},{"@type":"ListItem","position":4,"name":"Mart\u00edn Berasategui"}]},{"@type":"WebSite","@id":"https:\/\/www.vallesalado.com\/eu\/#website","url":"https:\/\/www.vallesalado.com\/eu\/","name":"Valle Salado de A\u00f1ana","description":"Valle Salado de A\u00f1ana","publisher":{"@id":"https:\/\/www.vallesalado.com\/eu\/#organization"},"potentialAction":[{"@type":"SearchAction","target":{"@type":"EntryPoint","urlTemplate":"https:\/\/www.vallesalado.com\/eu\/?s={search_term_string}"},"query-input":{"@type":"PropertyValueSpecification","valueRequired":true,"valueName":"search_term_string"}}],"inLanguage":"eu-ES"},{"@type":"Organization","@id":"https:\/\/www.vallesalado.com\/eu\/#organization","name":"Valle Salado de A\u00f1ana","url":"https:\/\/www.vallesalado.com\/eu\/","logo":{"@type":"ImageObject","inLanguage":"eu-ES","@id":"https:\/\/www.vallesalado.com\/eu\/#\/schema\/logo\/image\/","url":"https:\/\/www.vallesalado.com\/wp-content\/uploads\/2025\/05\/logo-valle-salado.webp","contentUrl":"https:\/\/www.vallesalado.com\/wp-content\/uploads\/2025\/05\/logo-valle-salado.webp","width":600,"height":143,"caption":"Valle Salado de A\u00f1ana"},"image":{"@id":"https:\/\/www.vallesalado.com\/eu\/#\/schema\/logo\/image\/"},"sameAs":["https:\/\/www.facebook.com\/ValleSaladodeAnana","https:\/\/x.com\/vallesalado","https:\/\/www.instagram.com\/vallesalado\/"]}]}},"_links":{"self":[{"href":"https:\/\/www.vallesalado.com\/eu\/wp-json\/wp\/v2\/pages\/7353","targetHints":{"allow":["GET"]}}],"collection":[{"href":"https:\/\/www.vallesalado.com\/eu\/wp-json\/wp\/v2\/pages"}],"about":[{"href":"https:\/\/www.vallesalado.com\/eu\/wp-json\/wp\/v2\/types\/page"}],"author":[{"embeddable":true,"href":"https:\/\/www.vallesalado.com\/eu\/wp-json\/wp\/v2\/users\/1"}],"replies":[{"embeddable":true,"href":"https:\/\/www.vallesalado.com\/eu\/wp-json\/wp\/v2\/comments?post=7353"}],"version-history":[{"count":2,"href":"https:\/\/www.vallesalado.com\/eu\/wp-json\/wp\/v2\/pages\/7353\/revisions"}],"predecessor-version":[{"id":7355,"href":"https:\/\/www.vallesalado.com\/eu\/wp-json\/wp\/v2\/pages\/7353\/revisions\/7355"}],"up":[{"embeddable":true,"href":"https:\/\/www.vallesalado.com\/eu\/wp-json\/wp\/v2\/pages\/6981"}],"wp:featuredmedia":[{"embeddable":true,"href":"https:\/\/www.vallesalado.com\/eu\/wp-json\/wp\/v2\/media\/4146"}],"wp:attachment":[{"href":"https:\/\/www.vallesalado.com\/eu\/wp-json\/wp\/v2\/media?parent=7353"}],"curies":[{"name":"wp","href":"https:\/\/api.w.org\/{rel}","templated":true}]}}