{"id":7449,"date":"2024-12-03T17:44:30","date_gmt":"2024-12-03T16:44:30","guid":{"rendered":"https:\/\/vallesalado.com\/ananako-gatza\/enbaxadoreak\/inaki-murua-eta-carolina-sanchez\/"},"modified":"2025-05-19T23:16:12","modified_gmt":"2025-05-19T21:16:12","slug":"inaki-murua-eta-carolina-sanchez","status":"publish","type":"page","link":"https:\/\/www.vallesalado.com\/eu\/ananako-gatza\/enbaxadoreak\/inaki-murua-eta-carolina-sanchez\/","title":{"rendered":"I\u00f1aki Murua eta Carolina S\u00e1nchez"},"content":{"rendered":"\t\t<div data-elementor-type=\"wp-page\" data-elementor-id=\"7449\" class=\"elementor elementor-7449 elementor-304\" data-elementor-post-type=\"page\">\n\t\t\t\t\t\t<section class=\"elementor-section elementor-top-section elementor-element elementor-element-929b00a elementor-section-boxed elementor-section-height-default elementor-section-height-default\" data-id=\"929b00a\" data-element_type=\"section\" data-settings=\"{&quot;background_background&quot;:&quot;classic&quot;}\">\n\t\t\t\t\t\t\t<div class=\"elementor-background-overlay\"><\/div>\n\t\t\t\t\t\t\t<div class=\"elementor-container elementor-column-gap-default\">\n\t\t\t\t\t<div class=\"elementor-column elementor-col-100 elementor-top-column elementor-element elementor-element-43275a8\" data-id=\"43275a8\" data-element_type=\"column\">\n\t\t\t<div class=\"elementor-widget-wrap elementor-element-populated\">\n\t\t\t\t\t\t<div class=\"elementor-element elementor-element-94b4f08 elementor-widget elementor-widget-heading\" data-id=\"94b4f08\" data-element_type=\"widget\" data-widget_type=\"heading.default\">\n\t\t\t\t<div class=\"elementor-widget-container\">\n\t\t\t\t\t<h1 class=\"elementor-heading-title elementor-size-default\">I\u00f1aki Murua eta Carolina S\u00e1nchez<\/h1>\t\t\t\t<\/div>\n\t\t\t\t<\/div>\n\t\t\t\t<div class=\"elementor-element elementor-element-1a8b6b9 elementor-align-center elementor-widget elementor-widget-breadcrumbs\" data-id=\"1a8b6b9\" data-element_type=\"widget\" data-widget_type=\"breadcrumbs.default\">\n\t\t\t\t<div class=\"elementor-widget-container\">\n\t\t\t\t\t<p id=\"breadcrumbs\"><span><span><a href=\"https:\/\/www.vallesalado.com\/eu\/\">Valle Salado<\/a><\/span><\/span><\/p>\t\t\t\t<\/div>\n\t\t\t\t<\/div>\n\t\t\t\t\t<\/div>\n\t\t<\/div>\n\t\t\t\t\t<\/div>\n\t\t<\/section>\n\t\t\t\t<section class=\"elementor-section elementor-top-section elementor-element elementor-element-c5792a8 elementor-section-boxed elementor-section-height-default elementor-section-height-default\" data-id=\"c5792a8\" data-element_type=\"section\">\n\t\t\t\t\t\t<div class=\"elementor-container elementor-column-gap-wider\">\n\t\t\t\t\t<div class=\"elementor-column elementor-col-100 elementor-top-column elementor-element elementor-element-a8f510a\" data-id=\"a8f510a\" data-element_type=\"column\">\n\t\t\t<div class=\"elementor-widget-wrap elementor-element-populated\">\n\t\t\t\t\t\t<div class=\"elementor-element elementor-element-6abb7ae elementor-widget elementor-widget-image\" data-id=\"6abb7ae\" data-element_type=\"widget\" data-widget_type=\"image.default\">\n\t\t\t\t<div class=\"elementor-widget-container\">\n\t\t\t\t\t\t\t\t\t\t\t\t\t\t\t<img fetchpriority=\"high\" decoding=\"async\" width=\"400\" height=\"400\" src=\"https:\/\/www.vallesalado.com\/wp-content\/uploads\/2024\/12\/embajadores-logo-ikaro.webp\" class=\"attachment-full size-full wp-image-4386\" alt=\"\" srcset=\"https:\/\/www.vallesalado.com\/wp-content\/uploads\/2024\/12\/embajadores-logo-ikaro.webp 400w, https:\/\/www.vallesalado.com\/wp-content\/uploads\/2024\/12\/embajadores-logo-ikaro-300x300.webp 300w, https:\/\/www.vallesalado.com\/wp-content\/uploads\/2024\/12\/embajadores-logo-ikaro-150x150.webp 150w, https:\/\/www.vallesalado.com\/wp-content\/uploads\/2024\/12\/embajadores-logo-ikaro-100x100.webp 100w\" sizes=\"(max-width: 400px) 100vw, 400px\" \/>\t\t\t\t\t\t\t\t\t\t\t\t\t\t\t<\/div>\n\t\t\t\t<\/div>\n\t\t\t\t<section class=\"elementor-section elementor-inner-section elementor-element elementor-element-459aa33 elementor-section-boxed elementor-section-height-default elementor-section-height-default\" data-id=\"459aa33\" data-element_type=\"section\">\n\t\t\t\t\t\t<div class=\"elementor-container elementor-column-gap-default\">\n\t\t\t\t\t<div class=\"elementor-column elementor-col-33 elementor-inner-column elementor-element elementor-element-1d95de6\" data-id=\"1d95de6\" data-element_type=\"column\">\n\t\t\t<div class=\"elementor-widget-wrap elementor-element-populated\">\n\t\t\t\t\t\t<div class=\"elementor-element elementor-element-e312b97 elementor-widget elementor-widget-text-editor\" data-id=\"e312b97\" data-element_type=\"widget\" data-widget_type=\"text-editor.default\">\n\t\t\t\t<div class=\"elementor-widget-container\">\n\t\t\t\t\t\t\t\t\t<p>Ikaro<\/p>\t\t\t\t\t\t\t\t<\/div>\n\t\t\t\t<\/div>\n\t\t\t\t\t<\/div>\n\t\t<\/div>\n\t\t\t\t<div class=\"elementor-column elementor-col-33 elementor-inner-column elementor-element elementor-element-57c5ad5\" data-id=\"57c5ad5\" data-element_type=\"column\">\n\t\t\t<div class=\"elementor-widget-wrap elementor-element-populated\">\n\t\t\t\t\t\t<div class=\"elementor-element elementor-element-9a81305 elementor-widget elementor-widget-text-editor\" data-id=\"9a81305\" data-element_type=\"widget\" data-widget_type=\"text-editor.default\">\n\t\t\t\t<div class=\"elementor-widget-container\">\n\t\t\t\t\t\t\t\t\t<p>Avda. Portugal n\u00ba 3 bajo<br>Logro\u00f1o, Errioxa<br>Tel: 941 571 614 <\/p>\t\t\t\t\t\t\t\t<\/div>\n\t\t\t\t<\/div>\n\t\t\t\t\t<\/div>\n\t\t<\/div>\n\t\t\t\t<div class=\"elementor-column elementor-col-33 elementor-inner-column elementor-element elementor-element-cd1af40\" data-id=\"cd1af40\" data-element_type=\"column\">\n\t\t\t<div class=\"elementor-widget-wrap elementor-element-populated\">\n\t\t\t\t\t\t<div class=\"elementor-element elementor-element-54f7280 elementor-widget elementor-widget-text-editor\" data-id=\"54f7280\" data-element_type=\"widget\" data-widget_type=\"text-editor.default\">\n\t\t\t\t<div class=\"elementor-widget-container\">\n\t\t\t\t\t\t\t\t\t<a href=\"http:\/\/www.restauranteikaro.com\/\" target=\"_blank\" rel=\"noopener\">www.restauranteikaro.com<\/a>\t\t\t\t\t\t\t\t<\/div>\n\t\t\t\t<\/div>\n\t\t\t\t\t<\/div>\n\t\t<\/div>\n\t\t\t\t\t<\/div>\n\t\t<\/section>\n\t\t\t\t\t<\/div>\n\t\t<\/div>\n\t\t\t\t\t<\/div>\n\t\t<\/section>\n\t\t\t\t<section class=\"elementor-section elementor-top-section elementor-element elementor-element-1944ea7 elementor-section-boxed elementor-section-height-default elementor-section-height-default\" data-id=\"1944ea7\" data-element_type=\"section\">\n\t\t\t\t\t\t<div class=\"elementor-container elementor-column-gap-wider\">\n\t\t\t\t\t<div class=\"elementor-column elementor-col-50 elementor-top-column elementor-element elementor-element-c0e048b\" data-id=\"c0e048b\" data-element_type=\"column\">\n\t\t\t<div class=\"elementor-widget-wrap elementor-element-populated\">\n\t\t\t\t\t\t<div class=\"elementor-element elementor-element-13e57b9 elementor-widget elementor-widget-text-editor\" data-id=\"13e57b9\" data-element_type=\"widget\" data-widget_type=\"text-editor.default\">\n\t\t\t\t<div class=\"elementor-widget-container\">\n\t\t\t\t\t\t\t\t\t<p>Ikaroko ateen atzean lana, pasioa, sormena&#8230; aurkituko ditu, baita konkistatutako ametsen istorio eder bat ere; izan ere, <strong>Carolina S\u00e1nchez<\/strong> (Cuencakoa, Ekuadorrekoa) eta <strong>I\u00f1aki Murua<\/strong> (Laguardiakoa, Espainiakoa) Basque Culinary Centerren elkar ezagutu ondoren bide profesionalak eta pertsonalak batzea erabaki zuten bi chef dira.<\/p><p>Tandemaren proposamen erakargarriak harridura sortzen du, teknikaren eta apaltasunaren ikuspegitik, bakoitzaren mundu gastronomikoa uztartuz; izan ere, Errioxako lehengai bikainei Ekuadorreko frutak eta gozagarriak gehitzen zaizkie, eta horrek zapore harrigarriko platerak ematen ditu.<\/p>\t\t\t\t\t\t\t\t<\/div>\n\t\t\t\t<\/div>\n\t\t\t\t\t<\/div>\n\t\t<\/div>\n\t\t\t\t<div class=\"elementor-column elementor-col-50 elementor-top-column elementor-element elementor-element-0d5075b\" data-id=\"0d5075b\" data-element_type=\"column\">\n\t\t\t<div class=\"elementor-widget-wrap elementor-element-populated\">\n\t\t\t\t\t\t<div class=\"elementor-element elementor-element-9644091 elementor-widget elementor-widget-image\" data-id=\"9644091\" data-element_type=\"widget\" data-widget_type=\"image.default\">\n\t\t\t\t<div class=\"elementor-widget-container\">\n\t\t\t\t\t\t\t\t\t\t\t\t\t\t\t<img decoding=\"async\" width=\"800\" height=\"532\" src=\"https:\/\/www.vallesalado.com\/wp-content\/uploads\/2025\/03\/ikaro.webp\" class=\"attachment-full size-full wp-image-6026\" alt=\"I\u00f1aki Murua\" \/>\t\t\t\t\t\t\t\t\t\t\t\t\t\t\t<\/div>\n\t\t\t\t<\/div>\n\t\t\t\t<div class=\"elementor-element elementor-element-71768dd e-transform elementor-widget elementor-widget-image\" data-id=\"71768dd\" data-element_type=\"widget\" data-settings=\"{&quot;_transform_translateX_effect&quot;:{&quot;unit&quot;:&quot;px&quot;,&quot;size&quot;:-231,&quot;sizes&quot;:[]},&quot;_transform_translateX_effect_tablet&quot;:{&quot;unit&quot;:&quot;px&quot;,&quot;size&quot;:-126,&quot;sizes&quot;:[]},&quot;_transform_translateX_effect_mobile&quot;:{&quot;unit&quot;:&quot;px&quot;,&quot;size&quot;:-88,&quot;sizes&quot;:[]},&quot;_transform_translateY_effect&quot;:{&quot;unit&quot;:&quot;px&quot;,&quot;size&quot;:-147,&quot;sizes&quot;:[]},&quot;_transform_translateY_effect_tablet&quot;:{&quot;unit&quot;:&quot;px&quot;,&quot;size&quot;:-86,&quot;sizes&quot;:[]},&quot;_transform_translateY_effect_mobile&quot;:{&quot;unit&quot;:&quot;px&quot;,&quot;size&quot;:-110,&quot;sizes&quot;:[]}}\" data-widget_type=\"image.default\">\n\t\t\t\t<div class=\"elementor-widget-container\">\n\t\t\t\t\t\t\t\t\t\t\t\t\t\t\t<img decoding=\"async\" width=\"600\" height=\"600\" src=\"https:\/\/www.vallesalado.com\/wp-content\/uploads\/2024\/12\/valle-salado-gota-12.webp\" class=\"attachment-full size-full wp-image-4482\" alt=\"\" srcset=\"https:\/\/www.vallesalado.com\/wp-content\/uploads\/2024\/12\/valle-salado-gota-12.webp 600w, https:\/\/www.vallesalado.com\/wp-content\/uploads\/2024\/12\/valle-salado-gota-12-300x300.webp 300w, https:\/\/www.vallesalado.com\/wp-content\/uploads\/2024\/12\/valle-salado-gota-12-150x150.webp 150w, https:\/\/www.vallesalado.com\/wp-content\/uploads\/2024\/12\/valle-salado-gota-12-100x100.webp 100w\" sizes=\"(max-width: 600px) 100vw, 600px\" \/>\t\t\t\t\t\t\t\t\t\t\t\t\t\t\t<\/div>\n\t\t\t\t<\/div>\n\t\t\t\t\t<\/div>\n\t\t<\/div>\n\t\t\t\t\t<\/div>\n\t\t<\/section>\n\t\t\t\t<\/div>\n\t\t","protected":false},"excerpt":{"rendered":"<p>Ikaro Avda. Portugal n\u00ba 3 bajoLogro\u00f1o, ErrioxaTel: 941 571 614 www.restauranteikaro.com Ikaroko ateen atzean lana, pasioa, sormena&#8230; aurkituko ditu, baita konkistatutako ametsen istorio eder bat ere; izan ere, Carolina S\u00e1nchez (Cuencakoa, Ekuadorrekoa) eta I\u00f1aki Murua (Laguardiakoa, Espainiakoa) Basque Culinary Centerren elkar ezagutu ondoren bide profesionalak eta pertsonalak batzea erabaki zuten bi chef dira. Tandemaren proposamen [&hellip;]<\/p>\n","protected":false},"author":1,"featured_media":4146,"parent":6981,"menu_order":0,"comment_status":"closed","ping_status":"closed","template":"","meta":{"inline_featured_image":false,"footnotes":"","_links_to":"","_links_to_target":""},"class_list":["post-7449","page","type-page","status-publish","has-post-thumbnail","hentry"],"yoast_head":"<!-- This site is optimized with the Yoast SEO plugin v26.7 - https:\/\/yoast.com\/wordpress\/plugins\/seo\/ -->\n<title>I\u00f1aki Murua eta Carolina S\u00e1nchez - Valle Salado de A\u00f1ana<\/title>\n<meta name=\"description\" content=\"I\u00f1aki Muruak eta Carolina S\u00e1nchezek Espainiako eta Ekuadorreko gastronomia uztartzen dituzte, Ikaron aparteko platerak sortuz, pasioz eta teknikaz.\" \/>\n<meta name=\"robots\" content=\"index, follow, max-snippet:-1, max-image-preview:large, max-video-preview:-1\" \/>\n<link rel=\"canonical\" href=\"https:\/\/www.vallesalado.com\/eu\/ananako-gatza\/enbaxadoreak\/inaki-murua-eta-carolina-sanchez\/\" \/>\n<meta property=\"og:locale\" content=\"eu_ES\" \/>\n<meta property=\"og:type\" content=\"article\" \/>\n<meta property=\"og:title\" content=\"I\u00f1aki Murua eta Carolina S\u00e1nchez - Valle Salado de A\u00f1ana\" \/>\n<meta property=\"og:description\" content=\"I\u00f1aki Muruak eta Carolina S\u00e1nchezek Espainiako eta Ekuadorreko gastronomia uztartzen dituzte, Ikaron aparteko platerak sortuz, pasioz eta teknikaz.\" \/>\n<meta property=\"og:url\" content=\"https:\/\/www.vallesalado.com\/eu\/ananako-gatza\/enbaxadoreak\/inaki-murua-eta-carolina-sanchez\/\" \/>\n<meta property=\"og:site_name\" content=\"Valle Salado de A\u00f1ana\" \/>\n<meta property=\"article:publisher\" content=\"https:\/\/www.facebook.com\/ValleSaladodeAnana\" \/>\n<meta property=\"article:modified_time\" content=\"2025-05-19T21:16:12+00:00\" \/>\n<meta property=\"og:image\" content=\"https:\/\/www.vallesalado.com\/wp-content\/uploads\/2024\/12\/valle-salado-miniatura.webp\" \/>\n\t<meta property=\"og:image:width\" content=\"1200\" \/>\n\t<meta property=\"og:image:height\" content=\"630\" \/>\n\t<meta property=\"og:image:type\" content=\"image\/webp\" \/>\n<meta name=\"twitter:card\" content=\"summary_large_image\" \/>\n<meta name=\"twitter:site\" content=\"@vallesalado\" \/>\n<script type=\"application\/ld+json\" class=\"yoast-schema-graph\">{\"@context\":\"https:\/\/schema.org\",\"@graph\":[{\"@type\":\"WebPage\",\"@id\":\"https:\/\/www.vallesalado.com\/eu\/ananako-gatza\/enbaxadoreak\/inaki-murua-eta-carolina-sanchez\/\",\"url\":\"https:\/\/www.vallesalado.com\/eu\/ananako-gatza\/enbaxadoreak\/inaki-murua-eta-carolina-sanchez\/\",\"name\":\"I\u00f1aki Murua eta Carolina S\u00e1nchez - Valle Salado de A\u00f1ana\",\"isPartOf\":{\"@id\":\"https:\/\/www.vallesalado.com\/eu\/#website\"},\"primaryImageOfPage\":{\"@id\":\"https:\/\/www.vallesalado.com\/eu\/ananako-gatza\/enbaxadoreak\/inaki-murua-eta-carolina-sanchez\/#primaryimage\"},\"image\":{\"@id\":\"https:\/\/www.vallesalado.com\/eu\/ananako-gatza\/enbaxadoreak\/inaki-murua-eta-carolina-sanchez\/#primaryimage\"},\"thumbnailUrl\":\"https:\/\/www.vallesalado.com\/wp-content\/uploads\/2024\/12\/valle-salado-miniatura.webp\",\"datePublished\":\"2024-12-03T16:44:30+00:00\",\"dateModified\":\"2025-05-19T21:16:12+00:00\",\"description\":\"I\u00f1aki Muruak eta Carolina S\u00e1nchezek Espainiako eta Ekuadorreko gastronomia uztartzen dituzte, Ikaron aparteko platerak sortuz, pasioz eta teknikaz.\",\"breadcrumb\":{\"@id\":\"https:\/\/www.vallesalado.com\/eu\/ananako-gatza\/enbaxadoreak\/inaki-murua-eta-carolina-sanchez\/#breadcrumb\"},\"inLanguage\":\"eu-ES\",\"potentialAction\":[{\"@type\":\"ReadAction\",\"target\":[\"https:\/\/www.vallesalado.com\/eu\/ananako-gatza\/enbaxadoreak\/inaki-murua-eta-carolina-sanchez\/\"]}]},{\"@type\":\"ImageObject\",\"inLanguage\":\"eu-ES\",\"@id\":\"https:\/\/www.vallesalado.com\/eu\/ananako-gatza\/enbaxadoreak\/inaki-murua-eta-carolina-sanchez\/#primaryimage\",\"url\":\"https:\/\/www.vallesalado.com\/wp-content\/uploads\/2024\/12\/valle-salado-miniatura.webp\",\"contentUrl\":\"https:\/\/www.vallesalado.com\/wp-content\/uploads\/2024\/12\/valle-salado-miniatura.webp\",\"width\":1200,\"height\":630},{\"@type\":\"BreadcrumbList\",\"@id\":\"https:\/\/www.vallesalado.com\/eu\/ananako-gatza\/enbaxadoreak\/inaki-murua-eta-carolina-sanchez\/#breadcrumb\",\"itemListElement\":[{\"@type\":\"ListItem\",\"position\":1,\"name\":\"Valle Salado\",\"item\":\"https:\/\/www.vallesalado.com\/eu\/\"},{\"@type\":\"ListItem\",\"position\":2,\"name\":\"A\u00f1anako gatza\",\"item\":\"https:\/\/www.vallesalado.com\/eu\/ananako-gatza\/\"},{\"@type\":\"ListItem\",\"position\":3,\"name\":\"Enbaxadoreak\",\"item\":\"https:\/\/www.vallesalado.com\/eu\/ananako-gatza\/enbaxadoreak\/\"},{\"@type\":\"ListItem\",\"position\":4,\"name\":\"I\u00f1aki Murua eta Carolina S\u00e1nchez\"}]},{\"@type\":\"WebSite\",\"@id\":\"https:\/\/www.vallesalado.com\/eu\/#website\",\"url\":\"https:\/\/www.vallesalado.com\/eu\/\",\"name\":\"Valle Salado de A\u00f1ana\",\"description\":\"Valle Salado de A\u00f1ana\",\"publisher\":{\"@id\":\"https:\/\/www.vallesalado.com\/eu\/#organization\"},\"potentialAction\":[{\"@type\":\"SearchAction\",\"target\":{\"@type\":\"EntryPoint\",\"urlTemplate\":\"https:\/\/www.vallesalado.com\/eu\/?s={search_term_string}\"},\"query-input\":{\"@type\":\"PropertyValueSpecification\",\"valueRequired\":true,\"valueName\":\"search_term_string\"}}],\"inLanguage\":\"eu-ES\"},{\"@type\":\"Organization\",\"@id\":\"https:\/\/www.vallesalado.com\/eu\/#organization\",\"name\":\"Valle Salado de A\u00f1ana\",\"url\":\"https:\/\/www.vallesalado.com\/eu\/\",\"logo\":{\"@type\":\"ImageObject\",\"inLanguage\":\"eu-ES\",\"@id\":\"https:\/\/www.vallesalado.com\/eu\/#\/schema\/logo\/image\/\",\"url\":\"https:\/\/www.vallesalado.com\/wp-content\/uploads\/2025\/05\/logo-valle-salado.webp\",\"contentUrl\":\"https:\/\/www.vallesalado.com\/wp-content\/uploads\/2025\/05\/logo-valle-salado.webp\",\"width\":600,\"height\":143,\"caption\":\"Valle Salado de A\u00f1ana\"},\"image\":{\"@id\":\"https:\/\/www.vallesalado.com\/eu\/#\/schema\/logo\/image\/\"},\"sameAs\":[\"https:\/\/www.facebook.com\/ValleSaladodeAnana\",\"https:\/\/x.com\/vallesalado\",\"https:\/\/www.instagram.com\/vallesalado\/\"]}]}<\/script>\n<!-- \/ Yoast SEO plugin. -->","yoast_head_json":{"title":"I\u00f1aki Murua eta Carolina S\u00e1nchez - Valle Salado de A\u00f1ana","description":"I\u00f1aki Muruak eta Carolina S\u00e1nchezek Espainiako eta Ekuadorreko gastronomia uztartzen dituzte, Ikaron aparteko platerak sortuz, pasioz eta teknikaz.","robots":{"index":"index","follow":"follow","max-snippet":"max-snippet:-1","max-image-preview":"max-image-preview:large","max-video-preview":"max-video-preview:-1"},"canonical":"https:\/\/www.vallesalado.com\/eu\/ananako-gatza\/enbaxadoreak\/inaki-murua-eta-carolina-sanchez\/","og_locale":"eu_ES","og_type":"article","og_title":"I\u00f1aki Murua eta Carolina S\u00e1nchez - Valle Salado de A\u00f1ana","og_description":"I\u00f1aki Muruak eta Carolina S\u00e1nchezek Espainiako eta Ekuadorreko gastronomia uztartzen dituzte, Ikaron aparteko platerak sortuz, pasioz eta teknikaz.","og_url":"https:\/\/www.vallesalado.com\/eu\/ananako-gatza\/enbaxadoreak\/inaki-murua-eta-carolina-sanchez\/","og_site_name":"Valle Salado de A\u00f1ana","article_publisher":"https:\/\/www.facebook.com\/ValleSaladodeAnana","article_modified_time":"2025-05-19T21:16:12+00:00","og_image":[{"width":1200,"height":630,"url":"https:\/\/www.vallesalado.com\/wp-content\/uploads\/2024\/12\/valle-salado-miniatura.webp","type":"image\/webp"}],"twitter_card":"summary_large_image","twitter_site":"@vallesalado","schema":{"@context":"https:\/\/schema.org","@graph":[{"@type":"WebPage","@id":"https:\/\/www.vallesalado.com\/eu\/ananako-gatza\/enbaxadoreak\/inaki-murua-eta-carolina-sanchez\/","url":"https:\/\/www.vallesalado.com\/eu\/ananako-gatza\/enbaxadoreak\/inaki-murua-eta-carolina-sanchez\/","name":"I\u00f1aki Murua eta Carolina S\u00e1nchez - Valle Salado de A\u00f1ana","isPartOf":{"@id":"https:\/\/www.vallesalado.com\/eu\/#website"},"primaryImageOfPage":{"@id":"https:\/\/www.vallesalado.com\/eu\/ananako-gatza\/enbaxadoreak\/inaki-murua-eta-carolina-sanchez\/#primaryimage"},"image":{"@id":"https:\/\/www.vallesalado.com\/eu\/ananako-gatza\/enbaxadoreak\/inaki-murua-eta-carolina-sanchez\/#primaryimage"},"thumbnailUrl":"https:\/\/www.vallesalado.com\/wp-content\/uploads\/2024\/12\/valle-salado-miniatura.webp","datePublished":"2024-12-03T16:44:30+00:00","dateModified":"2025-05-19T21:16:12+00:00","description":"I\u00f1aki Muruak eta Carolina S\u00e1nchezek Espainiako eta Ekuadorreko gastronomia uztartzen dituzte, Ikaron aparteko platerak sortuz, pasioz eta teknikaz.","breadcrumb":{"@id":"https:\/\/www.vallesalado.com\/eu\/ananako-gatza\/enbaxadoreak\/inaki-murua-eta-carolina-sanchez\/#breadcrumb"},"inLanguage":"eu-ES","potentialAction":[{"@type":"ReadAction","target":["https:\/\/www.vallesalado.com\/eu\/ananako-gatza\/enbaxadoreak\/inaki-murua-eta-carolina-sanchez\/"]}]},{"@type":"ImageObject","inLanguage":"eu-ES","@id":"https:\/\/www.vallesalado.com\/eu\/ananako-gatza\/enbaxadoreak\/inaki-murua-eta-carolina-sanchez\/#primaryimage","url":"https:\/\/www.vallesalado.com\/wp-content\/uploads\/2024\/12\/valle-salado-miniatura.webp","contentUrl":"https:\/\/www.vallesalado.com\/wp-content\/uploads\/2024\/12\/valle-salado-miniatura.webp","width":1200,"height":630},{"@type":"BreadcrumbList","@id":"https:\/\/www.vallesalado.com\/eu\/ananako-gatza\/enbaxadoreak\/inaki-murua-eta-carolina-sanchez\/#breadcrumb","itemListElement":[{"@type":"ListItem","position":1,"name":"Valle Salado","item":"https:\/\/www.vallesalado.com\/eu\/"},{"@type":"ListItem","position":2,"name":"A\u00f1anako gatza","item":"https:\/\/www.vallesalado.com\/eu\/ananako-gatza\/"},{"@type":"ListItem","position":3,"name":"Enbaxadoreak","item":"https:\/\/www.vallesalado.com\/eu\/ananako-gatza\/enbaxadoreak\/"},{"@type":"ListItem","position":4,"name":"I\u00f1aki Murua eta Carolina S\u00e1nchez"}]},{"@type":"WebSite","@id":"https:\/\/www.vallesalado.com\/eu\/#website","url":"https:\/\/www.vallesalado.com\/eu\/","name":"Valle Salado de A\u00f1ana","description":"Valle Salado de A\u00f1ana","publisher":{"@id":"https:\/\/www.vallesalado.com\/eu\/#organization"},"potentialAction":[{"@type":"SearchAction","target":{"@type":"EntryPoint","urlTemplate":"https:\/\/www.vallesalado.com\/eu\/?s={search_term_string}"},"query-input":{"@type":"PropertyValueSpecification","valueRequired":true,"valueName":"search_term_string"}}],"inLanguage":"eu-ES"},{"@type":"Organization","@id":"https:\/\/www.vallesalado.com\/eu\/#organization","name":"Valle Salado de A\u00f1ana","url":"https:\/\/www.vallesalado.com\/eu\/","logo":{"@type":"ImageObject","inLanguage":"eu-ES","@id":"https:\/\/www.vallesalado.com\/eu\/#\/schema\/logo\/image\/","url":"https:\/\/www.vallesalado.com\/wp-content\/uploads\/2025\/05\/logo-valle-salado.webp","contentUrl":"https:\/\/www.vallesalado.com\/wp-content\/uploads\/2025\/05\/logo-valle-salado.webp","width":600,"height":143,"caption":"Valle Salado de A\u00f1ana"},"image":{"@id":"https:\/\/www.vallesalado.com\/eu\/#\/schema\/logo\/image\/"},"sameAs":["https:\/\/www.facebook.com\/ValleSaladodeAnana","https:\/\/x.com\/vallesalado","https:\/\/www.instagram.com\/vallesalado\/"]}]}},"_links":{"self":[{"href":"https:\/\/www.vallesalado.com\/eu\/wp-json\/wp\/v2\/pages\/7449","targetHints":{"allow":["GET"]}}],"collection":[{"href":"https:\/\/www.vallesalado.com\/eu\/wp-json\/wp\/v2\/pages"}],"about":[{"href":"https:\/\/www.vallesalado.com\/eu\/wp-json\/wp\/v2\/types\/page"}],"author":[{"embeddable":true,"href":"https:\/\/www.vallesalado.com\/eu\/wp-json\/wp\/v2\/users\/1"}],"replies":[{"embeddable":true,"href":"https:\/\/www.vallesalado.com\/eu\/wp-json\/wp\/v2\/comments?post=7449"}],"version-history":[{"count":2,"href":"https:\/\/www.vallesalado.com\/eu\/wp-json\/wp\/v2\/pages\/7449\/revisions"}],"predecessor-version":[{"id":7451,"href":"https:\/\/www.vallesalado.com\/eu\/wp-json\/wp\/v2\/pages\/7449\/revisions\/7451"}],"up":[{"embeddable":true,"href":"https:\/\/www.vallesalado.com\/eu\/wp-json\/wp\/v2\/pages\/6981"}],"wp:featuredmedia":[{"embeddable":true,"href":"https:\/\/www.vallesalado.com\/eu\/wp-json\/wp\/v2\/media\/4146"}],"wp:attachment":[{"href":"https:\/\/www.vallesalado.com\/eu\/wp-json\/wp\/v2\/media?parent=7449"}],"curies":[{"name":"wp","href":"https:\/\/api.w.org\/{rel}","templated":true}]}}