{"id":6442,"date":"2024-12-03T17:19:20","date_gmt":"2024-12-03T16:19:20","guid":{"rendered":"https:\/\/vallesalado.com\/resilience\/"},"modified":"2025-05-14T23:18:49","modified_gmt":"2025-05-14T21:18:49","slug":"resilience","status":"publish","type":"page","link":"https:\/\/www.vallesalado.com\/fr\/decouvrez-la-vallee-salee\/paysage-culturel\/resilience\/","title":{"rendered":"R\u00e9silience"},"content":{"rendered":"\t\t<div data-elementor-type=\"wp-page\" data-elementor-id=\"6442\" class=\"elementor elementor-6442 elementor-225\" data-elementor-post-type=\"page\">\n\t\t\t\t\t\t<section class=\"elementor-section elementor-top-section elementor-element elementor-element-2915672 elementor-section-boxed elementor-section-height-default elementor-section-height-default\" data-id=\"2915672\" data-element_type=\"section\" data-settings=\"{&quot;background_background&quot;:&quot;classic&quot;}\">\n\t\t\t\t\t\t<div class=\"elementor-container elementor-column-gap-default\">\n\t\t\t\t\t<div class=\"elementor-column elementor-col-100 elementor-top-column elementor-element elementor-element-6ba1918\" data-id=\"6ba1918\" data-element_type=\"column\">\n\t\t\t<div class=\"elementor-widget-wrap elementor-element-populated\">\n\t\t\t\t\t\t<div class=\"elementor-element elementor-element-33801ae elementor-widget elementor-widget-heading\" data-id=\"33801ae\" data-element_type=\"widget\" data-widget_type=\"heading.default\">\n\t\t\t\t<div class=\"elementor-widget-container\">\n\t\t\t\t\t<h1 class=\"elementor-heading-title elementor-size-default\">R\u00e9silience<\/h1>\t\t\t\t<\/div>\n\t\t\t\t<\/div>\n\t\t\t\t<div class=\"elementor-element elementor-element-e9e0d96 elementor-align-center elementor-widget elementor-widget-breadcrumbs\" data-id=\"e9e0d96\" data-element_type=\"widget\" data-widget_type=\"breadcrumbs.default\">\n\t\t\t\t<div class=\"elementor-widget-container\">\n\t\t\t\t\t<p id=\"breadcrumbs\"><span><span><a href=\"https:\/\/www.vallesalado.com\/fr\/\">Valle Salado<\/a><\/span><\/span><\/p>\t\t\t\t<\/div>\n\t\t\t\t<\/div>\n\t\t\t\t\t<\/div>\n\t\t<\/div>\n\t\t\t\t\t<\/div>\n\t\t<\/section>\n\t\t\t\t<section class=\"elementor-section elementor-top-section elementor-element elementor-element-8e486c7 elementor-section-boxed elementor-section-height-default elementor-section-height-default\" data-id=\"8e486c7\" data-element_type=\"section\">\n\t\t\t\t\t\t<div class=\"elementor-container elementor-column-gap-wider\">\n\t\t\t\t\t<div class=\"elementor-column elementor-col-50 elementor-top-column elementor-element elementor-element-b5ecf5e\" data-id=\"b5ecf5e\" data-element_type=\"column\">\n\t\t\t<div class=\"elementor-widget-wrap elementor-element-populated\">\n\t\t\t\t\t\t<div class=\"elementor-element elementor-element-defa25c elementor-widget elementor-widget-text-editor\" data-id=\"defa25c\" data-element_type=\"widget\" data-widget_type=\"text-editor.default\">\n\t\t\t\t<div class=\"elementor-widget-container\">\n\t\t\t\t\t\t\t\t\t<p>Le dictionnaire de l&rsquo;Acad\u00e9mie royale de la langue d\u00e9finit le terme r\u00e9silience comme la capacit\u00e9 humaine \u00e0 assumer des situations limites avec flexibilit\u00e9 et \u00e0 les surmonter.<\/p><p>Ce terme peut \u00e9galement \u00eatre utilis\u00e9 dans le cas de la Vall\u00e9e Sal\u00e9e. C&rsquo;est un paysage aux caract\u00e9ristiques naturelles, culturelles, sociales et \u00e9conomiques qui se distingue par sa capacit\u00e9 \u00e0 surmonter les impacts tout au long de son histoire, \u00e0 absorber les pressions, \u00e0 r\u00e9sister aux perturbations et \u00e0 \u00e9merger \u00e0 nouveau, transform\u00e9 et m\u00eame renforc\u00e9. <\/p><p>Le paysage culturel de la Valle Sal\u00e9e d\u2019A\u00f1ana est le r\u00e9sultat de l&rsquo;\u00e9volution d&rsquo;un lieu de travail dans un environnement naturel qui a \u00e9t\u00e9 adapt\u00e9 aux besoins de ses propri\u00e9taires et travailleurs pendant des g\u00e9n\u00e9rations, en d\u00e9veloppant une culture bas\u00e9e sur le \u00absavoir-faire\u00bb du paludier qui maintient constant ses caract\u00e9ristiques identitaires.<\/p><p>Les salines d&rsquo;A\u00f1ana poursuivent leur activit\u00e9 et deviennent ainsi un souvenir vivant d&rsquo;un processus en constante adaptation et transformation, o\u00f9 diff\u00e9rentes solutions sont int\u00e9gr\u00e9es dans le patrimoine historique et culturel de la vall\u00e9e.<\/p><p>Le syst\u00e8me choisi pour produire du sel \u00ab plus propre \u00bb et d\u2019assurer sa viabilit\u00e9, justifie les transformations constantes, et continue aujourd&rsquo;hui \u00e0 justifier la \u00ab lutte-recherche \u00bb, le d\u00e9veloppement durable coh\u00e9rent du paysage.<\/p><p>Les impacts subis ne sont pas seulement de nature socio-\u00e9conomique, mais a \u00e9galement subi des perturbations environnementales, telles que les inondations, qu&rsquo;il a su apprendre et y survivre. Cette capacit\u00e9 in\u00e9gal\u00e9e d&rsquo;adaptation et d&rsquo;am\u00e9lioration continue provoque un sentiment de beaut\u00e9 pour l&rsquo;incroyable simplicit\u00e9 des solutions. Mais aussi pour sa parfaite adaptation \u00e0 l&rsquo;environnement, avec une esth\u00e9tique unique bas\u00e9e sur des formes, des mat\u00e9riaux et des techniques dans un \u00e9quilibre \u00e9cologique et environnemental continu.  <\/p>\t\t\t\t\t\t\t\t<\/div>\n\t\t\t\t<\/div>\n\t\t\t\t\t<\/div>\n\t\t<\/div>\n\t\t\t\t<div class=\"elementor-column elementor-col-50 elementor-top-column elementor-element elementor-element-4fa77a4\" data-id=\"4fa77a4\" data-element_type=\"column\">\n\t\t\t<div class=\"elementor-widget-wrap elementor-element-populated\">\n\t\t\t\t\t\t<div class=\"elementor-element elementor-element-44a889a elementor-widget elementor-widget-image\" data-id=\"44a889a\" data-element_type=\"widget\" data-widget_type=\"image.default\">\n\t\t\t\t<div class=\"elementor-widget-container\">\n\t\t\t\t\t\t\t\t\t\t\t\t\t\t\t<img fetchpriority=\"high\" decoding=\"async\" width=\"800\" height=\"920\" src=\"https:\/\/www.vallesalado.com\/wp-content\/uploads\/2025\/01\/resiliencia-01.webp\" class=\"attachment-full size-full wp-image-4856\" alt=\"\" srcset=\"https:\/\/www.vallesalado.com\/wp-content\/uploads\/2025\/01\/resiliencia-01.webp 800w, https:\/\/www.vallesalado.com\/wp-content\/uploads\/2025\/01\/resiliencia-01-261x300.webp 261w, https:\/\/www.vallesalado.com\/wp-content\/uploads\/2025\/01\/resiliencia-01-768x883.webp 768w, https:\/\/www.vallesalado.com\/wp-content\/uploads\/2025\/01\/resiliencia-01-600x690.webp 600w\" sizes=\"(max-width: 800px) 100vw, 800px\" \/>\t\t\t\t\t\t\t\t\t\t\t\t\t\t\t<\/div>\n\t\t\t\t<\/div>\n\t\t\t\t<div class=\"elementor-element elementor-element-828e7b1 e-transform elementor-widget elementor-widget-image\" data-id=\"828e7b1\" data-element_type=\"widget\" data-settings=\"{&quot;_transform_translateX_effect&quot;:{&quot;unit&quot;:&quot;px&quot;,&quot;size&quot;:167,&quot;sizes&quot;:[]},&quot;_transform_translateX_effect_tablet&quot;:{&quot;unit&quot;:&quot;px&quot;,&quot;size&quot;:73,&quot;sizes&quot;:[]},&quot;_transform_translateX_effect_mobile&quot;:{&quot;unit&quot;:&quot;px&quot;,&quot;size&quot;:93,&quot;sizes&quot;:[]},&quot;_transform_translateY_effect&quot;:{&quot;unit&quot;:&quot;px&quot;,&quot;size&quot;:-93,&quot;sizes&quot;:[]},&quot;_transform_translateY_effect_tablet&quot;:{&quot;unit&quot;:&quot;px&quot;,&quot;size&quot;:-73,&quot;sizes&quot;:[]},&quot;_transform_translateY_effect_mobile&quot;:{&quot;unit&quot;:&quot;px&quot;,&quot;size&quot;:-110,&quot;sizes&quot;:[]}}\" data-widget_type=\"image.default\">\n\t\t\t\t<div class=\"elementor-widget-container\">\n\t\t\t\t\t\t\t\t\t\t\t\t\t\t\t<img decoding=\"async\" width=\"600\" height=\"600\" src=\"https:\/\/www.vallesalado.com\/wp-content\/uploads\/2024\/12\/valle-salado-gota-24.webp\" class=\"attachment-full size-full wp-image-4436\" alt=\"\" srcset=\"https:\/\/www.vallesalado.com\/wp-content\/uploads\/2024\/12\/valle-salado-gota-24.webp 600w, https:\/\/www.vallesalado.com\/wp-content\/uploads\/2024\/12\/valle-salado-gota-24-300x300.webp 300w, https:\/\/www.vallesalado.com\/wp-content\/uploads\/2024\/12\/valle-salado-gota-24-150x150.webp 150w, https:\/\/www.vallesalado.com\/wp-content\/uploads\/2024\/12\/valle-salado-gota-24-100x100.webp 100w\" sizes=\"(max-width: 600px) 100vw, 600px\" \/>\t\t\t\t\t\t\t\t\t\t\t\t\t\t\t<\/div>\n\t\t\t\t<\/div>\n\t\t\t\t\t<\/div>\n\t\t<\/div>\n\t\t\t\t\t<\/div>\n\t\t<\/section>\n\t\t\t\t<section class=\"elementor-section elementor-top-section elementor-element elementor-element-44e713b elementor-section-boxed elementor-section-height-default elementor-section-height-default\" data-id=\"44e713b\" data-element_type=\"section\">\n\t\t\t\t\t\t<div class=\"elementor-container elementor-column-gap-default\">\n\t\t\t\t\t<div class=\"elementor-column elementor-col-100 elementor-top-column elementor-element elementor-element-772238e\" data-id=\"772238e\" data-element_type=\"column\">\n\t\t\t<div class=\"elementor-widget-wrap elementor-element-populated\">\n\t\t\t\t\t\t<div class=\"elementor-element elementor-element-c00a77e elementor-widget-divider--view-line elementor-widget elementor-widget-divider\" data-id=\"c00a77e\" data-element_type=\"widget\" data-widget_type=\"divider.default\">\n\t\t\t\t<div class=\"elementor-widget-container\">\n\t\t\t\t\t\t\t<div class=\"elementor-divider\">\n\t\t\t<span class=\"elementor-divider-separator\">\n\t\t\t\t\t\t<\/span>\n\t\t<\/div>\n\t\t\t\t\t\t<\/div>\n\t\t\t\t<\/div>\n\t\t\t\t<section class=\"elementor-section elementor-inner-section elementor-element elementor-element-f12c428 elementor-section-boxed elementor-section-height-default elementor-section-height-default\" data-id=\"f12c428\" data-element_type=\"section\">\n\t\t\t\t\t\t<div class=\"elementor-container elementor-column-gap-default\">\n\t\t\t\t\t<div class=\"elementor-column elementor-col-100 elementor-inner-column elementor-element elementor-element-d43887c\" data-id=\"d43887c\" data-element_type=\"column\">\n\t\t\t<div class=\"elementor-widget-wrap elementor-element-populated\">\n\t\t\t\t\t\t<div class=\"elementor-element elementor-element-98f0057 elementor-widget elementor-widget-video\" data-id=\"98f0057\" data-element_type=\"widget\" data-settings=\"{&quot;youtube_url&quot;:&quot;https:\\\/\\\/www.youtube.com\\\/watch?v=oakkjn052BU&quot;,&quot;video_type&quot;:&quot;youtube&quot;,&quot;controls&quot;:&quot;yes&quot;}\" data-widget_type=\"video.default\">\n\t\t\t\t<div class=\"elementor-widget-container\">\n\t\t\t\t\t\t\t<div class=\"elementor-wrapper elementor-open-inline\">\n\t\t\t<div class=\"elementor-video\"><\/div>\t\t<\/div>\n\t\t\t\t\t\t<\/div>\n\t\t\t\t<\/div>\n\t\t\t\t<div class=\"elementor-element elementor-element-57dfe03 elementor-widget elementor-widget-text-editor\" data-id=\"57dfe03\" data-element_type=\"widget\" data-widget_type=\"text-editor.default\">\n\t\t\t\t<div class=\"elementor-widget-container\">\n\t\t\t\t\t\t\t\t\t<p>Salineras de A\u00f1ana<\/p>\t\t\t\t\t\t\t\t<\/div>\n\t\t\t\t<\/div>\n\t\t\t\t\t<\/div>\n\t\t<\/div>\n\t\t\t\t\t<\/div>\n\t\t<\/section>\n\t\t\t\t\t<\/div>\n\t\t<\/div>\n\t\t\t\t\t<\/div>\n\t\t<\/section>\n\t\t\t\t<\/div>\n\t\t","protected":false},"excerpt":{"rendered":"<p>Le dictionnaire de l&rsquo;Acad\u00e9mie royale de la langue d\u00e9finit le terme r\u00e9silience comme la capacit\u00e9 humaine \u00e0 assumer des situations limites avec flexibilit\u00e9 et \u00e0 les surmonter. Ce terme peut \u00e9galement \u00eatre utilis\u00e9 dans le cas de la Vall\u00e9e Sal\u00e9e. C&rsquo;est un paysage aux caract\u00e9ristiques naturelles, culturelles, sociales et \u00e9conomiques qui se distingue par sa [&hellip;]<\/p>\n","protected":false},"author":1,"featured_media":4148,"parent":6909,"menu_order":0,"comment_status":"closed","ping_status":"closed","template":"","meta":{"inline_featured_image":false,"footnotes":"","_links_to":"","_links_to_target":""},"class_list":["post-6442","page","type-page","status-publish","has-post-thumbnail","hentry"],"yoast_head":"<!-- This site is optimized with the Yoast SEO plugin v26.7 - https:\/\/yoast.com\/wordpress\/plugins\/seo\/ -->\n<title>R\u00e9silience - Valle Salado de A\u00f1ana<\/title>\n<meta name=\"description\" content=\"R\u00e9silience de la Vall\u00e9e Sal\u00e9e d&#039;A\u00f1ana, un paysage culturel qui s&#039;adapte et se renforce face aux d\u00e9fis historiques et environnementaux.\" \/>\n<meta name=\"robots\" content=\"index, follow, max-snippet:-1, max-image-preview:large, max-video-preview:-1\" \/>\n<link rel=\"canonical\" href=\"https:\/\/www.vallesalado.com\/fr\/decouvrez-la-vallee-salee\/paysage-culturel\/resilience\/\" \/>\n<meta property=\"og:locale\" content=\"fr_FR\" \/>\n<meta property=\"og:type\" content=\"article\" \/>\n<meta property=\"og:title\" content=\"R\u00e9silience - Valle Salado de A\u00f1ana\" \/>\n<meta property=\"og:description\" content=\"R\u00e9silience de la Vall\u00e9e Sal\u00e9e d&#039;A\u00f1ana, un paysage culturel qui s&#039;adapte et se renforce face aux d\u00e9fis historiques et environnementaux.\" \/>\n<meta property=\"og:url\" content=\"https:\/\/www.vallesalado.com\/fr\/decouvrez-la-vallee-salee\/paysage-culturel\/resilience\/\" \/>\n<meta property=\"og:site_name\" content=\"Valle Salado de A\u00f1ana\" \/>\n<meta property=\"article:publisher\" content=\"https:\/\/www.facebook.com\/ValleSaladodeAnana\" \/>\n<meta property=\"article:modified_time\" content=\"2025-05-14T21:18:49+00:00\" \/>\n<meta property=\"og:image\" content=\"https:\/\/www.vallesalado.com\/wp-content\/uploads\/2024\/12\/valle-salado-miniatura.webp\" \/>\n\t<meta property=\"og:image:width\" content=\"1200\" \/>\n\t<meta property=\"og:image:height\" content=\"630\" \/>\n\t<meta property=\"og:image:type\" content=\"image\/webp\" \/>\n<meta name=\"twitter:card\" content=\"summary_large_image\" \/>\n<meta name=\"twitter:site\" content=\"@vallesalado\" \/>\n<meta name=\"twitter:label1\" content=\"Dur\u00e9e de lecture estim\u00e9e\" \/>\n\t<meta name=\"twitter:data1\" content=\"2 minutes\" \/>\n<script type=\"application\/ld+json\" class=\"yoast-schema-graph\">{\"@context\":\"https:\/\/schema.org\",\"@graph\":[{\"@type\":\"WebPage\",\"@id\":\"https:\/\/www.vallesalado.com\/fr\/decouvrez-la-vallee-salee\/paysage-culturel\/resilience\/\",\"url\":\"https:\/\/www.vallesalado.com\/fr\/decouvrez-la-vallee-salee\/paysage-culturel\/resilience\/\",\"name\":\"R\u00e9silience - Valle Salado de A\u00f1ana\",\"isPartOf\":{\"@id\":\"https:\/\/www.vallesalado.com\/fr\/#website\"},\"primaryImageOfPage\":{\"@id\":\"https:\/\/www.vallesalado.com\/fr\/decouvrez-la-vallee-salee\/paysage-culturel\/resilience\/#primaryimage\"},\"image\":{\"@id\":\"https:\/\/www.vallesalado.com\/fr\/decouvrez-la-vallee-salee\/paysage-culturel\/resilience\/#primaryimage\"},\"thumbnailUrl\":\"https:\/\/www.vallesalado.com\/wp-content\/uploads\/2024\/12\/valle-salado-miniatura.webp\",\"datePublished\":\"2024-12-03T16:19:20+00:00\",\"dateModified\":\"2025-05-14T21:18:49+00:00\",\"description\":\"R\u00e9silience de la Vall\u00e9e Sal\u00e9e d'A\u00f1ana, un paysage culturel qui s'adapte et se renforce face aux d\u00e9fis historiques et environnementaux.\",\"breadcrumb\":{\"@id\":\"https:\/\/www.vallesalado.com\/fr\/decouvrez-la-vallee-salee\/paysage-culturel\/resilience\/#breadcrumb\"},\"inLanguage\":\"fr-FR\",\"potentialAction\":[{\"@type\":\"ReadAction\",\"target\":[\"https:\/\/www.vallesalado.com\/fr\/decouvrez-la-vallee-salee\/paysage-culturel\/resilience\/\"]}]},{\"@type\":\"ImageObject\",\"inLanguage\":\"fr-FR\",\"@id\":\"https:\/\/www.vallesalado.com\/fr\/decouvrez-la-vallee-salee\/paysage-culturel\/resilience\/#primaryimage\",\"url\":\"https:\/\/www.vallesalado.com\/wp-content\/uploads\/2024\/12\/valle-salado-miniatura.webp\",\"contentUrl\":\"https:\/\/www.vallesalado.com\/wp-content\/uploads\/2024\/12\/valle-salado-miniatura.webp\",\"width\":1200,\"height\":630},{\"@type\":\"BreadcrumbList\",\"@id\":\"https:\/\/www.vallesalado.com\/fr\/decouvrez-la-vallee-salee\/paysage-culturel\/resilience\/#breadcrumb\",\"itemListElement\":[{\"@type\":\"ListItem\",\"position\":1,\"name\":\"Valle Salado\",\"item\":\"https:\/\/www.vallesalado.com\/fr\/\"},{\"@type\":\"ListItem\",\"position\":2,\"name\":\"D\u00e9couvrez la Vall\u00e9e Sal\u00e9e\",\"item\":\"https:\/\/www.vallesalado.com\/fr\/decouvrez-la-vallee-salee\/\"},{\"@type\":\"ListItem\",\"position\":3,\"name\":\"Paysage culturel\",\"item\":\"https:\/\/www.vallesalado.com\/fr\/decouvrez-la-vallee-salee\/paysage-culturel\/\"},{\"@type\":\"ListItem\",\"position\":4,\"name\":\"R\u00e9silience\"}]},{\"@type\":\"WebSite\",\"@id\":\"https:\/\/www.vallesalado.com\/fr\/#website\",\"url\":\"https:\/\/www.vallesalado.com\/fr\/\",\"name\":\"Valle Salado de A\u00f1ana\",\"description\":\"Valle Salado de A\u00f1ana\",\"publisher\":{\"@id\":\"https:\/\/www.vallesalado.com\/fr\/#organization\"},\"potentialAction\":[{\"@type\":\"SearchAction\",\"target\":{\"@type\":\"EntryPoint\",\"urlTemplate\":\"https:\/\/www.vallesalado.com\/fr\/?s={search_term_string}\"},\"query-input\":{\"@type\":\"PropertyValueSpecification\",\"valueRequired\":true,\"valueName\":\"search_term_string\"}}],\"inLanguage\":\"fr-FR\"},{\"@type\":\"Organization\",\"@id\":\"https:\/\/www.vallesalado.com\/fr\/#organization\",\"name\":\"Valle Salado de A\u00f1ana\",\"url\":\"https:\/\/www.vallesalado.com\/fr\/\",\"logo\":{\"@type\":\"ImageObject\",\"inLanguage\":\"fr-FR\",\"@id\":\"https:\/\/www.vallesalado.com\/fr\/#\/schema\/logo\/image\/\",\"url\":\"https:\/\/www.vallesalado.com\/wp-content\/uploads\/2025\/05\/logo-valle-salado.webp\",\"contentUrl\":\"https:\/\/www.vallesalado.com\/wp-content\/uploads\/2025\/05\/logo-valle-salado.webp\",\"width\":600,\"height\":143,\"caption\":\"Valle Salado de A\u00f1ana\"},\"image\":{\"@id\":\"https:\/\/www.vallesalado.com\/fr\/#\/schema\/logo\/image\/\"},\"sameAs\":[\"https:\/\/www.facebook.com\/ValleSaladodeAnana\",\"https:\/\/x.com\/vallesalado\",\"https:\/\/www.instagram.com\/vallesalado\/\"]}]}<\/script>\n<!-- \/ Yoast SEO plugin. -->","yoast_head_json":{"title":"R\u00e9silience - Valle Salado de A\u00f1ana","description":"R\u00e9silience de la Vall\u00e9e Sal\u00e9e d'A\u00f1ana, un paysage culturel qui s'adapte et se renforce face aux d\u00e9fis historiques et environnementaux.","robots":{"index":"index","follow":"follow","max-snippet":"max-snippet:-1","max-image-preview":"max-image-preview:large","max-video-preview":"max-video-preview:-1"},"canonical":"https:\/\/www.vallesalado.com\/fr\/decouvrez-la-vallee-salee\/paysage-culturel\/resilience\/","og_locale":"fr_FR","og_type":"article","og_title":"R\u00e9silience - Valle Salado de A\u00f1ana","og_description":"R\u00e9silience de la Vall\u00e9e Sal\u00e9e d'A\u00f1ana, un paysage culturel qui s'adapte et se renforce face aux d\u00e9fis historiques et environnementaux.","og_url":"https:\/\/www.vallesalado.com\/fr\/decouvrez-la-vallee-salee\/paysage-culturel\/resilience\/","og_site_name":"Valle Salado de A\u00f1ana","article_publisher":"https:\/\/www.facebook.com\/ValleSaladodeAnana","article_modified_time":"2025-05-14T21:18:49+00:00","og_image":[{"width":1200,"height":630,"url":"https:\/\/www.vallesalado.com\/wp-content\/uploads\/2024\/12\/valle-salado-miniatura.webp","type":"image\/webp"}],"twitter_card":"summary_large_image","twitter_site":"@vallesalado","twitter_misc":{"Dur\u00e9e de lecture estim\u00e9e":"2 minutes"},"schema":{"@context":"https:\/\/schema.org","@graph":[{"@type":"WebPage","@id":"https:\/\/www.vallesalado.com\/fr\/decouvrez-la-vallee-salee\/paysage-culturel\/resilience\/","url":"https:\/\/www.vallesalado.com\/fr\/decouvrez-la-vallee-salee\/paysage-culturel\/resilience\/","name":"R\u00e9silience - Valle Salado de A\u00f1ana","isPartOf":{"@id":"https:\/\/www.vallesalado.com\/fr\/#website"},"primaryImageOfPage":{"@id":"https:\/\/www.vallesalado.com\/fr\/decouvrez-la-vallee-salee\/paysage-culturel\/resilience\/#primaryimage"},"image":{"@id":"https:\/\/www.vallesalado.com\/fr\/decouvrez-la-vallee-salee\/paysage-culturel\/resilience\/#primaryimage"},"thumbnailUrl":"https:\/\/www.vallesalado.com\/wp-content\/uploads\/2024\/12\/valle-salado-miniatura.webp","datePublished":"2024-12-03T16:19:20+00:00","dateModified":"2025-05-14T21:18:49+00:00","description":"R\u00e9silience de la Vall\u00e9e Sal\u00e9e d'A\u00f1ana, un paysage culturel qui s'adapte et se renforce face aux d\u00e9fis historiques et environnementaux.","breadcrumb":{"@id":"https:\/\/www.vallesalado.com\/fr\/decouvrez-la-vallee-salee\/paysage-culturel\/resilience\/#breadcrumb"},"inLanguage":"fr-FR","potentialAction":[{"@type":"ReadAction","target":["https:\/\/www.vallesalado.com\/fr\/decouvrez-la-vallee-salee\/paysage-culturel\/resilience\/"]}]},{"@type":"ImageObject","inLanguage":"fr-FR","@id":"https:\/\/www.vallesalado.com\/fr\/decouvrez-la-vallee-salee\/paysage-culturel\/resilience\/#primaryimage","url":"https:\/\/www.vallesalado.com\/wp-content\/uploads\/2024\/12\/valle-salado-miniatura.webp","contentUrl":"https:\/\/www.vallesalado.com\/wp-content\/uploads\/2024\/12\/valle-salado-miniatura.webp","width":1200,"height":630},{"@type":"BreadcrumbList","@id":"https:\/\/www.vallesalado.com\/fr\/decouvrez-la-vallee-salee\/paysage-culturel\/resilience\/#breadcrumb","itemListElement":[{"@type":"ListItem","position":1,"name":"Valle Salado","item":"https:\/\/www.vallesalado.com\/fr\/"},{"@type":"ListItem","position":2,"name":"D\u00e9couvrez la Vall\u00e9e Sal\u00e9e","item":"https:\/\/www.vallesalado.com\/fr\/decouvrez-la-vallee-salee\/"},{"@type":"ListItem","position":3,"name":"Paysage culturel","item":"https:\/\/www.vallesalado.com\/fr\/decouvrez-la-vallee-salee\/paysage-culturel\/"},{"@type":"ListItem","position":4,"name":"R\u00e9silience"}]},{"@type":"WebSite","@id":"https:\/\/www.vallesalado.com\/fr\/#website","url":"https:\/\/www.vallesalado.com\/fr\/","name":"Valle Salado de A\u00f1ana","description":"Valle Salado de A\u00f1ana","publisher":{"@id":"https:\/\/www.vallesalado.com\/fr\/#organization"},"potentialAction":[{"@type":"SearchAction","target":{"@type":"EntryPoint","urlTemplate":"https:\/\/www.vallesalado.com\/fr\/?s={search_term_string}"},"query-input":{"@type":"PropertyValueSpecification","valueRequired":true,"valueName":"search_term_string"}}],"inLanguage":"fr-FR"},{"@type":"Organization","@id":"https:\/\/www.vallesalado.com\/fr\/#organization","name":"Valle Salado de A\u00f1ana","url":"https:\/\/www.vallesalado.com\/fr\/","logo":{"@type":"ImageObject","inLanguage":"fr-FR","@id":"https:\/\/www.vallesalado.com\/fr\/#\/schema\/logo\/image\/","url":"https:\/\/www.vallesalado.com\/wp-content\/uploads\/2025\/05\/logo-valle-salado.webp","contentUrl":"https:\/\/www.vallesalado.com\/wp-content\/uploads\/2025\/05\/logo-valle-salado.webp","width":600,"height":143,"caption":"Valle Salado de A\u00f1ana"},"image":{"@id":"https:\/\/www.vallesalado.com\/fr\/#\/schema\/logo\/image\/"},"sameAs":["https:\/\/www.facebook.com\/ValleSaladodeAnana","https:\/\/x.com\/vallesalado","https:\/\/www.instagram.com\/vallesalado\/"]}]}},"_links":{"self":[{"href":"https:\/\/www.vallesalado.com\/fr\/wp-json\/wp\/v2\/pages\/6442","targetHints":{"allow":["GET"]}}],"collection":[{"href":"https:\/\/www.vallesalado.com\/fr\/wp-json\/wp\/v2\/pages"}],"about":[{"href":"https:\/\/www.vallesalado.com\/fr\/wp-json\/wp\/v2\/types\/page"}],"author":[{"embeddable":true,"href":"https:\/\/www.vallesalado.com\/fr\/wp-json\/wp\/v2\/users\/1"}],"replies":[{"embeddable":true,"href":"https:\/\/www.vallesalado.com\/fr\/wp-json\/wp\/v2\/comments?post=6442"}],"version-history":[{"count":3,"href":"https:\/\/www.vallesalado.com\/fr\/wp-json\/wp\/v2\/pages\/6442\/revisions"}],"predecessor-version":[{"id":7024,"href":"https:\/\/www.vallesalado.com\/fr\/wp-json\/wp\/v2\/pages\/6442\/revisions\/7024"}],"up":[{"embeddable":true,"href":"https:\/\/www.vallesalado.com\/fr\/wp-json\/wp\/v2\/pages\/6909"}],"wp:featuredmedia":[{"embeddable":true,"href":"https:\/\/www.vallesalado.com\/fr\/wp-json\/wp\/v2\/media\/4148"}],"wp:attachment":[{"href":"https:\/\/www.vallesalado.com\/fr\/wp-json\/wp\/v2\/media?parent=6442"}],"curies":[{"name":"wp","href":"https:\/\/api.w.org\/{rel}","templated":true}]}}