{"id":6813,"date":"2024-12-03T16:34:03","date_gmt":"2024-12-03T15:34:03","guid":{"rendered":"https:\/\/vallesalado.com\/experiences\/spa-salin\/"},"modified":"2026-03-31T09:01:35","modified_gmt":"2026-03-31T07:01:35","slug":"spa-salin","status":"publish","type":"page","link":"https:\/\/www.vallesalado.com\/fr\/experiences\/spa-salin\/","title":{"rendered":"Spa de Saline"},"content":{"rendered":"\t\t<div data-elementor-type=\"wp-page\" data-elementor-id=\"6813\" class=\"elementor elementor-6813 elementor-184\" data-elementor-post-type=\"page\">\n\t\t\t\t\t\t<section class=\"elementor-section elementor-top-section elementor-element elementor-element-9576e88 elementor-section-boxed elementor-section-height-default elementor-section-height-default\" data-id=\"9576e88\" data-element_type=\"section\" data-settings=\"{&quot;background_background&quot;:&quot;classic&quot;}\">\n\t\t\t\t\t\t<div class=\"elementor-container elementor-column-gap-default\">\n\t\t\t\t\t<div class=\"elementor-column elementor-col-100 elementor-top-column elementor-element elementor-element-1272c02\" data-id=\"1272c02\" data-element_type=\"column\">\n\t\t\t<div class=\"elementor-widget-wrap elementor-element-populated\">\n\t\t\t\t\t\t<div class=\"elementor-element elementor-element-dce0ceb elementor-widget elementor-widget-heading\" data-id=\"dce0ceb\" data-element_type=\"widget\" data-widget_type=\"heading.default\">\n\t\t\t\t<div class=\"elementor-widget-container\">\n\t\t\t\t\t<h1 class=\"elementor-heading-title elementor-size-default\">Spa de Saline<\/h1>\t\t\t\t<\/div>\n\t\t\t\t<\/div>\n\t\t\t\t<div class=\"elementor-element elementor-element-ff68306 elementor-align-center elementor-widget elementor-widget-breadcrumbs\" data-id=\"ff68306\" data-element_type=\"widget\" data-widget_type=\"breadcrumbs.default\">\n\t\t\t\t<div class=\"elementor-widget-container\">\n\t\t\t\t\t<p id=\"breadcrumbs\"><span><span><a href=\"https:\/\/www.vallesalado.com\/fr\/\">Valle Salado<\/a><\/span><\/span><\/p>\t\t\t\t<\/div>\n\t\t\t\t<\/div>\n\t\t\t\t\t<\/div>\n\t\t<\/div>\n\t\t\t\t\t<\/div>\n\t\t<\/section>\n\t\t\t\t<section class=\"elementor-section elementor-top-section elementor-element elementor-element-549269c elementor-section-boxed elementor-section-height-default elementor-section-height-default\" data-id=\"549269c\" data-element_type=\"section\">\n\t\t\t\t\t\t<div class=\"elementor-container elementor-column-gap-wider\">\n\t\t\t\t\t<div class=\"elementor-column elementor-col-50 elementor-top-column elementor-element elementor-element-2003ea3\" data-id=\"2003ea3\" data-element_type=\"column\">\n\t\t\t<div class=\"elementor-widget-wrap elementor-element-populated\">\n\t\t\t\t\t\t<div class=\"elementor-element elementor-element-0061cce elementor-widget elementor-widget-text-editor\" data-id=\"0061cce\" data-element_type=\"widget\" data-widget_type=\"text-editor.default\">\n\t\t\t\t<div class=\"elementor-widget-container\">\n\t\t\t\t\t\t\t\t\t<p>L&rsquo;un des espaces les plus uniques de la vall\u00e9e du sel est le Salt Spa. Ses installations en plein air se composent d&rsquo;un p\u00e9diluve et d&rsquo;un bain de pieds. Vous pouvez y plonger vos pieds et vos mains dans la saumure, rappelant les bains pris par les anciens mineurs de sel lorsqu&rsquo;ils produisaient du sel.  <\/p><p>Dans la station thermale saline, vous d\u00e9couvrirez les grands bienfaits pour la sant\u00e9 d&rsquo;un contact contr\u00f4l\u00e9 avec les eaux hypersalines des sources de la vall\u00e9e, dont la salinit\u00e9 est d&rsquo;environ 240 grammes de sel par litre.<\/p><p>Des \u00e9tudes scientifiques ont d\u00e9montr\u00e9 les propri\u00e9t\u00e9s th\u00e9rapeutiques des bains de saumure, notamment l&rsquo;am\u00e9lioration de la circulation sanguine, la remin\u00e9ralisation de la peau, l&rsquo;am\u00e9lioration de l&rsquo;\u00e9lasticit\u00e9 des tissus et la r\u00e9duction des risques d&rsquo;arthrose.<\/p><p>Il est \u00e9galement particuli\u00e8rement indiqu\u00e9 pour les maladies articulaires inflammatoires et les tendinites, la r\u00e9cup\u00e9ration post-chirurgicale et post-fracture, et les probl\u00e8mes d&rsquo;ecz\u00e9ma et d&rsquo;allergie.<\/p>\t\t\t\t\t\t\t\t<\/div>\n\t\t\t\t<\/div>\n\t\t\t\t<div class=\"elementor-element elementor-element-b330d6d elementor-widget elementor-widget-image\" data-id=\"b330d6d\" data-element_type=\"widget\" data-widget_type=\"image.default\">\n\t\t\t\t<div class=\"elementor-widget-container\">\n\t\t\t\t\t\t\t\t\t\t\t\t\t\t\t<img fetchpriority=\"high\" decoding=\"async\" width=\"800\" height=\"534\" src=\"https:\/\/www.vallesalado.com\/wp-content\/uploads\/2025\/10\/Salinas-de-Anana-_FJ_0932-QUINTAS-1024x683.jpg\" class=\"attachment-large size-large wp-image-8405\" alt=\"\" srcset=\"https:\/\/www.vallesalado.com\/wp-content\/uploads\/2025\/10\/Salinas-de-Anana-_FJ_0932-QUINTAS-1024x683.jpg 1024w, https:\/\/www.vallesalado.com\/wp-content\/uploads\/2025\/10\/Salinas-de-Anana-_FJ_0932-QUINTAS-600x400.jpg 600w, https:\/\/www.vallesalado.com\/wp-content\/uploads\/2025\/10\/Salinas-de-Anana-_FJ_0932-QUINTAS-768x512.jpg 768w, https:\/\/www.vallesalado.com\/wp-content\/uploads\/2025\/10\/Salinas-de-Anana-_FJ_0932-QUINTAS-1536x1025.jpg 1536w, https:\/\/www.vallesalado.com\/wp-content\/uploads\/2025\/10\/Salinas-de-Anana-_FJ_0932-QUINTAS-2048x1366.jpg 2048w\" sizes=\"(max-width: 800px) 100vw, 800px\" \/>\t\t\t\t\t\t\t\t\t\t\t\t\t\t\t<\/div>\n\t\t\t\t<\/div>\n\t\t\t\t\t<\/div>\n\t\t<\/div>\n\t\t\t\t<div class=\"elementor-column elementor-col-50 elementor-top-column elementor-element elementor-element-fa9e7fb\" data-id=\"fa9e7fb\" data-element_type=\"column\">\n\t\t\t<div class=\"elementor-widget-wrap elementor-element-populated\">\n\t\t\t\t\t\t<div class=\"elementor-element elementor-element-07c2a72 elementor-widget elementor-widget-image\" data-id=\"07c2a72\" data-element_type=\"widget\" data-widget_type=\"image.default\">\n\t\t\t\t<div class=\"elementor-widget-container\">\n\t\t\t\t\t\t\t\t\t\t\t\t\t\t\t<img decoding=\"async\" width=\"800\" height=\"534\" src=\"https:\/\/www.vallesalado.com\/wp-content\/uploads\/2025\/10\/Salinas-de-Anana-_FJ_1188-QUINTAS-1024x683.jpg\" class=\"attachment-large size-large wp-image-8425\" alt=\"\" srcset=\"https:\/\/www.vallesalado.com\/wp-content\/uploads\/2025\/10\/Salinas-de-Anana-_FJ_1188-QUINTAS-1024x683.jpg 1024w, https:\/\/www.vallesalado.com\/wp-content\/uploads\/2025\/10\/Salinas-de-Anana-_FJ_1188-QUINTAS-600x400.jpg 600w, https:\/\/www.vallesalado.com\/wp-content\/uploads\/2025\/10\/Salinas-de-Anana-_FJ_1188-QUINTAS-768x512.jpg 768w, https:\/\/www.vallesalado.com\/wp-content\/uploads\/2025\/10\/Salinas-de-Anana-_FJ_1188-QUINTAS-1536x1025.jpg 1536w, https:\/\/www.vallesalado.com\/wp-content\/uploads\/2025\/10\/Salinas-de-Anana-_FJ_1188-QUINTAS-2048x1366.jpg 2048w\" sizes=\"(max-width: 800px) 100vw, 800px\" \/>\t\t\t\t\t\t\t\t\t\t\t\t\t\t\t<\/div>\n\t\t\t\t<\/div>\n\t\t\t\t<div class=\"elementor-element elementor-element-a4bcbab elementor-widget elementor-widget-image\" data-id=\"a4bcbab\" data-element_type=\"widget\" data-widget_type=\"image.default\">\n\t\t\t\t<div class=\"elementor-widget-container\">\n\t\t\t\t\t\t\t\t\t\t\t\t\t\t\t<img decoding=\"async\" width=\"2560\" height=\"1708\" src=\"https:\/\/www.vallesalado.com\/wp-content\/uploads\/2025\/10\/Salinas-de-Anana-_FJ_1133-QUINTAS-scaled.jpg\" class=\"attachment-full size-full wp-image-8417\" alt=\"\" srcset=\"https:\/\/www.vallesalado.com\/wp-content\/uploads\/2025\/10\/Salinas-de-Anana-_FJ_1133-QUINTAS-scaled.jpg 2560w, https:\/\/www.vallesalado.com\/wp-content\/uploads\/2025\/10\/Salinas-de-Anana-_FJ_1133-QUINTAS-600x400.jpg 600w, https:\/\/www.vallesalado.com\/wp-content\/uploads\/2025\/10\/Salinas-de-Anana-_FJ_1133-QUINTAS-1024x683.jpg 1024w, https:\/\/www.vallesalado.com\/wp-content\/uploads\/2025\/10\/Salinas-de-Anana-_FJ_1133-QUINTAS-768x512.jpg 768w, https:\/\/www.vallesalado.com\/wp-content\/uploads\/2025\/10\/Salinas-de-Anana-_FJ_1133-QUINTAS-1536x1025.jpg 1536w, https:\/\/www.vallesalado.com\/wp-content\/uploads\/2025\/10\/Salinas-de-Anana-_FJ_1133-QUINTAS-2048x1366.jpg 2048w\" sizes=\"(max-width: 2560px) 100vw, 2560px\" \/>\t\t\t\t\t\t\t\t\t\t\t\t\t\t\t<\/div>\n\t\t\t\t<\/div>\n\t\t\t\t<div class=\"elementor-element elementor-element-a57ac6d e-transform elementor-widget elementor-widget-image\" data-id=\"a57ac6d\" data-element_type=\"widget\" data-settings=\"{&quot;_transform_translateX_effect&quot;:{&quot;unit&quot;:&quot;px&quot;,&quot;size&quot;:220,&quot;sizes&quot;:[]},&quot;_transform_translateX_effect_tablet&quot;:{&quot;unit&quot;:&quot;px&quot;,&quot;size&quot;:106,&quot;sizes&quot;:[]},&quot;_transform_translateX_effect_mobile&quot;:{&quot;unit&quot;:&quot;px&quot;,&quot;size&quot;:20,&quot;sizes&quot;:[]},&quot;_transform_translateY_effect&quot;:{&quot;unit&quot;:&quot;px&quot;,&quot;size&quot;:-147,&quot;sizes&quot;:[]},&quot;_transform_translateY_effect_tablet&quot;:{&quot;unit&quot;:&quot;px&quot;,&quot;size&quot;:-86,&quot;sizes&quot;:[]},&quot;_transform_translateY_effect_mobile&quot;:{&quot;unit&quot;:&quot;px&quot;,&quot;size&quot;:-110,&quot;sizes&quot;:[]}}\" data-widget_type=\"image.default\">\n\t\t\t\t<div class=\"elementor-widget-container\">\n\t\t\t\t\t\t\t\t\t\t\t\t\t\t\t<img loading=\"lazy\" decoding=\"async\" width=\"600\" height=\"600\" src=\"https:\/\/www.vallesalado.com\/wp-content\/uploads\/2024\/12\/valle-salado-gota-09.webp\" class=\"attachment-full size-full wp-image-4460\" alt=\"\" srcset=\"https:\/\/www.vallesalado.com\/wp-content\/uploads\/2024\/12\/valle-salado-gota-09.webp 600w, https:\/\/www.vallesalado.com\/wp-content\/uploads\/2024\/12\/valle-salado-gota-09-300x300.webp 300w, https:\/\/www.vallesalado.com\/wp-content\/uploads\/2024\/12\/valle-salado-gota-09-150x150.webp 150w, https:\/\/www.vallesalado.com\/wp-content\/uploads\/2024\/12\/valle-salado-gota-09-100x100.webp 100w\" sizes=\"(max-width: 600px) 100vw, 600px\" \/>\t\t\t\t\t\t\t\t\t\t\t\t\t\t\t<\/div>\n\t\t\t\t<\/div>\n\t\t\t\t\t<\/div>\n\t\t<\/div>\n\t\t\t\t\t<\/div>\n\t\t<\/section>\n\t\t\t\t<section class=\"elementor-section elementor-top-section elementor-element elementor-element-b851a53 elementor-section-boxed elementor-section-height-default elementor-section-height-default\" data-id=\"b851a53\" data-element_type=\"section\">\n\t\t\t\t\t\t<div class=\"elementor-container elementor-column-gap-default\">\n\t\t\t\t\t<div class=\"elementor-column elementor-col-100 elementor-top-column elementor-element elementor-element-32cc899\" data-id=\"32cc899\" data-element_type=\"column\" data-settings=\"{&quot;background_background&quot;:&quot;classic&quot;}\">\n\t\t\t<div class=\"elementor-widget-wrap elementor-element-populated\">\n\t\t\t\t\t\t<section class=\"elementor-section elementor-inner-section elementor-element elementor-element-032ab71 elementor-section-boxed elementor-section-height-default elementor-section-height-default\" data-id=\"032ab71\" data-element_type=\"section\">\n\t\t\t\t\t\t<div class=\"elementor-container elementor-column-gap-wider\">\n\t\t\t\t\t<div class=\"elementor-column elementor-col-25 elementor-inner-column elementor-element elementor-element-45c028e\" data-id=\"45c028e\" data-element_type=\"column\">\n\t\t\t<div class=\"elementor-widget-wrap elementor-element-populated\">\n\t\t\t\t\t\t<div class=\"elementor-element elementor-element-55744e2 elementor-widget elementor-widget-image\" data-id=\"55744e2\" data-element_type=\"widget\" data-widget_type=\"image.default\">\n\t\t\t\t<div class=\"elementor-widget-container\">\n\t\t\t\t\t\t\t\t\t\t\t\t\t\t\t<img loading=\"lazy\" decoding=\"async\" width=\"40\" height=\"40\" src=\"https:\/\/www.vallesalado.com\/wp-content\/uploads\/2024\/12\/visitas-icono-calendario.svg\" class=\"attachment-full size-full wp-image-4181\" alt=\"\" \/>\t\t\t\t\t\t\t\t\t\t\t\t\t\t\t<\/div>\n\t\t\t\t<\/div>\n\t\t\t\t<div class=\"elementor-element elementor-element-a2593b6 elementor-widget elementor-widget-heading\" data-id=\"a2593b6\" data-element_type=\"widget\" data-widget_type=\"heading.default\">\n\t\t\t\t<div class=\"elementor-widget-container\">\n\t\t\t\t\t<h2 class=\"elementor-heading-title elementor-size-default\">OUVERT DU 1ER AVRIL AU 12 OCTOBRE<\/h2>\t\t\t\t<\/div>\n\t\t\t\t<\/div>\n\t\t\t\t<div class=\"elementor-element elementor-element-51835d9 elementor-widget elementor-widget-text-editor\" data-id=\"51835d9\" data-element_type=\"widget\" data-widget_type=\"text-editor.default\">\n\t\t\t\t<div class=\"elementor-widget-container\">\n\t\t\t\t\t\t\t\t\t<p>Heures d&rsquo;ouverture : de 10h00 \u00e0 14h30 et de 16h00 \u00e0 19h30. <\/p>\t\t\t\t\t\t\t\t<\/div>\n\t\t\t\t<\/div>\n\t\t\t\t\t<\/div>\n\t\t<\/div>\n\t\t\t\t<div class=\"elementor-column elementor-col-25 elementor-inner-column elementor-element elementor-element-0f3cf1f\" data-id=\"0f3cf1f\" data-element_type=\"column\">\n\t\t\t<div class=\"elementor-widget-wrap elementor-element-populated\">\n\t\t\t\t\t\t<div class=\"elementor-element elementor-element-0605a09 elementor-widget elementor-widget-image\" data-id=\"0605a09\" data-element_type=\"widget\" data-widget_type=\"image.default\">\n\t\t\t\t<div class=\"elementor-widget-container\">\n\t\t\t\t\t\t\t\t\t\t\t\t\t\t\t<img loading=\"lazy\" decoding=\"async\" width=\"40\" height=\"40\" src=\"https:\/\/www.vallesalado.com\/wp-content\/uploads\/2024\/12\/visitas-icono-calendario.svg\" class=\"attachment-full size-full wp-image-4181\" alt=\"\" \/>\t\t\t\t\t\t\t\t\t\t\t\t\t\t\t<\/div>\n\t\t\t\t<\/div>\n\t\t\t\t<div class=\"elementor-element elementor-element-1fe60b7 elementor-widget elementor-widget-heading\" data-id=\"1fe60b7\" data-element_type=\"widget\" data-widget_type=\"heading.default\">\n\t\t\t\t<div class=\"elementor-widget-container\">\n\t\t\t\t\t<h2 class=\"elementor-heading-title elementor-size-default\">OUVERT DU 13 OCTOBRE AU 1ER NOVEMBRE<\/h2>\t\t\t\t<\/div>\n\t\t\t\t<\/div>\n\t\t\t\t<div class=\"elementor-element elementor-element-88e26f7 elementor-widget elementor-widget-text-editor\" data-id=\"88e26f7\" data-element_type=\"widget\" data-widget_type=\"text-editor.default\">\n\t\t\t\t<div class=\"elementor-widget-container\">\n\t\t\t\t\t\t\t\t\t<p>Heures d&rsquo;ouverture : en semaine de 10h30 \u00e0 14h30<\/p><p>Week-end : 10h30-14h30 et 15h30-17h30<\/p>\t\t\t\t\t\t\t\t<\/div>\n\t\t\t\t<\/div>\n\t\t\t\t\t<\/div>\n\t\t<\/div>\n\t\t\t\t<div class=\"elementor-column elementor-col-25 elementor-inner-column elementor-element elementor-element-e37bcac\" data-id=\"e37bcac\" data-element_type=\"column\">\n\t\t\t<div class=\"elementor-widget-wrap elementor-element-populated\">\n\t\t\t\t\t\t<div class=\"elementor-element elementor-element-4b9ea1c elementor-widget elementor-widget-image\" data-id=\"4b9ea1c\" data-element_type=\"widget\" data-widget_type=\"image.default\">\n\t\t\t\t<div class=\"elementor-widget-container\">\n\t\t\t\t\t\t\t\t\t\t\t\t\t\t\t<img loading=\"lazy\" decoding=\"async\" width=\"40\" height=\"40\" src=\"https:\/\/www.vallesalado.com\/wp-content\/uploads\/2024\/12\/visitas-icono-precios.svg\" class=\"attachment-full size-full wp-image-4178\" alt=\"\" \/>\t\t\t\t\t\t\t\t\t\t\t\t\t\t\t<\/div>\n\t\t\t\t<\/div>\n\t\t\t\t<div class=\"elementor-element elementor-element-d4f73b2 elementor-widget elementor-widget-heading\" data-id=\"d4f73b2\" data-element_type=\"widget\" data-widget_type=\"heading.default\">\n\t\t\t\t<div class=\"elementor-widget-container\">\n\t\t\t\t\t<h2 class=\"elementor-heading-title elementor-size-default\">PRIX INCLUS DANS LA VISITE<\/h2>\t\t\t\t<\/div>\n\t\t\t\t<\/div>\n\t\t\t\t<div class=\"elementor-element elementor-element-d868ee8 elementor-widget elementor-widget-text-editor\" data-id=\"d868ee8\" data-element_type=\"widget\" data-widget_type=\"text-editor.default\">\n\t\t\t\t<div class=\"elementor-widget-container\">\n\t\t\t\t\t\t\t\t\t<p>Entr\u00e9e Spa uniquement : 2 \u20ac<\/p><p>Tarif r\u00e9duit : 1 \u20ac<\/p><p>Carte de 10 s\u00e9ances : 5 \u20ac<\/p>\t\t\t\t\t\t\t\t<\/div>\n\t\t\t\t<\/div>\n\t\t\t\t\t<\/div>\n\t\t<\/div>\n\t\t\t\t<div class=\"elementor-column elementor-col-25 elementor-inner-column elementor-element elementor-element-874998a\" data-id=\"874998a\" data-element_type=\"column\">\n\t\t\t<div class=\"elementor-widget-wrap elementor-element-populated\">\n\t\t\t\t\t\t<div class=\"elementor-element elementor-element-85d439f elementor-widget elementor-widget-image\" data-id=\"85d439f\" data-element_type=\"widget\" data-widget_type=\"image.default\">\n\t\t\t\t<div class=\"elementor-widget-container\">\n\t\t\t\t\t\t\t\t\t\t\t\t\t\t\t<img loading=\"lazy\" decoding=\"async\" width=\"40\" height=\"40\" src=\"https:\/\/www.vallesalado.com\/wp-content\/uploads\/2024\/12\/visitas-icono-requisitos.svg\" class=\"attachment-full size-full wp-image-4172\" alt=\"\" \/>\t\t\t\t\t\t\t\t\t\t\t\t\t\t\t<\/div>\n\t\t\t\t<\/div>\n\t\t\t\t<div class=\"elementor-element elementor-element-42b6ea8 elementor-widget elementor-widget-heading\" data-id=\"42b6ea8\" data-element_type=\"widget\" data-widget_type=\"heading.default\">\n\t\t\t\t<div class=\"elementor-widget-container\">\n\t\t\t\t\t<h2 class=\"elementor-heading-title elementor-size-default\">EXIGENCES INDISPENSABLES<\/h2>\t\t\t\t<\/div>\n\t\t\t\t<\/div>\n\t\t\t\t<div class=\"elementor-element elementor-element-dfed5c3 elementor-widget elementor-widget-text-editor\" data-id=\"dfed5c3\" data-element_type=\"widget\" data-widget_type=\"text-editor.default\">\n\t\t\t\t<div class=\"elementor-widget-container\">\n\t\t\t\t\t\t\t\t\t<p>Le p\u00e9diluve n&rsquo;est pas une piscine. Il est interdit d&rsquo;y immerger tout le corps. Les maillots de bain sont interdits et le torse doit \u00eatre couvert.  <\/p><p>Comme dans toute la vall\u00e9e du sel, il est interdit de fumer et de manger.<\/p><p>Vous devez suivre les instructions de la personne responsable du spa sal\u00e9.<\/p>\t\t\t\t\t\t\t\t<\/div>\n\t\t\t\t<\/div>\n\t\t\t\t\t<\/div>\n\t\t<\/div>\n\t\t\t\t\t<\/div>\n\t\t<\/section>\n\t\t\t\t\t<\/div>\n\t\t<\/div>\n\t\t\t\t\t<\/div>\n\t\t<\/section>\n\t\t\t\t<section class=\"elementor-section elementor-top-section elementor-element elementor-element-3fd0934 elementor-section-full_width elementor-section-height-default elementor-section-height-default\" data-id=\"3fd0934\" data-element_type=\"section\">\n\t\t\t\t\t\t<div class=\"elementor-container elementor-column-gap-default\">\n\t\t\t\t\t<div class=\"elementor-column elementor-col-100 elementor-top-column elementor-element elementor-element-5c65141\" data-id=\"5c65141\" data-element_type=\"column\">\n\t\t\t<div class=\"elementor-widget-wrap elementor-element-populated\">\n\t\t\t\t\t\t<div class=\"elementor-element elementor-element-9d292e5 elementor-widget elementor-widget-heading\" data-id=\"9d292e5\" data-element_type=\"widget\" data-widget_type=\"heading.default\">\n\t\t\t\t<div class=\"elementor-widget-container\">\n\t\t\t\t\t<h2 class=\"elementor-heading-title elementor-size-default\">PROJET FINANC\u00c9 PAR :<\/h2>\t\t\t\t<\/div>\n\t\t\t\t<\/div>\n\t\t\t\t<div class=\"elementor-element elementor-element-affa199 elementor-widget elementor-widget-image\" data-id=\"affa199\" data-element_type=\"widget\" data-widget_type=\"image.default\">\n\t\t\t\t<div class=\"elementor-widget-container\">\n\t\t\t\t\t\t\t\t\t\t\t\t\t\t\t<img loading=\"lazy\" decoding=\"async\" width=\"400\" height=\"535\" src=\"https:\/\/www.vallesalado.com\/wp-content\/uploads\/2024\/12\/feder.webp\" class=\"attachment-full size-full wp-image-4280\" alt=\"\" srcset=\"https:\/\/www.vallesalado.com\/wp-content\/uploads\/2024\/12\/feder.webp 400w, https:\/\/www.vallesalado.com\/wp-content\/uploads\/2024\/12\/feder-224x300.webp 224w\" sizes=\"(max-width: 400px) 100vw, 400px\" \/>\t\t\t\t\t\t\t\t\t\t\t\t\t\t\t<\/div>\n\t\t\t\t<\/div>\n\t\t\t\t\t<\/div>\n\t\t<\/div>\n\t\t\t\t\t<\/div>\n\t\t<\/section>\n\t\t\t\t<section class=\"elementor-section elementor-top-section elementor-element elementor-element-219f6416 elementor-section-boxed elementor-section-height-default elementor-section-height-default\" data-id=\"219f6416\" data-element_type=\"section\" data-settings=\"{&quot;background_background&quot;:&quot;classic&quot;,&quot;sticky&quot;:&quot;bottom&quot;,&quot;sticky_on&quot;:[&quot;desktop&quot;,&quot;tablet&quot;,&quot;mobile&quot;],&quot;sticky_offset&quot;:0,&quot;sticky_effects_offset&quot;:0,&quot;sticky_anchor_link_offset&quot;:0}\">\n\t\t\t\t\t\t<div class=\"elementor-container elementor-column-gap-default\">\n\t\t\t\t\t<div class=\"elementor-column elementor-col-100 elementor-top-column elementor-element elementor-element-3cd333dd\" data-id=\"3cd333dd\" data-element_type=\"column\">\n\t\t\t<div class=\"elementor-widget-wrap elementor-element-populated\">\n\t\t\t\t\t\t<div class=\"elementor-element elementor-element-18b4d61c elementor-align-center elementor-widget elementor-widget-button\" data-id=\"18b4d61c\" data-element_type=\"widget\" data-widget_type=\"button.default\">\n\t\t\t\t<div class=\"elementor-widget-container\">\n\t\t\t\t\t\t\t\t\t<div class=\"elementor-button-wrapper\">\n\t\t\t\t\t<a class=\"elementor-button elementor-button-link elementor-size-sm\" href=\"https:\/\/www.vallesalado.com\/fr\/reservations\/\">\n\t\t\t\t\t\t<span class=\"elementor-button-content-wrapper\">\n\t\t\t\t\t\t\t\t\t<span class=\"elementor-button-text\">R\u00e9servez cette activit\u00e9<\/span>\n\t\t\t\t\t<\/span>\n\t\t\t\t\t<\/a>\n\t\t\t\t<\/div>\n\t\t\t\t\t\t\t\t<\/div>\n\t\t\t\t<\/div>\n\t\t\t\t\t<\/div>\n\t\t<\/div>\n\t\t\t\t\t<\/div>\n\t\t<\/section>\n\t\t\t\t<\/div>\n\t\t","protected":false},"excerpt":{"rendered":"<p>L&rsquo;un des espaces les plus uniques de la vall\u00e9e du sel est le Salt Spa. Ses installations en plein air se composent d&rsquo;un p\u00e9diluve et d&rsquo;un bain de pieds. Vous pouvez y plonger vos pieds et vos mains dans la saumure, rappelant les bains pris par les anciens mineurs de sel lorsqu&rsquo;ils produisaient du sel. [&hellip;]<\/p>\n","protected":false},"author":1,"featured_media":4148,"parent":6736,"menu_order":0,"comment_status":"closed","ping_status":"closed","template":"","meta":{"inline_featured_image":false,"footnotes":"","_links_to":"","_links_to_target":""},"class_list":["post-6813","page","type-page","status-publish","has-post-thumbnail","hentry"],"yoast_head":"<!-- This site is optimized with the Yoast SEO plugin v26.7 - https:\/\/yoast.com\/wordpress\/plugins\/seo\/ -->\n<title>Spa de Saline - Valle Salado de A\u00f1ana<\/title>\n<meta name=\"description\" content=\"Le Salt Spa de Valle Salado propose des traitements b\u00e9n\u00e9fiques pour la sant\u00e9 gr\u00e2ce \u00e0 des bains th\u00e9rapeutiques avec des eaux hypersalines.\" \/>\n<meta name=\"robots\" content=\"index, follow, max-snippet:-1, max-image-preview:large, max-video-preview:-1\" \/>\n<link rel=\"canonical\" href=\"https:\/\/www.vallesalado.com\/fr\/experiences\/spa-salin\/\" \/>\n<meta property=\"og:locale\" content=\"fr_FR\" \/>\n<meta property=\"og:type\" content=\"article\" \/>\n<meta property=\"og:title\" content=\"Spa de Saline - Valle Salado de A\u00f1ana\" \/>\n<meta property=\"og:description\" content=\"Le Salt Spa de Valle Salado propose des traitements b\u00e9n\u00e9fiques pour la sant\u00e9 gr\u00e2ce \u00e0 des bains th\u00e9rapeutiques avec des eaux hypersalines.\" \/>\n<meta property=\"og:url\" content=\"https:\/\/www.vallesalado.com\/fr\/experiences\/spa-salin\/\" \/>\n<meta property=\"og:site_name\" content=\"Valle Salado de A\u00f1ana\" \/>\n<meta property=\"article:publisher\" content=\"https:\/\/www.facebook.com\/ValleSaladodeAnana\" \/>\n<meta property=\"article:modified_time\" content=\"2026-03-31T07:01:35+00:00\" \/>\n<meta property=\"og:image\" content=\"https:\/\/www.vallesalado.com\/wp-content\/uploads\/2024\/12\/valle-salado-miniatura.webp\" \/>\n\t<meta property=\"og:image:width\" content=\"1200\" \/>\n\t<meta property=\"og:image:height\" content=\"630\" \/>\n\t<meta property=\"og:image:type\" content=\"image\/webp\" \/>\n<meta name=\"twitter:card\" content=\"summary_large_image\" \/>\n<meta name=\"twitter:site\" content=\"@vallesalado\" \/>\n<meta name=\"twitter:label1\" content=\"Dur\u00e9e de lecture estim\u00e9e\" \/>\n\t<meta name=\"twitter:data1\" content=\"4 minutes\" \/>\n<script type=\"application\/ld+json\" class=\"yoast-schema-graph\">{\"@context\":\"https:\/\/schema.org\",\"@graph\":[{\"@type\":\"WebPage\",\"@id\":\"https:\/\/www.vallesalado.com\/fr\/experiences\/spa-salin\/\",\"url\":\"https:\/\/www.vallesalado.com\/fr\/experiences\/spa-salin\/\",\"name\":\"Spa de Saline - Valle Salado de A\u00f1ana\",\"isPartOf\":{\"@id\":\"https:\/\/www.vallesalado.com\/fr\/#website\"},\"primaryImageOfPage\":{\"@id\":\"https:\/\/www.vallesalado.com\/fr\/experiences\/spa-salin\/#primaryimage\"},\"image\":{\"@id\":\"https:\/\/www.vallesalado.com\/fr\/experiences\/spa-salin\/#primaryimage\"},\"thumbnailUrl\":\"https:\/\/www.vallesalado.com\/wp-content\/uploads\/2024\/12\/valle-salado-miniatura.webp\",\"datePublished\":\"2024-12-03T15:34:03+00:00\",\"dateModified\":\"2026-03-31T07:01:35+00:00\",\"description\":\"Le Salt Spa de Valle Salado propose des traitements b\u00e9n\u00e9fiques pour la sant\u00e9 gr\u00e2ce \u00e0 des bains th\u00e9rapeutiques avec des eaux hypersalines.\",\"breadcrumb\":{\"@id\":\"https:\/\/www.vallesalado.com\/fr\/experiences\/spa-salin\/#breadcrumb\"},\"inLanguage\":\"fr-FR\",\"potentialAction\":[{\"@type\":\"ReadAction\",\"target\":[\"https:\/\/www.vallesalado.com\/fr\/experiences\/spa-salin\/\"]}]},{\"@type\":\"ImageObject\",\"inLanguage\":\"fr-FR\",\"@id\":\"https:\/\/www.vallesalado.com\/fr\/experiences\/spa-salin\/#primaryimage\",\"url\":\"https:\/\/www.vallesalado.com\/wp-content\/uploads\/2024\/12\/valle-salado-miniatura.webp\",\"contentUrl\":\"https:\/\/www.vallesalado.com\/wp-content\/uploads\/2024\/12\/valle-salado-miniatura.webp\",\"width\":1200,\"height\":630},{\"@type\":\"BreadcrumbList\",\"@id\":\"https:\/\/www.vallesalado.com\/fr\/experiences\/spa-salin\/#breadcrumb\",\"itemListElement\":[{\"@type\":\"ListItem\",\"position\":1,\"name\":\"Valle Salado\",\"item\":\"https:\/\/www.vallesalado.com\/fr\/\"},{\"@type\":\"ListItem\",\"position\":2,\"name\":\"Exp\u00e9riences\",\"item\":\"https:\/\/www.vallesalado.com\/fr\/experiencias\/\"},{\"@type\":\"ListItem\",\"position\":3,\"name\":\"Spa de Saline\"}]},{\"@type\":\"WebSite\",\"@id\":\"https:\/\/www.vallesalado.com\/fr\/#website\",\"url\":\"https:\/\/www.vallesalado.com\/fr\/\",\"name\":\"Valle Salado de A\u00f1ana\",\"description\":\"Valle Salado de A\u00f1ana\",\"publisher\":{\"@id\":\"https:\/\/www.vallesalado.com\/fr\/#organization\"},\"potentialAction\":[{\"@type\":\"SearchAction\",\"target\":{\"@type\":\"EntryPoint\",\"urlTemplate\":\"https:\/\/www.vallesalado.com\/fr\/?s={search_term_string}\"},\"query-input\":{\"@type\":\"PropertyValueSpecification\",\"valueRequired\":true,\"valueName\":\"search_term_string\"}}],\"inLanguage\":\"fr-FR\"},{\"@type\":\"Organization\",\"@id\":\"https:\/\/www.vallesalado.com\/fr\/#organization\",\"name\":\"Valle Salado de A\u00f1ana\",\"url\":\"https:\/\/www.vallesalado.com\/fr\/\",\"logo\":{\"@type\":\"ImageObject\",\"inLanguage\":\"fr-FR\",\"@id\":\"https:\/\/www.vallesalado.com\/fr\/#\/schema\/logo\/image\/\",\"url\":\"https:\/\/www.vallesalado.com\/wp-content\/uploads\/2025\/05\/logo-valle-salado.webp\",\"contentUrl\":\"https:\/\/www.vallesalado.com\/wp-content\/uploads\/2025\/05\/logo-valle-salado.webp\",\"width\":600,\"height\":143,\"caption\":\"Valle Salado de A\u00f1ana\"},\"image\":{\"@id\":\"https:\/\/www.vallesalado.com\/fr\/#\/schema\/logo\/image\/\"},\"sameAs\":[\"https:\/\/www.facebook.com\/ValleSaladodeAnana\",\"https:\/\/x.com\/vallesalado\",\"https:\/\/www.instagram.com\/vallesalado\/\"]}]}<\/script>\n<!-- \/ Yoast SEO plugin. -->","yoast_head_json":{"title":"Spa de Saline - Valle Salado de A\u00f1ana","description":"Le Salt Spa de Valle Salado propose des traitements b\u00e9n\u00e9fiques pour la sant\u00e9 gr\u00e2ce \u00e0 des bains th\u00e9rapeutiques avec des eaux hypersalines.","robots":{"index":"index","follow":"follow","max-snippet":"max-snippet:-1","max-image-preview":"max-image-preview:large","max-video-preview":"max-video-preview:-1"},"canonical":"https:\/\/www.vallesalado.com\/fr\/experiences\/spa-salin\/","og_locale":"fr_FR","og_type":"article","og_title":"Spa de Saline - Valle Salado de A\u00f1ana","og_description":"Le Salt Spa de Valle Salado propose des traitements b\u00e9n\u00e9fiques pour la sant\u00e9 gr\u00e2ce \u00e0 des bains th\u00e9rapeutiques avec des eaux hypersalines.","og_url":"https:\/\/www.vallesalado.com\/fr\/experiences\/spa-salin\/","og_site_name":"Valle Salado de A\u00f1ana","article_publisher":"https:\/\/www.facebook.com\/ValleSaladodeAnana","article_modified_time":"2026-03-31T07:01:35+00:00","og_image":[{"width":1200,"height":630,"url":"https:\/\/www.vallesalado.com\/wp-content\/uploads\/2024\/12\/valle-salado-miniatura.webp","type":"image\/webp"}],"twitter_card":"summary_large_image","twitter_site":"@vallesalado","twitter_misc":{"Dur\u00e9e de lecture estim\u00e9e":"4 minutes"},"schema":{"@context":"https:\/\/schema.org","@graph":[{"@type":"WebPage","@id":"https:\/\/www.vallesalado.com\/fr\/experiences\/spa-salin\/","url":"https:\/\/www.vallesalado.com\/fr\/experiences\/spa-salin\/","name":"Spa de Saline - Valle Salado de A\u00f1ana","isPartOf":{"@id":"https:\/\/www.vallesalado.com\/fr\/#website"},"primaryImageOfPage":{"@id":"https:\/\/www.vallesalado.com\/fr\/experiences\/spa-salin\/#primaryimage"},"image":{"@id":"https:\/\/www.vallesalado.com\/fr\/experiences\/spa-salin\/#primaryimage"},"thumbnailUrl":"https:\/\/www.vallesalado.com\/wp-content\/uploads\/2024\/12\/valle-salado-miniatura.webp","datePublished":"2024-12-03T15:34:03+00:00","dateModified":"2026-03-31T07:01:35+00:00","description":"Le Salt Spa de Valle Salado propose des traitements b\u00e9n\u00e9fiques pour la sant\u00e9 gr\u00e2ce \u00e0 des bains th\u00e9rapeutiques avec des eaux hypersalines.","breadcrumb":{"@id":"https:\/\/www.vallesalado.com\/fr\/experiences\/spa-salin\/#breadcrumb"},"inLanguage":"fr-FR","potentialAction":[{"@type":"ReadAction","target":["https:\/\/www.vallesalado.com\/fr\/experiences\/spa-salin\/"]}]},{"@type":"ImageObject","inLanguage":"fr-FR","@id":"https:\/\/www.vallesalado.com\/fr\/experiences\/spa-salin\/#primaryimage","url":"https:\/\/www.vallesalado.com\/wp-content\/uploads\/2024\/12\/valle-salado-miniatura.webp","contentUrl":"https:\/\/www.vallesalado.com\/wp-content\/uploads\/2024\/12\/valle-salado-miniatura.webp","width":1200,"height":630},{"@type":"BreadcrumbList","@id":"https:\/\/www.vallesalado.com\/fr\/experiences\/spa-salin\/#breadcrumb","itemListElement":[{"@type":"ListItem","position":1,"name":"Valle Salado","item":"https:\/\/www.vallesalado.com\/fr\/"},{"@type":"ListItem","position":2,"name":"Exp\u00e9riences","item":"https:\/\/www.vallesalado.com\/fr\/experiencias\/"},{"@type":"ListItem","position":3,"name":"Spa de Saline"}]},{"@type":"WebSite","@id":"https:\/\/www.vallesalado.com\/fr\/#website","url":"https:\/\/www.vallesalado.com\/fr\/","name":"Valle Salado de A\u00f1ana","description":"Valle Salado de A\u00f1ana","publisher":{"@id":"https:\/\/www.vallesalado.com\/fr\/#organization"},"potentialAction":[{"@type":"SearchAction","target":{"@type":"EntryPoint","urlTemplate":"https:\/\/www.vallesalado.com\/fr\/?s={search_term_string}"},"query-input":{"@type":"PropertyValueSpecification","valueRequired":true,"valueName":"search_term_string"}}],"inLanguage":"fr-FR"},{"@type":"Organization","@id":"https:\/\/www.vallesalado.com\/fr\/#organization","name":"Valle Salado de A\u00f1ana","url":"https:\/\/www.vallesalado.com\/fr\/","logo":{"@type":"ImageObject","inLanguage":"fr-FR","@id":"https:\/\/www.vallesalado.com\/fr\/#\/schema\/logo\/image\/","url":"https:\/\/www.vallesalado.com\/wp-content\/uploads\/2025\/05\/logo-valle-salado.webp","contentUrl":"https:\/\/www.vallesalado.com\/wp-content\/uploads\/2025\/05\/logo-valle-salado.webp","width":600,"height":143,"caption":"Valle Salado de A\u00f1ana"},"image":{"@id":"https:\/\/www.vallesalado.com\/fr\/#\/schema\/logo\/image\/"},"sameAs":["https:\/\/www.facebook.com\/ValleSaladodeAnana","https:\/\/x.com\/vallesalado","https:\/\/www.instagram.com\/vallesalado\/"]}]}},"_links":{"self":[{"href":"https:\/\/www.vallesalado.com\/fr\/wp-json\/wp\/v2\/pages\/6813","targetHints":{"allow":["GET"]}}],"collection":[{"href":"https:\/\/www.vallesalado.com\/fr\/wp-json\/wp\/v2\/pages"}],"about":[{"href":"https:\/\/www.vallesalado.com\/fr\/wp-json\/wp\/v2\/types\/page"}],"author":[{"embeddable":true,"href":"https:\/\/www.vallesalado.com\/fr\/wp-json\/wp\/v2\/users\/1"}],"replies":[{"embeddable":true,"href":"https:\/\/www.vallesalado.com\/fr\/wp-json\/wp\/v2\/comments?post=6813"}],"version-history":[{"count":9,"href":"https:\/\/www.vallesalado.com\/fr\/wp-json\/wp\/v2\/pages\/6813\/revisions"}],"predecessor-version":[{"id":10586,"href":"https:\/\/www.vallesalado.com\/fr\/wp-json\/wp\/v2\/pages\/6813\/revisions\/10586"}],"up":[{"embeddable":true,"href":"https:\/\/www.vallesalado.com\/fr\/wp-json\/wp\/v2\/pages\/6736"}],"wp:featuredmedia":[{"embeddable":true,"href":"https:\/\/www.vallesalado.com\/fr\/wp-json\/wp\/v2\/media\/4148"}],"wp:attachment":[{"href":"https:\/\/www.vallesalado.com\/fr\/wp-json\/wp\/v2\/media?parent=6813"}],"curies":[{"name":"wp","href":"https:\/\/api.w.org\/{rel}","templated":true}]}}