{"id":6838,"date":"2024-12-03T16:35:19","date_gmt":"2024-12-03T15:35:19","guid":{"rendered":"https:\/\/vallesalado.com\/experiences\/billets-combines\/"},"modified":"2025-05-14T17:56:43","modified_gmt":"2025-05-14T15:56:43","slug":"billets-combines","status":"publish","type":"page","link":"https:\/\/www.vallesalado.com\/fr\/experiences\/billets-combines\/","title":{"rendered":"Billets combin\u00e9s"},"content":{"rendered":"\t\t<div data-elementor-type=\"wp-page\" data-elementor-id=\"6838\" class=\"elementor elementor-6838 elementor-188\" data-elementor-post-type=\"page\">\n\t\t\t\t\t\t<section class=\"elementor-section elementor-top-section elementor-element elementor-element-1a6c87f elementor-section-boxed elementor-section-height-default elementor-section-height-default\" data-id=\"1a6c87f\" data-element_type=\"section\" data-settings=\"{&quot;background_background&quot;:&quot;classic&quot;}\">\n\t\t\t\t\t\t<div class=\"elementor-container elementor-column-gap-default\">\n\t\t\t\t\t<div class=\"elementor-column elementor-col-100 elementor-top-column elementor-element elementor-element-be465a3\" data-id=\"be465a3\" data-element_type=\"column\">\n\t\t\t<div class=\"elementor-widget-wrap elementor-element-populated\">\n\t\t\t\t\t\t<div class=\"elementor-element elementor-element-c33174c elementor-widget elementor-widget-heading\" data-id=\"c33174c\" data-element_type=\"widget\" data-widget_type=\"heading.default\">\n\t\t\t\t<div class=\"elementor-widget-container\">\n\t\t\t\t\t<h1 class=\"elementor-heading-title elementor-size-default\">Billets combin\u00e9s<\/h1>\t\t\t\t<\/div>\n\t\t\t\t<\/div>\n\t\t\t\t<div class=\"elementor-element elementor-element-02053af elementor-align-center elementor-widget elementor-widget-breadcrumbs\" data-id=\"02053af\" data-element_type=\"widget\" data-widget_type=\"breadcrumbs.default\">\n\t\t\t\t<div class=\"elementor-widget-container\">\n\t\t\t\t\t<p id=\"breadcrumbs\"><span><span><a href=\"https:\/\/www.vallesalado.com\/fr\/\">Valle Salado<\/a><\/span><\/span><\/p>\t\t\t\t<\/div>\n\t\t\t\t<\/div>\n\t\t\t\t\t<\/div>\n\t\t<\/div>\n\t\t\t\t\t<\/div>\n\t\t<\/section>\n\t\t\t\t<section class=\"elementor-section elementor-top-section elementor-element elementor-element-fac10e3 elementor-section-boxed elementor-section-height-default elementor-section-height-default\" data-id=\"fac10e3\" data-element_type=\"section\">\n\t\t\t\t\t\t<div class=\"elementor-container elementor-column-gap-default\">\n\t\t\t\t\t<div class=\"elementor-column elementor-col-100 elementor-top-column elementor-element elementor-element-d59ca32\" data-id=\"d59ca32\" data-element_type=\"column\">\n\t\t\t<div class=\"elementor-widget-wrap elementor-element-populated\">\n\t\t\t\t\t\t<div class=\"elementor-element elementor-element-c69b71d elementor-widget elementor-widget-text-editor\" data-id=\"c69b71d\" data-element_type=\"widget\" data-widget_type=\"text-editor.default\">\n\t\t\t\t<div class=\"elementor-widget-container\">\n\t\t\t\t\t\t\t\t\t<p>Venez dans la Vall\u00e9e Sal\u00e9e et vivez une exp\u00e9rience unique: visitez et apprenez \u00e0 conna\u00eetre l&rsquo;un des sites architecturaux, paysagers, arch\u00e9ologiques, g\u00e9ologiques et historiques les plus singuliers au monde.<\/p>\t\t\t\t\t\t\t\t<\/div>\n\t\t\t\t<\/div>\n\t\t\t\t\t<\/div>\n\t\t<\/div>\n\t\t\t\t\t<\/div>\n\t\t<\/section>\n\t\t<div class=\"elementor-element elementor-element-d4684c7 e-grid e-con-boxed e-con e-parent\" data-id=\"d4684c7\" data-element_type=\"container\">\n\t\t\t\t\t<div class=\"e-con-inner\">\n\t\t<div class=\"elementor-element elementor-element-f94032a e-con-full e-flex e-con e-child\" data-id=\"f94032a\" data-element_type=\"container\">\n\t\t\t\t<div class=\"elementor-element elementor-element-661c2f0 elementor-widget elementor-widget-image\" data-id=\"661c2f0\" data-element_type=\"widget\" data-widget_type=\"image.default\">\n\t\t\t\t<div class=\"elementor-widget-container\">\n\t\t\t\t\t\t\t\t\t\t\t\t\t\t\t\t<a href=\"https:\/\/vallesalado.com\/experiencias\/catedral-santa-maria\/\">\n\t\t\t\t\t\t\t<img fetchpriority=\"high\" decoding=\"async\" width=\"600\" height=\"368\" src=\"https:\/\/www.vallesalado.com\/wp-content\/uploads\/2025\/01\/catedral-santa-maria.webp\" class=\"attachment-full size-full wp-image-4814\" alt=\"\" srcset=\"https:\/\/www.vallesalado.com\/wp-content\/uploads\/2025\/01\/catedral-santa-maria.webp 600w, https:\/\/www.vallesalado.com\/wp-content\/uploads\/2025\/01\/catedral-santa-maria-300x184.webp 300w\" sizes=\"(max-width: 600px) 100vw, 600px\" \/>\t\t\t\t\t\t\t\t<\/a>\n\t\t\t\t\t\t\t\t\t\t\t\t\t\t\t<\/div>\n\t\t\t\t<\/div>\n\t\t\t\t<div class=\"elementor-element elementor-element-ae56444 elementor-widget elementor-widget-heading\" data-id=\"ae56444\" data-element_type=\"widget\" data-widget_type=\"heading.default\">\n\t\t\t\t<div class=\"elementor-widget-container\">\n\t\t\t\t\t<h2 class=\"elementor-heading-title elementor-size-default\"><a href=\"https:\/\/vallesalado.com\/fr\/experiences\/cathedrale-santa-maria\/\">Cath\u00e9drale Santa Mar\u00eda<\/a><\/h2>\t\t\t\t<\/div>\n\t\t\t\t<\/div>\n\t\t\t\t<div class=\"elementor-element elementor-element-c88363c elementor-widget elementor-widget-text-editor\" data-id=\"c88363c\" data-element_type=\"widget\" data-widget_type=\"text-editor.default\">\n\t\t\t\t<div class=\"elementor-widget-container\">\n\t\t\t\t\t\t\t\t\t<p>D\u00e9couvrez la philosophie du \u00abouvert pour travaux\u00bb dans les deux sites patrimoniaux les plus importants du territoire.<\/p>\t\t\t\t\t\t\t\t<\/div>\n\t\t\t\t<\/div>\n\t\t<div class=\"elementor-element elementor-element-4fa748c e-con-full e-flex e-con e-child\" data-id=\"4fa748c\" data-element_type=\"container\">\n\t\t<div class=\"elementor-element elementor-element-92b2d87 e-con-full e-flex e-con e-child\" data-id=\"92b2d87\" data-element_type=\"container\">\n\t\t\t\t<div class=\"elementor-element elementor-element-32b8bfd elementor-widget elementor-widget-text-editor\" data-id=\"32b8bfd\" data-element_type=\"widget\" data-widget_type=\"text-editor.default\">\n\t\t\t\t<div class=\"elementor-widget-container\">\n\t\t\t\t\t\t\t\t\t<p>15,00 \u20ac<\/p>\t\t\t\t\t\t\t\t<\/div>\n\t\t\t\t<\/div>\n\t\t\t\t<div class=\"elementor-element elementor-element-9464a66 elementor-widget elementor-widget-text-editor\" data-id=\"9464a66\" data-element_type=\"widget\" data-widget_type=\"text-editor.default\">\n\t\t\t\t<div class=\"elementor-widget-container\">\n\t\t\t\t\t\t\t\t\t<p>\/ personne<\/p>\t\t\t\t\t\t\t\t<\/div>\n\t\t\t\t<\/div>\n\t\t\t\t<\/div>\n\t\t<div class=\"elementor-element elementor-element-2dbe711 e-con-full e-flex e-con e-child\" data-id=\"2dbe711\" data-element_type=\"container\">\n\t\t\t\t<div class=\"elementor-element elementor-element-6a3d972 elementor-align-right elementor-widget elementor-widget-button\" data-id=\"6a3d972\" data-element_type=\"widget\" data-widget_type=\"button.default\">\n\t\t\t\t<div class=\"elementor-widget-container\">\n\t\t\t\t\t\t\t\t\t<div class=\"elementor-button-wrapper\">\n\t\t\t\t\t<a class=\"elementor-button elementor-button-link elementor-size-sm\" href=\"https:\/\/vallesalado.com\/fr\/experiences\/cathedrale-santa-maria\/\">\n\t\t\t\t\t\t<span class=\"elementor-button-content-wrapper\">\n\t\t\t\t\t\t<span class=\"elementor-button-icon\">\n\t\t\t\t<i aria-hidden=\"true\" class=\"fas fa-caret-right\"><\/i>\t\t\t<\/span>\n\t\t\t\t\t\t\t\t\t<span class=\"elementor-button-text\">Voir plus d'informations<\/span>\n\t\t\t\t\t<\/span>\n\t\t\t\t\t<\/a>\n\t\t\t\t<\/div>\n\t\t\t\t\t\t\t\t<\/div>\n\t\t\t\t<\/div>\n\t\t\t\t<\/div>\n\t\t\t\t<\/div>\n\t\t\t\t<\/div>\n\t\t<div class=\"elementor-element elementor-element-bc5e23c e-con-full e-flex e-con e-child\" data-id=\"bc5e23c\" data-element_type=\"container\">\n\t\t\t\t<div class=\"elementor-element elementor-element-b8d9a15 elementor-widget elementor-widget-image\" data-id=\"b8d9a15\" data-element_type=\"widget\" data-widget_type=\"image.default\">\n\t\t\t\t<div class=\"elementor-widget-container\">\n\t\t\t\t\t\t\t\t\t\t\t\t\t\t\t\t<a href=\"https:\/\/vallesalado.com\/experiencias\/marques-riscal\/\">\n\t\t\t\t\t\t\t<img decoding=\"async\" width=\"600\" height=\"368\" src=\"https:\/\/www.vallesalado.com\/wp-content\/uploads\/2025\/01\/marques-de-riscal.webp\" class=\"attachment-full size-full wp-image-4817\" alt=\"\" srcset=\"https:\/\/www.vallesalado.com\/wp-content\/uploads\/2025\/01\/marques-de-riscal.webp 600w, https:\/\/www.vallesalado.com\/wp-content\/uploads\/2025\/01\/marques-de-riscal-300x184.webp 300w\" sizes=\"(max-width: 600px) 100vw, 600px\" \/>\t\t\t\t\t\t\t\t<\/a>\n\t\t\t\t\t\t\t\t\t\t\t\t\t\t\t<\/div>\n\t\t\t\t<\/div>\n\t\t\t\t<div class=\"elementor-element elementor-element-7b1c2a5 elementor-widget elementor-widget-heading\" data-id=\"7b1c2a5\" data-element_type=\"widget\" data-widget_type=\"heading.default\">\n\t\t\t\t<div class=\"elementor-widget-container\">\n\t\t\t\t\t<h2 class=\"elementor-heading-title elementor-size-default\"><a href=\"https:\/\/vallesalado.com\/fr\/experiences\/marques-de-riscal\/\">Marqu\u00e9s de Riscal<\/a><\/h2>\t\t\t\t<\/div>\n\t\t\t\t<\/div>\n\t\t\t\t<div class=\"elementor-element elementor-element-ae82e11 elementor-widget elementor-widget-text-editor\" data-id=\"ae82e11\" data-element_type=\"widget\" data-widget_type=\"text-editor.default\">\n\t\t\t\t<div class=\"elementor-widget-container\">\n\t\t\t\t\t\t\t\t\t<p>D\u00e9couvrez un monde de sensations vivantes o\u00f9 la beaut\u00e9 de deux paysages uniques s&rsquo;allie \u00e0 la saveur du sel et du vin.<\/p>\t\t\t\t\t\t\t\t<\/div>\n\t\t\t\t<\/div>\n\t\t<div class=\"elementor-element elementor-element-064bf40 e-con-full e-flex e-con e-child\" data-id=\"064bf40\" data-element_type=\"container\">\n\t\t<div class=\"elementor-element elementor-element-8272641 e-con-full e-flex e-con e-child\" data-id=\"8272641\" data-element_type=\"container\">\n\t\t\t\t<div class=\"elementor-element elementor-element-14e1432 elementor-widget elementor-widget-text-editor\" data-id=\"14e1432\" data-element_type=\"widget\" data-widget_type=\"text-editor.default\">\n\t\t\t\t<div class=\"elementor-widget-container\">\n\t\t\t\t\t\t\t\t\t<p>30,40 \u20ac<\/p>\t\t\t\t\t\t\t\t<\/div>\n\t\t\t\t<\/div>\n\t\t\t\t<div class=\"elementor-element elementor-element-44e53da elementor-widget elementor-widget-text-editor\" data-id=\"44e53da\" data-element_type=\"widget\" data-widget_type=\"text-editor.default\">\n\t\t\t\t<div class=\"elementor-widget-container\">\n\t\t\t\t\t\t\t\t\t<p>\/ personne<\/p>\t\t\t\t\t\t\t\t<\/div>\n\t\t\t\t<\/div>\n\t\t\t\t<\/div>\n\t\t<div class=\"elementor-element elementor-element-6721946 e-con-full e-flex e-con e-child\" data-id=\"6721946\" data-element_type=\"container\">\n\t\t\t\t<div class=\"elementor-element elementor-element-8ae594e elementor-align-right elementor-widget elementor-widget-button\" data-id=\"8ae594e\" data-element_type=\"widget\" data-widget_type=\"button.default\">\n\t\t\t\t<div class=\"elementor-widget-container\">\n\t\t\t\t\t\t\t\t\t<div class=\"elementor-button-wrapper\">\n\t\t\t\t\t<a class=\"elementor-button elementor-button-link elementor-size-sm\" href=\"https:\/\/vallesalado.com\/fr\/experiences\/marques-de-riscal\/\">\n\t\t\t\t\t\t<span class=\"elementor-button-content-wrapper\">\n\t\t\t\t\t\t<span class=\"elementor-button-icon\">\n\t\t\t\t<i aria-hidden=\"true\" class=\"fas fa-caret-right\"><\/i>\t\t\t<\/span>\n\t\t\t\t\t\t\t\t\t<span class=\"elementor-button-text\">Voir plus d'informations<\/span>\n\t\t\t\t\t<\/span>\n\t\t\t\t\t<\/a>\n\t\t\t\t<\/div>\n\t\t\t\t\t\t\t\t<\/div>\n\t\t\t\t<\/div>\n\t\t\t\t<\/div>\n\t\t\t\t<\/div>\n\t\t\t\t<\/div>\n\t\t<div class=\"elementor-element elementor-element-30bfa33 e-con-full e-flex e-con e-child\" data-id=\"30bfa33\" data-element_type=\"container\">\n\t\t\t\t<div class=\"elementor-element elementor-element-53da6b5 elementor-widget elementor-widget-image\" data-id=\"53da6b5\" data-element_type=\"widget\" data-widget_type=\"image.default\">\n\t\t\t\t<div class=\"elementor-widget-container\">\n\t\t\t\t\t\t\t\t\t\t\t\t\t\t\t\t<a href=\"https:\/\/www.sagardoa.eus\/excursiones\/248-valle-salado-de-anana-y-bodega-de-sidra\">\n\t\t\t\t\t\t\t<img decoding=\"async\" width=\"600\" height=\"368\" src=\"https:\/\/www.vallesalado.com\/wp-content\/uploads\/2025\/01\/sidreria.webp\" class=\"attachment-full size-full wp-image-4820\" alt=\"\" srcset=\"https:\/\/www.vallesalado.com\/wp-content\/uploads\/2025\/01\/sidreria.webp 600w, https:\/\/www.vallesalado.com\/wp-content\/uploads\/2025\/01\/sidreria-300x184.webp 300w\" sizes=\"(max-width: 600px) 100vw, 600px\" \/>\t\t\t\t\t\t\t\t<\/a>\n\t\t\t\t\t\t\t\t\t\t\t\t\t\t\t<\/div>\n\t\t\t\t<\/div>\n\t\t\t\t<div class=\"elementor-element elementor-element-65a6b0b elementor-widget elementor-widget-heading\" data-id=\"65a6b0b\" data-element_type=\"widget\" data-widget_type=\"heading.default\">\n\t\t\t\t<div class=\"elementor-widget-container\">\n\t\t\t\t\t<h2 class=\"elementor-heading-title elementor-size-default\"><a href=\"https:\/\/www.sagardoa.eus\/excursiones\/248-valle-salado-de-anana-y-bodega-de-sidra\">Cave \u00e0 cidre<\/a><\/h2>\t\t\t\t<\/div>\n\t\t\t\t<\/div>\n\t\t\t\t<div class=\"elementor-element elementor-element-5b1aec6 elementor-widget elementor-widget-text-editor\" data-id=\"5b1aec6\" data-element_type=\"widget\" data-widget_type=\"text-editor.default\">\n\t\t\t\t<div class=\"elementor-widget-container\">\n\t\t\t\t\t\t\t\t\t<p>D\u00e9couvrez le c\u0153ur de la gastronomie basque avec une exp\u00e9rience unique qui combine la plus ancienne saline du monde et la cidrerie traditionnelle basque !<\/p>\t\t\t\t\t\t\t\t<\/div>\n\t\t\t\t<\/div>\n\t\t<div class=\"elementor-element elementor-element-3a0e701 e-con-full e-flex e-con e-child\" data-id=\"3a0e701\" data-element_type=\"container\">\n\t\t<div class=\"elementor-element elementor-element-4f2b494 e-con-full e-flex e-con e-child\" data-id=\"4f2b494\" data-element_type=\"container\">\n\t\t\t\t<\/div>\n\t\t<div class=\"elementor-element elementor-element-cf26f75 e-con-full e-flex e-con e-child\" data-id=\"cf26f75\" data-element_type=\"container\">\n\t\t\t\t<div class=\"elementor-element elementor-element-7e3f2a0 elementor-align-right elementor-widget elementor-widget-button\" data-id=\"7e3f2a0\" data-element_type=\"widget\" data-widget_type=\"button.default\">\n\t\t\t\t<div class=\"elementor-widget-container\">\n\t\t\t\t\t\t\t\t\t<div class=\"elementor-button-wrapper\">\n\t\t\t\t\t<a class=\"elementor-button elementor-button-link elementor-size-sm\" href=\"https:\/\/www.sagardoa.eus\/excursiones\/248-valle-salado-de-anana-y-bodega-de-sidra\">\n\t\t\t\t\t\t<span class=\"elementor-button-content-wrapper\">\n\t\t\t\t\t\t<span class=\"elementor-button-icon\">\n\t\t\t\t<i aria-hidden=\"true\" class=\"fas fa-caret-right\"><\/i>\t\t\t<\/span>\n\t\t\t\t\t\t\t\t\t<span class=\"elementor-button-text\">Voir plus d'informations<\/span>\n\t\t\t\t\t<\/span>\n\t\t\t\t\t<\/a>\n\t\t\t\t<\/div>\n\t\t\t\t\t\t\t\t<\/div>\n\t\t\t\t<\/div>\n\t\t\t\t<\/div>\n\t\t\t\t<\/div>\n\t\t\t\t<\/div>\n\t\t<div class=\"elementor-element elementor-element-6e2004e e-con-full e-flex e-con e-child\" data-id=\"6e2004e\" data-element_type=\"container\">\n\t\t\t\t<div class=\"elementor-element elementor-element-1b5b0cf elementor-widget elementor-widget-image\" data-id=\"1b5b0cf\" data-element_type=\"widget\" data-widget_type=\"image.default\">\n\t\t\t\t<div class=\"elementor-widget-container\">\n\t\t\t\t\t\t\t\t\t\t\t\t\t\t\t\t<a href=\"https:\/\/caseriomontehermoso.com\/experiencias\/\">\n\t\t\t\t\t\t\t<img loading=\"lazy\" decoding=\"async\" width=\"600\" height=\"368\" src=\"https:\/\/www.vallesalado.com\/wp-content\/uploads\/2025\/01\/caserio-montehermoso.webp\" class=\"attachment-full size-full wp-image-4823\" alt=\"\" srcset=\"https:\/\/www.vallesalado.com\/wp-content\/uploads\/2025\/01\/caserio-montehermoso.webp 600w, https:\/\/www.vallesalado.com\/wp-content\/uploads\/2025\/01\/caserio-montehermoso-300x184.webp 300w\" sizes=\"(max-width: 600px) 100vw, 600px\" \/>\t\t\t\t\t\t\t\t<\/a>\n\t\t\t\t\t\t\t\t\t\t\t\t\t\t\t<\/div>\n\t\t\t\t<\/div>\n\t\t\t\t<div class=\"elementor-element elementor-element-b223283 elementor-widget elementor-widget-heading\" data-id=\"b223283\" data-element_type=\"widget\" data-widget_type=\"heading.default\">\n\t\t\t\t<div class=\"elementor-widget-container\">\n\t\t\t\t\t<h2 class=\"elementor-heading-title elementor-size-default\"><a href=\"https:\/\/caseriomontehermoso.com\/experiencias\/\">Ferme de Montehermoso. Paradis Slow <\/a><\/h2>\t\t\t\t<\/div>\n\t\t\t\t<\/div>\n\t\t\t\t<div class=\"elementor-element elementor-element-1da5161 elementor-widget elementor-widget-text-editor\" data-id=\"1da5161\" data-element_type=\"widget\" data-widget_type=\"text-editor.default\">\n\t\t\t\t<div class=\"elementor-widget-container\">\n\t\t\t\t\t\t\t\t\t<p>Plongez dans un bain de for\u00eat dans un cadre unique, avec en point d&rsquo;orgue une d\u00e9gustation de sel d&rsquo;A\u00f1ana, consid\u00e9r\u00e9 comme le meilleur au monde.<\/p>\t\t\t\t\t\t\t\t<\/div>\n\t\t\t\t<\/div>\n\t\t<div class=\"elementor-element elementor-element-d437008 e-con-full e-flex e-con e-child\" data-id=\"d437008\" data-element_type=\"container\">\n\t\t<div class=\"elementor-element elementor-element-614e4eb e-con-full e-flex e-con e-child\" data-id=\"614e4eb\" data-element_type=\"container\">\n\t\t\t\t<\/div>\n\t\t<div class=\"elementor-element elementor-element-59d4fbb e-con-full e-flex e-con e-child\" data-id=\"59d4fbb\" data-element_type=\"container\">\n\t\t\t\t<div class=\"elementor-element elementor-element-efee98e elementor-align-right elementor-widget elementor-widget-button\" data-id=\"efee98e\" data-element_type=\"widget\" data-widget_type=\"button.default\">\n\t\t\t\t<div class=\"elementor-widget-container\">\n\t\t\t\t\t\t\t\t\t<div class=\"elementor-button-wrapper\">\n\t\t\t\t\t<a class=\"elementor-button elementor-button-link elementor-size-sm\" href=\"https:\/\/caseriomontehermoso.com\/experiencias\/\">\n\t\t\t\t\t\t<span class=\"elementor-button-content-wrapper\">\n\t\t\t\t\t\t<span class=\"elementor-button-icon\">\n\t\t\t\t<i aria-hidden=\"true\" class=\"fas fa-caret-right\"><\/i>\t\t\t<\/span>\n\t\t\t\t\t\t\t\t\t<span class=\"elementor-button-text\">Voir plus d'informations<\/span>\n\t\t\t\t\t<\/span>\n\t\t\t\t\t<\/a>\n\t\t\t\t<\/div>\n\t\t\t\t\t\t\t\t<\/div>\n\t\t\t\t<\/div>\n\t\t\t\t<\/div>\n\t\t\t\t<\/div>\n\t\t\t\t<\/div>\n\t\t<div class=\"elementor-element elementor-element-c65c48e e-con-full e-flex e-con e-child\" data-id=\"c65c48e\" data-element_type=\"container\">\n\t\t\t\t<div class=\"elementor-element elementor-element-c4a6eb4 elementor-widget elementor-widget-image\" data-id=\"c4a6eb4\" data-element_type=\"widget\" data-widget_type=\"image.default\">\n\t\t\t\t<div class=\"elementor-widget-container\">\n\t\t\t\t\t\t\t\t\t\t\t\t\t\t\t\t<a href=\"https:\/\/naturasobron.es\/haz-tu-salero-de-ceramica-y-llenalo-con-sal-en-el-valle-salado-de-anana\/\">\n\t\t\t\t\t\t\t<img loading=\"lazy\" decoding=\"async\" width=\"600\" height=\"368\" src=\"https:\/\/www.vallesalado.com\/wp-content\/uploads\/2025\/01\/casa-rural-natura.webp\" class=\"attachment-full size-full wp-image-4826\" alt=\"\" srcset=\"https:\/\/www.vallesalado.com\/wp-content\/uploads\/2025\/01\/casa-rural-natura.webp 600w, https:\/\/www.vallesalado.com\/wp-content\/uploads\/2025\/01\/casa-rural-natura-300x184.webp 300w\" sizes=\"(max-width: 600px) 100vw, 600px\" \/>\t\t\t\t\t\t\t\t<\/a>\n\t\t\t\t\t\t\t\t\t\t\t\t\t\t\t<\/div>\n\t\t\t\t<\/div>\n\t\t\t\t<div class=\"elementor-element elementor-element-5a75457 elementor-widget elementor-widget-heading\" data-id=\"5a75457\" data-element_type=\"widget\" data-widget_type=\"heading.default\">\n\t\t\t\t<div class=\"elementor-widget-container\">\n\t\t\t\t\t<h2 class=\"elementor-heading-title elementor-size-default\"><a href=\"https:\/\/naturasobron.es\/haz-tu-salero-de-ceramica-y-llenalo-con-sal-en-el-valle-salado-de-anana\/\">Maison rurale Natura Sobr\u00f3n<\/a><\/h2>\t\t\t\t<\/div>\n\t\t\t\t<\/div>\n\t\t\t\t<div class=\"elementor-element elementor-element-6e677a5 elementor-widget elementor-widget-text-editor\" data-id=\"6e677a5\" data-element_type=\"widget\" data-widget_type=\"text-editor.default\">\n\t\t\t\t<div class=\"elementor-widget-container\">\n\t\t\t\t\t\t\t\t\t<p>Fabriquez votre propre sali\u00e8re en c\u00e9ramique et remplissez-la de sel d&rsquo;A\u00f1ana dans la Vall\u00e9e Sal\u00e9e d&rsquo;A\u00f1ana.<\/p>\t\t\t\t\t\t\t\t<\/div>\n\t\t\t\t<\/div>\n\t\t<div class=\"elementor-element elementor-element-7e685df e-con-full e-flex e-con e-child\" data-id=\"7e685df\" data-element_type=\"container\">\n\t\t<div class=\"elementor-element elementor-element-ca4d48a e-con-full e-flex e-con e-child\" data-id=\"ca4d48a\" data-element_type=\"container\">\n\t\t\t\t<\/div>\n\t\t<div class=\"elementor-element elementor-element-23fd49a e-con-full e-flex e-con e-child\" data-id=\"23fd49a\" data-element_type=\"container\">\n\t\t\t\t<div class=\"elementor-element elementor-element-abead3d elementor-align-right elementor-widget elementor-widget-button\" data-id=\"abead3d\" data-element_type=\"widget\" data-widget_type=\"button.default\">\n\t\t\t\t<div class=\"elementor-widget-container\">\n\t\t\t\t\t\t\t\t\t<div class=\"elementor-button-wrapper\">\n\t\t\t\t\t<a class=\"elementor-button elementor-button-link elementor-size-sm\" href=\"https:\/\/naturasobron.es\/haz-tu-salero-de-ceramica-y-llenalo-con-sal-en-el-valle-salado-de-anana\/\">\n\t\t\t\t\t\t<span class=\"elementor-button-content-wrapper\">\n\t\t\t\t\t\t<span class=\"elementor-button-icon\">\n\t\t\t\t<i aria-hidden=\"true\" class=\"fas fa-caret-right\"><\/i>\t\t\t<\/span>\n\t\t\t\t\t\t\t\t\t<span class=\"elementor-button-text\">Voir plus d'informations<\/span>\n\t\t\t\t\t<\/span>\n\t\t\t\t\t<\/a>\n\t\t\t\t<\/div>\n\t\t\t\t\t\t\t\t<\/div>\n\t\t\t\t<\/div>\n\t\t\t\t<\/div>\n\t\t\t\t<\/div>\n\t\t\t\t<\/div>\n\t\t<div class=\"elementor-element elementor-element-112ddc2 e-con-full e-flex e-con e-child\" data-id=\"112ddc2\" data-element_type=\"container\">\n\t\t\t\t<div class=\"elementor-element elementor-element-75d6c61 elementor-widget elementor-widget-image\" data-id=\"75d6c61\" data-element_type=\"widget\" data-widget_type=\"image.default\">\n\t\t\t\t<div class=\"elementor-widget-container\">\n\t\t\t\t\t\t\t\t\t\t\t\t\t\t\t\t<a href=\"https:\/\/monasteriodelespino.com\/granero-san-francisco\/visitas-combinadas\/\">\n\t\t\t\t\t\t\t<img loading=\"lazy\" decoding=\"async\" width=\"600\" height=\"368\" src=\"https:\/\/www.vallesalado.com\/wp-content\/uploads\/2025\/01\/granero-san-francisco.webp\" class=\"attachment-full size-full wp-image-4829\" alt=\"\" srcset=\"https:\/\/www.vallesalado.com\/wp-content\/uploads\/2025\/01\/granero-san-francisco.webp 600w, https:\/\/www.vallesalado.com\/wp-content\/uploads\/2025\/01\/granero-san-francisco-300x184.webp 300w\" sizes=\"(max-width: 600px) 100vw, 600px\" \/>\t\t\t\t\t\t\t\t<\/a>\n\t\t\t\t\t\t\t\t\t\t\t\t\t\t\t<\/div>\n\t\t\t\t<\/div>\n\t\t\t\t<div class=\"elementor-element elementor-element-993c75c elementor-widget elementor-widget-heading\" data-id=\"993c75c\" data-element_type=\"widget\" data-widget_type=\"heading.default\">\n\t\t\t\t<div class=\"elementor-widget-container\">\n\t\t\t\t\t<h2 class=\"elementor-heading-title elementor-size-default\"><a href=\"https:\/\/monasteriodelespino.com\/granero-san-francisco\/visitas-combinadas\/\">Granero de San Francisco<\/a><\/h2>\t\t\t\t<\/div>\n\t\t\t\t<\/div>\n\t\t\t\t<div class=\"elementor-element elementor-element-9b79730 elementor-widget elementor-widget-text-editor\" data-id=\"9b79730\" data-element_type=\"widget\" data-widget_type=\"text-editor.default\">\n\t\t\t\t<div class=\"elementor-widget-container\">\n\t\t\t\t\t\t\t\t\t<p>Embarquez pour un voyage inoubliable qui allie la beaut\u00e9 naturelle et la richesse historique de deux joyaux de notre environnement !<\/p>\t\t\t\t\t\t\t\t<\/div>\n\t\t\t\t<\/div>\n\t\t<div class=\"elementor-element elementor-element-fcdcb48 e-con-full e-flex e-con e-child\" data-id=\"fcdcb48\" data-element_type=\"container\">\n\t\t<div class=\"elementor-element elementor-element-b2f9c2e e-con-full e-flex e-con e-child\" data-id=\"b2f9c2e\" data-element_type=\"container\">\n\t\t\t\t<\/div>\n\t\t<div class=\"elementor-element elementor-element-bfb438f e-con-full e-flex e-con e-child\" data-id=\"bfb438f\" data-element_type=\"container\">\n\t\t\t\t<div class=\"elementor-element elementor-element-825d490 elementor-align-right elementor-widget elementor-widget-button\" data-id=\"825d490\" data-element_type=\"widget\" data-widget_type=\"button.default\">\n\t\t\t\t<div class=\"elementor-widget-container\">\n\t\t\t\t\t\t\t\t\t<div class=\"elementor-button-wrapper\">\n\t\t\t\t\t<a class=\"elementor-button elementor-button-link elementor-size-sm\" href=\"https:\/\/monasteriodelespino.com\/granero-san-francisco\/visitas-combinadas\/\">\n\t\t\t\t\t\t<span class=\"elementor-button-content-wrapper\">\n\t\t\t\t\t\t<span class=\"elementor-button-icon\">\n\t\t\t\t<i aria-hidden=\"true\" class=\"fas fa-caret-right\"><\/i>\t\t\t<\/span>\n\t\t\t\t\t\t\t\t\t<span class=\"elementor-button-text\">Voir plus d'informations<\/span>\n\t\t\t\t\t<\/span>\n\t\t\t\t\t<\/a>\n\t\t\t\t<\/div>\n\t\t\t\t\t\t\t\t<\/div>\n\t\t\t\t<\/div>\n\t\t\t\t<\/div>\n\t\t\t\t<\/div>\n\t\t\t\t<\/div>\n\t\t<div class=\"elementor-element elementor-element-6637d25 e-con-full e-flex e-con e-child\" data-id=\"6637d25\" data-element_type=\"container\">\n\t\t\t\t<div class=\"elementor-element elementor-element-c4482f0 elementor-widget elementor-widget-image\" data-id=\"c4482f0\" data-element_type=\"widget\" data-widget_type=\"image.default\">\n\t\t\t\t<div class=\"elementor-widget-container\">\n\t\t\t\t\t\t\t\t\t\t\t\t\t\t\t\t<a href=\"https:\/\/vallesalado.com\/experiencias\/arrea\/\">\n\t\t\t\t\t\t\t<img loading=\"lazy\" decoding=\"async\" width=\"600\" height=\"368\" src=\"https:\/\/www.vallesalado.com\/wp-content\/uploads\/2025\/02\/arrea.webp\" class=\"attachment-full size-full wp-image-5423\" alt=\"\" srcset=\"https:\/\/www.vallesalado.com\/wp-content\/uploads\/2025\/02\/arrea.webp 600w, https:\/\/www.vallesalado.com\/wp-content\/uploads\/2025\/02\/arrea-300x184.webp 300w\" sizes=\"(max-width: 600px) 100vw, 600px\" \/>\t\t\t\t\t\t\t\t<\/a>\n\t\t\t\t\t\t\t\t\t\t\t\t\t\t\t<\/div>\n\t\t\t\t<\/div>\n\t\t\t\t<div class=\"elementor-element elementor-element-ebb757c elementor-widget elementor-widget-heading\" data-id=\"ebb757c\" data-element_type=\"widget\" data-widget_type=\"heading.default\">\n\t\t\t\t<div class=\"elementor-widget-container\">\n\t\t\t\t\t<h2 class=\"elementor-heading-title elementor-size-default\">Arrea !<\/h2>\t\t\t\t<\/div>\n\t\t\t\t<\/div>\n\t\t\t\t<div class=\"elementor-element elementor-element-80f613d elementor-widget elementor-widget-text-editor\" data-id=\"80f613d\" data-element_type=\"widget\" data-widget_type=\"text-editor.default\">\n\t\t\t\t<div class=\"elementor-widget-container\">\n\t\t\t\t\t\t\t\t\t<p>Une exp\u00e9rience gastronomique unique qui allie le sel ancestral d&rsquo;A\u00f1ana \u00e0 la cuisine avant-gardiste du restaurant Arrea !<\/p>\t\t\t\t\t\t\t\t<\/div>\n\t\t\t\t<\/div>\n\t\t<div class=\"elementor-element elementor-element-fbb64e4 e-con-full e-flex e-con e-child\" data-id=\"fbb64e4\" data-element_type=\"container\">\n\t\t<div class=\"elementor-element elementor-element-da12fb5 e-con-full e-flex e-con e-child\" data-id=\"da12fb5\" data-element_type=\"container\">\n\t\t\t\t<div class=\"elementor-element elementor-element-9c968d7 elementor-widget elementor-widget-text-editor\" data-id=\"9c968d7\" data-element_type=\"widget\" data-widget_type=\"text-editor.default\">\n\t\t\t\t<div class=\"elementor-widget-container\">\n\t\t\t\t\t\t\t\t\t<p>65 \u20ac<\/p>\t\t\t\t\t\t\t\t<\/div>\n\t\t\t\t<\/div>\n\t\t\t\t<div class=\"elementor-element elementor-element-c7c6cf0 elementor-widget elementor-widget-text-editor\" data-id=\"c7c6cf0\" data-element_type=\"widget\" data-widget_type=\"text-editor.default\">\n\t\t\t\t<div class=\"elementor-widget-container\">\n\t\t\t\t\t\t\t\t\t<p>\/ personne<\/p>\t\t\t\t\t\t\t\t<\/div>\n\t\t\t\t<\/div>\n\t\t\t\t<\/div>\n\t\t<div class=\"elementor-element elementor-element-1e667c8 e-con-full e-flex e-con e-child\" data-id=\"1e667c8\" data-element_type=\"container\">\n\t\t\t\t<div class=\"elementor-element elementor-element-c87f0e2 elementor-align-right elementor-widget elementor-widget-button\" data-id=\"c87f0e2\" data-element_type=\"widget\" data-widget_type=\"button.default\">\n\t\t\t\t<div class=\"elementor-widget-container\">\n\t\t\t\t\t\t\t\t\t<div class=\"elementor-button-wrapper\">\n\t\t\t\t\t<a class=\"elementor-button elementor-button-link elementor-size-sm\" href=\"https:\/\/vallesalado.com\/fr\/experiences\/arrea\/\">\n\t\t\t\t\t\t<span class=\"elementor-button-content-wrapper\">\n\t\t\t\t\t\t<span class=\"elementor-button-icon\">\n\t\t\t\t<i aria-hidden=\"true\" class=\"fas fa-caret-right\"><\/i>\t\t\t<\/span>\n\t\t\t\t\t\t\t\t\t<span class=\"elementor-button-text\">Voir plus d'informations<\/span>\n\t\t\t\t\t<\/span>\n\t\t\t\t\t<\/a>\n\t\t\t\t<\/div>\n\t\t\t\t\t\t\t\t<\/div>\n\t\t\t\t<\/div>\n\t\t\t\t<\/div>\n\t\t\t\t<\/div>\n\t\t\t\t<\/div>\n\t\t<div class=\"elementor-element elementor-element-1c66df9 e-con-full e-flex e-con e-child\" data-id=\"1c66df9\" data-element_type=\"container\">\n\t\t\t\t<div class=\"elementor-element elementor-element-b82246d elementor-widget elementor-widget-image\" data-id=\"b82246d\" data-element_type=\"widget\" data-widget_type=\"image.default\">\n\t\t\t\t<div class=\"elementor-widget-container\">\n\t\t\t\t\t\t\t\t\t\t\t\t\t\t\t<img loading=\"lazy\" decoding=\"async\" width=\"600\" height=\"368\" src=\"https:\/\/www.vallesalado.com\/wp-content\/uploads\/2025\/01\/jardin-santa-catalina.webp\" class=\"attachment-full size-full wp-image-5366\" alt=\"\" srcset=\"https:\/\/www.vallesalado.com\/wp-content\/uploads\/2025\/01\/jardin-santa-catalina.webp 600w, https:\/\/www.vallesalado.com\/wp-content\/uploads\/2025\/01\/jardin-santa-catalina-300x184.webp 300w\" sizes=\"(max-width: 600px) 100vw, 600px\" \/>\t\t\t\t\t\t\t\t\t\t\t\t\t\t\t<\/div>\n\t\t\t\t<\/div>\n\t\t\t\t<div class=\"elementor-element elementor-element-ac35b50 elementor-widget elementor-widget-heading\" data-id=\"ac35b50\" data-element_type=\"widget\" data-widget_type=\"heading.default\">\n\t\t\t\t<div class=\"elementor-widget-container\">\n\t\t\t\t\t<h2 class=\"elementor-heading-title elementor-size-default\">Jardin de Santa Catalina<\/h2>\t\t\t\t<\/div>\n\t\t\t\t<\/div>\n\t\t\t\t<div class=\"elementor-element elementor-element-5ea99cc elementor-widget elementor-widget-text-editor\" data-id=\"5ea99cc\" data-element_type=\"widget\" data-widget_type=\"text-editor.default\">\n\t\t\t\t<div class=\"elementor-widget-container\">\n\t\t\t\t\t\t\t\t\t<p>Ferm\u00e9 pour travaux.<\/p>\t\t\t\t\t\t\t\t<\/div>\n\t\t\t\t<\/div>\n\t\t<div class=\"elementor-element elementor-element-08f9d36 e-con-full e-flex e-con e-child\" data-id=\"08f9d36\" data-element_type=\"container\">\n\t\t<div class=\"elementor-element elementor-element-afded0d e-con-full e-flex e-con e-child\" data-id=\"afded0d\" data-element_type=\"container\">\n\t\t\t\t<div class=\"elementor-element elementor-element-aa36ec1 elementor-widget elementor-widget-text-editor\" data-id=\"aa36ec1\" data-element_type=\"widget\" data-widget_type=\"text-editor.default\">\n\t\t\t\t<div class=\"elementor-widget-container\">\n\t\t\t\t\t\t\t\t\t<p>9,50 \u20ac<\/p>\t\t\t\t\t\t\t\t<\/div>\n\t\t\t\t<\/div>\n\t\t\t\t<div class=\"elementor-element elementor-element-1d4c983 elementor-widget elementor-widget-text-editor\" data-id=\"1d4c983\" data-element_type=\"widget\" data-widget_type=\"text-editor.default\">\n\t\t\t\t<div class=\"elementor-widget-container\">\n\t\t\t\t\t\t\t\t\t<p>\/ personne<\/p>\t\t\t\t\t\t\t\t<\/div>\n\t\t\t\t<\/div>\n\t\t\t\t<\/div>\n\t\t<div class=\"elementor-element elementor-element-c5a082e e-con-full e-flex e-con e-child\" data-id=\"c5a082e\" data-element_type=\"container\">\n\t\t\t\t<\/div>\n\t\t\t\t<\/div>\n\t\t\t\t<\/div>\n\t\t\t\t\t<\/div>\n\t\t\t\t<\/div>\n\t\t\t\t<\/div>\n\t\t","protected":false},"excerpt":{"rendered":"<p>Venez dans la Vall\u00e9e Sal\u00e9e et vivez une exp\u00e9rience unique: visitez et apprenez \u00e0 conna\u00eetre l&rsquo;un des sites architecturaux, paysagers, arch\u00e9ologiques, g\u00e9ologiques et historiques les plus singuliers au monde. Cath\u00e9drale Santa Mar\u00eda D\u00e9couvrez la philosophie du \u00abouvert pour travaux\u00bb dans les deux sites patrimoniaux les plus importants du territoire. 15,00 \u20ac \/ personne Voir plus [&hellip;]<\/p>\n","protected":false},"author":1,"featured_media":4148,"parent":6736,"menu_order":0,"comment_status":"closed","ping_status":"closed","template":"","meta":{"inline_featured_image":false,"footnotes":"","_links_to":"","_links_to_target":""},"class_list":["post-6838","page","type-page","status-publish","has-post-thumbnail","hentry"],"yoast_head":"<!-- This site is optimized with the Yoast SEO plugin v26.7 - https:\/\/yoast.com\/wordpress\/plugins\/seo\/ -->\n<title>Billets combin\u00e9s - Valle Salado de A\u00f1ana<\/title>\n<meta name=\"description\" content=\"Billets combin\u00e9s pour explorer la vall\u00e9e du sel et vivre des exp\u00e9riences gastronomiques et patrimoniales uniques dans le nord de l&#039;Espagne.\" \/>\n<meta name=\"robots\" content=\"index, follow, max-snippet:-1, max-image-preview:large, max-video-preview:-1\" \/>\n<link rel=\"canonical\" href=\"https:\/\/www.vallesalado.com\/fr\/experiences\/billets-combines\/\" \/>\n<meta property=\"og:locale\" content=\"fr_FR\" \/>\n<meta property=\"og:type\" content=\"article\" \/>\n<meta property=\"og:title\" content=\"Billets combin\u00e9s - Valle Salado de A\u00f1ana\" \/>\n<meta property=\"og:description\" content=\"Billets combin\u00e9s pour explorer la vall\u00e9e du sel et vivre des exp\u00e9riences gastronomiques et patrimoniales uniques dans le nord de l&#039;Espagne.\" \/>\n<meta property=\"og:url\" content=\"https:\/\/www.vallesalado.com\/fr\/experiences\/billets-combines\/\" \/>\n<meta property=\"og:site_name\" content=\"Valle Salado de A\u00f1ana\" \/>\n<meta property=\"article:publisher\" content=\"https:\/\/www.facebook.com\/ValleSaladodeAnana\" \/>\n<meta property=\"article:modified_time\" content=\"2025-05-14T15:56:43+00:00\" \/>\n<meta property=\"og:image\" content=\"https:\/\/www.vallesalado.com\/wp-content\/uploads\/2024\/12\/valle-salado-miniatura.webp\" \/>\n\t<meta property=\"og:image:width\" content=\"1200\" \/>\n\t<meta property=\"og:image:height\" content=\"630\" \/>\n\t<meta property=\"og:image:type\" content=\"image\/webp\" \/>\n<meta name=\"twitter:card\" content=\"summary_large_image\" \/>\n<meta name=\"twitter:site\" content=\"@vallesalado\" \/>\n<meta name=\"twitter:label1\" content=\"Dur\u00e9e de lecture estim\u00e9e\" \/>\n\t<meta name=\"twitter:data1\" content=\"1 minute\" \/>\n<script type=\"application\/ld+json\" class=\"yoast-schema-graph\">{\"@context\":\"https:\/\/schema.org\",\"@graph\":[{\"@type\":\"WebPage\",\"@id\":\"https:\/\/www.vallesalado.com\/fr\/experiences\/billets-combines\/\",\"url\":\"https:\/\/www.vallesalado.com\/fr\/experiences\/billets-combines\/\",\"name\":\"Billets combin\u00e9s - Valle Salado de A\u00f1ana\",\"isPartOf\":{\"@id\":\"https:\/\/www.vallesalado.com\/fr\/#website\"},\"primaryImageOfPage\":{\"@id\":\"https:\/\/www.vallesalado.com\/fr\/experiences\/billets-combines\/#primaryimage\"},\"image\":{\"@id\":\"https:\/\/www.vallesalado.com\/fr\/experiences\/billets-combines\/#primaryimage\"},\"thumbnailUrl\":\"https:\/\/www.vallesalado.com\/wp-content\/uploads\/2024\/12\/valle-salado-miniatura.webp\",\"datePublished\":\"2024-12-03T15:35:19+00:00\",\"dateModified\":\"2025-05-14T15:56:43+00:00\",\"description\":\"Billets combin\u00e9s pour explorer la vall\u00e9e du sel et vivre des exp\u00e9riences gastronomiques et patrimoniales uniques dans le nord de l'Espagne.\",\"breadcrumb\":{\"@id\":\"https:\/\/www.vallesalado.com\/fr\/experiences\/billets-combines\/#breadcrumb\"},\"inLanguage\":\"fr-FR\",\"potentialAction\":[{\"@type\":\"ReadAction\",\"target\":[\"https:\/\/www.vallesalado.com\/fr\/experiences\/billets-combines\/\"]}]},{\"@type\":\"ImageObject\",\"inLanguage\":\"fr-FR\",\"@id\":\"https:\/\/www.vallesalado.com\/fr\/experiences\/billets-combines\/#primaryimage\",\"url\":\"https:\/\/www.vallesalado.com\/wp-content\/uploads\/2024\/12\/valle-salado-miniatura.webp\",\"contentUrl\":\"https:\/\/www.vallesalado.com\/wp-content\/uploads\/2024\/12\/valle-salado-miniatura.webp\",\"width\":1200,\"height\":630},{\"@type\":\"BreadcrumbList\",\"@id\":\"https:\/\/www.vallesalado.com\/fr\/experiences\/billets-combines\/#breadcrumb\",\"itemListElement\":[{\"@type\":\"ListItem\",\"position\":1,\"name\":\"Valle Salado\",\"item\":\"https:\/\/www.vallesalado.com\/fr\/\"},{\"@type\":\"ListItem\",\"position\":2,\"name\":\"Exp\u00e9riences\",\"item\":\"https:\/\/www.vallesalado.com\/fr\/experiencias\/\"},{\"@type\":\"ListItem\",\"position\":3,\"name\":\"Billets combin\u00e9s\"}]},{\"@type\":\"WebSite\",\"@id\":\"https:\/\/www.vallesalado.com\/fr\/#website\",\"url\":\"https:\/\/www.vallesalado.com\/fr\/\",\"name\":\"Valle Salado de A\u00f1ana\",\"description\":\"Valle Salado de A\u00f1ana\",\"publisher\":{\"@id\":\"https:\/\/www.vallesalado.com\/fr\/#organization\"},\"potentialAction\":[{\"@type\":\"SearchAction\",\"target\":{\"@type\":\"EntryPoint\",\"urlTemplate\":\"https:\/\/www.vallesalado.com\/fr\/?s={search_term_string}\"},\"query-input\":{\"@type\":\"PropertyValueSpecification\",\"valueRequired\":true,\"valueName\":\"search_term_string\"}}],\"inLanguage\":\"fr-FR\"},{\"@type\":\"Organization\",\"@id\":\"https:\/\/www.vallesalado.com\/fr\/#organization\",\"name\":\"Valle Salado de A\u00f1ana\",\"url\":\"https:\/\/www.vallesalado.com\/fr\/\",\"logo\":{\"@type\":\"ImageObject\",\"inLanguage\":\"fr-FR\",\"@id\":\"https:\/\/www.vallesalado.com\/fr\/#\/schema\/logo\/image\/\",\"url\":\"https:\/\/www.vallesalado.com\/wp-content\/uploads\/2025\/05\/logo-valle-salado.webp\",\"contentUrl\":\"https:\/\/www.vallesalado.com\/wp-content\/uploads\/2025\/05\/logo-valle-salado.webp\",\"width\":600,\"height\":143,\"caption\":\"Valle Salado de A\u00f1ana\"},\"image\":{\"@id\":\"https:\/\/www.vallesalado.com\/fr\/#\/schema\/logo\/image\/\"},\"sameAs\":[\"https:\/\/www.facebook.com\/ValleSaladodeAnana\",\"https:\/\/x.com\/vallesalado\",\"https:\/\/www.instagram.com\/vallesalado\/\"]}]}<\/script>\n<!-- \/ Yoast SEO plugin. -->","yoast_head_json":{"title":"Billets combin\u00e9s - Valle Salado de A\u00f1ana","description":"Billets combin\u00e9s pour explorer la vall\u00e9e du sel et vivre des exp\u00e9riences gastronomiques et patrimoniales uniques dans le nord de l'Espagne.","robots":{"index":"index","follow":"follow","max-snippet":"max-snippet:-1","max-image-preview":"max-image-preview:large","max-video-preview":"max-video-preview:-1"},"canonical":"https:\/\/www.vallesalado.com\/fr\/experiences\/billets-combines\/","og_locale":"fr_FR","og_type":"article","og_title":"Billets combin\u00e9s - Valle Salado de A\u00f1ana","og_description":"Billets combin\u00e9s pour explorer la vall\u00e9e du sel et vivre des exp\u00e9riences gastronomiques et patrimoniales uniques dans le nord de l'Espagne.","og_url":"https:\/\/www.vallesalado.com\/fr\/experiences\/billets-combines\/","og_site_name":"Valle Salado de A\u00f1ana","article_publisher":"https:\/\/www.facebook.com\/ValleSaladodeAnana","article_modified_time":"2025-05-14T15:56:43+00:00","og_image":[{"width":1200,"height":630,"url":"https:\/\/www.vallesalado.com\/wp-content\/uploads\/2024\/12\/valle-salado-miniatura.webp","type":"image\/webp"}],"twitter_card":"summary_large_image","twitter_site":"@vallesalado","twitter_misc":{"Dur\u00e9e de lecture estim\u00e9e":"1 minute"},"schema":{"@context":"https:\/\/schema.org","@graph":[{"@type":"WebPage","@id":"https:\/\/www.vallesalado.com\/fr\/experiences\/billets-combines\/","url":"https:\/\/www.vallesalado.com\/fr\/experiences\/billets-combines\/","name":"Billets combin\u00e9s - Valle Salado de A\u00f1ana","isPartOf":{"@id":"https:\/\/www.vallesalado.com\/fr\/#website"},"primaryImageOfPage":{"@id":"https:\/\/www.vallesalado.com\/fr\/experiences\/billets-combines\/#primaryimage"},"image":{"@id":"https:\/\/www.vallesalado.com\/fr\/experiences\/billets-combines\/#primaryimage"},"thumbnailUrl":"https:\/\/www.vallesalado.com\/wp-content\/uploads\/2024\/12\/valle-salado-miniatura.webp","datePublished":"2024-12-03T15:35:19+00:00","dateModified":"2025-05-14T15:56:43+00:00","description":"Billets combin\u00e9s pour explorer la vall\u00e9e du sel et vivre des exp\u00e9riences gastronomiques et patrimoniales uniques dans le nord de l'Espagne.","breadcrumb":{"@id":"https:\/\/www.vallesalado.com\/fr\/experiences\/billets-combines\/#breadcrumb"},"inLanguage":"fr-FR","potentialAction":[{"@type":"ReadAction","target":["https:\/\/www.vallesalado.com\/fr\/experiences\/billets-combines\/"]}]},{"@type":"ImageObject","inLanguage":"fr-FR","@id":"https:\/\/www.vallesalado.com\/fr\/experiences\/billets-combines\/#primaryimage","url":"https:\/\/www.vallesalado.com\/wp-content\/uploads\/2024\/12\/valle-salado-miniatura.webp","contentUrl":"https:\/\/www.vallesalado.com\/wp-content\/uploads\/2024\/12\/valle-salado-miniatura.webp","width":1200,"height":630},{"@type":"BreadcrumbList","@id":"https:\/\/www.vallesalado.com\/fr\/experiences\/billets-combines\/#breadcrumb","itemListElement":[{"@type":"ListItem","position":1,"name":"Valle Salado","item":"https:\/\/www.vallesalado.com\/fr\/"},{"@type":"ListItem","position":2,"name":"Exp\u00e9riences","item":"https:\/\/www.vallesalado.com\/fr\/experiencias\/"},{"@type":"ListItem","position":3,"name":"Billets combin\u00e9s"}]},{"@type":"WebSite","@id":"https:\/\/www.vallesalado.com\/fr\/#website","url":"https:\/\/www.vallesalado.com\/fr\/","name":"Valle Salado de A\u00f1ana","description":"Valle Salado de A\u00f1ana","publisher":{"@id":"https:\/\/www.vallesalado.com\/fr\/#organization"},"potentialAction":[{"@type":"SearchAction","target":{"@type":"EntryPoint","urlTemplate":"https:\/\/www.vallesalado.com\/fr\/?s={search_term_string}"},"query-input":{"@type":"PropertyValueSpecification","valueRequired":true,"valueName":"search_term_string"}}],"inLanguage":"fr-FR"},{"@type":"Organization","@id":"https:\/\/www.vallesalado.com\/fr\/#organization","name":"Valle Salado de A\u00f1ana","url":"https:\/\/www.vallesalado.com\/fr\/","logo":{"@type":"ImageObject","inLanguage":"fr-FR","@id":"https:\/\/www.vallesalado.com\/fr\/#\/schema\/logo\/image\/","url":"https:\/\/www.vallesalado.com\/wp-content\/uploads\/2025\/05\/logo-valle-salado.webp","contentUrl":"https:\/\/www.vallesalado.com\/wp-content\/uploads\/2025\/05\/logo-valle-salado.webp","width":600,"height":143,"caption":"Valle Salado de A\u00f1ana"},"image":{"@id":"https:\/\/www.vallesalado.com\/fr\/#\/schema\/logo\/image\/"},"sameAs":["https:\/\/www.facebook.com\/ValleSaladodeAnana","https:\/\/x.com\/vallesalado","https:\/\/www.instagram.com\/vallesalado\/"]}]}},"_links":{"self":[{"href":"https:\/\/www.vallesalado.com\/fr\/wp-json\/wp\/v2\/pages\/6838","targetHints":{"allow":["GET"]}}],"collection":[{"href":"https:\/\/www.vallesalado.com\/fr\/wp-json\/wp\/v2\/pages"}],"about":[{"href":"https:\/\/www.vallesalado.com\/fr\/wp-json\/wp\/v2\/types\/page"}],"author":[{"embeddable":true,"href":"https:\/\/www.vallesalado.com\/fr\/wp-json\/wp\/v2\/users\/1"}],"replies":[{"embeddable":true,"href":"https:\/\/www.vallesalado.com\/fr\/wp-json\/wp\/v2\/comments?post=6838"}],"version-history":[{"count":5,"href":"https:\/\/www.vallesalado.com\/fr\/wp-json\/wp\/v2\/pages\/6838\/revisions"}],"predecessor-version":[{"id":6891,"href":"https:\/\/www.vallesalado.com\/fr\/wp-json\/wp\/v2\/pages\/6838\/revisions\/6891"}],"up":[{"embeddable":true,"href":"https:\/\/www.vallesalado.com\/fr\/wp-json\/wp\/v2\/pages\/6736"}],"wp:featuredmedia":[{"embeddable":true,"href":"https:\/\/www.vallesalado.com\/fr\/wp-json\/wp\/v2\/media\/4148"}],"wp:attachment":[{"href":"https:\/\/www.vallesalado.com\/fr\/wp-json\/wp\/v2\/media?parent=6838"}],"curies":[{"name":"wp","href":"https:\/\/api.w.org\/{rel}","templated":true}]}}