{"id":6877,"date":"2024-12-09T13:20:51","date_gmt":"2024-12-09T12:20:51","guid":{"rendered":"https:\/\/vallesalado.com\/experiences\/marques-de-riscal\/"},"modified":"2025-12-30T23:18:16","modified_gmt":"2025-12-30T22:18:16","slug":"marques-de-riscal","status":"publish","type":"page","link":"https:\/\/www.vallesalado.com\/fr\/experiences\/marques-de-riscal\/","title":{"rendered":"Marqu\u00e9s de Riscal"},"content":{"rendered":"\t\t<div data-elementor-type=\"wp-page\" data-elementor-id=\"6877\" class=\"elementor elementor-6877 elementor-1015\" data-elementor-post-type=\"page\">\n\t\t\t\t\t\t<section class=\"elementor-section elementor-top-section elementor-element elementor-element-e2e5048 elementor-section-boxed elementor-section-height-default elementor-section-height-default\" data-id=\"e2e5048\" data-element_type=\"section\" data-settings=\"{&quot;background_background&quot;:&quot;classic&quot;}\">\n\t\t\t\t\t\t<div class=\"elementor-container elementor-column-gap-default\">\n\t\t\t\t\t<div class=\"elementor-column elementor-col-100 elementor-top-column elementor-element elementor-element-292105e\" data-id=\"292105e\" data-element_type=\"column\">\n\t\t\t<div class=\"elementor-widget-wrap elementor-element-populated\">\n\t\t\t\t\t\t<div class=\"elementor-element elementor-element-2086b9d elementor-widget elementor-widget-heading\" data-id=\"2086b9d\" data-element_type=\"widget\" data-widget_type=\"heading.default\">\n\t\t\t\t<div class=\"elementor-widget-container\">\n\t\t\t\t\t<h1 class=\"elementor-heading-title elementor-size-default\">Marqu\u00e9s de Riscal<\/h1>\t\t\t\t<\/div>\n\t\t\t\t<\/div>\n\t\t\t\t<div class=\"elementor-element elementor-element-8cdf2d0 elementor-align-center elementor-widget elementor-widget-breadcrumbs\" data-id=\"8cdf2d0\" data-element_type=\"widget\" data-widget_type=\"breadcrumbs.default\">\n\t\t\t\t<div class=\"elementor-widget-container\">\n\t\t\t\t\t<p id=\"breadcrumbs\"><span><span><a href=\"https:\/\/www.vallesalado.com\/fr\/\">Valle Salado<\/a><\/span><\/span><\/p>\t\t\t\t<\/div>\n\t\t\t\t<\/div>\n\t\t\t\t\t<\/div>\n\t\t<\/div>\n\t\t\t\t\t<\/div>\n\t\t<\/section>\n\t\t\t\t<section class=\"elementor-section elementor-top-section elementor-element elementor-element-4cd0b7f elementor-section-boxed elementor-section-height-default elementor-section-height-default\" data-id=\"4cd0b7f\" data-element_type=\"section\">\n\t\t\t\t\t\t<div class=\"elementor-container elementor-column-gap-wider\">\n\t\t\t\t\t<div class=\"elementor-column elementor-col-50 elementor-top-column elementor-element elementor-element-0c3ffef\" data-id=\"0c3ffef\" data-element_type=\"column\">\n\t\t\t<div class=\"elementor-widget-wrap elementor-element-populated\">\n\t\t\t\t\t\t<div class=\"elementor-element elementor-element-4858381 elementor-widget elementor-widget-text-editor\" data-id=\"4858381\" data-element_type=\"widget\" data-widget_type=\"text-editor.default\">\n\t\t\t\t<div class=\"elementor-widget-container\">\n\t\t\t\t\t\t\t\t\t<p>La visite combin\u00e9e de la Vall\u00e9e du Sel d&rsquo;A\u00f1ana et de la Cit\u00e9 du Vin Marqu\u00e9s de Riscal vous plongera dans un monde de sensations vibrantes o\u00f9 la beaut\u00e9 des paysages se m\u00eale au go\u00fbt de l&rsquo;un des meilleurs sels et vins du monde.<\/p><p>La vall\u00e9e du sel est un paysage salin culturel et naturel vieux de plus de 7 000 ans qui fait actuellement l&rsquo;objet d&rsquo;un processus de r\u00e9cup\u00e9ration visant \u00e0 r\u00e9tablir sa durabilit\u00e9. Dans le cadre d&rsquo;une approche ouverte au public, les visiteurs de tous \u00e2ges et de tous groupes peuvent profiter d&rsquo;une visite guid\u00e9e qui constitue une exp\u00e9rience unique. Ils auront l&rsquo;occasion de d\u00e9couvrir l&rsquo;histoire, l&rsquo;architecture, la biodiversit\u00e9 et le mode de production du sel d&rsquo;A\u00f1ana. \u00c0 la fin de la visite, ils b\u00e9n\u00e9ficieront des effets th\u00e9rapeutiques de l&rsquo;eau sal\u00e9e dans la station thermale.  <\/p><p>La Cit\u00e9 du Vin, \u00e0 seulement 75 km d&rsquo;A\u00f1ana, est un projet des H\u00e9ritiers du Marquis de Riscal qui marque un tournant dans notre compr\u00e9hension du monde du vin. Le complexe, situ\u00e9 \u00e0 Elciego (\u00c1lava), comprend l&rsquo;ancienne cave du Marqu\u00e9s de Riscal (1858), l&rsquo;une des plus anciennes de Rioja, ainsi qu&rsquo;un nouveau b\u00e2timent con\u00e7u par l&rsquo;architecte canadien Frank O. Gehry. <\/p><p>Outre l&rsquo;h\u00f4tel et le spa, il existe deux restaurants exclusifs conseill\u00e9s par le chef riojan Francis Paniego, ambassadeur du sel d&rsquo;A\u00f1ana et \u00e9toil\u00e9 au Michelin, o\u00f9 vous pourrez d\u00e9guster l&rsquo;accord qui r\u00e9sulte du m\u00e9lange du sel min\u00e9ral et de la fleur de sel de la vall\u00e9e du sel avec les vins renomm\u00e9s du domaine viticole d&rsquo;Alava.<\/p>\t\t\t\t\t\t\t\t<\/div>\n\t\t\t\t<\/div>\n\t\t\t\t\t<\/div>\n\t\t<\/div>\n\t\t\t\t<div class=\"elementor-column elementor-col-50 elementor-top-column elementor-element elementor-element-14546aa\" data-id=\"14546aa\" data-element_type=\"column\">\n\t\t\t<div class=\"elementor-widget-wrap elementor-element-populated\">\n\t\t\t\t\t\t<div class=\"elementor-element elementor-element-6b77826 elementor-widget elementor-widget-image\" data-id=\"6b77826\" data-element_type=\"widget\" data-widget_type=\"image.default\">\n\t\t\t\t<div class=\"elementor-widget-container\">\n\t\t\t\t\t\t\t\t\t\t\t\t\t\t\t<img fetchpriority=\"high\" decoding=\"async\" width=\"558\" height=\"476\" src=\"https:\/\/www.vallesalado.com\/wp-content\/uploads\/2025\/01\/marques-de-riscal-1.webp\" class=\"attachment-full size-full wp-image-5303\" alt=\"\" srcset=\"https:\/\/www.vallesalado.com\/wp-content\/uploads\/2025\/01\/marques-de-riscal-1.webp 558w, https:\/\/www.vallesalado.com\/wp-content\/uploads\/2025\/01\/marques-de-riscal-1-300x256.webp 300w\" sizes=\"(max-width: 558px) 100vw, 558px\" \/>\t\t\t\t\t\t\t\t\t\t\t\t\t\t\t<\/div>\n\t\t\t\t<\/div>\n\t\t\t\t<div class=\"elementor-element elementor-element-f3b92d4 e-transform elementor-widget elementor-widget-image\" data-id=\"f3b92d4\" data-element_type=\"widget\" data-settings=\"{&quot;_transform_translateX_effect&quot;:{&quot;unit&quot;:&quot;px&quot;,&quot;size&quot;:220,&quot;sizes&quot;:[]},&quot;_transform_translateX_effect_tablet&quot;:{&quot;unit&quot;:&quot;px&quot;,&quot;size&quot;:106,&quot;sizes&quot;:[]},&quot;_transform_translateX_effect_mobile&quot;:{&quot;unit&quot;:&quot;px&quot;,&quot;size&quot;:20,&quot;sizes&quot;:[]},&quot;_transform_translateY_effect&quot;:{&quot;unit&quot;:&quot;px&quot;,&quot;size&quot;:-147,&quot;sizes&quot;:[]},&quot;_transform_translateY_effect_tablet&quot;:{&quot;unit&quot;:&quot;px&quot;,&quot;size&quot;:-86,&quot;sizes&quot;:[]},&quot;_transform_translateY_effect_mobile&quot;:{&quot;unit&quot;:&quot;px&quot;,&quot;size&quot;:-110,&quot;sizes&quot;:[]}}\" data-widget_type=\"image.default\">\n\t\t\t\t<div class=\"elementor-widget-container\">\n\t\t\t\t\t\t\t\t\t\t\t\t\t\t\t<img decoding=\"async\" width=\"600\" height=\"600\" src=\"https:\/\/www.vallesalado.com\/wp-content\/uploads\/2024\/12\/valle-salado-gota-08.webp\" class=\"attachment-full size-full wp-image-4469\" alt=\"\" srcset=\"https:\/\/www.vallesalado.com\/wp-content\/uploads\/2024\/12\/valle-salado-gota-08.webp 600w, https:\/\/www.vallesalado.com\/wp-content\/uploads\/2024\/12\/valle-salado-gota-08-300x300.webp 300w, https:\/\/www.vallesalado.com\/wp-content\/uploads\/2024\/12\/valle-salado-gota-08-150x150.webp 150w, https:\/\/www.vallesalado.com\/wp-content\/uploads\/2024\/12\/valle-salado-gota-08-100x100.webp 100w\" sizes=\"(max-width: 600px) 100vw, 600px\" \/>\t\t\t\t\t\t\t\t\t\t\t\t\t\t\t<\/div>\n\t\t\t\t<\/div>\n\t\t\t\t\t<\/div>\n\t\t<\/div>\n\t\t\t\t\t<\/div>\n\t\t<\/section>\n\t\t\t\t<section class=\"elementor-section elementor-top-section elementor-element elementor-element-4060667 elementor-section-boxed elementor-section-height-default elementor-section-height-default\" data-id=\"4060667\" data-element_type=\"section\">\n\t\t\t\t\t\t<div class=\"elementor-container elementor-column-gap-default\">\n\t\t\t\t\t<div class=\"elementor-column elementor-col-100 elementor-top-column elementor-element elementor-element-88ed1bb\" data-id=\"88ed1bb\" data-element_type=\"column\" data-settings=\"{&quot;background_background&quot;:&quot;classic&quot;}\">\n\t\t\t<div class=\"elementor-widget-wrap elementor-element-populated\">\n\t\t\t\t\t\t<section class=\"elementor-section elementor-inner-section elementor-element elementor-element-f192de7 elementor-section-boxed elementor-section-height-default elementor-section-height-default\" data-id=\"f192de7\" data-element_type=\"section\">\n\t\t\t\t\t\t<div class=\"elementor-container elementor-column-gap-wider\">\n\t\t\t\t\t<div class=\"elementor-column elementor-col-25 elementor-inner-column elementor-element elementor-element-5ddce64\" data-id=\"5ddce64\" data-element_type=\"column\">\n\t\t\t<div class=\"elementor-widget-wrap elementor-element-populated\">\n\t\t\t\t\t\t<div class=\"elementor-element elementor-element-c5cc68d elementor-widget elementor-widget-image\" data-id=\"c5cc68d\" data-element_type=\"widget\" data-widget_type=\"image.default\">\n\t\t\t\t<div class=\"elementor-widget-container\">\n\t\t\t\t\t\t\t\t\t\t\t\t\t\t\t<img decoding=\"async\" width=\"40\" height=\"40\" src=\"https:\/\/www.vallesalado.com\/wp-content\/uploads\/2024\/12\/visitas-icono-calendario.svg\" class=\"attachment-full size-full wp-image-4181\" alt=\"\" \/>\t\t\t\t\t\t\t\t\t\t\t\t\t\t\t<\/div>\n\t\t\t\t<\/div>\n\t\t\t\t<div class=\"elementor-element elementor-element-c5fcfeb elementor-widget elementor-widget-heading\" data-id=\"c5fcfeb\" data-element_type=\"widget\" data-widget_type=\"heading.default\">\n\t\t\t\t<div class=\"elementor-widget-container\">\n\t\t\t\t\t<h2 class=\"elementor-heading-title elementor-size-default\">Saison<\/h2>\t\t\t\t<\/div>\n\t\t\t\t<\/div>\n\t\t\t\t<div class=\"elementor-element elementor-element-146db1d elementor-widget elementor-widget-text-editor\" data-id=\"146db1d\" data-element_type=\"widget\" data-widget_type=\"text-editor.default\">\n\t\t\t\t<div class=\"elementor-widget-container\">\n\t\t\t\t\t\t\t\t\t<p>Du lundi au dimanche, jours f\u00e9ri\u00e9s inclus<\/p>\t\t\t\t\t\t\t\t<\/div>\n\t\t\t\t<\/div>\n\t\t\t\t\t<\/div>\n\t\t<\/div>\n\t\t\t\t<div class=\"elementor-column elementor-col-25 elementor-inner-column elementor-element elementor-element-962ea32\" data-id=\"962ea32\" data-element_type=\"column\">\n\t\t\t<div class=\"elementor-widget-wrap elementor-element-populated\">\n\t\t\t\t\t\t<div class=\"elementor-element elementor-element-9ca7bf9 elementor-widget elementor-widget-image\" data-id=\"9ca7bf9\" data-element_type=\"widget\" data-widget_type=\"image.default\">\n\t\t\t\t<div class=\"elementor-widget-container\">\n\t\t\t\t\t\t\t\t\t\t\t\t\t\t\t<img loading=\"lazy\" decoding=\"async\" width=\"40\" height=\"40\" src=\"https:\/\/www.vallesalado.com\/wp-content\/uploads\/2024\/12\/visitas-icono-precios.svg\" class=\"attachment-full size-full wp-image-4178\" alt=\"\" \/>\t\t\t\t\t\t\t\t\t\t\t\t\t\t\t<\/div>\n\t\t\t\t<\/div>\n\t\t\t\t<div class=\"elementor-element elementor-element-61b4a4d elementor-widget elementor-widget-heading\" data-id=\"61b4a4d\" data-element_type=\"widget\" data-widget_type=\"heading.default\">\n\t\t\t\t<div class=\"elementor-widget-container\">\n\t\t\t\t\t<h2 class=\"elementor-heading-title elementor-size-default\">Prix*<\/h2>\t\t\t\t<\/div>\n\t\t\t\t<\/div>\n\t\t\t\t<div class=\"elementor-element elementor-element-a7a338d elementor-widget elementor-widget-text-editor\" data-id=\"a7a338d\" data-element_type=\"widget\" data-widget_type=\"text-editor.default\">\n\t\t\t\t<div class=\"elementor-widget-container\">\n\t\t\t\t\t\t\t\t\t<p>Adultes : 30,40 \u20ac<\/p><p>13-17 ans : 21,50 \u20ac<\/p><p>Entre 11 et 12 ans : 15,50 \u20ac<\/p><p>Entre 7 et 10 ans : 3 \u20ac<\/p><p>Enfants jusqu&rsquo;\u00e0 10 ans : gratuit<\/p><p>*Les r\u00e9ductions ne sont pas cumulables avec d&rsquo;autres promotions.<\/p>\t\t\t\t\t\t\t\t<\/div>\n\t\t\t\t<\/div>\n\t\t\t\t\t<\/div>\n\t\t<\/div>\n\t\t\t\t<div class=\"elementor-column elementor-col-25 elementor-inner-column elementor-element elementor-element-b9674b9\" data-id=\"b9674b9\" data-element_type=\"column\">\n\t\t\t<div class=\"elementor-widget-wrap elementor-element-populated\">\n\t\t\t\t\t\t<div class=\"elementor-element elementor-element-4ae04dc elementor-widget elementor-widget-image\" data-id=\"4ae04dc\" data-element_type=\"widget\" data-widget_type=\"image.default\">\n\t\t\t\t<div class=\"elementor-widget-container\">\n\t\t\t\t\t\t\t\t\t\t\t\t\t\t\t<img loading=\"lazy\" decoding=\"async\" width=\"40\" height=\"40\" src=\"https:\/\/www.vallesalado.com\/wp-content\/uploads\/2024\/12\/visitas-icono-duracion.svg\" class=\"attachment-full size-full wp-image-4175\" alt=\"\" \/>\t\t\t\t\t\t\t\t\t\t\t\t\t\t\t<\/div>\n\t\t\t\t<\/div>\n\t\t\t\t<div class=\"elementor-element elementor-element-b4e0d28 elementor-widget elementor-widget-heading\" data-id=\"b4e0d28\" data-element_type=\"widget\" data-widget_type=\"heading.default\">\n\t\t\t\t<div class=\"elementor-widget-container\">\n\t\t\t\t\t<h2 class=\"elementor-heading-title elementor-size-default\">Dur\u00e9e<\/h2>\t\t\t\t<\/div>\n\t\t\t\t<\/div>\n\t\t\t\t<div class=\"elementor-element elementor-element-798b6d0 elementor-widget elementor-widget-text-editor\" data-id=\"798b6d0\" data-element_type=\"widget\" data-widget_type=\"text-editor.default\">\n\t\t\t\t<div class=\"elementor-widget-container\">\n\t\t\t\t\t\t\t\t\t<p>Visite g\u00e9n\u00e9rale de la Vall\u00e9e du Sel : 1 heure<\/p><p>Visite du Marqu\u00e9s de Riscal : 1 heure 30 minutes<\/p>\t\t\t\t\t\t\t\t<\/div>\n\t\t\t\t<\/div>\n\t\t\t\t\t<\/div>\n\t\t<\/div>\n\t\t\t\t<div class=\"elementor-column elementor-col-25 elementor-inner-column elementor-element elementor-element-f7625e7\" data-id=\"f7625e7\" data-element_type=\"column\">\n\t\t\t<div class=\"elementor-widget-wrap elementor-element-populated\">\n\t\t\t\t\t\t<div class=\"elementor-element elementor-element-22c8395 elementor-widget elementor-widget-image\" data-id=\"22c8395\" data-element_type=\"widget\" data-widget_type=\"image.default\">\n\t\t\t\t<div class=\"elementor-widget-container\">\n\t\t\t\t\t\t\t\t\t\t\t\t\t\t\t<img loading=\"lazy\" decoding=\"async\" width=\"40\" height=\"40\" src=\"https:\/\/www.vallesalado.com\/wp-content\/uploads\/2024\/12\/visitas-icono-requisitos.svg\" class=\"attachment-full size-full wp-image-4172\" alt=\"\" \/>\t\t\t\t\t\t\t\t\t\t\t\t\t\t\t<\/div>\n\t\t\t\t<\/div>\n\t\t\t\t<div class=\"elementor-element elementor-element-9e407c9 elementor-widget elementor-widget-heading\" data-id=\"9e407c9\" data-element_type=\"widget\" data-widget_type=\"heading.default\">\n\t\t\t\t<div class=\"elementor-widget-container\">\n\t\t\t\t\t<h2 class=\"elementor-heading-title elementor-size-default\">Langues<\/h2>\t\t\t\t<\/div>\n\t\t\t\t<\/div>\n\t\t\t\t<div class=\"elementor-element elementor-element-248c433 elementor-widget elementor-widget-text-editor\" data-id=\"248c433\" data-element_type=\"widget\" data-widget_type=\"text-editor.default\">\n\t\t\t\t<div class=\"elementor-widget-container\">\n\t\t\t\t\t\t\t\t\t<p>Salt Valley : basque, espagnol, anglais, fran\u00e7ais<\/p><p>Marqu\u00e9s de Riscal : espagnol, anglais, fran\u00e7ais, russe, italien<\/p>\t\t\t\t\t\t\t\t<\/div>\n\t\t\t\t<\/div>\n\t\t\t\t<div class=\"elementor-element elementor-element-7cddf65 elementor-widget elementor-widget-heading\" data-id=\"7cddf65\" data-element_type=\"widget\" data-widget_type=\"heading.default\">\n\t\t\t\t<div class=\"elementor-widget-container\">\n\t\t\t\t\t<h2 class=\"elementor-heading-title elementor-size-default\">Exigences essentielles<\/h2>\t\t\t\t<\/div>\n\t\t\t\t<\/div>\n\t\t\t\t<div class=\"elementor-element elementor-element-b6fd7bb elementor-widget elementor-widget-text-editor\" data-id=\"b6fd7bb\" data-element_type=\"widget\" data-widget_type=\"text-editor.default\">\n\t\t\t\t<div class=\"elementor-widget-container\">\n\t\t\t\t\t\t\t\t\t<p>R\u00e9servez \u00e0 l&rsquo;avance dans les deux \u00e9tablissements<\/p><p>Veuillez vous pr\u00e9senter 15 minutes \u00e0 l&rsquo;avance au centre d&rsquo;accueil des visiteurs de Salt Valley.<\/p>\t\t\t\t\t\t\t\t<\/div>\n\t\t\t\t<\/div>\n\t\t\t\t<div class=\"elementor-element elementor-element-68aeedf elementor-widget elementor-widget-heading\" data-id=\"68aeedf\" data-element_type=\"widget\" data-widget_type=\"heading.default\">\n\t\t\t\t<div class=\"elementor-widget-container\">\n\t\t\t\t\t<h2 class=\"elementor-heading-title elementor-size-default\">R\u00e9servations<\/h2>\t\t\t\t<\/div>\n\t\t\t\t<\/div>\n\t\t\t\t<div class=\"elementor-element elementor-element-8056fbf elementor-widget elementor-widget-text-editor\" data-id=\"8056fbf\" data-element_type=\"widget\" data-widget_type=\"text-editor.default\">\n\t\t\t\t<div class=\"elementor-widget-container\">\n\t\t\t\t\t\t\t\t\t<p><strong>Valle Salado:<\/strong> <br>945 351 111<br>reservas@vallesalado.com<\/p><p><strong>Marqu\u00e9s de Riscal<br><\/strong>945 180 888<br>www.marquesderiscal.com<\/p>\t\t\t\t\t\t\t\t<\/div>\n\t\t\t\t<\/div>\n\t\t\t\t\t<\/div>\n\t\t<\/div>\n\t\t\t\t\t<\/div>\n\t\t<\/section>\n\t\t\t\t\t<\/div>\n\t\t<\/div>\n\t\t\t\t\t<\/div>\n\t\t<\/section>\n\t\t\t\t<section class=\"elementor-section elementor-top-section elementor-element elementor-element-7646ee19 elementor-section-boxed elementor-section-height-default elementor-section-height-default\" data-id=\"7646ee19\" data-element_type=\"section\" data-settings=\"{&quot;background_background&quot;:&quot;classic&quot;,&quot;sticky&quot;:&quot;bottom&quot;,&quot;sticky_on&quot;:[&quot;desktop&quot;,&quot;tablet&quot;,&quot;mobile&quot;],&quot;sticky_offset&quot;:0,&quot;sticky_effects_offset&quot;:0,&quot;sticky_anchor_link_offset&quot;:0}\">\n\t\t\t\t\t\t<div class=\"elementor-container elementor-column-gap-default\">\n\t\t\t\t\t<div class=\"elementor-column elementor-col-100 elementor-top-column elementor-element elementor-element-21fcc322\" data-id=\"21fcc322\" data-element_type=\"column\">\n\t\t\t<div class=\"elementor-widget-wrap elementor-element-populated\">\n\t\t\t\t\t\t<div class=\"elementor-element elementor-element-6371f410 elementor-align-center elementor-widget elementor-widget-button\" data-id=\"6371f410\" data-element_type=\"widget\" data-widget_type=\"button.default\">\n\t\t\t\t<div class=\"elementor-widget-container\">\n\t\t\t\t\t\t\t\t\t<div class=\"elementor-button-wrapper\">\n\t\t\t\t\t<a class=\"elementor-button elementor-button-link elementor-size-sm\" href=\"https:\/\/www.vallesalado.com\/fr\/reservations\/\">\n\t\t\t\t\t\t<span class=\"elementor-button-content-wrapper\">\n\t\t\t\t\t\t\t\t\t<span class=\"elementor-button-text\">R\u00e9servez cette activit\u00e9<\/span>\n\t\t\t\t\t<\/span>\n\t\t\t\t\t<\/a>\n\t\t\t\t<\/div>\n\t\t\t\t\t\t\t\t<\/div>\n\t\t\t\t<\/div>\n\t\t\t\t\t<\/div>\n\t\t<\/div>\n\t\t\t\t\t<\/div>\n\t\t<\/section>\n\t\t\t\t<\/div>\n\t\t","protected":false},"excerpt":{"rendered":"<p>La visite combin\u00e9e de la Vall\u00e9e du Sel d&rsquo;A\u00f1ana et de la Cit\u00e9 du Vin Marqu\u00e9s de Riscal vous plongera dans un monde de sensations vibrantes o\u00f9 la beaut\u00e9 des paysages se m\u00eale au go\u00fbt de l&rsquo;un des meilleurs sels et vins du monde. La vall\u00e9e du sel est un paysage salin culturel et naturel [&hellip;]<\/p>\n","protected":false},"author":1,"featured_media":0,"parent":6736,"menu_order":0,"comment_status":"closed","ping_status":"closed","template":"","meta":{"inline_featured_image":false,"footnotes":"","_links_to":"","_links_to_target":""},"class_list":["post-6877","page","type-page","status-publish","hentry"],"yoast_head":"<!-- This site is optimized with the Yoast SEO plugin v26.7 - https:\/\/yoast.com\/wordpress\/plugins\/seo\/ -->\n<title>Marqu\u00e9s de Riscal - Valle Salado de A\u00f1ana<\/title>\n<meta name=\"robots\" content=\"index, follow, max-snippet:-1, max-image-preview:large, max-video-preview:-1\" \/>\n<link rel=\"canonical\" href=\"https:\/\/www.vallesalado.com\/fr\/experiences\/marques-de-riscal\/\" \/>\n<meta property=\"og:locale\" content=\"fr_FR\" \/>\n<meta property=\"og:type\" content=\"article\" \/>\n<meta property=\"og:title\" content=\"Marqu\u00e9s de Riscal - Valle Salado de A\u00f1ana\" \/>\n<meta property=\"og:description\" content=\"La visite combin\u00e9e de la Vall\u00e9e du Sel d&rsquo;A\u00f1ana et de la Cit\u00e9 du Vin Marqu\u00e9s de Riscal vous plongera dans un monde de sensations vibrantes o\u00f9 la beaut\u00e9 des paysages se m\u00eale au go\u00fbt de l&rsquo;un des meilleurs sels et vins du monde. La vall\u00e9e du sel est un paysage salin culturel et naturel [&hellip;]\" \/>\n<meta property=\"og:url\" content=\"https:\/\/www.vallesalado.com\/fr\/experiences\/marques-de-riscal\/\" \/>\n<meta property=\"og:site_name\" content=\"Valle Salado de A\u00f1ana\" \/>\n<meta property=\"article:publisher\" content=\"https:\/\/www.facebook.com\/ValleSaladodeAnana\" \/>\n<meta property=\"article:modified_time\" content=\"2025-12-30T22:18:16+00:00\" \/>\n<meta property=\"og:image\" content=\"https:\/\/www.vallesalado.com\/wp-content\/uploads\/2025\/01\/marques-de-riscal-1.webp\" \/>\n\t<meta property=\"og:image:width\" content=\"558\" \/>\n\t<meta property=\"og:image:height\" content=\"476\" \/>\n\t<meta property=\"og:image:type\" content=\"image\/webp\" \/>\n<meta name=\"twitter:card\" content=\"summary_large_image\" \/>\n<meta name=\"twitter:site\" content=\"@vallesalado\" \/>\n<meta name=\"twitter:label1\" content=\"Dur\u00e9e de lecture estim\u00e9e\" \/>\n\t<meta name=\"twitter:data1\" content=\"2 minutes\" \/>\n<script type=\"application\/ld+json\" class=\"yoast-schema-graph\">{\"@context\":\"https:\/\/schema.org\",\"@graph\":[{\"@type\":\"WebPage\",\"@id\":\"https:\/\/www.vallesalado.com\/fr\/experiences\/marques-de-riscal\/\",\"url\":\"https:\/\/www.vallesalado.com\/fr\/experiences\/marques-de-riscal\/\",\"name\":\"Marqu\u00e9s de Riscal - Valle Salado de A\u00f1ana\",\"isPartOf\":{\"@id\":\"https:\/\/www.vallesalado.com\/fr\/#website\"},\"primaryImageOfPage\":{\"@id\":\"https:\/\/www.vallesalado.com\/fr\/experiences\/marques-de-riscal\/#primaryimage\"},\"image\":{\"@id\":\"https:\/\/www.vallesalado.com\/fr\/experiences\/marques-de-riscal\/#primaryimage\"},\"thumbnailUrl\":\"https:\/\/www.vallesalado.com\/wp-content\/uploads\/2025\/01\/marques-de-riscal-1.webp\",\"datePublished\":\"2024-12-09T12:20:51+00:00\",\"dateModified\":\"2025-12-30T22:18:16+00:00\",\"breadcrumb\":{\"@id\":\"https:\/\/www.vallesalado.com\/fr\/experiences\/marques-de-riscal\/#breadcrumb\"},\"inLanguage\":\"fr-FR\",\"potentialAction\":[{\"@type\":\"ReadAction\",\"target\":[\"https:\/\/www.vallesalado.com\/fr\/experiences\/marques-de-riscal\/\"]}]},{\"@type\":\"ImageObject\",\"inLanguage\":\"fr-FR\",\"@id\":\"https:\/\/www.vallesalado.com\/fr\/experiences\/marques-de-riscal\/#primaryimage\",\"url\":\"https:\/\/www.vallesalado.com\/wp-content\/uploads\/2025\/01\/marques-de-riscal-1.webp\",\"contentUrl\":\"https:\/\/www.vallesalado.com\/wp-content\/uploads\/2025\/01\/marques-de-riscal-1.webp\"},{\"@type\":\"BreadcrumbList\",\"@id\":\"https:\/\/www.vallesalado.com\/fr\/experiences\/marques-de-riscal\/#breadcrumb\",\"itemListElement\":[{\"@type\":\"ListItem\",\"position\":1,\"name\":\"Valle Salado\",\"item\":\"https:\/\/www.vallesalado.com\/fr\/\"},{\"@type\":\"ListItem\",\"position\":2,\"name\":\"Exp\u00e9riences\",\"item\":\"https:\/\/www.vallesalado.com\/fr\/experiencias\/\"},{\"@type\":\"ListItem\",\"position\":3,\"name\":\"Marqu\u00e9s de Riscal\"}]},{\"@type\":\"WebSite\",\"@id\":\"https:\/\/www.vallesalado.com\/fr\/#website\",\"url\":\"https:\/\/www.vallesalado.com\/fr\/\",\"name\":\"Valle Salado de A\u00f1ana\",\"description\":\"Valle Salado de A\u00f1ana\",\"publisher\":{\"@id\":\"https:\/\/www.vallesalado.com\/fr\/#organization\"},\"potentialAction\":[{\"@type\":\"SearchAction\",\"target\":{\"@type\":\"EntryPoint\",\"urlTemplate\":\"https:\/\/www.vallesalado.com\/fr\/?s={search_term_string}\"},\"query-input\":{\"@type\":\"PropertyValueSpecification\",\"valueRequired\":true,\"valueName\":\"search_term_string\"}}],\"inLanguage\":\"fr-FR\"},{\"@type\":\"Organization\",\"@id\":\"https:\/\/www.vallesalado.com\/fr\/#organization\",\"name\":\"Valle Salado de A\u00f1ana\",\"url\":\"https:\/\/www.vallesalado.com\/fr\/\",\"logo\":{\"@type\":\"ImageObject\",\"inLanguage\":\"fr-FR\",\"@id\":\"https:\/\/www.vallesalado.com\/fr\/#\/schema\/logo\/image\/\",\"url\":\"https:\/\/www.vallesalado.com\/wp-content\/uploads\/2025\/05\/logo-valle-salado.webp\",\"contentUrl\":\"https:\/\/www.vallesalado.com\/wp-content\/uploads\/2025\/05\/logo-valle-salado.webp\",\"width\":600,\"height\":143,\"caption\":\"Valle Salado de A\u00f1ana\"},\"image\":{\"@id\":\"https:\/\/www.vallesalado.com\/fr\/#\/schema\/logo\/image\/\"},\"sameAs\":[\"https:\/\/www.facebook.com\/ValleSaladodeAnana\",\"https:\/\/x.com\/vallesalado\",\"https:\/\/www.instagram.com\/vallesalado\/\"]}]}<\/script>\n<!-- \/ Yoast SEO plugin. -->","yoast_head_json":{"title":"Marqu\u00e9s de Riscal - Valle Salado de A\u00f1ana","robots":{"index":"index","follow":"follow","max-snippet":"max-snippet:-1","max-image-preview":"max-image-preview:large","max-video-preview":"max-video-preview:-1"},"canonical":"https:\/\/www.vallesalado.com\/fr\/experiences\/marques-de-riscal\/","og_locale":"fr_FR","og_type":"article","og_title":"Marqu\u00e9s de Riscal - Valle Salado de A\u00f1ana","og_description":"La visite combin\u00e9e de la Vall\u00e9e du Sel d&rsquo;A\u00f1ana et de la Cit\u00e9 du Vin Marqu\u00e9s de Riscal vous plongera dans un monde de sensations vibrantes o\u00f9 la beaut\u00e9 des paysages se m\u00eale au go\u00fbt de l&rsquo;un des meilleurs sels et vins du monde. La vall\u00e9e du sel est un paysage salin culturel et naturel [&hellip;]","og_url":"https:\/\/www.vallesalado.com\/fr\/experiences\/marques-de-riscal\/","og_site_name":"Valle Salado de A\u00f1ana","article_publisher":"https:\/\/www.facebook.com\/ValleSaladodeAnana","article_modified_time":"2025-12-30T22:18:16+00:00","og_image":[{"width":558,"height":476,"url":"https:\/\/www.vallesalado.com\/wp-content\/uploads\/2025\/01\/marques-de-riscal-1.webp","type":"image\/webp"}],"twitter_card":"summary_large_image","twitter_site":"@vallesalado","twitter_misc":{"Dur\u00e9e de lecture estim\u00e9e":"2 minutes"},"schema":{"@context":"https:\/\/schema.org","@graph":[{"@type":"WebPage","@id":"https:\/\/www.vallesalado.com\/fr\/experiences\/marques-de-riscal\/","url":"https:\/\/www.vallesalado.com\/fr\/experiences\/marques-de-riscal\/","name":"Marqu\u00e9s de Riscal - Valle Salado de A\u00f1ana","isPartOf":{"@id":"https:\/\/www.vallesalado.com\/fr\/#website"},"primaryImageOfPage":{"@id":"https:\/\/www.vallesalado.com\/fr\/experiences\/marques-de-riscal\/#primaryimage"},"image":{"@id":"https:\/\/www.vallesalado.com\/fr\/experiences\/marques-de-riscal\/#primaryimage"},"thumbnailUrl":"https:\/\/www.vallesalado.com\/wp-content\/uploads\/2025\/01\/marques-de-riscal-1.webp","datePublished":"2024-12-09T12:20:51+00:00","dateModified":"2025-12-30T22:18:16+00:00","breadcrumb":{"@id":"https:\/\/www.vallesalado.com\/fr\/experiences\/marques-de-riscal\/#breadcrumb"},"inLanguage":"fr-FR","potentialAction":[{"@type":"ReadAction","target":["https:\/\/www.vallesalado.com\/fr\/experiences\/marques-de-riscal\/"]}]},{"@type":"ImageObject","inLanguage":"fr-FR","@id":"https:\/\/www.vallesalado.com\/fr\/experiences\/marques-de-riscal\/#primaryimage","url":"https:\/\/www.vallesalado.com\/wp-content\/uploads\/2025\/01\/marques-de-riscal-1.webp","contentUrl":"https:\/\/www.vallesalado.com\/wp-content\/uploads\/2025\/01\/marques-de-riscal-1.webp"},{"@type":"BreadcrumbList","@id":"https:\/\/www.vallesalado.com\/fr\/experiences\/marques-de-riscal\/#breadcrumb","itemListElement":[{"@type":"ListItem","position":1,"name":"Valle Salado","item":"https:\/\/www.vallesalado.com\/fr\/"},{"@type":"ListItem","position":2,"name":"Exp\u00e9riences","item":"https:\/\/www.vallesalado.com\/fr\/experiencias\/"},{"@type":"ListItem","position":3,"name":"Marqu\u00e9s de Riscal"}]},{"@type":"WebSite","@id":"https:\/\/www.vallesalado.com\/fr\/#website","url":"https:\/\/www.vallesalado.com\/fr\/","name":"Valle Salado de A\u00f1ana","description":"Valle Salado de A\u00f1ana","publisher":{"@id":"https:\/\/www.vallesalado.com\/fr\/#organization"},"potentialAction":[{"@type":"SearchAction","target":{"@type":"EntryPoint","urlTemplate":"https:\/\/www.vallesalado.com\/fr\/?s={search_term_string}"},"query-input":{"@type":"PropertyValueSpecification","valueRequired":true,"valueName":"search_term_string"}}],"inLanguage":"fr-FR"},{"@type":"Organization","@id":"https:\/\/www.vallesalado.com\/fr\/#organization","name":"Valle Salado de A\u00f1ana","url":"https:\/\/www.vallesalado.com\/fr\/","logo":{"@type":"ImageObject","inLanguage":"fr-FR","@id":"https:\/\/www.vallesalado.com\/fr\/#\/schema\/logo\/image\/","url":"https:\/\/www.vallesalado.com\/wp-content\/uploads\/2025\/05\/logo-valle-salado.webp","contentUrl":"https:\/\/www.vallesalado.com\/wp-content\/uploads\/2025\/05\/logo-valle-salado.webp","width":600,"height":143,"caption":"Valle Salado de A\u00f1ana"},"image":{"@id":"https:\/\/www.vallesalado.com\/fr\/#\/schema\/logo\/image\/"},"sameAs":["https:\/\/www.facebook.com\/ValleSaladodeAnana","https:\/\/x.com\/vallesalado","https:\/\/www.instagram.com\/vallesalado\/"]}]}},"_links":{"self":[{"href":"https:\/\/www.vallesalado.com\/fr\/wp-json\/wp\/v2\/pages\/6877","targetHints":{"allow":["GET"]}}],"collection":[{"href":"https:\/\/www.vallesalado.com\/fr\/wp-json\/wp\/v2\/pages"}],"about":[{"href":"https:\/\/www.vallesalado.com\/fr\/wp-json\/wp\/v2\/types\/page"}],"author":[{"embeddable":true,"href":"https:\/\/www.vallesalado.com\/fr\/wp-json\/wp\/v2\/users\/1"}],"replies":[{"embeddable":true,"href":"https:\/\/www.vallesalado.com\/fr\/wp-json\/wp\/v2\/comments?post=6877"}],"version-history":[{"count":4,"href":"https:\/\/www.vallesalado.com\/fr\/wp-json\/wp\/v2\/pages\/6877\/revisions"}],"predecessor-version":[{"id":9647,"href":"https:\/\/www.vallesalado.com\/fr\/wp-json\/wp\/v2\/pages\/6877\/revisions\/9647"}],"up":[{"embeddable":true,"href":"https:\/\/www.vallesalado.com\/fr\/wp-json\/wp\/v2\/pages\/6736"}],"wp:attachment":[{"href":"https:\/\/www.vallesalado.com\/fr\/wp-json\/wp\/v2\/media?parent=6877"}],"curies":[{"name":"wp","href":"https:\/\/api.w.org\/{rel}","templated":true}]}}