{"id":6899,"date":"2021-10-14T19:22:55","date_gmt":"2021-10-14T17:22:55","guid":{"rendered":"https:\/\/vallesalado.com\/privacy-policy\/"},"modified":"2025-05-14T18:11:38","modified_gmt":"2025-05-14T16:11:38","slug":"privacy-policy","status":"publish","type":"page","link":"https:\/\/www.vallesalado.com\/fr\/privacy-policy\/","title":{"rendered":"Politique de confidentialit\u00e9"},"content":{"rendered":"\t\t<div data-elementor-type=\"wp-page\" data-elementor-id=\"6899\" class=\"elementor elementor-6899 elementor-3\" data-elementor-post-type=\"page\">\n\t\t\t\t\t\t<section class=\"elementor-section elementor-top-section elementor-element elementor-element-f7709e8 elementor-section-boxed elementor-section-height-default elementor-section-height-default\" data-id=\"f7709e8\" data-element_type=\"section\" data-settings=\"{&quot;background_background&quot;:&quot;classic&quot;}\">\n\t\t\t\t\t\t<div class=\"elementor-container elementor-column-gap-default\">\n\t\t\t\t\t<div class=\"elementor-column elementor-col-100 elementor-top-column elementor-element elementor-element-6a7fdb7\" data-id=\"6a7fdb7\" data-element_type=\"column\">\n\t\t\t<div class=\"elementor-widget-wrap elementor-element-populated\">\n\t\t\t\t\t\t<div class=\"elementor-element elementor-element-e2b24ef elementor-widget elementor-widget-heading\" data-id=\"e2b24ef\" data-element_type=\"widget\" data-widget_type=\"heading.default\">\n\t\t\t\t<div class=\"elementor-widget-container\">\n\t\t\t\t\t<h1 class=\"elementor-heading-title elementor-size-default\">Politique de confidentialit\u00e9<\/h1>\t\t\t\t<\/div>\n\t\t\t\t<\/div>\n\t\t\t\t<div class=\"elementor-element elementor-element-be580e6 elementor-align-center elementor-widget elementor-widget-breadcrumbs\" data-id=\"be580e6\" data-element_type=\"widget\" data-widget_type=\"breadcrumbs.default\">\n\t\t\t\t<div class=\"elementor-widget-container\">\n\t\t\t\t\t<p id=\"breadcrumbs\"><span><span><a href=\"https:\/\/www.vallesalado.com\/fr\/\">Valle Salado<\/a><\/span><\/span><\/p>\t\t\t\t<\/div>\n\t\t\t\t<\/div>\n\t\t\t\t\t<\/div>\n\t\t<\/div>\n\t\t\t\t\t<\/div>\n\t\t<\/section>\n\t\t\t\t<section class=\"elementor-section elementor-top-section elementor-element elementor-element-456cff1 elementor-section-boxed elementor-section-height-default elementor-section-height-default\" data-id=\"456cff1\" data-element_type=\"section\">\n\t\t\t\t\t\t<div class=\"elementor-container elementor-column-gap-default\">\n\t\t\t\t\t<div class=\"elementor-column elementor-col-100 elementor-top-column elementor-element elementor-element-0b416f6\" data-id=\"0b416f6\" data-element_type=\"column\">\n\t\t\t<div class=\"elementor-widget-wrap elementor-element-populated\">\n\t\t\t\t\t\t<div class=\"elementor-element elementor-element-a6ed0d3 elementor-widget elementor-widget-text-editor\" data-id=\"a6ed0d3\" data-element_type=\"widget\" data-widget_type=\"text-editor.default\">\n\t\t\t\t<div class=\"elementor-widget-container\">\n\t\t\t\t\t\t\t\t\t<p>Dans la FONDATION VALLE SALADO DE A\u00d1ANA, Nous nous engageons \u00e0 prot\u00e9ger la vie priv\u00e9e et \u00e0 utiliser correctement les donn\u00e9es personnelles que nous traitons et que vous nous communiquez, \u00e0 la fois en ligne sur ce site Web, et le cas \u00e9ch\u00e9ant, dans l\u2019un de ses sous-domaines, en mode hors connexion.<\/p><p> <\/p><p><strong>1.-Votre consentement<\/strong><\/p><p>S&rsquo;il vous pla\u00eet, lisez attentivement cette politique et assurez-vous de la comprendre et de l&rsquo;accepter avant de nous fournir vos informations personnelles. Si vous n&rsquo;acceptez pas ces conditions, n&rsquo;utilisez pas ce site Web ni ses services, et ne nous fournissez pas vos informations. Le fait d&rsquo;acc\u00e9der \u00e0 ce site, d&rsquo;utiliser l&rsquo;un de ses services ou de fournir vos donn\u00e9es, en ligne ou hors ligne, nous le comprenons comme une action affirmative claire par laquelle vous nous donnez votre consentement (de la m\u00eame mani\u00e8re si n\u00e9cessaire) pour traiter vos donn\u00e9es aux fins indiqu\u00e9es ci-dessous.  <\/p><p> <\/p><p><strong>2.- Qui est responsable du traitement de vos donn\u00e9es?<\/strong><\/p><p>FONDATION VALLE SALADO DE A\u00d1ANA<\/p><p>Adresse postale: Place Miguel D\u00edaz de Tuesta, 1 01426 Salinas de A\u00f1ana (\u00c1lava)<\/p><p>Email: <a href=\"mailto:fundacion@vallesalado.eus\">fundacion@vallesalado.eus<\/a><\/p><p><b>3.- Comment avons-nous obtenu vos donn\u00e9es?<\/b><\/p><p><strong>Obtention de la partie int\u00e9ress\u00e9e:<\/strong> Si vous participez d\u00e9j\u00e0 \u00e0 nos activit\u00e9s, vous nous les avez fournies, soit hors ligne, soit en ligne, lorsque vous sollicitez nos services afin de maintenir la relation contractuelle avec vous.<\/p><p>Si les donn\u00e9es que vous nous avez fournies via ce site Web ou l\u2019un de ses sous-domaines, nous recueillons des informations, par exemple, lorsque vous acc\u00e9dez \u00e0 la page, remplissez tout formulaire avec des informations personnelles, lorsque vous vous inscrivez \u00e0 nos activit\u00e9s ou \u00e9v\u00e9nements, ou lorsque vous communiquez avec nous directement par email.<\/p><p>Lorsque vous nous fournissez vos donn\u00e9es personnelles, vous garantissez que vous \u00eates en mesure de fournir ces informations et que celles-ci sont v\u00e9ridiques, exactes, pr\u00e9cises et sont \u00e0 jour, qu&rsquo;elles ne sont pas confidentielles, qu&rsquo;elles n&rsquo;enfreignent aucune restriction contractuelle ni aucun droit de tiers, et que vous acceptez de ne pas porter atteinte \u00e0 d&rsquo;autres utilisateurs utilisant leurs donn\u00e9es d&rsquo;inscription aux diff\u00e9rents services et \/ ou contenus du site Web.<\/p><p>Tienes la responsabilidad de mantener tus datos correctos y actualizados, declinando toda responsabilidad FUNDACI\u00d3N VALLE SALADO DE A\u00d1ANA en caso de no hacerlo.<\/p><p><strong>Obtenci\u00f3n de un tercero:<\/strong> En el caso de que no sea el propio interesado sino un tercero el que nos facilite datos de aqu\u00e9l las categor\u00edas de datos que tratamos pueden ser: Datos identificativos, caracter\u00edsticas personales, econ\u00f3micos.<\/p><p>En el caso de que no sea el propio interesado sino un tercero el que nos facilite datos de aqu\u00e9l, es el tercero el que garantiza expresamente que dispone de la autorizaci\u00f3n del interesado para dicha aportaci\u00f3n, exoner\u00e1ndonos de cualquier responsabilidad en caso de cualquier reclamaci\u00f3n por el interesado, responsabilidad que asume \u00fanica y exclusivamente quien nos ha comunicado los datos en nombre o inter\u00e9s de \u00e9ste.<\/p><p><strong>3.1.- Datos de terceros.<\/strong><\/p><p>Con respecto a los datos de otras personas, debes respetar su privacidad teniendo especial cuidado al comunicar o publicar sus datos de car\u00e1cter personal. S\u00f3lo su titular puede autorizar el tratamiento de sus datos personales. Si nos facilitas datos de terceros, es tu responsabilidad contar con su consentimiento previo y expreso para utilizarlos y comunic\u00e1rnoslos, y es tu responsabilidad informarles de la inclusi\u00f3n de sus datos en nuestros tratamientos. La publicaci\u00f3n de datos de terceros sin su consentimiento puede infringir, adem\u00e1s de la normativa sobre protecci\u00f3n de datos, la relativa al derecho al honor, a la intimidad o a la propia imagen de dichos terceros. Si nos aportas datos personales de terceros, por la aceptaci\u00f3n de la presente pol\u00edtica de privacidad, garantizas expresamente que dispones de la autorizaci\u00f3n del interesado para dicha aportaci\u00f3n, exoner\u00e1ndonos de cualquier responsabilidad en caso de cualquier reclamaci\u00f3n por el interesado, responsabilidad que asume \u00fanica y exclusivamente quien nos ha comunicado los datos en nombre de \u00e9ste.    <\/p><p><strong>4.- \u00bfPara qu\u00e9 tratamos tus datos?<\/strong><\/p><p>Los datos que nos facilitas, as\u00ed como cualesquiera otros generados durante el desarrollo de la relaci\u00f3n contractual, comercial o de otro tipo que mantengamos contigo, los podemos tratar para distintas finalidades, por ejemplo:<\/p><p>a) Si eres un asistente o participante de alguna de nuestras actividades, eventos o proyectos sociales o culturales usamos tus datos para mantener el contacto y la comunicaci\u00f3n, gestionar la inscripci\u00f3n y participaci\u00f3n en las actividades y eventos promovidas u organizados por FUNDACI\u00d3N VALLE SALADO DE A\u00d1ANA y remitirte informaci\u00f3n sobre nuestras actividades y\/o servicios.<\/p><p>Se informa igualmente que en los eventos y actividades se podr\u00e1n hacer fotograf\u00edas y\/o videos que podr\u00e1n ser publicados en este sitio web o el del promotor del evento, en nuestros perfiles en cualesquiera redes sociales, as\u00ed como en YouTube para informar sobre el evento\/actividad, documentarlo, y formar parte de la memoria fotogr\u00e1fica\/videogr\u00e1fica del mismo.<\/p><p>1- Si eres un mero usuario de nuestros sitios web, para gestionar las peticiones que nos realices on line y tu inscripci\u00f3n.<\/p><p>2- En ambos casos para mantener el contacto y la comunicaci\u00f3n contigo, realizar encuestas de opini\u00f3n y\/o satisfacci\u00f3n y remitirte informaci\u00f3n sobre nuestras actividades, productos y\/o servicios (incluidas comunicaciones publicitarias y\/o comerciales a los efectos del art. 21 LSSICE 34\/2002)<\/p><p><strong>5.- \u00bfDurante cu\u00e1nto tiempo conservaremos tus datos?<\/strong><\/p><p>Los datos personales que nos facilites los conservaremos, en el caso de participante a nuestras actividades, mientras el interesado no solicite su supresi\u00f3n e, incluso solicitada \u00e9sta, durante los plazos necesarios para:<\/p><p>&#8211; cumplir con las obligaciones legales que nos afecten y\/o<\/p><p>&#8211; los previstos para la prescripci\u00f3n de cualesquiera responsabilidades por nuestra parte y\/o<\/p><p>&#8211; el ejercicio o la defensa de reclamaciones derivadas de la relaci\u00f3n entre las partes.<\/p><p>Si eres un mero usuario de la p\u00e1gina web, los conservaremos mientras no nos solicites su supresi\u00f3n, e, incluso solicitada, podremos mantenerlos, limitando su tratamiento, \u00fanicamente para el cumplimiento de obligaciones legales y\/o el ejercicio o la defensa de reclamaciones.<\/p><p>Incluso transcurridos esos plazos podremos mantenerlos, limitando su tratamiento, \u00fanicamente para el cumplimiento de obligaciones legales y\/o el ejercicio o la defensa de reclamaciones.<\/p><p><strong>6.- \u00bfCu\u00e1l es la legitimaci\u00f3n para el tratamiento de tus datos?<\/strong><\/p><p>En el caso de participantes en actividades de pago la base jur\u00eddica que nos legitima para el tratamiento de tus datos es la relaci\u00f3n derivada del contrato que nos unesi eres participante en nuestras actividades de pago, o,solicitud o relaci\u00f3n precontractual de cualquier tipo existente entre las partes si eres un participante potencial, o, por ejemplo, tu consentimiento si nos has realizado una solicitud a trav\u00e9s de nuestra p\u00e1gina web en el caso de ser un mero usuario de la misma. Dicho consentimiento nos lo otorgas de forma inequ\u00edvoca al facilitarnos tus datos on line u off line, consider\u00e1ndose dicha aportaci\u00f3n un acto afirmativo claro que manifiesta dicho consentimiento. <\/p><p>La aportaci\u00f3n de los datos solicitados es obligatoria por ser imprescindibles para las finalidades antes indicadas; si no los facilitas, no podremos llevarlas a cabo.<\/p><p>Dada la relaci\u00f3n, pertinente y apropiada, que mantienes con nosotros como participante en nuestras actividades, usuario de nuestra web \u2026, tenemos un inter\u00e9s leg\u00edtimo, en tratar tus datos para, dentro del mantenimiento y gesti\u00f3n de la misma,<\/p><p>1- poder enviarte informaci\u00f3n sobre nuestras actividades, productos y servicios, (incluidas comunicaciones publicitarias y\/o comerciales a los efectos del art. 21 LSSICE 34\/2002)<br>2- en las actividades o eventos, hacer fotograf\u00edas y\/o videos que podr\u00e1n ser colgados en este sitio web y, en su caso, cualquiera de sus subdominios,en los perfiles de la Fundaci\u00f3n en cualesquiera redes sociales, as\u00ed como en YouTube, para informar sobre el evento, documentarlo, y formar parte de la memoria fotogr\u00e1fica\/videogr\u00e1fica del mismo. Por lo que tu imagen podr\u00e1 ser publicada en carteles publicitarios, folletos, programas, adem\u00e1s papeler\u00eda de la Fundaci\u00f3n.<br>3- realizaci\u00f3n de encuestas de opini\u00f3n y\/o satisfacci\u00f3n <\/p><p>Estas finalidades son compatibles con la finalidad inicial para la que recogimos tus datos (gestionar el contacto y la comunicaci\u00f3n contigo y mantener la relaci\u00f3n que nos une) pero, en todo caso, la aportaci\u00f3n de tus datos para estos fines que acabamos de citar, derivados de nuestro inter\u00e9s leg\u00edtimo, es siempre voluntaria y siempre prevalecer\u00e1n, sobre nuestro inter\u00e9s leg\u00edtimo, tus intereses, derechos o libertades, por lo que si nos solicitas que suprimamos y dejemos de tratar tus datos para estas finalidades (remiti\u00e9ndonos un e-mail en tal sentido a fundacion@vallesalado.eus) as\u00ed lo haremos, pudiendo mantenerlos bloqueados para la formulaci\u00f3n, ejercicio o defensa de reclamaciones. Dicha retirada no condiciona el tratamiento de tus datos para el resto de finalidades descritas <\/p><p>Si nos has facilitado datos sensibles sujetos a una protecci\u00f3n especial la legitimaci\u00f3n para tratarlos es tu consentimiento expreso. Dicho consentimiento nos lo otorgas de forma inequ\u00edvoca al facilitarnos tus datos, consider\u00e1ndose dicha facilitaci\u00f3n un acto afirmativo claro que manifiesta dicho consentimiento. La aportaci\u00f3n de los datos solicitados es obligatoria por ser imprescindibles para atender tu petici\u00f3n; si no los facilitas, no podremos llevarla a cabo. Podr\u00e1s retirar ese consentimiento en cualquier momento remiti\u00e9ndonos un e-mail en tal sentido a fundacion@vallesalado.eus dicha retirada no condiciona el tratamiento de tus datos para el resto de finalidades descritas   <\/p><p><strong>7.- \u00bfA qu\u00e9 destinatarios podremos comunicar tus datos?<\/strong><\/p><p>Te informamos que los datos que nos proporcionas podr\u00e1n ser comunicados a terceras entidades para el cumplimiento de fines directamente relacionados con funciones leg\u00edtimas de cedente y cesionario como:<\/p><p>a) A entidades bancarias para la gesti\u00f3n del cobro de la inscripci\u00f3n.<\/p><p><strong>Transferencias Internacionales de Datos<\/strong><\/p><p>Te informamos que, en caso de utilizar proveedores de fuera del espacio econ\u00f3mico europeo para prestarnos servicios auxiliares para nuestra actividad (alojamiento, housing, SaaS, copias de seguridad en remoto, servicios de soporte o mantenimiento inform\u00e1tico, gestor de correo electr\u00f3nico, env\u00edo de e-mails y e-mail marketing, etc \u2026) que puedan tener acceso a datos personales, elegiremos empresas adheridas al acuerdo PrivacyShield entre USA la UE, lo que quiere decir que se obligan a cumplir requisitos equivalentes a los Europeos en materia de protecci\u00f3n de datos. En todo caso, por la aceptaci\u00f3n de esta pol\u00edtica de protecci\u00f3n de datos autorizas expresa e inequ\u00edvocamente la comunicaci\u00f3n de los datos a dichas empresas, conociendo que ello supone una transferencia internacional de datos un pa\u00eds no perteneciente al Espacio Econ\u00f3mico Europeo y dando tu consentimiento inequ\u00edvoco a dicha transferencia. <\/p><p>Nuestros servicios incluyen ciertas caracter\u00edsticas y widgets de las Redes Sociales, tales como las caracter\u00edsticas \u00ab\u00a0Conexi\u00f3n con Facebook\u00a0\u00bb o el bot\u00f3n \u00ab\u00a0Me gusta\u00a0\u00bb de Facebook, el bot\u00f3n \u00ab\u00a0Comp\u00e1rtelo\u00a0\u00bb u otros mini-programas interactivos habituales de los medios sociales. Estas Caracter\u00edsticas de las Redes Sociales pueden recopilar informaci\u00f3n como tu direcci\u00f3n IP o que p\u00e1gina est\u00e1s visitando en nuestro Sitio Web y puede establecer una cookie para permitirles funcionar correctamente. Las Caracter\u00edsticas de las Redes Sociales no est\u00e1n alojadas por un tercero ni directamente en nuestros Servicios. Tus interacciones con estos terceros se rigen por sus pol\u00edticas y no por las nuestras   <\/p><p>Adem\u00e1s, nuestros Servicios pueden permitirte compartir tu Informaci\u00f3n Personal con terceros directamente, como mediante t\u00e9cnicas de marcos de p\u00e1ginas para servir contenido a o desde Servicios de Terceros o de otros, conservando la apariencia de nuestro Sitio Web y nuestros Servicios. Ten en cuenta que esa informaci\u00f3n est\u00e1s de hecho suministr\u00e1ndosela a estos terceros y no a nosotros, y estas interacciones y este intercambio tambi\u00e9n se rigen por las pol\u00edticas de dichos terceros y no las nuestras. <\/p><p><strong>8.- \u00bfCu\u00e1les son tus derechos cuando nos facilitas tus datos?<\/strong><\/p><p><strong>Derecho de acceso:<\/strong> Puedes preguntarnos qu\u00e9 datos personales estamos tratando incluso solicitarnos una copia de los Mismos.<\/p><p><strong>Derecho de rectificaci\u00f3n:<\/strong> Puedes solicitarnos la rectificaci\u00f3n de los datos personales inexactos o que se completemos los que sean incompletos, inclusive mediante una declaraci\u00f3n adicional.<\/p><p><strong>Derecho de supresi\u00f3n (derecho al olvido):<\/strong> Puedes solicitarnos la supresi\u00f3n de tus datos personales cuando: no sean necesarios para los fines para los que fueron recogidos, retires tu consentimiento, haya habido un tratamiento il\u00edcito de los mismos o por cumplimiento de una obligaci\u00f3n legal.<\/p><p><strong>Derecho a la limitaci\u00f3n del tratamiento:<\/strong> Puedes solicitarnos la limitaci\u00f3n del tratamiento de tus datos, en cuyo caso \u00fanicamente los conservaremos para el ejercicio o la defensa de reclamaciones.<\/p><p><strong>Derecho a la portabilidad de los datos:<\/strong> Puedes solicitarnos que te devolvamos (a ti o a un tercero que nos indiques) tus datos personales en un formato estructurado, de uso com\u00fan y lectura mec\u00e1nica.<\/p><p><strong>Derecho de oposici\u00f3n:<\/strong> Puedes oponerte al tratamiento que se haga de tus datos si dicho tratamiento se base en el inter\u00e9s leg\u00edtimo del responsable del fichero o es para fines publicitarios.<\/p><p>Para ejercer todos estos derechos puedes dirigirte a nosotros mediante solicitud escrita y firmada, adjuntando en todo caso copia de tu DNI, en la direcci\u00f3n postal o electr\u00f3nica indicadas en el apartado 2 de esta misma pol\u00edtica de privacidad. En caso de modificaci\u00f3n de tus datos deber\u00e1 notificarlo en la misma direcci\u00f3n, declinando toda responsabilidad para la empresa en caso de no hacerlo <\/p><p>Una vez recibida cualquiera de las anteriores solicitudes te responderemos en un plazo m\u00e1ximo de 10 d\u00edas<\/p><p>Puedes reclamar ante la Agencia Espa\u00f1ola de Protecci\u00f3n de Datos. Si deseas m\u00e1s informaci\u00f3n acerca de los derechos que puedes ejercitar y para la solicitud de modelos de formularios de ejercicio de derechos puedes visitar la p\u00e1gina web de la Agencia espa\u00f1ola de Protecci\u00f3n de Datos, <a href=\"http:\/\/www.agpd.es\/\">www.aepd.es<\/a> <\/p>\t\t\t\t\t\t\t\t<\/div>\n\t\t\t\t<\/div>\n\t\t\t\t\t<\/div>\n\t\t<\/div>\n\t\t\t\t\t<\/div>\n\t\t<\/section>\n\t\t\t\t<\/div>\n\t\t","protected":false},"excerpt":{"rendered":"<p>Dans la FONDATION VALLE SALADO DE A\u00d1ANA, Nous nous engageons \u00e0 prot\u00e9ger la vie priv\u00e9e et \u00e0 utiliser correctement les donn\u00e9es personnelles que nous traitons et que vous nous communiquez, \u00e0 la fois en ligne sur ce site Web, et le cas \u00e9ch\u00e9ant, dans l\u2019un de ses sous-domaines, en mode hors connexion. 1.-Votre consentement S&rsquo;il [&hellip;]<\/p>\n","protected":false},"author":1,"featured_media":4148,"parent":0,"menu_order":0,"comment_status":"closed","ping_status":"open","template":"","meta":{"inline_featured_image":false,"footnotes":"","_links_to":"","_links_to_target":""},"class_list":["post-6899","page","type-page","status-publish","has-post-thumbnail","hentry"],"yoast_head":"<!-- This site is optimized with the Yoast SEO plugin v26.7 - https:\/\/yoast.com\/wordpress\/plugins\/seo\/ -->\n<title>Politique de confidentialit\u00e9 - Valle Salado de A\u00f1ana<\/title>\n<meta name=\"description\" content=\"Privacidad garantizada en Fundaci\u00f3n Valle Salado de A\u00f1ana para el manejo y protecci\u00f3n de tus datos personales.\" \/>\n<meta name=\"robots\" content=\"index, follow, max-snippet:-1, max-image-preview:large, max-video-preview:-1\" \/>\n<link rel=\"canonical\" href=\"https:\/\/www.vallesalado.com\/fr\/privacy-policy\/\" \/>\n<meta property=\"og:locale\" content=\"fr_FR\" \/>\n<meta property=\"og:type\" content=\"article\" \/>\n<meta property=\"og:title\" content=\"Politique de confidentialit\u00e9 - Valle Salado de A\u00f1ana\" \/>\n<meta property=\"og:description\" content=\"Privacidad garantizada en Fundaci\u00f3n Valle Salado de A\u00f1ana para el manejo y protecci\u00f3n de tus datos personales.\" \/>\n<meta property=\"og:url\" content=\"https:\/\/www.vallesalado.com\/fr\/privacy-policy\/\" \/>\n<meta property=\"og:site_name\" content=\"Valle Salado de A\u00f1ana\" \/>\n<meta property=\"article:publisher\" content=\"https:\/\/www.facebook.com\/ValleSaladodeAnana\" \/>\n<meta property=\"article:modified_time\" content=\"2025-05-14T16:11:38+00:00\" \/>\n<meta property=\"og:image\" content=\"https:\/\/www.vallesalado.com\/wp-content\/uploads\/2024\/12\/valle-salado-miniatura.webp\" \/>\n\t<meta property=\"og:image:width\" content=\"1200\" \/>\n\t<meta property=\"og:image:height\" content=\"630\" \/>\n\t<meta property=\"og:image:type\" content=\"image\/webp\" \/>\n<meta name=\"twitter:card\" content=\"summary_large_image\" \/>\n<meta name=\"twitter:site\" content=\"@vallesalado\" \/>\n<meta name=\"twitter:label1\" content=\"Dur\u00e9e de lecture estim\u00e9e\" \/>\n\t<meta name=\"twitter:data1\" content=\"12 minutes\" \/>\n<script type=\"application\/ld+json\" class=\"yoast-schema-graph\">{\"@context\":\"https:\/\/schema.org\",\"@graph\":[{\"@type\":\"WebPage\",\"@id\":\"https:\/\/www.vallesalado.com\/fr\/privacy-policy\/\",\"url\":\"https:\/\/www.vallesalado.com\/fr\/privacy-policy\/\",\"name\":\"Politique de confidentialit\u00e9 - Valle Salado de A\u00f1ana\",\"isPartOf\":{\"@id\":\"https:\/\/www.vallesalado.com\/fr\/#website\"},\"primaryImageOfPage\":{\"@id\":\"https:\/\/www.vallesalado.com\/fr\/privacy-policy\/#primaryimage\"},\"image\":{\"@id\":\"https:\/\/www.vallesalado.com\/fr\/privacy-policy\/#primaryimage\"},\"thumbnailUrl\":\"https:\/\/www.vallesalado.com\/wp-content\/uploads\/2024\/12\/valle-salado-miniatura.webp\",\"datePublished\":\"2021-10-14T17:22:55+00:00\",\"dateModified\":\"2025-05-14T16:11:38+00:00\",\"description\":\"Privacidad garantizada en Fundaci\u00f3n Valle Salado de A\u00f1ana para el manejo y protecci\u00f3n de tus datos personales.\",\"breadcrumb\":{\"@id\":\"https:\/\/www.vallesalado.com\/fr\/privacy-policy\/#breadcrumb\"},\"inLanguage\":\"fr-FR\",\"potentialAction\":[{\"@type\":\"ReadAction\",\"target\":[\"https:\/\/www.vallesalado.com\/fr\/privacy-policy\/\"]}]},{\"@type\":\"ImageObject\",\"inLanguage\":\"fr-FR\",\"@id\":\"https:\/\/www.vallesalado.com\/fr\/privacy-policy\/#primaryimage\",\"url\":\"https:\/\/www.vallesalado.com\/wp-content\/uploads\/2024\/12\/valle-salado-miniatura.webp\",\"contentUrl\":\"https:\/\/www.vallesalado.com\/wp-content\/uploads\/2024\/12\/valle-salado-miniatura.webp\",\"width\":1200,\"height\":630},{\"@type\":\"BreadcrumbList\",\"@id\":\"https:\/\/www.vallesalado.com\/fr\/privacy-policy\/#breadcrumb\",\"itemListElement\":[{\"@type\":\"ListItem\",\"position\":1,\"name\":\"Valle Salado\",\"item\":\"https:\/\/www.vallesalado.com\/fr\/\"},{\"@type\":\"ListItem\",\"position\":2,\"name\":\"Politique de confidentialit\u00e9\"}]},{\"@type\":\"WebSite\",\"@id\":\"https:\/\/www.vallesalado.com\/fr\/#website\",\"url\":\"https:\/\/www.vallesalado.com\/fr\/\",\"name\":\"Valle Salado de A\u00f1ana\",\"description\":\"Valle Salado de A\u00f1ana\",\"publisher\":{\"@id\":\"https:\/\/www.vallesalado.com\/fr\/#organization\"},\"potentialAction\":[{\"@type\":\"SearchAction\",\"target\":{\"@type\":\"EntryPoint\",\"urlTemplate\":\"https:\/\/www.vallesalado.com\/fr\/?s={search_term_string}\"},\"query-input\":{\"@type\":\"PropertyValueSpecification\",\"valueRequired\":true,\"valueName\":\"search_term_string\"}}],\"inLanguage\":\"fr-FR\"},{\"@type\":\"Organization\",\"@id\":\"https:\/\/www.vallesalado.com\/fr\/#organization\",\"name\":\"Valle Salado de A\u00f1ana\",\"url\":\"https:\/\/www.vallesalado.com\/fr\/\",\"logo\":{\"@type\":\"ImageObject\",\"inLanguage\":\"fr-FR\",\"@id\":\"https:\/\/www.vallesalado.com\/fr\/#\/schema\/logo\/image\/\",\"url\":\"https:\/\/www.vallesalado.com\/wp-content\/uploads\/2025\/05\/logo-valle-salado.webp\",\"contentUrl\":\"https:\/\/www.vallesalado.com\/wp-content\/uploads\/2025\/05\/logo-valle-salado.webp\",\"width\":600,\"height\":143,\"caption\":\"Valle Salado de A\u00f1ana\"},\"image\":{\"@id\":\"https:\/\/www.vallesalado.com\/fr\/#\/schema\/logo\/image\/\"},\"sameAs\":[\"https:\/\/www.facebook.com\/ValleSaladodeAnana\",\"https:\/\/x.com\/vallesalado\",\"https:\/\/www.instagram.com\/vallesalado\/\"]}]}<\/script>\n<!-- \/ Yoast SEO plugin. -->","yoast_head_json":{"title":"Politique de confidentialit\u00e9 - Valle Salado de A\u00f1ana","description":"Privacidad garantizada en Fundaci\u00f3n Valle Salado de A\u00f1ana para el manejo y protecci\u00f3n de tus datos personales.","robots":{"index":"index","follow":"follow","max-snippet":"max-snippet:-1","max-image-preview":"max-image-preview:large","max-video-preview":"max-video-preview:-1"},"canonical":"https:\/\/www.vallesalado.com\/fr\/privacy-policy\/","og_locale":"fr_FR","og_type":"article","og_title":"Politique de confidentialit\u00e9 - Valle Salado de A\u00f1ana","og_description":"Privacidad garantizada en Fundaci\u00f3n Valle Salado de A\u00f1ana para el manejo y protecci\u00f3n de tus datos personales.","og_url":"https:\/\/www.vallesalado.com\/fr\/privacy-policy\/","og_site_name":"Valle Salado de A\u00f1ana","article_publisher":"https:\/\/www.facebook.com\/ValleSaladodeAnana","article_modified_time":"2025-05-14T16:11:38+00:00","og_image":[{"width":1200,"height":630,"url":"https:\/\/www.vallesalado.com\/wp-content\/uploads\/2024\/12\/valle-salado-miniatura.webp","type":"image\/webp"}],"twitter_card":"summary_large_image","twitter_site":"@vallesalado","twitter_misc":{"Dur\u00e9e de lecture estim\u00e9e":"12 minutes"},"schema":{"@context":"https:\/\/schema.org","@graph":[{"@type":"WebPage","@id":"https:\/\/www.vallesalado.com\/fr\/privacy-policy\/","url":"https:\/\/www.vallesalado.com\/fr\/privacy-policy\/","name":"Politique de confidentialit\u00e9 - Valle Salado de A\u00f1ana","isPartOf":{"@id":"https:\/\/www.vallesalado.com\/fr\/#website"},"primaryImageOfPage":{"@id":"https:\/\/www.vallesalado.com\/fr\/privacy-policy\/#primaryimage"},"image":{"@id":"https:\/\/www.vallesalado.com\/fr\/privacy-policy\/#primaryimage"},"thumbnailUrl":"https:\/\/www.vallesalado.com\/wp-content\/uploads\/2024\/12\/valle-salado-miniatura.webp","datePublished":"2021-10-14T17:22:55+00:00","dateModified":"2025-05-14T16:11:38+00:00","description":"Privacidad garantizada en Fundaci\u00f3n Valle Salado de A\u00f1ana para el manejo y protecci\u00f3n de tus datos personales.","breadcrumb":{"@id":"https:\/\/www.vallesalado.com\/fr\/privacy-policy\/#breadcrumb"},"inLanguage":"fr-FR","potentialAction":[{"@type":"ReadAction","target":["https:\/\/www.vallesalado.com\/fr\/privacy-policy\/"]}]},{"@type":"ImageObject","inLanguage":"fr-FR","@id":"https:\/\/www.vallesalado.com\/fr\/privacy-policy\/#primaryimage","url":"https:\/\/www.vallesalado.com\/wp-content\/uploads\/2024\/12\/valle-salado-miniatura.webp","contentUrl":"https:\/\/www.vallesalado.com\/wp-content\/uploads\/2024\/12\/valle-salado-miniatura.webp","width":1200,"height":630},{"@type":"BreadcrumbList","@id":"https:\/\/www.vallesalado.com\/fr\/privacy-policy\/#breadcrumb","itemListElement":[{"@type":"ListItem","position":1,"name":"Valle Salado","item":"https:\/\/www.vallesalado.com\/fr\/"},{"@type":"ListItem","position":2,"name":"Politique de confidentialit\u00e9"}]},{"@type":"WebSite","@id":"https:\/\/www.vallesalado.com\/fr\/#website","url":"https:\/\/www.vallesalado.com\/fr\/","name":"Valle Salado de A\u00f1ana","description":"Valle Salado de A\u00f1ana","publisher":{"@id":"https:\/\/www.vallesalado.com\/fr\/#organization"},"potentialAction":[{"@type":"SearchAction","target":{"@type":"EntryPoint","urlTemplate":"https:\/\/www.vallesalado.com\/fr\/?s={search_term_string}"},"query-input":{"@type":"PropertyValueSpecification","valueRequired":true,"valueName":"search_term_string"}}],"inLanguage":"fr-FR"},{"@type":"Organization","@id":"https:\/\/www.vallesalado.com\/fr\/#organization","name":"Valle Salado de A\u00f1ana","url":"https:\/\/www.vallesalado.com\/fr\/","logo":{"@type":"ImageObject","inLanguage":"fr-FR","@id":"https:\/\/www.vallesalado.com\/fr\/#\/schema\/logo\/image\/","url":"https:\/\/www.vallesalado.com\/wp-content\/uploads\/2025\/05\/logo-valle-salado.webp","contentUrl":"https:\/\/www.vallesalado.com\/wp-content\/uploads\/2025\/05\/logo-valle-salado.webp","width":600,"height":143,"caption":"Valle Salado de A\u00f1ana"},"image":{"@id":"https:\/\/www.vallesalado.com\/fr\/#\/schema\/logo\/image\/"},"sameAs":["https:\/\/www.facebook.com\/ValleSaladodeAnana","https:\/\/x.com\/vallesalado","https:\/\/www.instagram.com\/vallesalado\/"]}]}},"_links":{"self":[{"href":"https:\/\/www.vallesalado.com\/fr\/wp-json\/wp\/v2\/pages\/6899","targetHints":{"allow":["GET"]}}],"collection":[{"href":"https:\/\/www.vallesalado.com\/fr\/wp-json\/wp\/v2\/pages"}],"about":[{"href":"https:\/\/www.vallesalado.com\/fr\/wp-json\/wp\/v2\/types\/page"}],"author":[{"embeddable":true,"href":"https:\/\/www.vallesalado.com\/fr\/wp-json\/wp\/v2\/users\/1"}],"replies":[{"embeddable":true,"href":"https:\/\/www.vallesalado.com\/fr\/wp-json\/wp\/v2\/comments?post=6899"}],"version-history":[{"count":3,"href":"https:\/\/www.vallesalado.com\/fr\/wp-json\/wp\/v2\/pages\/6899\/revisions"}],"predecessor-version":[{"id":6904,"href":"https:\/\/www.vallesalado.com\/fr\/wp-json\/wp\/v2\/pages\/6899\/revisions\/6904"}],"wp:featuredmedia":[{"embeddable":true,"href":"https:\/\/www.vallesalado.com\/fr\/wp-json\/wp\/v2\/media\/4148"}],"wp:attachment":[{"href":"https:\/\/www.vallesalado.com\/fr\/wp-json\/wp\/v2\/media?parent=6899"}],"curies":[{"name":"wp","href":"https:\/\/api.w.org\/{rel}","templated":true}]}}