{"id":6945,"date":"2024-12-03T17:16:55","date_gmt":"2024-12-03T16:16:55","guid":{"rendered":"https:\/\/vallesalado.com\/decouvrez-la-vallee-salee\/paysage-culturel\/architecture-du-sel\/"},"modified":"2025-05-14T21:15:26","modified_gmt":"2025-05-14T19:15:26","slug":"architecture-du-sel","status":"publish","type":"page","link":"https:\/\/www.vallesalado.com\/fr\/decouvrez-la-vallee-salee\/paysage-culturel\/architecture-du-sel\/","title":{"rendered":"Architecture du sel"},"content":{"rendered":"\t\t<div data-elementor-type=\"wp-page\" data-elementor-id=\"6945\" class=\"elementor elementor-6945 elementor-216\" data-elementor-post-type=\"page\">\n\t\t\t\t\t\t<section class=\"elementor-section elementor-top-section elementor-element elementor-element-2016ca6 elementor-section-boxed elementor-section-height-default elementor-section-height-default\" data-id=\"2016ca6\" data-element_type=\"section\" data-settings=\"{&quot;background_background&quot;:&quot;classic&quot;}\">\n\t\t\t\t\t\t<div class=\"elementor-container elementor-column-gap-default\">\n\t\t\t\t\t<div class=\"elementor-column elementor-col-100 elementor-top-column elementor-element elementor-element-a3910e3\" data-id=\"a3910e3\" data-element_type=\"column\">\n\t\t\t<div class=\"elementor-widget-wrap elementor-element-populated\">\n\t\t\t\t\t\t<div class=\"elementor-element elementor-element-d2829aa elementor-widget elementor-widget-heading\" data-id=\"d2829aa\" data-element_type=\"widget\" data-widget_type=\"heading.default\">\n\t\t\t\t<div class=\"elementor-widget-container\">\n\t\t\t\t\t<h1 class=\"elementor-heading-title elementor-size-default\">Architecture du sel<\/h1>\t\t\t\t<\/div>\n\t\t\t\t<\/div>\n\t\t\t\t<div class=\"elementor-element elementor-element-ec01f93 elementor-align-center elementor-widget elementor-widget-breadcrumbs\" data-id=\"ec01f93\" data-element_type=\"widget\" data-widget_type=\"breadcrumbs.default\">\n\t\t\t\t<div class=\"elementor-widget-container\">\n\t\t\t\t\t<p id=\"breadcrumbs\"><span><span><a href=\"https:\/\/www.vallesalado.com\/fr\/\">Valle Salado<\/a><\/span><\/span><\/p>\t\t\t\t<\/div>\n\t\t\t\t<\/div>\n\t\t\t\t\t<\/div>\n\t\t<\/div>\n\t\t\t\t\t<\/div>\n\t\t<\/section>\n\t\t\t\t<section class=\"elementor-section elementor-top-section elementor-element elementor-element-e9b5a11 elementor-section-boxed elementor-section-height-default elementor-section-height-default\" data-id=\"e9b5a11\" data-element_type=\"section\">\n\t\t\t\t\t\t<div class=\"elementor-container elementor-column-gap-wider\">\n\t\t\t\t\t<div class=\"elementor-column elementor-col-50 elementor-top-column elementor-element elementor-element-6db2631\" data-id=\"6db2631\" data-element_type=\"column\">\n\t\t\t<div class=\"elementor-widget-wrap elementor-element-populated\">\n\t\t\t\t\t\t<div class=\"elementor-element elementor-element-385d6d7 elementor-widget elementor-widget-text-editor\" data-id=\"385d6d7\" data-element_type=\"widget\" data-widget_type=\"text-editor.default\">\n\t\t\t\t<div class=\"elementor-widget-container\">\n\t\t\t\t\t\t\t\t\t<p>L&rsquo;architecture inhabituelle du sel g\u00e9n\u00e9r\u00e9e \u00e0 A\u00f1ana est le r\u00e9sultat d\u2019un \u00e9change des valeurs culturelles et humaines qui ont \u00e9t\u00e9 d\u00e9velopp\u00e9es pendant plus de sept mill\u00e9naires d&rsquo;histoire.<\/p><p>Cette architecture populaire ne montre pas les styles architecturaux rigides d\u2019un architecte, mais en raison de sa nature utilitaire dans la vall\u00e9e, ont coexist\u00e9 harmonieusement les innovations technologiques avec des t\u00e9moignages mat\u00e9rielles des diff\u00e9rentes \u00e9poques.<\/p><p>Suivant les mod\u00e8les marqu\u00e9s par l&rsquo;exp\u00e9rience et la tradition, sans intention les paludiers ont cr\u00e9\u00e9 une architecture inhabituelle, anonyme, populaire et traditionnelle.<\/p><p>Sauf pour de rares exceptions, l&rsquo;architecture du sel de la vall\u00e9e sal\u00e9e n\u2019a jamais \u00e9t\u00e9 faite par de la main-d&rsquo;\u0153uvre qualifi\u00e9e ; c\u2019\u00e9tait toujours les paludiers qui \u00e9taient les propres constructeurs et maintenanciers de ce site, en utilisant des mat\u00e9riaux que l\u2019environnement naturel leur fournit tels que la pierre, le bois et l\u2019argile.<\/p><p>Dans le processus, les ressources minimales ont \u00e9t\u00e9 utilis\u00e9es avec un rendement maximal d&rsquo;une mani\u00e8re absolument durable et \u00e9cologique, en appliquant une technologie ing\u00e9nieuse.<\/p><p>Le r\u00e9sultat c\u2019est un paysage humanis\u00e9 de plus de quatre kilom\u00e8tres de canalisations en bois qui conduisent de l&rsquo;eau sal\u00e9e depuis les sources en passant par les puits pour arriver aux terrasses \u00e0 gradins, faites en pierre, en bois et en argile , qui soutiennent les aires o\u00f9 le sel est recueilli.<\/p><p>Cela signifie une grande fragilit\u00e9 des structures, n\u00e9cessitant des soins et un entretien continu. Les paludiers ont su profiter des murs en pierre comme base pour les structures en bois, sur lesquelles ils ont construit des terrasses de grande hauteur qui, dans certains cas, d\u00e9passent les huit m\u00e8tres. <\/p>\t\t\t\t\t\t\t\t<\/div>\n\t\t\t\t<\/div>\n\t\t\t\t\t<\/div>\n\t\t<\/div>\n\t\t\t\t<div class=\"elementor-column elementor-col-50 elementor-top-column elementor-element elementor-element-3dfb72d\" data-id=\"3dfb72d\" data-element_type=\"column\">\n\t\t\t<div class=\"elementor-widget-wrap elementor-element-populated\">\n\t\t\t\t\t\t<div class=\"elementor-element elementor-element-9e2c153 elementor-widget elementor-widget-image\" data-id=\"9e2c153\" data-element_type=\"widget\" data-widget_type=\"image.default\">\n\t\t\t\t<div class=\"elementor-widget-container\">\n\t\t\t\t\t\t\t\t\t\t\t\t\t\t\t<img fetchpriority=\"high\" decoding=\"async\" width=\"800\" height=\"891\" src=\"https:\/\/www.vallesalado.com\/wp-content\/uploads\/2025\/01\/arquitectura-sal-01.webp\" class=\"attachment-full size-full wp-image-4670\" alt=\"\" srcset=\"https:\/\/www.vallesalado.com\/wp-content\/uploads\/2025\/01\/arquitectura-sal-01.webp 800w, https:\/\/www.vallesalado.com\/wp-content\/uploads\/2025\/01\/arquitectura-sal-01-269x300.webp 269w, https:\/\/www.vallesalado.com\/wp-content\/uploads\/2025\/01\/arquitectura-sal-01-768x855.webp 768w, https:\/\/www.vallesalado.com\/wp-content\/uploads\/2025\/01\/arquitectura-sal-01-600x668.webp 600w\" sizes=\"(max-width: 800px) 100vw, 800px\" \/>\t\t\t\t\t\t\t\t\t\t\t\t\t\t\t<\/div>\n\t\t\t\t<\/div>\n\t\t\t\t<div class=\"elementor-element elementor-element-864b204 e-transform elementor-widget elementor-widget-image\" data-id=\"864b204\" data-element_type=\"widget\" data-settings=\"{&quot;_transform_translateX_effect&quot;:{&quot;unit&quot;:&quot;px&quot;,&quot;size&quot;:167,&quot;sizes&quot;:[]},&quot;_transform_translateX_effect_tablet&quot;:{&quot;unit&quot;:&quot;px&quot;,&quot;size&quot;:73,&quot;sizes&quot;:[]},&quot;_transform_translateX_effect_mobile&quot;:{&quot;unit&quot;:&quot;px&quot;,&quot;size&quot;:93,&quot;sizes&quot;:[]},&quot;_transform_translateY_effect&quot;:{&quot;unit&quot;:&quot;px&quot;,&quot;size&quot;:-93,&quot;sizes&quot;:[]},&quot;_transform_translateY_effect_tablet&quot;:{&quot;unit&quot;:&quot;px&quot;,&quot;size&quot;:-73,&quot;sizes&quot;:[]},&quot;_transform_translateY_effect_mobile&quot;:{&quot;unit&quot;:&quot;px&quot;,&quot;size&quot;:-110,&quot;sizes&quot;:[]}}\" data-widget_type=\"image.default\">\n\t\t\t\t<div class=\"elementor-widget-container\">\n\t\t\t\t\t\t\t\t\t\t\t\t\t\t\t<img decoding=\"async\" width=\"600\" height=\"600\" src=\"https:\/\/www.vallesalado.com\/wp-content\/uploads\/2024\/12\/valle-salado-gota-14.webp\" class=\"attachment-full size-full wp-image-4463\" alt=\"\" srcset=\"https:\/\/www.vallesalado.com\/wp-content\/uploads\/2024\/12\/valle-salado-gota-14.webp 600w, https:\/\/www.vallesalado.com\/wp-content\/uploads\/2024\/12\/valle-salado-gota-14-300x300.webp 300w, https:\/\/www.vallesalado.com\/wp-content\/uploads\/2024\/12\/valle-salado-gota-14-150x150.webp 150w, https:\/\/www.vallesalado.com\/wp-content\/uploads\/2024\/12\/valle-salado-gota-14-100x100.webp 100w\" sizes=\"(max-width: 600px) 100vw, 600px\" \/>\t\t\t\t\t\t\t\t\t\t\t\t\t\t\t<\/div>\n\t\t\t\t<\/div>\n\t\t\t\t\t<\/div>\n\t\t<\/div>\n\t\t\t\t\t<\/div>\n\t\t<\/section>\n\t\t\t\t<section class=\"elementor-section elementor-top-section elementor-element elementor-element-2e122a7 elementor-section-boxed elementor-section-height-default elementor-section-height-default\" data-id=\"2e122a7\" data-element_type=\"section\">\n\t\t\t\t\t\t<div class=\"elementor-container elementor-column-gap-default\">\n\t\t\t\t\t<div class=\"elementor-column elementor-col-100 elementor-top-column elementor-element elementor-element-fb52bb9\" data-id=\"fb52bb9\" data-element_type=\"column\">\n\t\t\t<div class=\"elementor-widget-wrap elementor-element-populated\">\n\t\t\t\t\t\t<div class=\"elementor-element elementor-element-a0caea7 elementor-widget-divider--view-line elementor-widget elementor-widget-divider\" data-id=\"a0caea7\" data-element_type=\"widget\" data-widget_type=\"divider.default\">\n\t\t\t\t<div class=\"elementor-widget-container\">\n\t\t\t\t\t\t\t<div class=\"elementor-divider\">\n\t\t\t<span class=\"elementor-divider-separator\">\n\t\t\t\t\t\t<\/span>\n\t\t<\/div>\n\t\t\t\t\t\t<\/div>\n\t\t\t\t<\/div>\n\t\t\t\t<section class=\"elementor-section elementor-inner-section elementor-element elementor-element-64a4ca0 elementor-section-boxed elementor-section-height-default elementor-section-height-default\" data-id=\"64a4ca0\" data-element_type=\"section\">\n\t\t\t\t\t\t<div class=\"elementor-container elementor-column-gap-default\">\n\t\t\t\t\t<div class=\"elementor-column elementor-col-50 elementor-inner-column elementor-element elementor-element-d625e3c\" data-id=\"d625e3c\" data-element_type=\"column\">\n\t\t\t<div class=\"elementor-widget-wrap elementor-element-populated\">\n\t\t\t\t\t\t<div class=\"elementor-element elementor-element-d33a83f elementor-widget elementor-widget-video\" data-id=\"d33a83f\" data-element_type=\"widget\" data-settings=\"{&quot;youtube_url&quot;:&quot;https:\\\/\\\/www.youtube.com\\\/watch?v=6tTLZVEwlSM&quot;,&quot;video_type&quot;:&quot;youtube&quot;,&quot;controls&quot;:&quot;yes&quot;}\" data-widget_type=\"video.default\">\n\t\t\t\t<div class=\"elementor-widget-container\">\n\t\t\t\t\t\t\t<div class=\"elementor-wrapper elementor-open-inline\">\n\t\t\t<div class=\"elementor-video\"><\/div>\t\t<\/div>\n\t\t\t\t\t\t<\/div>\n\t\t\t\t<\/div>\n\t\t\t\t<div class=\"elementor-element elementor-element-89e808b elementor-widget elementor-widget-text-editor\" data-id=\"89e808b\" data-element_type=\"widget\" data-widget_type=\"text-editor.default\">\n\t\t\t\t<div class=\"elementor-widget-container\">\n\t\t\t\t\t\t\t\t\t<p>Infografia del Valle Salado de Salinas de A\u00f1ana<\/p>\t\t\t\t\t\t\t\t<\/div>\n\t\t\t\t<\/div>\n\t\t\t\t\t<\/div>\n\t\t<\/div>\n\t\t\t\t<div class=\"elementor-column elementor-col-50 elementor-inner-column elementor-element elementor-element-167b066\" data-id=\"167b066\" data-element_type=\"column\">\n\t\t\t<div class=\"elementor-widget-wrap elementor-element-populated\">\n\t\t\t\t\t\t<div class=\"elementor-element elementor-element-e9a2233 elementor-widget elementor-widget-video\" data-id=\"e9a2233\" data-element_type=\"widget\" data-settings=\"{&quot;youtube_url&quot;:&quot;https:\\\/\\\/www.youtube.com\\\/watch?v=HBb1hfpxhho&quot;,&quot;video_type&quot;:&quot;youtube&quot;,&quot;controls&quot;:&quot;yes&quot;}\" data-widget_type=\"video.default\">\n\t\t\t\t<div class=\"elementor-widget-container\">\n\t\t\t\t\t\t\t<div class=\"elementor-wrapper elementor-open-inline\">\n\t\t\t<div class=\"elementor-video\"><\/div>\t\t<\/div>\n\t\t\t\t\t\t<\/div>\n\t\t\t\t<\/div>\n\t\t\t\t<div class=\"elementor-element elementor-element-a0fdbfd elementor-widget elementor-widget-text-editor\" data-id=\"a0fdbfd\" data-element_type=\"widget\" data-widget_type=\"text-editor.default\">\n\t\t\t\t<div class=\"elementor-widget-container\">\n\t\t\t\t\t\t\t\t\t<p>Infografia del Valle Salado de Salinas de A\u00f1ana II<\/p>\t\t\t\t\t\t\t\t<\/div>\n\t\t\t\t<\/div>\n\t\t\t\t\t<\/div>\n\t\t<\/div>\n\t\t\t\t\t<\/div>\n\t\t<\/section>\n\t\t\t\t<div class=\"elementor-element elementor-element-a6e17dd elementor-widget-divider--view-line elementor-widget elementor-widget-divider\" data-id=\"a6e17dd\" data-element_type=\"widget\" data-widget_type=\"divider.default\">\n\t\t\t\t<div class=\"elementor-widget-container\">\n\t\t\t\t\t\t\t<div class=\"elementor-divider\">\n\t\t\t<span class=\"elementor-divider-separator\">\n\t\t\t\t\t\t<\/span>\n\t\t<\/div>\n\t\t\t\t\t\t<\/div>\n\t\t\t\t<\/div>\n\t\t\t\t\t<\/div>\n\t\t<\/div>\n\t\t\t\t\t<\/div>\n\t\t<\/section>\n\t\t\t\t<section class=\"elementor-section elementor-top-section elementor-element elementor-element-36ed682 elementor-section-boxed elementor-section-height-default elementor-section-height-default\" data-id=\"36ed682\" data-element_type=\"section\">\n\t\t\t\t\t\t<div class=\"elementor-container elementor-column-gap-default\">\n\t\t\t\t\t<div class=\"elementor-column elementor-col-50 elementor-top-column elementor-element elementor-element-f5e0058\" data-id=\"f5e0058\" data-element_type=\"column\">\n\t\t\t<div class=\"elementor-widget-wrap elementor-element-populated\">\n\t\t\t\t\t\t<div class=\"elementor-element elementor-element-5e80cef elementor-widget elementor-widget-heading\" data-id=\"5e80cef\" data-element_type=\"widget\" data-widget_type=\"heading.default\">\n\t\t\t\t<div class=\"elementor-widget-container\">\n\t\t\t\t\t<h2 class=\"elementor-heading-title elementor-size-default\">Sources<\/h2>\t\t\t\t<\/div>\n\t\t\t\t<\/div>\n\t\t\t\t<div class=\"elementor-element elementor-element-2136d65 elementor-widget elementor-widget-text-editor\" data-id=\"2136d65\" data-element_type=\"widget\" data-widget_type=\"text-editor.default\">\n\t\t\t\t<div class=\"elementor-widget-container\">\n\t\t\t\t\t\t\t\t\t<p>A partir des sources jaillit en surface de la saumure de mani\u00e8re naturelle et continue, ce qui permet son utilisation sans avoir besoin de percer ou de pomper. Il y a un grand nombre de sources dans la vall\u00e9e sal\u00e9e et ses environs, mais seulement quatre d&rsquo;entre eux ; (Santa Engracia, La Hontana, El Pico et Fuentearriba) qui sont exploitables, car leur d\u00e9bit est permanent ; (environ 2 litres par seconde), et sa salinit\u00e9 est proche de la saturation ; (250 grammes de sel par litre). <\/p>\t\t\t\t\t\t\t\t<\/div>\n\t\t\t\t<\/div>\n\t\t\t\t\t<\/div>\n\t\t<\/div>\n\t\t\t\t<div class=\"elementor-column elementor-col-50 elementor-top-column elementor-element elementor-element-ff6ddeb\" data-id=\"ff6ddeb\" data-element_type=\"column\">\n\t\t\t<div class=\"elementor-widget-wrap elementor-element-populated\">\n\t\t\t\t\t\t<div class=\"elementor-element elementor-element-729a0be elementor-widget elementor-widget-image\" data-id=\"729a0be\" data-element_type=\"widget\" data-widget_type=\"image.default\">\n\t\t\t\t<div class=\"elementor-widget-container\">\n\t\t\t\t\t\t\t\t\t\t\t\t\t\t\t<img decoding=\"async\" width=\"800\" height=\"587\" src=\"https:\/\/www.vallesalado.com\/wp-content\/uploads\/2025\/01\/arquitectura-sal-02.webp\" class=\"attachment-full size-full wp-image-4676\" alt=\"\" srcset=\"https:\/\/www.vallesalado.com\/wp-content\/uploads\/2025\/01\/arquitectura-sal-02.webp 800w, https:\/\/www.vallesalado.com\/wp-content\/uploads\/2025\/01\/arquitectura-sal-02-300x220.webp 300w, https:\/\/www.vallesalado.com\/wp-content\/uploads\/2025\/01\/arquitectura-sal-02-768x564.webp 768w, https:\/\/www.vallesalado.com\/wp-content\/uploads\/2025\/01\/arquitectura-sal-02-600x440.webp 600w\" sizes=\"(max-width: 800px) 100vw, 800px\" \/>\t\t\t\t\t\t\t\t\t\t\t\t\t\t\t<\/div>\n\t\t\t\t<\/div>\n\t\t\t\t\t<\/div>\n\t\t<\/div>\n\t\t\t\t\t<\/div>\n\t\t<\/section>\n\t\t\t\t<section class=\"elementor-section elementor-top-section elementor-element elementor-element-4248f66 elementor-reverse-mobile elementor-section-boxed elementor-section-height-default elementor-section-height-default\" data-id=\"4248f66\" data-element_type=\"section\">\n\t\t\t\t\t\t<div class=\"elementor-container elementor-column-gap-default\">\n\t\t\t\t\t<div class=\"elementor-column elementor-col-50 elementor-top-column elementor-element elementor-element-ba2c790\" data-id=\"ba2c790\" data-element_type=\"column\">\n\t\t\t<div class=\"elementor-widget-wrap elementor-element-populated\">\n\t\t\t\t\t\t<div class=\"elementor-element elementor-element-99205e7 elementor-widget elementor-widget-image\" data-id=\"99205e7\" data-element_type=\"widget\" data-widget_type=\"image.default\">\n\t\t\t\t<div class=\"elementor-widget-container\">\n\t\t\t\t\t\t\t\t\t\t\t\t\t\t\t<img loading=\"lazy\" decoding=\"async\" width=\"800\" height=\"484\" src=\"https:\/\/www.vallesalado.com\/wp-content\/uploads\/2025\/01\/arquitectura-sal-04.webp\" class=\"attachment-full size-full wp-image-4691\" alt=\"\" srcset=\"https:\/\/www.vallesalado.com\/wp-content\/uploads\/2025\/01\/arquitectura-sal-04.webp 800w, https:\/\/www.vallesalado.com\/wp-content\/uploads\/2025\/01\/arquitectura-sal-04-300x182.webp 300w, https:\/\/www.vallesalado.com\/wp-content\/uploads\/2025\/01\/arquitectura-sal-04-768x465.webp 768w, https:\/\/www.vallesalado.com\/wp-content\/uploads\/2025\/01\/arquitectura-sal-04-600x363.webp 600w\" sizes=\"(max-width: 800px) 100vw, 800px\" \/>\t\t\t\t\t\t\t\t\t\t\t\t\t\t\t<\/div>\n\t\t\t\t<\/div>\n\t\t\t\t<div class=\"elementor-element elementor-element-6741836 e-transform elementor-widget elementor-widget-image\" data-id=\"6741836\" data-element_type=\"widget\" data-settings=\"{&quot;_transform_translateX_effect&quot;:{&quot;unit&quot;:&quot;px&quot;,&quot;size&quot;:-149,&quot;sizes&quot;:[]},&quot;_transform_translateX_effect_tablet&quot;:{&quot;unit&quot;:&quot;px&quot;,&quot;size&quot;:-46,&quot;sizes&quot;:[]},&quot;_transform_translateX_effect_mobile&quot;:{&quot;unit&quot;:&quot;px&quot;,&quot;size&quot;:-32,&quot;sizes&quot;:[]},&quot;_transform_translateY_effect&quot;:{&quot;unit&quot;:&quot;px&quot;,&quot;size&quot;:-126,&quot;sizes&quot;:[]},&quot;_transform_translateY_effect_tablet&quot;:{&quot;unit&quot;:&quot;px&quot;,&quot;size&quot;:-73,&quot;sizes&quot;:[]},&quot;_transform_translateY_effect_mobile&quot;:{&quot;unit&quot;:&quot;px&quot;,&quot;size&quot;:-110,&quot;sizes&quot;:[]}}\" data-widget_type=\"image.default\">\n\t\t\t\t<div class=\"elementor-widget-container\">\n\t\t\t\t\t\t\t\t\t\t\t\t\t\t\t<img loading=\"lazy\" decoding=\"async\" width=\"600\" height=\"600\" src=\"https:\/\/www.vallesalado.com\/wp-content\/uploads\/2024\/12\/valle-salado-gota-11.webp\" class=\"attachment-full size-full wp-image-4475\" alt=\"\" srcset=\"https:\/\/www.vallesalado.com\/wp-content\/uploads\/2024\/12\/valle-salado-gota-11.webp 600w, https:\/\/www.vallesalado.com\/wp-content\/uploads\/2024\/12\/valle-salado-gota-11-300x300.webp 300w, https:\/\/www.vallesalado.com\/wp-content\/uploads\/2024\/12\/valle-salado-gota-11-150x150.webp 150w, https:\/\/www.vallesalado.com\/wp-content\/uploads\/2024\/12\/valle-salado-gota-11-100x100.png 100w\" sizes=\"(max-width: 600px) 100vw, 600px\" \/>\t\t\t\t\t\t\t\t\t\t\t\t\t\t\t<\/div>\n\t\t\t\t<\/div>\n\t\t\t\t\t<\/div>\n\t\t<\/div>\n\t\t\t\t<div class=\"elementor-column elementor-col-50 elementor-top-column elementor-element elementor-element-a0fe6d8\" data-id=\"a0fe6d8\" data-element_type=\"column\">\n\t\t\t<div class=\"elementor-widget-wrap elementor-element-populated\">\n\t\t\t\t\t\t<div class=\"elementor-element elementor-element-6de14ba elementor-widget elementor-widget-heading\" data-id=\"6de14ba\" data-element_type=\"widget\" data-widget_type=\"heading.default\">\n\t\t\t\t<div class=\"elementor-widget-container\">\n\t\t\t\t\t<h2 class=\"elementor-heading-title elementor-size-default\">Acheminement de la saumure<\/h2>\t\t\t\t<\/div>\n\t\t\t\t<\/div>\n\t\t\t\t<div class=\"elementor-element elementor-element-4002735 elementor-widget elementor-widget-text-editor\" data-id=\"4002735\" data-element_type=\"widget\" data-widget_type=\"text-editor.default\">\n\t\t\t\t<div class=\"elementor-widget-container\">\n\t\t\t\t\t\t\t\t\t<p>Le transport et la distribution de l&rsquo;eau sal\u00e9e sont effectu\u00e9s en continu et par gravit\u00e9 \u00e0 travers un r\u00e9seau de canalisations appel\u00e9 royos. Bien que d&rsquo;origine la plupart d&rsquo;entre eux \u00e9taient de simples foss\u00e9s excav\u00e9s dans la terre, avec le temps ils ont \u00e9t\u00e9 remplac\u00e9s par des troncs de bois, g\u00e9n\u00e9ralement des pins. <\/p><p>Le principal syst\u00e8me de distribution commence son chemin au printemps de Santa Engracia, dans un canal unique, puis se divise en deux (en Y) appel\u00e9 diviseur. Sur le versant oriental de la vall\u00e9e coule le canal de Suso et sur l&rsquo;ouest coule le Quintana. Pour le premier canal suso coulent douze parties de la saumure et treize parties par le second canal Quintana. A une courte distance d\u2019un autre diviseur appel\u00e9 Celem\u00edn, ce dernier est divis\u00e9 \u00e0 nouveau en deux. Celui qui alimente la partie orientale continue d&rsquo;\u00eatre appel\u00e9 Quintana, et celui qui alimente la zone centrale s&rsquo;appelle De medio ou Meadero.    <\/p>\t\t\t\t\t\t\t\t<\/div>\n\t\t\t\t<\/div>\n\t\t\t\t\t<\/div>\n\t\t<\/div>\n\t\t\t\t\t<\/div>\n\t\t<\/section>\n\t\t\t\t<section class=\"elementor-section elementor-top-section elementor-element elementor-element-53f3a13 elementor-section-boxed elementor-section-height-default elementor-section-height-default\" data-id=\"53f3a13\" data-element_type=\"section\">\n\t\t\t\t\t\t<div class=\"elementor-container elementor-column-gap-default\">\n\t\t\t\t\t<div class=\"elementor-column elementor-col-50 elementor-top-column elementor-element elementor-element-3abddbe\" data-id=\"3abddbe\" data-element_type=\"column\">\n\t\t\t<div class=\"elementor-widget-wrap elementor-element-populated\">\n\t\t\t\t\t\t<div class=\"elementor-element elementor-element-26ad46c elementor-widget elementor-widget-heading\" data-id=\"26ad46c\" data-element_type=\"widget\" data-widget_type=\"heading.default\">\n\t\t\t\t<div class=\"elementor-widget-container\">\n\t\t\t\t\t<h2 class=\"elementor-heading-title elementor-size-default\">Reservoirs de la saumure<\/h2>\t\t\t\t<\/div>\n\t\t\t\t<\/div>\n\t\t\t\t<div class=\"elementor-element elementor-element-ef2813b elementor-widget elementor-widget-text-editor\" data-id=\"ef2813b\" data-element_type=\"widget\" data-widget_type=\"text-editor.default\">\n\t\t\t\t<div class=\"elementor-widget-container\">\n\t\t\t\t\t\t\t\t\t<p>Les r\u00e9servoirs sont le c\u0153ur des \u00ab granjas \u00bb de la production du sel et leur remplissage est la cause de la plupart des disputes entre les paludiers. Cela est d\u00fb \u00e0 la quantit\u00e9 limit\u00e9e d&rsquo;eau sal\u00e9e \u00e9manante des sources, au grand nombre d\u2019aires ou bassins existants , et \u00e0 la concentration du travail de production pendant quelques mois sp\u00e9cifiques, de mai \u00e0 septembre. <\/p><p>Tout ceci explique le nombre \u00e9lev\u00e9 de puits dans les salines (actuellement 848 puits) et la n\u00e9cessit\u00e9 d&rsquo;un r\u00e8glement de distribution complexe pour l&rsquo;utilisation de la saumure, connu sous le nom de \u00ab\u00a0Libro maestro\u00a0\u00bb.<\/p><p>La morphologie des puits est vari\u00e9e, qu\u2019on peut diviser en quatre types: ceux de l&rsquo;ext\u00e9rieur, ceux \u00e0 trappe en bois, ceux r\u00e9chauffeurs, et ceux appel\u00e9s des \u00ab l&rsquo;encuve \u00bb (encuvage) <\/p>\t\t\t\t\t\t\t\t<\/div>\n\t\t\t\t<\/div>\n\t\t\t\t\t<\/div>\n\t\t<\/div>\n\t\t\t\t<div class=\"elementor-column elementor-col-50 elementor-top-column elementor-element elementor-element-1777828\" data-id=\"1777828\" data-element_type=\"column\">\n\t\t\t<div class=\"elementor-widget-wrap elementor-element-populated\">\n\t\t\t\t\t\t<div class=\"elementor-element elementor-element-e457381 elementor-widget elementor-widget-image\" data-id=\"e457381\" data-element_type=\"widget\" data-widget_type=\"image.default\">\n\t\t\t\t<div class=\"elementor-widget-container\">\n\t\t\t\t\t\t\t\t\t\t\t\t\t\t\t<img loading=\"lazy\" decoding=\"async\" width=\"800\" height=\"484\" src=\"https:\/\/www.vallesalado.com\/wp-content\/uploads\/2025\/01\/arquitectura-sal-05.webp\" class=\"attachment-full size-full wp-image-4688\" alt=\"\" srcset=\"https:\/\/www.vallesalado.com\/wp-content\/uploads\/2025\/01\/arquitectura-sal-05.webp 800w, https:\/\/www.vallesalado.com\/wp-content\/uploads\/2025\/01\/arquitectura-sal-05-300x182.webp 300w, https:\/\/www.vallesalado.com\/wp-content\/uploads\/2025\/01\/arquitectura-sal-05-768x465.webp 768w, https:\/\/www.vallesalado.com\/wp-content\/uploads\/2025\/01\/arquitectura-sal-05-600x363.webp 600w\" sizes=\"(max-width: 800px) 100vw, 800px\" \/>\t\t\t\t\t\t\t\t\t\t\t\t\t\t\t<\/div>\n\t\t\t\t<\/div>\n\t\t\t\t\t<\/div>\n\t\t<\/div>\n\t\t\t\t\t<\/div>\n\t\t<\/section>\n\t\t\t\t<section class=\"elementor-section elementor-top-section elementor-element elementor-element-41571b7 elementor-reverse-mobile elementor-section-boxed elementor-section-height-default elementor-section-height-default\" data-id=\"41571b7\" data-element_type=\"section\">\n\t\t\t\t\t\t<div class=\"elementor-container elementor-column-gap-default\">\n\t\t\t\t\t<div class=\"elementor-column elementor-col-50 elementor-top-column elementor-element elementor-element-bd8b231\" data-id=\"bd8b231\" data-element_type=\"column\">\n\t\t\t<div class=\"elementor-widget-wrap elementor-element-populated\">\n\t\t\t\t\t\t<div class=\"elementor-element elementor-element-5702d99 elementor-widget elementor-widget-image\" data-id=\"5702d99\" data-element_type=\"widget\" data-widget_type=\"image.default\">\n\t\t\t\t<div class=\"elementor-widget-container\">\n\t\t\t\t\t\t\t\t\t\t\t\t\t\t\t<img loading=\"lazy\" decoding=\"async\" width=\"800\" height=\"379\" src=\"https:\/\/www.vallesalado.com\/wp-content\/uploads\/2025\/01\/arquitectura-sal-06.webp\" class=\"attachment-full size-full wp-image-4685\" alt=\"\" srcset=\"https:\/\/www.vallesalado.com\/wp-content\/uploads\/2025\/01\/arquitectura-sal-06.webp 800w, https:\/\/www.vallesalado.com\/wp-content\/uploads\/2025\/01\/arquitectura-sal-06-300x142.webp 300w, https:\/\/www.vallesalado.com\/wp-content\/uploads\/2025\/01\/arquitectura-sal-06-768x364.webp 768w, https:\/\/www.vallesalado.com\/wp-content\/uploads\/2025\/01\/arquitectura-sal-06-600x284.webp 600w\" sizes=\"(max-width: 800px) 100vw, 800px\" \/>\t\t\t\t\t\t\t\t\t\t\t\t\t\t\t<\/div>\n\t\t\t\t<\/div>\n\t\t\t\t<div class=\"elementor-element elementor-element-c3cc8fb e-transform elementor-widget elementor-widget-image\" data-id=\"c3cc8fb\" data-element_type=\"widget\" data-settings=\"{&quot;_transform_translateX_effect&quot;:{&quot;unit&quot;:&quot;px&quot;,&quot;size&quot;:-11,&quot;sizes&quot;:[]},&quot;_transform_translateX_effect_tablet&quot;:{&quot;unit&quot;:&quot;px&quot;,&quot;size&quot;:53,&quot;sizes&quot;:[]},&quot;_transform_translateX_effect_mobile&quot;:{&quot;unit&quot;:&quot;px&quot;,&quot;size&quot;:21,&quot;sizes&quot;:[]},&quot;_transform_translateY_effect&quot;:{&quot;unit&quot;:&quot;px&quot;,&quot;size&quot;:-126,&quot;sizes&quot;:[]},&quot;_transform_translateY_effect_tablet&quot;:{&quot;unit&quot;:&quot;px&quot;,&quot;size&quot;:-73,&quot;sizes&quot;:[]},&quot;_transform_translateY_effect_mobile&quot;:{&quot;unit&quot;:&quot;px&quot;,&quot;size&quot;:-110,&quot;sizes&quot;:[]}}\" data-widget_type=\"image.default\">\n\t\t\t\t<div class=\"elementor-widget-container\">\n\t\t\t\t\t\t\t\t\t\t\t\t\t\t\t<img loading=\"lazy\" decoding=\"async\" width=\"600\" height=\"600\" src=\"https:\/\/www.vallesalado.com\/wp-content\/uploads\/2024\/12\/valle-salado-gota-07.webp\" class=\"attachment-full size-full wp-image-4478\" alt=\"\" srcset=\"https:\/\/www.vallesalado.com\/wp-content\/uploads\/2024\/12\/valle-salado-gota-07.webp 600w, https:\/\/www.vallesalado.com\/wp-content\/uploads\/2024\/12\/valle-salado-gota-07-300x300.webp 300w, https:\/\/www.vallesalado.com\/wp-content\/uploads\/2024\/12\/valle-salado-gota-07-150x150.webp 150w, https:\/\/www.vallesalado.com\/wp-content\/uploads\/2024\/12\/valle-salado-gota-07-100x100.webp 100w\" sizes=\"(max-width: 600px) 100vw, 600px\" \/>\t\t\t\t\t\t\t\t\t\t\t\t\t\t\t<\/div>\n\t\t\t\t<\/div>\n\t\t\t\t\t<\/div>\n\t\t<\/div>\n\t\t\t\t<div class=\"elementor-column elementor-col-50 elementor-top-column elementor-element elementor-element-74bf3e4\" data-id=\"74bf3e4\" data-element_type=\"column\">\n\t\t\t<div class=\"elementor-widget-wrap elementor-element-populated\">\n\t\t\t\t\t\t<div class=\"elementor-element elementor-element-0d94e07 elementor-widget elementor-widget-heading\" data-id=\"0d94e07\" data-element_type=\"widget\" data-widget_type=\"heading.default\">\n\t\t\t\t<div class=\"elementor-widget-container\">\n\t\t\t\t\t<h2 class=\"elementor-heading-title elementor-size-default\">Aires ou plate-formes d\u2019evaporation<\/h2>\t\t\t\t<\/div>\n\t\t\t\t<\/div>\n\t\t\t\t<div class=\"elementor-element elementor-element-3a7d348 elementor-widget elementor-widget-text-editor\" data-id=\"3a7d348\" data-element_type=\"widget\" data-widget_type=\"text-editor.default\">\n\t\t\t\t<div class=\"elementor-widget-container\">\n\t\t\t\t\t\t\t\t\t<p>L\u2019obtention du sel \u00e0 A\u00f1ana est bas\u00e9e sur l&rsquo;\u00e9vaporation de l&rsquo;eau contenue dans la saumure par des moyens naturels. Pour ce faire, l&rsquo;eau sal\u00e9e est vers\u00e9e sur des plates-formes horizontales appel\u00e9es aires, dont la surface varie entre douze et vingt m\u00e8tres carr\u00e9s. <\/p><p>L\u2019ensemble des aires travaill\u00e9s par le m\u00eame propri\u00e9taire sont appel\u00e9s \u00ab granjas \u00bb .celles-ci sont adapt\u00e9es \u00e0 l&rsquo;orographie complexe du paysage, \u00e0 la fois en forme et en hauteur, donnant lieu \u00e0 des figures compliqu\u00e9es occupant la plus grande partie de la vall\u00e9e sal\u00e9e. \u00c0 l&rsquo;heure actuelle, il y a d\u00e9j\u00e0 plus de 2000 aires r\u00e9cup\u00e9r\u00e9s et qui sont en production.  <\/p>\t\t\t\t\t\t\t\t<\/div>\n\t\t\t\t<\/div>\n\t\t\t\t\t<\/div>\n\t\t<\/div>\n\t\t\t\t\t<\/div>\n\t\t<\/section>\n\t\t\t\t<section class=\"elementor-section elementor-top-section elementor-element elementor-element-b88f25e elementor-section-boxed elementor-section-height-default elementor-section-height-default\" data-id=\"b88f25e\" data-element_type=\"section\">\n\t\t\t\t\t\t<div class=\"elementor-container elementor-column-gap-default\">\n\t\t\t\t\t<div class=\"elementor-column elementor-col-50 elementor-top-column elementor-element elementor-element-a85eb73\" data-id=\"a85eb73\" data-element_type=\"column\">\n\t\t\t<div class=\"elementor-widget-wrap elementor-element-populated\">\n\t\t\t\t\t\t<div class=\"elementor-element elementor-element-8f20635 elementor-widget elementor-widget-heading\" data-id=\"8f20635\" data-element_type=\"widget\" data-widget_type=\"heading.default\">\n\t\t\t\t<div class=\"elementor-widget-container\">\n\t\t\t\t\t<h2 class=\"elementor-heading-title elementor-size-default\">Entrep\u00f4ts<\/h2>\t\t\t\t<\/div>\n\t\t\t\t<\/div>\n\t\t\t\t<div class=\"elementor-element elementor-element-f81379b elementor-widget elementor-widget-text-editor\" data-id=\"f81379b\" data-element_type=\"widget\" data-widget_type=\"text-editor.default\">\n\t\t\t\t<div class=\"elementor-widget-container\">\n\t\t\t\t\t\t\t\t\t<p>Les espaces qui sont cr\u00e9\u00e9s sous les aires sont mis \u00e0 profit par les paludiers comme entrep\u00f4ts de sel. Dans ces entrep\u00f4ts priv\u00e9s, les paludiers d\u00e9posent le sel produit durant la p\u00e9riode du mai \u00e0 septembre. En octobre, il est transport\u00e9 vers des espaces de stockage situ\u00e9s \u00e0 l\u2019ext\u00e9rieur du champ d\u2019exploitation pour conditionnement et commercialisation.  <\/p>\t\t\t\t\t\t\t\t<\/div>\n\t\t\t\t<\/div>\n\t\t\t\t\t<\/div>\n\t\t<\/div>\n\t\t\t\t<div class=\"elementor-column elementor-col-50 elementor-top-column elementor-element elementor-element-8b5130e\" data-id=\"8b5130e\" data-element_type=\"column\">\n\t\t\t<div class=\"elementor-widget-wrap elementor-element-populated\">\n\t\t\t\t\t\t<div class=\"elementor-element elementor-element-590d349 elementor-widget elementor-widget-image\" data-id=\"590d349\" data-element_type=\"widget\" data-widget_type=\"image.default\">\n\t\t\t\t<div class=\"elementor-widget-container\">\n\t\t\t\t\t\t\t\t\t\t\t\t\t\t\t<img loading=\"lazy\" decoding=\"async\" width=\"800\" height=\"484\" src=\"https:\/\/www.vallesalado.com\/wp-content\/uploads\/2025\/01\/arquitectura-sal-07.webp\" class=\"attachment-full size-full wp-image-4682\" alt=\"\" srcset=\"https:\/\/www.vallesalado.com\/wp-content\/uploads\/2025\/01\/arquitectura-sal-07.webp 800w, https:\/\/www.vallesalado.com\/wp-content\/uploads\/2025\/01\/arquitectura-sal-07-300x182.webp 300w, https:\/\/www.vallesalado.com\/wp-content\/uploads\/2025\/01\/arquitectura-sal-07-768x465.webp 768w, https:\/\/www.vallesalado.com\/wp-content\/uploads\/2025\/01\/arquitectura-sal-07-600x363.webp 600w\" sizes=\"(max-width: 800px) 100vw, 800px\" \/>\t\t\t\t\t\t\t\t\t\t\t\t\t\t\t<\/div>\n\t\t\t\t<\/div>\n\t\t\t\t\t<\/div>\n\t\t<\/div>\n\t\t\t\t\t<\/div>\n\t\t<\/section>\n\t\t\t\t<\/div>\n\t\t","protected":false},"excerpt":{"rendered":"<p>L&rsquo;architecture inhabituelle du sel g\u00e9n\u00e9r\u00e9e \u00e0 A\u00f1ana est le r\u00e9sultat d\u2019un \u00e9change des valeurs culturelles et humaines qui ont \u00e9t\u00e9 d\u00e9velopp\u00e9es pendant plus de sept mill\u00e9naires d&rsquo;histoire. Cette architecture populaire ne montre pas les styles architecturaux rigides d\u2019un architecte, mais en raison de sa nature utilitaire dans la vall\u00e9e, ont coexist\u00e9 harmonieusement les innovations technologiques [&hellip;]<\/p>\n","protected":false},"author":1,"featured_media":4148,"parent":6909,"menu_order":0,"comment_status":"closed","ping_status":"closed","template":"","meta":{"inline_featured_image":false,"footnotes":"","_links_to":"","_links_to_target":""},"class_list":["post-6945","page","type-page","status-publish","has-post-thumbnail","hentry"],"yoast_head":"<!-- This site is optimized with the Yoast SEO plugin v26.7 - https:\/\/yoast.com\/wordpress\/plugins\/seo\/ -->\n<title>Architecture du sel - Valle Salado de A\u00f1ana<\/title>\n<meta name=\"description\" content=\"A\u00f1anako gatzaren arkitektura, 7.000 urte baino gehiagoko historia duen kultur ondare iraunkorra, tradizioa eta teknika uztartzen dituena.\" \/>\n<meta name=\"robots\" content=\"index, follow, max-snippet:-1, max-image-preview:large, max-video-preview:-1\" \/>\n<link rel=\"canonical\" href=\"https:\/\/www.vallesalado.com\/fr\/decouvrez-la-vallee-salee\/paysage-culturel\/architecture-du-sel\/\" \/>\n<meta property=\"og:locale\" content=\"fr_FR\" \/>\n<meta property=\"og:type\" content=\"article\" \/>\n<meta property=\"og:title\" content=\"Architecture du sel - Valle Salado de A\u00f1ana\" \/>\n<meta property=\"og:description\" content=\"A\u00f1anako gatzaren arkitektura, 7.000 urte baino gehiagoko historia duen kultur ondare iraunkorra, tradizioa eta teknika uztartzen dituena.\" \/>\n<meta property=\"og:url\" content=\"https:\/\/www.vallesalado.com\/fr\/decouvrez-la-vallee-salee\/paysage-culturel\/architecture-du-sel\/\" \/>\n<meta property=\"og:site_name\" content=\"Valle Salado de A\u00f1ana\" \/>\n<meta property=\"article:publisher\" content=\"https:\/\/www.facebook.com\/ValleSaladodeAnana\" \/>\n<meta property=\"article:modified_time\" content=\"2025-05-14T19:15:26+00:00\" \/>\n<meta property=\"og:image\" content=\"https:\/\/www.vallesalado.com\/wp-content\/uploads\/2024\/12\/valle-salado-miniatura.webp\" \/>\n\t<meta property=\"og:image:width\" content=\"1200\" \/>\n\t<meta property=\"og:image:height\" content=\"630\" \/>\n\t<meta property=\"og:image:type\" content=\"image\/webp\" \/>\n<meta name=\"twitter:card\" content=\"summary_large_image\" \/>\n<meta name=\"twitter:site\" content=\"@vallesalado\" \/>\n<meta name=\"twitter:label1\" content=\"Dur\u00e9e de lecture estim\u00e9e\" \/>\n\t<meta name=\"twitter:data1\" content=\"5 minutes\" \/>\n<script type=\"application\/ld+json\" class=\"yoast-schema-graph\">{\"@context\":\"https:\/\/schema.org\",\"@graph\":[{\"@type\":\"WebPage\",\"@id\":\"https:\/\/www.vallesalado.com\/fr\/decouvrez-la-vallee-salee\/paysage-culturel\/architecture-du-sel\/\",\"url\":\"https:\/\/www.vallesalado.com\/fr\/decouvrez-la-vallee-salee\/paysage-culturel\/architecture-du-sel\/\",\"name\":\"Architecture du sel - Valle Salado de A\u00f1ana\",\"isPartOf\":{\"@id\":\"https:\/\/www.vallesalado.com\/fr\/#website\"},\"primaryImageOfPage\":{\"@id\":\"https:\/\/www.vallesalado.com\/fr\/decouvrez-la-vallee-salee\/paysage-culturel\/architecture-du-sel\/#primaryimage\"},\"image\":{\"@id\":\"https:\/\/www.vallesalado.com\/fr\/decouvrez-la-vallee-salee\/paysage-culturel\/architecture-du-sel\/#primaryimage\"},\"thumbnailUrl\":\"https:\/\/www.vallesalado.com\/wp-content\/uploads\/2024\/12\/valle-salado-miniatura.webp\",\"datePublished\":\"2024-12-03T16:16:55+00:00\",\"dateModified\":\"2025-05-14T19:15:26+00:00\",\"description\":\"A\u00f1anako gatzaren arkitektura, 7.000 urte baino gehiagoko historia duen kultur ondare iraunkorra, tradizioa eta teknika uztartzen dituena.\",\"breadcrumb\":{\"@id\":\"https:\/\/www.vallesalado.com\/fr\/decouvrez-la-vallee-salee\/paysage-culturel\/architecture-du-sel\/#breadcrumb\"},\"inLanguage\":\"fr-FR\",\"potentialAction\":[{\"@type\":\"ReadAction\",\"target\":[\"https:\/\/www.vallesalado.com\/fr\/decouvrez-la-vallee-salee\/paysage-culturel\/architecture-du-sel\/\"]}]},{\"@type\":\"ImageObject\",\"inLanguage\":\"fr-FR\",\"@id\":\"https:\/\/www.vallesalado.com\/fr\/decouvrez-la-vallee-salee\/paysage-culturel\/architecture-du-sel\/#primaryimage\",\"url\":\"https:\/\/www.vallesalado.com\/wp-content\/uploads\/2024\/12\/valle-salado-miniatura.webp\",\"contentUrl\":\"https:\/\/www.vallesalado.com\/wp-content\/uploads\/2024\/12\/valle-salado-miniatura.webp\",\"width\":1200,\"height\":630},{\"@type\":\"BreadcrumbList\",\"@id\":\"https:\/\/www.vallesalado.com\/fr\/decouvrez-la-vallee-salee\/paysage-culturel\/architecture-du-sel\/#breadcrumb\",\"itemListElement\":[{\"@type\":\"ListItem\",\"position\":1,\"name\":\"Valle Salado\",\"item\":\"https:\/\/www.vallesalado.com\/fr\/\"},{\"@type\":\"ListItem\",\"position\":2,\"name\":\"D\u00e9couvrez la Vall\u00e9e Sal\u00e9e\",\"item\":\"https:\/\/www.vallesalado.com\/fr\/decouvrez-la-vallee-salee\/\"},{\"@type\":\"ListItem\",\"position\":3,\"name\":\"Paysage culturel\",\"item\":\"https:\/\/www.vallesalado.com\/fr\/decouvrez-la-vallee-salee\/paysage-culturel\/\"},{\"@type\":\"ListItem\",\"position\":4,\"name\":\"Architecture du sel\"}]},{\"@type\":\"WebSite\",\"@id\":\"https:\/\/www.vallesalado.com\/fr\/#website\",\"url\":\"https:\/\/www.vallesalado.com\/fr\/\",\"name\":\"Valle Salado de A\u00f1ana\",\"description\":\"Valle Salado de A\u00f1ana\",\"publisher\":{\"@id\":\"https:\/\/www.vallesalado.com\/fr\/#organization\"},\"potentialAction\":[{\"@type\":\"SearchAction\",\"target\":{\"@type\":\"EntryPoint\",\"urlTemplate\":\"https:\/\/www.vallesalado.com\/fr\/?s={search_term_string}\"},\"query-input\":{\"@type\":\"PropertyValueSpecification\",\"valueRequired\":true,\"valueName\":\"search_term_string\"}}],\"inLanguage\":\"fr-FR\"},{\"@type\":\"Organization\",\"@id\":\"https:\/\/www.vallesalado.com\/fr\/#organization\",\"name\":\"Valle Salado de A\u00f1ana\",\"url\":\"https:\/\/www.vallesalado.com\/fr\/\",\"logo\":{\"@type\":\"ImageObject\",\"inLanguage\":\"fr-FR\",\"@id\":\"https:\/\/www.vallesalado.com\/fr\/#\/schema\/logo\/image\/\",\"url\":\"https:\/\/www.vallesalado.com\/wp-content\/uploads\/2025\/05\/logo-valle-salado.webp\",\"contentUrl\":\"https:\/\/www.vallesalado.com\/wp-content\/uploads\/2025\/05\/logo-valle-salado.webp\",\"width\":600,\"height\":143,\"caption\":\"Valle Salado de A\u00f1ana\"},\"image\":{\"@id\":\"https:\/\/www.vallesalado.com\/fr\/#\/schema\/logo\/image\/\"},\"sameAs\":[\"https:\/\/www.facebook.com\/ValleSaladodeAnana\",\"https:\/\/x.com\/vallesalado\",\"https:\/\/www.instagram.com\/vallesalado\/\"]}]}<\/script>\n<!-- \/ Yoast SEO plugin. -->","yoast_head_json":{"title":"Architecture du sel - Valle Salado de A\u00f1ana","description":"A\u00f1anako gatzaren arkitektura, 7.000 urte baino gehiagoko historia duen kultur ondare iraunkorra, tradizioa eta teknika uztartzen dituena.","robots":{"index":"index","follow":"follow","max-snippet":"max-snippet:-1","max-image-preview":"max-image-preview:large","max-video-preview":"max-video-preview:-1"},"canonical":"https:\/\/www.vallesalado.com\/fr\/decouvrez-la-vallee-salee\/paysage-culturel\/architecture-du-sel\/","og_locale":"fr_FR","og_type":"article","og_title":"Architecture du sel - Valle Salado de A\u00f1ana","og_description":"A\u00f1anako gatzaren arkitektura, 7.000 urte baino gehiagoko historia duen kultur ondare iraunkorra, tradizioa eta teknika uztartzen dituena.","og_url":"https:\/\/www.vallesalado.com\/fr\/decouvrez-la-vallee-salee\/paysage-culturel\/architecture-du-sel\/","og_site_name":"Valle Salado de A\u00f1ana","article_publisher":"https:\/\/www.facebook.com\/ValleSaladodeAnana","article_modified_time":"2025-05-14T19:15:26+00:00","og_image":[{"width":1200,"height":630,"url":"https:\/\/www.vallesalado.com\/wp-content\/uploads\/2024\/12\/valle-salado-miniatura.webp","type":"image\/webp"}],"twitter_card":"summary_large_image","twitter_site":"@vallesalado","twitter_misc":{"Dur\u00e9e de lecture estim\u00e9e":"5 minutes"},"schema":{"@context":"https:\/\/schema.org","@graph":[{"@type":"WebPage","@id":"https:\/\/www.vallesalado.com\/fr\/decouvrez-la-vallee-salee\/paysage-culturel\/architecture-du-sel\/","url":"https:\/\/www.vallesalado.com\/fr\/decouvrez-la-vallee-salee\/paysage-culturel\/architecture-du-sel\/","name":"Architecture du sel - Valle Salado de A\u00f1ana","isPartOf":{"@id":"https:\/\/www.vallesalado.com\/fr\/#website"},"primaryImageOfPage":{"@id":"https:\/\/www.vallesalado.com\/fr\/decouvrez-la-vallee-salee\/paysage-culturel\/architecture-du-sel\/#primaryimage"},"image":{"@id":"https:\/\/www.vallesalado.com\/fr\/decouvrez-la-vallee-salee\/paysage-culturel\/architecture-du-sel\/#primaryimage"},"thumbnailUrl":"https:\/\/www.vallesalado.com\/wp-content\/uploads\/2024\/12\/valle-salado-miniatura.webp","datePublished":"2024-12-03T16:16:55+00:00","dateModified":"2025-05-14T19:15:26+00:00","description":"A\u00f1anako gatzaren arkitektura, 7.000 urte baino gehiagoko historia duen kultur ondare iraunkorra, tradizioa eta teknika uztartzen dituena.","breadcrumb":{"@id":"https:\/\/www.vallesalado.com\/fr\/decouvrez-la-vallee-salee\/paysage-culturel\/architecture-du-sel\/#breadcrumb"},"inLanguage":"fr-FR","potentialAction":[{"@type":"ReadAction","target":["https:\/\/www.vallesalado.com\/fr\/decouvrez-la-vallee-salee\/paysage-culturel\/architecture-du-sel\/"]}]},{"@type":"ImageObject","inLanguage":"fr-FR","@id":"https:\/\/www.vallesalado.com\/fr\/decouvrez-la-vallee-salee\/paysage-culturel\/architecture-du-sel\/#primaryimage","url":"https:\/\/www.vallesalado.com\/wp-content\/uploads\/2024\/12\/valle-salado-miniatura.webp","contentUrl":"https:\/\/www.vallesalado.com\/wp-content\/uploads\/2024\/12\/valle-salado-miniatura.webp","width":1200,"height":630},{"@type":"BreadcrumbList","@id":"https:\/\/www.vallesalado.com\/fr\/decouvrez-la-vallee-salee\/paysage-culturel\/architecture-du-sel\/#breadcrumb","itemListElement":[{"@type":"ListItem","position":1,"name":"Valle Salado","item":"https:\/\/www.vallesalado.com\/fr\/"},{"@type":"ListItem","position":2,"name":"D\u00e9couvrez la Vall\u00e9e Sal\u00e9e","item":"https:\/\/www.vallesalado.com\/fr\/decouvrez-la-vallee-salee\/"},{"@type":"ListItem","position":3,"name":"Paysage culturel","item":"https:\/\/www.vallesalado.com\/fr\/decouvrez-la-vallee-salee\/paysage-culturel\/"},{"@type":"ListItem","position":4,"name":"Architecture du sel"}]},{"@type":"WebSite","@id":"https:\/\/www.vallesalado.com\/fr\/#website","url":"https:\/\/www.vallesalado.com\/fr\/","name":"Valle Salado de A\u00f1ana","description":"Valle Salado de A\u00f1ana","publisher":{"@id":"https:\/\/www.vallesalado.com\/fr\/#organization"},"potentialAction":[{"@type":"SearchAction","target":{"@type":"EntryPoint","urlTemplate":"https:\/\/www.vallesalado.com\/fr\/?s={search_term_string}"},"query-input":{"@type":"PropertyValueSpecification","valueRequired":true,"valueName":"search_term_string"}}],"inLanguage":"fr-FR"},{"@type":"Organization","@id":"https:\/\/www.vallesalado.com\/fr\/#organization","name":"Valle Salado de A\u00f1ana","url":"https:\/\/www.vallesalado.com\/fr\/","logo":{"@type":"ImageObject","inLanguage":"fr-FR","@id":"https:\/\/www.vallesalado.com\/fr\/#\/schema\/logo\/image\/","url":"https:\/\/www.vallesalado.com\/wp-content\/uploads\/2025\/05\/logo-valle-salado.webp","contentUrl":"https:\/\/www.vallesalado.com\/wp-content\/uploads\/2025\/05\/logo-valle-salado.webp","width":600,"height":143,"caption":"Valle Salado de A\u00f1ana"},"image":{"@id":"https:\/\/www.vallesalado.com\/fr\/#\/schema\/logo\/image\/"},"sameAs":["https:\/\/www.facebook.com\/ValleSaladodeAnana","https:\/\/x.com\/vallesalado","https:\/\/www.instagram.com\/vallesalado\/"]}]}},"_links":{"self":[{"href":"https:\/\/www.vallesalado.com\/fr\/wp-json\/wp\/v2\/pages\/6945","targetHints":{"allow":["GET"]}}],"collection":[{"href":"https:\/\/www.vallesalado.com\/fr\/wp-json\/wp\/v2\/pages"}],"about":[{"href":"https:\/\/www.vallesalado.com\/fr\/wp-json\/wp\/v2\/types\/page"}],"author":[{"embeddable":true,"href":"https:\/\/www.vallesalado.com\/fr\/wp-json\/wp\/v2\/users\/1"}],"replies":[{"embeddable":true,"href":"https:\/\/www.vallesalado.com\/fr\/wp-json\/wp\/v2\/comments?post=6945"}],"version-history":[{"count":2,"href":"https:\/\/www.vallesalado.com\/fr\/wp-json\/wp\/v2\/pages\/6945\/revisions"}],"predecessor-version":[{"id":6947,"href":"https:\/\/www.vallesalado.com\/fr\/wp-json\/wp\/v2\/pages\/6945\/revisions\/6947"}],"up":[{"embeddable":true,"href":"https:\/\/www.vallesalado.com\/fr\/wp-json\/wp\/v2\/pages\/6909"}],"wp:featuredmedia":[{"embeddable":true,"href":"https:\/\/www.vallesalado.com\/fr\/wp-json\/wp\/v2\/media\/4148"}],"wp:attachment":[{"href":"https:\/\/www.vallesalado.com\/fr\/wp-json\/wp\/v2\/media?parent=6945"}],"curies":[{"name":"wp","href":"https:\/\/api.w.org\/{rel}","templated":true}]}}