{"id":6961,"date":"2024-12-03T17:17:40","date_gmt":"2024-12-03T16:17:40","guid":{"rendered":"https:\/\/vallesalado.com\/decouvrez-la-vallee-salee\/paysage-culturel\/le-paludier\/"},"modified":"2025-05-14T22:01:24","modified_gmt":"2025-05-14T20:01:24","slug":"le-paludier","status":"publish","type":"page","link":"https:\/\/www.vallesalado.com\/fr\/decouvrez-la-vallee-salee\/paysage-culturel\/le-paludier\/","title":{"rendered":"Le paludier"},"content":{"rendered":"\t\t<div data-elementor-type=\"wp-page\" data-elementor-id=\"6961\" class=\"elementor elementor-6961 elementor-218\" data-elementor-post-type=\"page\">\n\t\t\t\t\t\t<section class=\"elementor-section elementor-top-section elementor-element elementor-element-d10f809 elementor-section-boxed elementor-section-height-default elementor-section-height-default\" data-id=\"d10f809\" data-element_type=\"section\" data-settings=\"{&quot;background_background&quot;:&quot;classic&quot;}\">\n\t\t\t\t\t\t<div class=\"elementor-container elementor-column-gap-default\">\n\t\t\t\t\t<div class=\"elementor-column elementor-col-100 elementor-top-column elementor-element elementor-element-c7a5a3a\" data-id=\"c7a5a3a\" data-element_type=\"column\">\n\t\t\t<div class=\"elementor-widget-wrap elementor-element-populated\">\n\t\t\t\t\t\t<div class=\"elementor-element elementor-element-aab5197 elementor-widget elementor-widget-heading\" data-id=\"aab5197\" data-element_type=\"widget\" data-widget_type=\"heading.default\">\n\t\t\t\t<div class=\"elementor-widget-container\">\n\t\t\t\t\t<h1 class=\"elementor-heading-title elementor-size-default\">Le paludier<\/h1>\t\t\t\t<\/div>\n\t\t\t\t<\/div>\n\t\t\t\t<div class=\"elementor-element elementor-element-131da2f elementor-align-center elementor-widget elementor-widget-breadcrumbs\" data-id=\"131da2f\" data-element_type=\"widget\" data-widget_type=\"breadcrumbs.default\">\n\t\t\t\t<div class=\"elementor-widget-container\">\n\t\t\t\t\t<p id=\"breadcrumbs\"><span><span><a href=\"https:\/\/www.vallesalado.com\/fr\/\">Valle Salado<\/a><\/span><\/span><\/p>\t\t\t\t<\/div>\n\t\t\t\t<\/div>\n\t\t\t\t\t<\/div>\n\t\t<\/div>\n\t\t\t\t\t<\/div>\n\t\t<\/section>\n\t\t\t\t<section class=\"elementor-section elementor-top-section elementor-element elementor-element-a895e31 elementor-section-boxed elementor-section-height-default elementor-section-height-default\" data-id=\"a895e31\" data-element_type=\"section\">\n\t\t\t\t\t\t<div class=\"elementor-container elementor-column-gap-wider\">\n\t\t\t\t\t<div class=\"elementor-column elementor-col-50 elementor-top-column elementor-element elementor-element-4227f11\" data-id=\"4227f11\" data-element_type=\"column\">\n\t\t\t<div class=\"elementor-widget-wrap elementor-element-populated\">\n\t\t\t\t\t\t<div class=\"elementor-element elementor-element-bc79c8a elementor-widget elementor-widget-text-editor\" data-id=\"bc79c8a\" data-element_type=\"widget\" data-widget_type=\"text-editor.default\">\n\t\t\t\t<div class=\"elementor-widget-container\">\n\t\t\t\t\t\t\t\t\t<p>L&rsquo;un des principaux elements actifs du projet de r\u00e9cup\u00e9ration de la Vall\u00e9e Sal\u00e9e est, sans aucun doute, la communaut\u00e9 des paludiers et des paludi\u00e8res d&rsquo;A\u00f1ana.<\/p><p>Pendant des g\u00e9n\u00e9rations, ils ont construit, soign\u00e9 et v\u00e9cu par et pour les salines. Mais surtout, ils ont transmis et ils transmirent avec fiert\u00e9 le \u201csavoir-faire\u00a0\u00bb de leurs anc\u00eatres pour entretenir et conserver l&rsquo;un des paysages du sel les plus uiniques du monde et produire l&rsquo;un des meilleurs sels que l&rsquo;on puisse trouver sur les march\u00e9s. <\/p><p>Dans la premi\u00e8re moiti\u00e9 du XIIeme si\u00e8cle, la communaut\u00e9 des chevaliers h\u00e9ritiers de la Royale Salinas d\u2019 A\u00f1ana a \u00e9t\u00e9 cr\u00e9\u00e9e \u00e0 la vall\u00e9e sal\u00e9e. Cette instance dirigeante regroupait tous les propri\u00e9taires, la\u00efcs et religieux, pour organiser et contr\u00f4ler en interne toutes les affaires li\u00e9es \u00e0 la Vall\u00e9e Sal\u00e9e. <\/p><p>Cette ancienne soci\u00e9t\u00e9 de paludiers a \u00e9t\u00e9 gouvern\u00e9e pendant des si\u00e8cles par les us et les coutumes jusqu&rsquo;\u00e0 ce que, comme cela s&rsquo;est produit avec la distribution de la saumure, il \u00e9tait n\u00e9cessaire de traduire leurs ordonnances par \u00e9crit.<\/p><p>Au Moyen Age, il y avait plus de cinquante institutions religieuses ayant des propri\u00e9t\u00e9s dans le Vall\u00e9e Sal\u00e9e, la Communaut\u00e9 \u00e9tait dirig\u00e9e par deux d\u00e9put\u00e9s; un la\u00efc et un eccl\u00e9siastique, qui \u00e9taient \u00e9lus chaque ann\u00e9e parmi les h\u00e9ritiers.<\/p><p>\u00c0 la fin de son mandat, si les d\u00e9put\u00e9s n&rsquo;\u00e9taient pas r\u00e9\u00e9lus, deux conseillers ont \u00e9t\u00e9 nomm\u00e9s pour superviser les comptes avant de choisir leurs successeurs.<\/p>\t\t\t\t\t\t\t\t<\/div>\n\t\t\t\t<\/div>\n\t\t\t\t\t<\/div>\n\t\t<\/div>\n\t\t\t\t<div class=\"elementor-column elementor-col-50 elementor-top-column elementor-element elementor-element-a8cc86a\" data-id=\"a8cc86a\" data-element_type=\"column\">\n\t\t\t<div class=\"elementor-widget-wrap elementor-element-populated\">\n\t\t\t\t\t\t<div class=\"elementor-element elementor-element-bb98275 elementor-widget elementor-widget-image\" data-id=\"bb98275\" data-element_type=\"widget\" data-widget_type=\"image.default\">\n\t\t\t\t<div class=\"elementor-widget-container\">\n\t\t\t\t\t\t\t\t\t\t\t\t\t\t\t<img fetchpriority=\"high\" decoding=\"async\" width=\"800\" height=\"891\" src=\"https:\/\/www.vallesalado.com\/wp-content\/uploads\/2025\/01\/salineros-00.webp\" class=\"attachment-full size-full wp-image-4706\" alt=\"\" srcset=\"https:\/\/www.vallesalado.com\/wp-content\/uploads\/2025\/01\/salineros-00.webp 800w, https:\/\/www.vallesalado.com\/wp-content\/uploads\/2025\/01\/salineros-00-269x300.webp 269w, https:\/\/www.vallesalado.com\/wp-content\/uploads\/2025\/01\/salineros-00-768x855.webp 768w, https:\/\/www.vallesalado.com\/wp-content\/uploads\/2025\/01\/salineros-00-600x668.webp 600w\" sizes=\"(max-width: 800px) 100vw, 800px\" \/>\t\t\t\t\t\t\t\t\t\t\t\t\t\t\t<\/div>\n\t\t\t\t<\/div>\n\t\t\t\t<div class=\"elementor-element elementor-element-3e97d25 e-transform elementor-widget elementor-widget-image\" data-id=\"3e97d25\" data-element_type=\"widget\" data-settings=\"{&quot;_transform_translateX_effect&quot;:{&quot;unit&quot;:&quot;px&quot;,&quot;size&quot;:167,&quot;sizes&quot;:[]},&quot;_transform_translateX_effect_tablet&quot;:{&quot;unit&quot;:&quot;px&quot;,&quot;size&quot;:73,&quot;sizes&quot;:[]},&quot;_transform_translateX_effect_mobile&quot;:{&quot;unit&quot;:&quot;px&quot;,&quot;size&quot;:80,&quot;sizes&quot;:[]},&quot;_transform_translateY_effect&quot;:{&quot;unit&quot;:&quot;px&quot;,&quot;size&quot;:-93,&quot;sizes&quot;:[]},&quot;_transform_translateY_effect_tablet&quot;:{&quot;unit&quot;:&quot;px&quot;,&quot;size&quot;:-73,&quot;sizes&quot;:[]},&quot;_transform_translateY_effect_mobile&quot;:{&quot;unit&quot;:&quot;px&quot;,&quot;size&quot;:-110,&quot;sizes&quot;:[]}}\" data-widget_type=\"image.default\">\n\t\t\t\t<div class=\"elementor-widget-container\">\n\t\t\t\t\t\t\t\t\t\t\t\t\t\t\t<img decoding=\"async\" width=\"600\" height=\"600\" src=\"https:\/\/www.vallesalado.com\/wp-content\/uploads\/2024\/12\/valle-salado-gota-18.webp\" class=\"attachment-full size-full wp-image-4454\" alt=\"\" srcset=\"https:\/\/www.vallesalado.com\/wp-content\/uploads\/2024\/12\/valle-salado-gota-18.webp 600w, https:\/\/www.vallesalado.com\/wp-content\/uploads\/2024\/12\/valle-salado-gota-18-300x300.webp 300w, https:\/\/www.vallesalado.com\/wp-content\/uploads\/2024\/12\/valle-salado-gota-18-150x150.webp 150w, https:\/\/www.vallesalado.com\/wp-content\/uploads\/2024\/12\/valle-salado-gota-18-100x100.webp 100w\" sizes=\"(max-width: 600px) 100vw, 600px\" \/>\t\t\t\t\t\t\t\t\t\t\t\t\t\t\t<\/div>\n\t\t\t\t<\/div>\n\t\t\t\t<div class=\"elementor-element elementor-element-1c32f6d elementor-align-center elementor-widget elementor-widget-button\" data-id=\"1c32f6d\" data-element_type=\"widget\" data-widget_type=\"button.default\">\n\t\t\t\t<div class=\"elementor-widget-container\">\n\t\t\t\t\t\t\t\t\t<div class=\"elementor-button-wrapper\">\n\t\t\t\t\t<a class=\"elementor-button elementor-button-link elementor-size-sm\" href=\"https:\/\/www.facebook.com\/media\/set\/?set=a.600246476679839.1073741853.392013804169775&#038;type=1\" target=\"_blank\">\n\t\t\t\t\t\t<span class=\"elementor-button-content-wrapper\">\n\t\t\t\t\t\t\t\t\t<span class=\"elementor-button-text\">Voir les photos anciennes<\/span>\n\t\t\t\t\t<\/span>\n\t\t\t\t\t<\/a>\n\t\t\t\t<\/div>\n\t\t\t\t\t\t\t\t<\/div>\n\t\t\t\t<\/div>\n\t\t\t\t\t<\/div>\n\t\t<\/div>\n\t\t\t\t\t<\/div>\n\t\t<\/section>\n\t\t\t\t<section class=\"elementor-section elementor-top-section elementor-element elementor-element-5fd846a elementor-section-boxed elementor-section-height-default elementor-section-height-default\" data-id=\"5fd846a\" data-element_type=\"section\">\n\t\t\t\t\t\t<div class=\"elementor-container elementor-column-gap-wider\">\n\t\t\t\t\t<div class=\"elementor-column elementor-col-50 elementor-top-column elementor-element elementor-element-666d264\" data-id=\"666d264\" data-element_type=\"column\">\n\t\t\t<div class=\"elementor-widget-wrap elementor-element-populated\">\n\t\t\t\t\t\t<div class=\"elementor-element elementor-element-ebd7f9c elementor-widget elementor-widget-image\" data-id=\"ebd7f9c\" data-element_type=\"widget\" data-widget_type=\"image.default\">\n\t\t\t\t<div class=\"elementor-widget-container\">\n\t\t\t\t\t\t\t\t\t\t\t\t\t\t\t<img decoding=\"async\" width=\"800\" height=\"1140\" src=\"https:\/\/www.vallesalado.com\/wp-content\/uploads\/2025\/01\/salineros-01.webp\" class=\"attachment-full size-full wp-image-4694\" alt=\"\" srcset=\"https:\/\/www.vallesalado.com\/wp-content\/uploads\/2025\/01\/salineros-01.webp 800w, https:\/\/www.vallesalado.com\/wp-content\/uploads\/2025\/01\/salineros-01-211x300.webp 211w, https:\/\/www.vallesalado.com\/wp-content\/uploads\/2025\/01\/salineros-01-719x1024.webp 719w, https:\/\/www.vallesalado.com\/wp-content\/uploads\/2025\/01\/salineros-01-768x1094.webp 768w, https:\/\/www.vallesalado.com\/wp-content\/uploads\/2025\/01\/salineros-01-600x855.webp 600w\" sizes=\"(max-width: 800px) 100vw, 800px\" \/>\t\t\t\t\t\t\t\t\t\t\t\t\t\t\t<\/div>\n\t\t\t\t<\/div>\n\t\t\t\t<div class=\"elementor-element elementor-element-b2ee0ab elementor-widget elementor-widget-image\" data-id=\"b2ee0ab\" data-element_type=\"widget\" data-widget_type=\"image.default\">\n\t\t\t\t<div class=\"elementor-widget-container\">\n\t\t\t\t\t\t\t\t\t\t\t\t\t\t\t<img loading=\"lazy\" decoding=\"async\" width=\"800\" height=\"1112\" src=\"https:\/\/www.vallesalado.com\/wp-content\/uploads\/2025\/01\/salineros-02.webp\" class=\"attachment-full size-full wp-image-4697\" alt=\"\" srcset=\"https:\/\/www.vallesalado.com\/wp-content\/uploads\/2025\/01\/salineros-02.webp 800w, https:\/\/www.vallesalado.com\/wp-content\/uploads\/2025\/01\/salineros-02-216x300.webp 216w, https:\/\/www.vallesalado.com\/wp-content\/uploads\/2025\/01\/salineros-02-737x1024.webp 737w, https:\/\/www.vallesalado.com\/wp-content\/uploads\/2025\/01\/salineros-02-768x1068.webp 768w, https:\/\/www.vallesalado.com\/wp-content\/uploads\/2025\/01\/salineros-02-600x834.webp 600w\" sizes=\"(max-width: 800px) 100vw, 800px\" \/>\t\t\t\t\t\t\t\t\t\t\t\t\t\t\t<\/div>\n\t\t\t\t<\/div>\n\t\t\t\t<div class=\"elementor-element elementor-element-c94dce8 e-transform elementor-widget elementor-widget-image\" data-id=\"c94dce8\" data-element_type=\"widget\" data-settings=\"{&quot;_transform_translateX_effect&quot;:{&quot;unit&quot;:&quot;px&quot;,&quot;size&quot;:-169,&quot;sizes&quot;:[]},&quot;_transform_translateX_effect_tablet&quot;:{&quot;unit&quot;:&quot;px&quot;,&quot;size&quot;:-72,&quot;sizes&quot;:[]},&quot;_transform_translateX_effect_mobile&quot;:{&quot;unit&quot;:&quot;px&quot;,&quot;size&quot;:-85,&quot;sizes&quot;:[]},&quot;_transform_translateY_effect&quot;:{&quot;unit&quot;:&quot;px&quot;,&quot;size&quot;:-93,&quot;sizes&quot;:[]},&quot;_transform_translateY_effect_tablet&quot;:{&quot;unit&quot;:&quot;px&quot;,&quot;size&quot;:-73,&quot;sizes&quot;:[]},&quot;_transform_translateY_effect_mobile&quot;:{&quot;unit&quot;:&quot;px&quot;,&quot;size&quot;:-110,&quot;sizes&quot;:[]}}\" data-widget_type=\"image.default\">\n\t\t\t\t<div class=\"elementor-widget-container\">\n\t\t\t\t\t\t\t\t\t\t\t\t\t\t\t<img loading=\"lazy\" decoding=\"async\" width=\"600\" height=\"600\" src=\"https:\/\/www.vallesalado.com\/wp-content\/uploads\/2024\/12\/valle-salado-gota-22.png\" class=\"attachment-full size-full wp-image-4433\" alt=\"\" srcset=\"https:\/\/www.vallesalado.com\/wp-content\/uploads\/2024\/12\/valle-salado-gota-22.png 600w, https:\/\/www.vallesalado.com\/wp-content\/uploads\/2024\/12\/valle-salado-gota-22-300x300.png 300w, https:\/\/www.vallesalado.com\/wp-content\/uploads\/2024\/12\/valle-salado-gota-22-150x150.png 150w, https:\/\/www.vallesalado.com\/wp-content\/uploads\/2024\/12\/valle-salado-gota-22-100x100.png 100w\" sizes=\"(max-width: 600px) 100vw, 600px\" \/>\t\t\t\t\t\t\t\t\t\t\t\t\t\t\t<\/div>\n\t\t\t\t<\/div>\n\t\t\t\t\t<\/div>\n\t\t<\/div>\n\t\t\t\t<div class=\"elementor-column elementor-col-50 elementor-top-column elementor-element elementor-element-2de42e2\" data-id=\"2de42e2\" data-element_type=\"column\">\n\t\t\t<div class=\"elementor-widget-wrap elementor-element-populated\">\n\t\t\t\t\t\t<div class=\"elementor-element elementor-element-6822943 elementor-widget elementor-widget-text-editor\" data-id=\"6822943\" data-element_type=\"widget\" data-widget_type=\"text-editor.default\">\n\t\t\t\t<div class=\"elementor-widget-container\">\n\t\t\t\t\t\t\t\t\t<p>Les fonctions des H\u00e9ritiers Chevaliers de la Communaut\u00e9 ont \u00e9t\u00e9 consign\u00e9es dans leurs proc\u00e8s-verbaux. Les principaux \u00e9taient de prendre en charge et de maintenir tous les espaces et les infrastructures qui appartenaient \u00e0 la communaut\u00e9, tels que : &#8211; les sources, le r\u00e9seau de distribution de la saumure, les chemins et les routes, etc. &#8211; et de g\u00e9rer les travaux n\u00e9cessaires au bon fonctionnement de l&rsquo;exploitation. <\/p><p>La Communaut\u00e9 a \u00e9galement d&rsquo;autres fonctions telles que:<\/p><ul><li>Imposer aux propri\u00e9taires les sanctions pertinentes en cas d&rsquo;infraction aux r\u00e8glements impos\u00e9s.<\/li><li>D\u00e9fendre l\u00e9galement les droits de la Communaut\u00e9 contre les agressions ext\u00e9rieures<\/li><li>Contr\u00f4ler la qualit\u00e9 du produit et promouvoir sa commercialisation.<\/li><li>Superviser la propri\u00e9t\u00e9 de la Vall\u00e9e Sal\u00e9e, car elle facturait des frais ou taxes pour toutes les transactions de vente qui ont \u00e9t\u00e9 effectu\u00e9es.<\/li><\/ul><p> <\/p><p>L&rsquo;une des difficult\u00e9s rencontr\u00e9es par les administrations pour soutenir la r\u00e9cup\u00e9ration de la Vall\u00e9e Sal\u00e9e \u00e0 la fin du XX\u00e8me si\u00e8cle consistait dans la communaut\u00e9 des h\u00e9ritiers, qui bien que toujours vivante, ne contr\u00f4lait pas la propri\u00e9t\u00e9 des salines. Celle-ci s&rsquo;\u00e9tait multipli\u00e9e ces derni\u00e8res ann\u00e9es en raison des nombreuses ventes dues au manque de rentabilit\u00e9 de l&rsquo;op\u00e9ration. <\/p><p>La solution \u00e0 ce probl\u00e8me a \u00e9t\u00e9 r\u00e9alis\u00e9e entre 1998 en 1999 refondant la Communaut\u00e9 des Chevaliers en tant que soci\u00e9t\u00e9 anonyme sous le nom de Gatzagak, qui signifie \u00absalines en basque\u00bb. Cette institution a de nouveau r\u00e9ussi \u00e0 regrouper tous les propri\u00e9taires des \u00ab granjas \u00bb. Ainsi, il \u00e9tait possible d&rsquo;unifier leurs id\u00e9es et leurs exigences en un seul et unique interlocuteur, permettant ainsi aux institutions publiques comp\u00e9tentes en mati\u00e8re de patrimoine d&rsquo;agir.  <\/p><p>La cr\u00e9ation de Gatzagak a non seulement facilit\u00e9 le processus d&rsquo;intervention dans les salines, mais, fid\u00e8le \u00e0 son objectif social, elle est devenue l&rsquo;un des principaux moteurs de la r\u00e9cup\u00e9ration de la Vall\u00e9e Sal\u00e9e.<\/p><p>Un autre avantage de la cr\u00e9ation de Gatzagak est que, par ses statuts, les transmissions des \u00ab granja \u00bb du sel sont r\u00e9glement\u00e9es en interne. Ceci a \u00e9t\u00e9 r\u00e9alis\u00e9 en divisant les salines au nombre de participations nominatives qu&rsquo;elles existaient et en convertissant leurs propri\u00e9taires en actionnaires, qui sont oblig\u00e9s d&rsquo;informer la soci\u00e9t\u00e9 qui se r\u00e9serve le droit du premier \u00e0 refuser de vendre ou de transf\u00e9rer des propri\u00e9t\u00e9s. <\/p><p>L&rsquo;engagement de l&rsquo;ancienne communaut\u00e9 des h\u00e9ritiers dans le paysage culturel de la vall\u00e9e sal\u00e9e est constant. Avec la cr\u00e9ation de la Fondation Vall\u00e9e Sal\u00e9e d\u2019A\u00f1ana en 2009, il y a eu un grand changement dans la propri\u00e9t\u00e9 des salines. Gatzagak, qui \u00e9tait d\u00e9j\u00e0 compos\u00e9 de plus d&rsquo;une centaine de membres, a accompli le plus grand acte de g\u00e9n\u00e9rosit\u00e9 et de respect pour le patrimoine que les citoyens peuvent faire: donner tous les biens des aires \u00e0 la Fondation Vall\u00e9e Sal\u00e9e afin qu&rsquo;elle soit en charge de r\u00e9cup\u00e9rer sa durabilit\u00e9.  <\/p><p>Les paludiers, qui font partie du patronage de la Fondation, conservent encore les droits de l&rsquo;eau sal\u00e9e qui jaillit des sources. Pour l&rsquo;utilisation de la saumure, ils re\u00e7oivent une cotisation annuelle de 70 000 euros de la part de la Fondation. Une preuve de plus de leur engagement dans le projet est que la moiti\u00e9 de cet argent est r\u00e9investi dans des activit\u00e9s culturelles et pour la dynamisation de l&rsquo;environnement.  <\/p><p>Comme vous pouvez le voir, la soci\u00e9t\u00e9 des paludiers Gatzagak est d&rsquo;une importance vitale pour l&rsquo;avenir des salines, en participant \u00e0 toutes les d\u00e9cisions et actions men\u00e9es par la Fondation de la Vall\u00e9e Sal\u00e9e d\u2019A\u00f1ana.<\/p><p>L&rsquo;ancienne Communaut\u00e9 des Chevaliers H\u00e9ritiers a d\u00e9pos\u00e9 ses archives, compos\u00e9s de milliers de documents, qui sont aux Archives du Territoire Historique du Conseil Provincial d&rsquo;\u00c1lava (A.T.H.A.). Un projet promu par cette institution avec le soutien des paludiers a permis de num\u00e9riser et d&rsquo;analyser tous ses documents pour publication et consultation via Internet. Pour les consulter, cliquez sur le lien <a href=\"http:\/\/www.araba.eus\/arabadok\/%E2%80%8B\" target=\"_blank\" rel=\"noopener\">http:\/\/www.araba.eus\/arabadok\/<\/a>  <\/p><p>Site de la soci\u00e9t\u00e9 des paludiers Gatzagak: <a href=\"http:\/\/www.gatzagak.org\/\" target=\"_blank\" rel=\"noopener\">www.gatzagak.com<\/a>.<\/p>\t\t\t\t\t\t\t\t<\/div>\n\t\t\t\t<\/div>\n\t\t\t\t\t<\/div>\n\t\t<\/div>\n\t\t\t\t\t<\/div>\n\t\t<\/section>\n\t\t\t\t<section class=\"elementor-section elementor-top-section elementor-element elementor-element-f311bd1 elementor-section-boxed elementor-section-height-default elementor-section-height-default\" data-id=\"f311bd1\" data-element_type=\"section\">\n\t\t\t\t\t\t<div class=\"elementor-container elementor-column-gap-default\">\n\t\t\t\t\t<div class=\"elementor-column elementor-col-100 elementor-top-column elementor-element elementor-element-ccdc5db\" data-id=\"ccdc5db\" data-element_type=\"column\">\n\t\t\t<div class=\"elementor-widget-wrap elementor-element-populated\">\n\t\t\t\t\t\t<div class=\"elementor-element elementor-element-8951e93 elementor-widget elementor-widget-image\" data-id=\"8951e93\" data-element_type=\"widget\" data-widget_type=\"image.default\">\n\t\t\t\t<div class=\"elementor-widget-container\">\n\t\t\t\t\t\t\t\t\t\t\t\t\t\t\t<img loading=\"lazy\" decoding=\"async\" width=\"1400\" height=\"510\" src=\"https:\/\/www.vallesalado.com\/wp-content\/uploads\/2025\/03\/salineros.webp\" class=\"attachment-full size-full wp-image-5651\" alt=\"\" \/>\t\t\t\t\t\t\t\t\t\t\t\t\t\t\t<\/div>\n\t\t\t\t<\/div>\n\t\t\t\t\t<\/div>\n\t\t<\/div>\n\t\t\t\t\t<\/div>\n\t\t<\/section>\n\t\t\t\t<\/div>\n\t\t","protected":false},"excerpt":{"rendered":"<p>L&rsquo;un des principaux elements actifs du projet de r\u00e9cup\u00e9ration de la Vall\u00e9e Sal\u00e9e est, sans aucun doute, la communaut\u00e9 des paludiers et des paludi\u00e8res d&rsquo;A\u00f1ana. Pendant des g\u00e9n\u00e9rations, ils ont construit, soign\u00e9 et v\u00e9cu par et pour les salines. Mais surtout, ils ont transmis et ils transmirent avec fiert\u00e9 le \u201csavoir-faire\u00a0\u00bb de leurs anc\u00eatres pour [&hellip;]<\/p>\n","protected":false},"author":1,"featured_media":4148,"parent":6909,"menu_order":0,"comment_status":"closed","ping_status":"closed","template":"","meta":{"inline_featured_image":false,"footnotes":"","_links_to":"","_links_to_target":""},"class_list":["post-6961","page","type-page","status-publish","has-post-thumbnail","hentry"],"yoast_head":"<!-- This site is optimized with the Yoast SEO plugin v26.7 - https:\/\/yoast.com\/wordpress\/plugins\/seo\/ -->\n<title>Le paludier - Valle Salado de A\u00f1ana<\/title>\n<meta name=\"description\" content=\"Plaudiers de la Vall\u00e9e Sal\u00e9e d&#039;A\u00f1ana pr\u00e9servent leur patrimoine, partageant des savoirs ancestraux et garantissant la durabilit\u00e9 de leurs salines.\" \/>\n<meta name=\"robots\" content=\"index, follow, max-snippet:-1, max-image-preview:large, max-video-preview:-1\" \/>\n<link rel=\"canonical\" href=\"https:\/\/www.vallesalado.com\/fr\/decouvrez-la-vallee-salee\/paysage-culturel\/le-paludier\/\" \/>\n<meta property=\"og:locale\" content=\"fr_FR\" \/>\n<meta property=\"og:type\" content=\"article\" \/>\n<meta property=\"og:title\" content=\"Le paludier - Valle Salado de A\u00f1ana\" \/>\n<meta property=\"og:description\" content=\"Plaudiers de la Vall\u00e9e Sal\u00e9e d&#039;A\u00f1ana pr\u00e9servent leur patrimoine, partageant des savoirs ancestraux et garantissant la durabilit\u00e9 de leurs salines.\" \/>\n<meta property=\"og:url\" content=\"https:\/\/www.vallesalado.com\/fr\/decouvrez-la-vallee-salee\/paysage-culturel\/le-paludier\/\" \/>\n<meta property=\"og:site_name\" content=\"Valle Salado de A\u00f1ana\" \/>\n<meta property=\"article:publisher\" content=\"https:\/\/www.facebook.com\/ValleSaladodeAnana\" \/>\n<meta property=\"article:modified_time\" content=\"2025-05-14T20:01:24+00:00\" \/>\n<meta property=\"og:image\" content=\"https:\/\/www.vallesalado.com\/wp-content\/uploads\/2024\/12\/valle-salado-miniatura.webp\" \/>\n\t<meta property=\"og:image:width\" content=\"1200\" \/>\n\t<meta property=\"og:image:height\" content=\"630\" \/>\n\t<meta property=\"og:image:type\" content=\"image\/webp\" \/>\n<meta name=\"twitter:card\" content=\"summary_large_image\" \/>\n<meta name=\"twitter:site\" content=\"@vallesalado\" \/>\n<meta name=\"twitter:label1\" content=\"Dur\u00e9e de lecture estim\u00e9e\" \/>\n\t<meta name=\"twitter:data1\" content=\"5 minutes\" \/>\n<script type=\"application\/ld+json\" class=\"yoast-schema-graph\">{\"@context\":\"https:\/\/schema.org\",\"@graph\":[{\"@type\":\"WebPage\",\"@id\":\"https:\/\/www.vallesalado.com\/fr\/decouvrez-la-vallee-salee\/paysage-culturel\/le-paludier\/\",\"url\":\"https:\/\/www.vallesalado.com\/fr\/decouvrez-la-vallee-salee\/paysage-culturel\/le-paludier\/\",\"name\":\"Le paludier - Valle Salado de A\u00f1ana\",\"isPartOf\":{\"@id\":\"https:\/\/www.vallesalado.com\/fr\/#website\"},\"primaryImageOfPage\":{\"@id\":\"https:\/\/www.vallesalado.com\/fr\/decouvrez-la-vallee-salee\/paysage-culturel\/le-paludier\/#primaryimage\"},\"image\":{\"@id\":\"https:\/\/www.vallesalado.com\/fr\/decouvrez-la-vallee-salee\/paysage-culturel\/le-paludier\/#primaryimage\"},\"thumbnailUrl\":\"https:\/\/www.vallesalado.com\/wp-content\/uploads\/2024\/12\/valle-salado-miniatura.webp\",\"datePublished\":\"2024-12-03T16:17:40+00:00\",\"dateModified\":\"2025-05-14T20:01:24+00:00\",\"description\":\"Plaudiers de la Vall\u00e9e Sal\u00e9e d'A\u00f1ana pr\u00e9servent leur patrimoine, partageant des savoirs ancestraux et garantissant la durabilit\u00e9 de leurs salines.\",\"breadcrumb\":{\"@id\":\"https:\/\/www.vallesalado.com\/fr\/decouvrez-la-vallee-salee\/paysage-culturel\/le-paludier\/#breadcrumb\"},\"inLanguage\":\"fr-FR\",\"potentialAction\":[{\"@type\":\"ReadAction\",\"target\":[\"https:\/\/www.vallesalado.com\/fr\/decouvrez-la-vallee-salee\/paysage-culturel\/le-paludier\/\"]}]},{\"@type\":\"ImageObject\",\"inLanguage\":\"fr-FR\",\"@id\":\"https:\/\/www.vallesalado.com\/fr\/decouvrez-la-vallee-salee\/paysage-culturel\/le-paludier\/#primaryimage\",\"url\":\"https:\/\/www.vallesalado.com\/wp-content\/uploads\/2024\/12\/valle-salado-miniatura.webp\",\"contentUrl\":\"https:\/\/www.vallesalado.com\/wp-content\/uploads\/2024\/12\/valle-salado-miniatura.webp\",\"width\":1200,\"height\":630},{\"@type\":\"BreadcrumbList\",\"@id\":\"https:\/\/www.vallesalado.com\/fr\/decouvrez-la-vallee-salee\/paysage-culturel\/le-paludier\/#breadcrumb\",\"itemListElement\":[{\"@type\":\"ListItem\",\"position\":1,\"name\":\"Valle Salado\",\"item\":\"https:\/\/www.vallesalado.com\/fr\/\"},{\"@type\":\"ListItem\",\"position\":2,\"name\":\"D\u00e9couvrez la Vall\u00e9e Sal\u00e9e\",\"item\":\"https:\/\/www.vallesalado.com\/fr\/decouvrez-la-vallee-salee\/\"},{\"@type\":\"ListItem\",\"position\":3,\"name\":\"Paysage culturel\",\"item\":\"https:\/\/www.vallesalado.com\/fr\/decouvrez-la-vallee-salee\/paysage-culturel\/\"},{\"@type\":\"ListItem\",\"position\":4,\"name\":\"Le paludier\"}]},{\"@type\":\"WebSite\",\"@id\":\"https:\/\/www.vallesalado.com\/fr\/#website\",\"url\":\"https:\/\/www.vallesalado.com\/fr\/\",\"name\":\"Valle Salado de A\u00f1ana\",\"description\":\"Valle Salado de A\u00f1ana\",\"publisher\":{\"@id\":\"https:\/\/www.vallesalado.com\/fr\/#organization\"},\"potentialAction\":[{\"@type\":\"SearchAction\",\"target\":{\"@type\":\"EntryPoint\",\"urlTemplate\":\"https:\/\/www.vallesalado.com\/fr\/?s={search_term_string}\"},\"query-input\":{\"@type\":\"PropertyValueSpecification\",\"valueRequired\":true,\"valueName\":\"search_term_string\"}}],\"inLanguage\":\"fr-FR\"},{\"@type\":\"Organization\",\"@id\":\"https:\/\/www.vallesalado.com\/fr\/#organization\",\"name\":\"Valle Salado de A\u00f1ana\",\"url\":\"https:\/\/www.vallesalado.com\/fr\/\",\"logo\":{\"@type\":\"ImageObject\",\"inLanguage\":\"fr-FR\",\"@id\":\"https:\/\/www.vallesalado.com\/fr\/#\/schema\/logo\/image\/\",\"url\":\"https:\/\/www.vallesalado.com\/wp-content\/uploads\/2025\/05\/logo-valle-salado.webp\",\"contentUrl\":\"https:\/\/www.vallesalado.com\/wp-content\/uploads\/2025\/05\/logo-valle-salado.webp\",\"width\":600,\"height\":143,\"caption\":\"Valle Salado de A\u00f1ana\"},\"image\":{\"@id\":\"https:\/\/www.vallesalado.com\/fr\/#\/schema\/logo\/image\/\"},\"sameAs\":[\"https:\/\/www.facebook.com\/ValleSaladodeAnana\",\"https:\/\/x.com\/vallesalado\",\"https:\/\/www.instagram.com\/vallesalado\/\"]}]}<\/script>\n<!-- \/ Yoast SEO plugin. -->","yoast_head_json":{"title":"Le paludier - Valle Salado de A\u00f1ana","description":"Plaudiers de la Vall\u00e9e Sal\u00e9e d'A\u00f1ana pr\u00e9servent leur patrimoine, partageant des savoirs ancestraux et garantissant la durabilit\u00e9 de leurs salines.","robots":{"index":"index","follow":"follow","max-snippet":"max-snippet:-1","max-image-preview":"max-image-preview:large","max-video-preview":"max-video-preview:-1"},"canonical":"https:\/\/www.vallesalado.com\/fr\/decouvrez-la-vallee-salee\/paysage-culturel\/le-paludier\/","og_locale":"fr_FR","og_type":"article","og_title":"Le paludier - Valle Salado de A\u00f1ana","og_description":"Plaudiers de la Vall\u00e9e Sal\u00e9e d'A\u00f1ana pr\u00e9servent leur patrimoine, partageant des savoirs ancestraux et garantissant la durabilit\u00e9 de leurs salines.","og_url":"https:\/\/www.vallesalado.com\/fr\/decouvrez-la-vallee-salee\/paysage-culturel\/le-paludier\/","og_site_name":"Valle Salado de A\u00f1ana","article_publisher":"https:\/\/www.facebook.com\/ValleSaladodeAnana","article_modified_time":"2025-05-14T20:01:24+00:00","og_image":[{"width":1200,"height":630,"url":"https:\/\/www.vallesalado.com\/wp-content\/uploads\/2024\/12\/valle-salado-miniatura.webp","type":"image\/webp"}],"twitter_card":"summary_large_image","twitter_site":"@vallesalado","twitter_misc":{"Dur\u00e9e de lecture estim\u00e9e":"5 minutes"},"schema":{"@context":"https:\/\/schema.org","@graph":[{"@type":"WebPage","@id":"https:\/\/www.vallesalado.com\/fr\/decouvrez-la-vallee-salee\/paysage-culturel\/le-paludier\/","url":"https:\/\/www.vallesalado.com\/fr\/decouvrez-la-vallee-salee\/paysage-culturel\/le-paludier\/","name":"Le paludier - Valle Salado de A\u00f1ana","isPartOf":{"@id":"https:\/\/www.vallesalado.com\/fr\/#website"},"primaryImageOfPage":{"@id":"https:\/\/www.vallesalado.com\/fr\/decouvrez-la-vallee-salee\/paysage-culturel\/le-paludier\/#primaryimage"},"image":{"@id":"https:\/\/www.vallesalado.com\/fr\/decouvrez-la-vallee-salee\/paysage-culturel\/le-paludier\/#primaryimage"},"thumbnailUrl":"https:\/\/www.vallesalado.com\/wp-content\/uploads\/2024\/12\/valle-salado-miniatura.webp","datePublished":"2024-12-03T16:17:40+00:00","dateModified":"2025-05-14T20:01:24+00:00","description":"Plaudiers de la Vall\u00e9e Sal\u00e9e d'A\u00f1ana pr\u00e9servent leur patrimoine, partageant des savoirs ancestraux et garantissant la durabilit\u00e9 de leurs salines.","breadcrumb":{"@id":"https:\/\/www.vallesalado.com\/fr\/decouvrez-la-vallee-salee\/paysage-culturel\/le-paludier\/#breadcrumb"},"inLanguage":"fr-FR","potentialAction":[{"@type":"ReadAction","target":["https:\/\/www.vallesalado.com\/fr\/decouvrez-la-vallee-salee\/paysage-culturel\/le-paludier\/"]}]},{"@type":"ImageObject","inLanguage":"fr-FR","@id":"https:\/\/www.vallesalado.com\/fr\/decouvrez-la-vallee-salee\/paysage-culturel\/le-paludier\/#primaryimage","url":"https:\/\/www.vallesalado.com\/wp-content\/uploads\/2024\/12\/valle-salado-miniatura.webp","contentUrl":"https:\/\/www.vallesalado.com\/wp-content\/uploads\/2024\/12\/valle-salado-miniatura.webp","width":1200,"height":630},{"@type":"BreadcrumbList","@id":"https:\/\/www.vallesalado.com\/fr\/decouvrez-la-vallee-salee\/paysage-culturel\/le-paludier\/#breadcrumb","itemListElement":[{"@type":"ListItem","position":1,"name":"Valle Salado","item":"https:\/\/www.vallesalado.com\/fr\/"},{"@type":"ListItem","position":2,"name":"D\u00e9couvrez la Vall\u00e9e Sal\u00e9e","item":"https:\/\/www.vallesalado.com\/fr\/decouvrez-la-vallee-salee\/"},{"@type":"ListItem","position":3,"name":"Paysage culturel","item":"https:\/\/www.vallesalado.com\/fr\/decouvrez-la-vallee-salee\/paysage-culturel\/"},{"@type":"ListItem","position":4,"name":"Le paludier"}]},{"@type":"WebSite","@id":"https:\/\/www.vallesalado.com\/fr\/#website","url":"https:\/\/www.vallesalado.com\/fr\/","name":"Valle Salado de A\u00f1ana","description":"Valle Salado de A\u00f1ana","publisher":{"@id":"https:\/\/www.vallesalado.com\/fr\/#organization"},"potentialAction":[{"@type":"SearchAction","target":{"@type":"EntryPoint","urlTemplate":"https:\/\/www.vallesalado.com\/fr\/?s={search_term_string}"},"query-input":{"@type":"PropertyValueSpecification","valueRequired":true,"valueName":"search_term_string"}}],"inLanguage":"fr-FR"},{"@type":"Organization","@id":"https:\/\/www.vallesalado.com\/fr\/#organization","name":"Valle Salado de A\u00f1ana","url":"https:\/\/www.vallesalado.com\/fr\/","logo":{"@type":"ImageObject","inLanguage":"fr-FR","@id":"https:\/\/www.vallesalado.com\/fr\/#\/schema\/logo\/image\/","url":"https:\/\/www.vallesalado.com\/wp-content\/uploads\/2025\/05\/logo-valle-salado.webp","contentUrl":"https:\/\/www.vallesalado.com\/wp-content\/uploads\/2025\/05\/logo-valle-salado.webp","width":600,"height":143,"caption":"Valle Salado de A\u00f1ana"},"image":{"@id":"https:\/\/www.vallesalado.com\/fr\/#\/schema\/logo\/image\/"},"sameAs":["https:\/\/www.facebook.com\/ValleSaladodeAnana","https:\/\/x.com\/vallesalado","https:\/\/www.instagram.com\/vallesalado\/"]}]}},"_links":{"self":[{"href":"https:\/\/www.vallesalado.com\/fr\/wp-json\/wp\/v2\/pages\/6961","targetHints":{"allow":["GET"]}}],"collection":[{"href":"https:\/\/www.vallesalado.com\/fr\/wp-json\/wp\/v2\/pages"}],"about":[{"href":"https:\/\/www.vallesalado.com\/fr\/wp-json\/wp\/v2\/types\/page"}],"author":[{"embeddable":true,"href":"https:\/\/www.vallesalado.com\/fr\/wp-json\/wp\/v2\/users\/1"}],"replies":[{"embeddable":true,"href":"https:\/\/www.vallesalado.com\/fr\/wp-json\/wp\/v2\/comments?post=6961"}],"version-history":[{"count":2,"href":"https:\/\/www.vallesalado.com\/fr\/wp-json\/wp\/v2\/pages\/6961\/revisions"}],"predecessor-version":[{"id":6963,"href":"https:\/\/www.vallesalado.com\/fr\/wp-json\/wp\/v2\/pages\/6961\/revisions\/6963"}],"up":[{"embeddable":true,"href":"https:\/\/www.vallesalado.com\/fr\/wp-json\/wp\/v2\/pages\/6909"}],"wp:featuredmedia":[{"embeddable":true,"href":"https:\/\/www.vallesalado.com\/fr\/wp-json\/wp\/v2\/media\/4148"}],"wp:attachment":[{"href":"https:\/\/www.vallesalado.com\/fr\/wp-json\/wp\/v2\/media?parent=6961"}],"curies":[{"name":"wp","href":"https:\/\/api.w.org\/{rel}","templated":true}]}}