{"id":6983,"date":"2024-12-03T17:38:44","date_gmt":"2024-12-03T16:38:44","guid":{"rendered":"https:\/\/vallesalado.com\/ambassadors\/"},"modified":"2025-10-14T10:41:42","modified_gmt":"2025-10-14T08:41:42","slug":"ambassadors","status":"publish","type":"page","link":"https:\/\/www.vallesalado.com\/fr\/sel-danana\/ambassadors\/","title":{"rendered":"Ambassadeurs"},"content":{"rendered":"\t\t<div data-elementor-type=\"wp-page\" data-elementor-id=\"6983\" class=\"elementor elementor-6983 elementor-276\" data-elementor-post-type=\"page\">\n\t\t\t\t\t\t<section class=\"elementor-section elementor-top-section elementor-element elementor-element-3876015 elementor-section-boxed elementor-section-height-default elementor-section-height-default\" data-id=\"3876015\" data-element_type=\"section\" data-settings=\"{&quot;background_background&quot;:&quot;classic&quot;}\">\n\t\t\t\t\t\t<div class=\"elementor-container elementor-column-gap-default\">\n\t\t\t\t\t<div class=\"elementor-column elementor-col-100 elementor-top-column elementor-element elementor-element-2fc5a5b\" data-id=\"2fc5a5b\" data-element_type=\"column\">\n\t\t\t<div class=\"elementor-widget-wrap elementor-element-populated\">\n\t\t\t\t\t\t<div class=\"elementor-element elementor-element-a205856 elementor-widget elementor-widget-heading\" data-id=\"a205856\" data-element_type=\"widget\" data-widget_type=\"heading.default\">\n\t\t\t\t<div class=\"elementor-widget-container\">\n\t\t\t\t\t<h1 class=\"elementor-heading-title elementor-size-default\">Ambassadeurs<\/h1>\t\t\t\t<\/div>\n\t\t\t\t<\/div>\n\t\t\t\t<div class=\"elementor-element elementor-element-74664df elementor-align-center elementor-widget elementor-widget-breadcrumbs\" data-id=\"74664df\" data-element_type=\"widget\" data-widget_type=\"breadcrumbs.default\">\n\t\t\t\t<div class=\"elementor-widget-container\">\n\t\t\t\t\t<p id=\"breadcrumbs\"><span><span><a href=\"https:\/\/www.vallesalado.com\/fr\/\">Valle Salado<\/a><\/span><\/span><\/p>\t\t\t\t<\/div>\n\t\t\t\t<\/div>\n\t\t\t\t\t<\/div>\n\t\t<\/div>\n\t\t\t\t\t<\/div>\n\t\t<\/section>\n\t\t\t\t<section class=\"elementor-section elementor-top-section elementor-element elementor-element-d1c7fbc elementor-section-boxed elementor-section-height-default elementor-section-height-default\" data-id=\"d1c7fbc\" data-element_type=\"section\">\n\t\t\t\t\t\t<div class=\"elementor-container elementor-column-gap-default\">\n\t\t\t\t\t<div class=\"elementor-column elementor-col-100 elementor-top-column elementor-element elementor-element-8ffaaf9\" data-id=\"8ffaaf9\" data-element_type=\"column\">\n\t\t\t<div class=\"elementor-widget-wrap elementor-element-populated\">\n\t\t\t\t\t\t<div class=\"elementor-element elementor-element-cf1d6d2 elementor-widget elementor-widget-text-editor\" data-id=\"cf1d6d2\" data-element_type=\"widget\" data-widget_type=\"text-editor.default\">\n\t\t\t\t<div class=\"elementor-widget-container\">\n\t\t\t\t\t\t\t\t\t<p>La collaboration d\u00e9sint\u00e9ress\u00e9e de personnes reconnues dans le monde de la gastronomie internationale contribue non seulement \u00e0 promouvoir la qualit\u00e9 et la consommation de sel d&rsquo;A\u00f1ana, mais aussi \u00e0 projeter dans le monde l&rsquo;exceptionnalit\u00e9 de la vall\u00e9e sal\u00e9e.<\/p>\t\t\t\t\t\t\t\t<\/div>\n\t\t\t\t<\/div>\n\t\t\t\t\t<\/div>\n\t\t<\/div>\n\t\t\t\t\t<\/div>\n\t\t<\/section>\n\t\t\t\t<section class=\"elementor-section elementor-top-section elementor-element elementor-element-42e02ce elementor-section-boxed elementor-section-height-default elementor-section-height-default\" data-id=\"42e02ce\" data-element_type=\"section\">\n\t\t\t\t\t\t<div class=\"elementor-container elementor-column-gap-narrow\">\n\t\t\t\t\t<div class=\"elementor-column elementor-col-100 elementor-top-column elementor-element elementor-element-828cce7\" data-id=\"828cce7\" data-element_type=\"column\">\n\t\t\t<div class=\"elementor-widget-wrap elementor-element-populated\">\n\t\t\t\t\t\t<section class=\"elementor-section elementor-inner-section elementor-element elementor-element-19ceddb elementor-section-boxed elementor-section-height-default elementor-section-height-default\" data-id=\"19ceddb\" data-element_type=\"section\">\n\t\t\t\t\t\t<div class=\"elementor-container elementor-column-gap-narrow\">\n\t\t\t\t\t<div class=\"elementor-column elementor-col-25 elementor-inner-column elementor-element elementor-element-304ae55\" data-id=\"304ae55\" data-element_type=\"column\">\n\t\t\t<div class=\"elementor-widget-wrap elementor-element-populated\">\n\t\t\t\t\t\t<div class=\"elementor-element elementor-element-04621e5 elementor-widget elementor-widget-image\" data-id=\"04621e5\" data-element_type=\"widget\" data-widget_type=\"image.default\">\n\t\t\t\t<div class=\"elementor-widget-container\">\n\t\t\t\t\t\t\t\t\t\t\t\t\t\t\t\t<a href=\"https:\/\/vallesalado.com\/fr\/sel-danana\/ambassadors\/andoni-l-aduriz\/\">\n\t\t\t\t\t\t\t<img fetchpriority=\"high\" decoding=\"async\" width=\"600\" height=\"368\" src=\"https:\/\/www.vallesalado.com\/wp-content\/uploads\/2025\/03\/aduriz.webp\" class=\"attachment-full size-full wp-image-5910\" alt=\"Andoni L. Aduriz\" \/>\t\t\t\t\t\t\t\t<\/a>\n\t\t\t\t\t\t\t\t\t\t\t\t\t\t\t<\/div>\n\t\t\t\t<\/div>\n\t\t\t\t<div class=\"elementor-element elementor-element-eb62adb elementor-widget elementor-widget-heading\" data-id=\"eb62adb\" data-element_type=\"widget\" data-widget_type=\"heading.default\">\n\t\t\t\t<div class=\"elementor-widget-container\">\n\t\t\t\t\t<h2 class=\"elementor-heading-title elementor-size-default\"><a href=\"https:\/\/vallesalado.com\/fr\/sel-danana\/ambassadors\/andoni-l-aduriz\/\">Andoni L. Aduriz<\/a><\/h2>\t\t\t\t<\/div>\n\t\t\t\t<\/div>\n\t\t\t\t\t<\/div>\n\t\t<\/div>\n\t\t\t\t<div class=\"elementor-column elementor-col-25 elementor-inner-column elementor-element elementor-element-2a9e45d\" data-id=\"2a9e45d\" data-element_type=\"column\">\n\t\t\t<div class=\"elementor-widget-wrap elementor-element-populated\">\n\t\t\t\t\t\t<div class=\"elementor-element elementor-element-b918c9b elementor-widget elementor-widget-image\" data-id=\"b918c9b\" data-element_type=\"widget\" data-widget_type=\"image.default\">\n\t\t\t\t<div class=\"elementor-widget-container\">\n\t\t\t\t\t\t\t\t\t\t\t\t\t\t\t\t<a href=\"https:\/\/vallesalado.com\/fr\/sel-danana\/ambassadors\/bittor-arginzoniz\/\">\n\t\t\t\t\t\t\t<img decoding=\"async\" width=\"600\" height=\"368\" src=\"https:\/\/www.vallesalado.com\/wp-content\/uploads\/2025\/01\/miniatura-bittor-aginzoniz.webp\" class=\"attachment-full size-full wp-image-5060\" alt=\"\" srcset=\"https:\/\/www.vallesalado.com\/wp-content\/uploads\/2025\/01\/miniatura-bittor-aginzoniz.webp 600w, https:\/\/www.vallesalado.com\/wp-content\/uploads\/2025\/01\/miniatura-bittor-aginzoniz-300x184.webp 300w\" sizes=\"(max-width: 600px) 100vw, 600px\" \/>\t\t\t\t\t\t\t\t<\/a>\n\t\t\t\t\t\t\t\t\t\t\t\t\t\t\t<\/div>\n\t\t\t\t<\/div>\n\t\t\t\t<div class=\"elementor-element elementor-element-3a1a2d5 elementor-widget elementor-widget-heading\" data-id=\"3a1a2d5\" data-element_type=\"widget\" data-widget_type=\"heading.default\">\n\t\t\t\t<div class=\"elementor-widget-container\">\n\t\t\t\t\t<h2 class=\"elementor-heading-title elementor-size-default\"><a href=\"https:\/\/vallesalado.com\/fr\/sel-danana\/ambassadors\/bittor-arginzoniz\/\">Bittor Arginzoniz<\/a><\/h2>\t\t\t\t<\/div>\n\t\t\t\t<\/div>\n\t\t\t\t\t<\/div>\n\t\t<\/div>\n\t\t\t\t<div class=\"elementor-column elementor-col-25 elementor-inner-column elementor-element elementor-element-4c5775b\" data-id=\"4c5775b\" data-element_type=\"column\">\n\t\t\t<div class=\"elementor-widget-wrap elementor-element-populated\">\n\t\t\t\t\t\t<div class=\"elementor-element elementor-element-d544ee6 elementor-widget elementor-widget-image\" data-id=\"d544ee6\" data-element_type=\"widget\" data-widget_type=\"image.default\">\n\t\t\t\t<div class=\"elementor-widget-container\">\n\t\t\t\t\t\t\t\t\t\t\t\t\t\t\t\t<a href=\"https:\/\/vallesalado.com\/fr\/sel-danana\/ambassadors\/joanna-artieda\/\">\n\t\t\t\t\t\t\t<img decoding=\"async\" width=\"600\" height=\"368\" src=\"https:\/\/www.vallesalado.com\/wp-content\/uploads\/2025\/03\/joanna-artieda.webp\" class=\"attachment-full size-full wp-image-5915\" alt=\"Joanna Artieda\" \/>\t\t\t\t\t\t\t\t<\/a>\n\t\t\t\t\t\t\t\t\t\t\t\t\t\t\t<\/div>\n\t\t\t\t<\/div>\n\t\t\t\t<div class=\"elementor-element elementor-element-9c592a0 elementor-widget elementor-widget-heading\" data-id=\"9c592a0\" data-element_type=\"widget\" data-widget_type=\"heading.default\">\n\t\t\t\t<div class=\"elementor-widget-container\">\n\t\t\t\t\t<h2 class=\"elementor-heading-title elementor-size-default\"><a href=\"https:\/\/vallesalado.com\/fr\/sel-danana\/ambassadors\/joanna-artieda\/\">Joanna Artieda<\/a><\/h2>\t\t\t\t<\/div>\n\t\t\t\t<\/div>\n\t\t\t\t\t<\/div>\n\t\t<\/div>\n\t\t\t\t<div class=\"elementor-column elementor-col-25 elementor-inner-column elementor-element elementor-element-a6a0ebe\" data-id=\"a6a0ebe\" data-element_type=\"column\">\n\t\t\t<div class=\"elementor-widget-wrap elementor-element-populated\">\n\t\t\t\t\t\t<div class=\"elementor-element elementor-element-465a085 elementor-widget elementor-widget-image\" data-id=\"465a085\" data-element_type=\"widget\" data-widget_type=\"image.default\">\n\t\t\t\t<div class=\"elementor-widget-container\">\n\t\t\t\t\t\t\t\t\t\t\t\t\t\t\t\t<a href=\"https:\/\/vallesalado.com\/fr\/sel-danana\/ambassadors\/eneko-atxa\/\">\n\t\t\t\t\t\t\t<img loading=\"lazy\" decoding=\"async\" width=\"600\" height=\"368\" src=\"https:\/\/www.vallesalado.com\/wp-content\/uploads\/2025\/03\/eneko-atxa.webp\" class=\"attachment-full size-full wp-image-5919\" alt=\"Eneko Atxa\" \/>\t\t\t\t\t\t\t\t<\/a>\n\t\t\t\t\t\t\t\t\t\t\t\t\t\t\t<\/div>\n\t\t\t\t<\/div>\n\t\t\t\t<div class=\"elementor-element elementor-element-0b781bd elementor-widget elementor-widget-heading\" data-id=\"0b781bd\" data-element_type=\"widget\" data-widget_type=\"heading.default\">\n\t\t\t\t<div class=\"elementor-widget-container\">\n\t\t\t\t\t<h2 class=\"elementor-heading-title elementor-size-default\"><a href=\"https:\/\/vallesalado.com\/fr\/sel-danana\/ambassadors\/eneko-atxa\/\">Eneko Atxa<\/a><\/h2>\t\t\t\t<\/div>\n\t\t\t\t<\/div>\n\t\t\t\t\t<\/div>\n\t\t<\/div>\n\t\t\t\t\t<\/div>\n\t\t<\/section>\n\t\t\t\t<section class=\"elementor-section elementor-inner-section elementor-element elementor-element-cb6c340 elementor-section-boxed elementor-section-height-default elementor-section-height-default\" data-id=\"cb6c340\" data-element_type=\"section\">\n\t\t\t\t\t\t<div class=\"elementor-container elementor-column-gap-narrow\">\n\t\t\t\t\t<div class=\"elementor-column elementor-col-25 elementor-inner-column elementor-element elementor-element-151a919\" data-id=\"151a919\" data-element_type=\"column\">\n\t\t\t<div class=\"elementor-widget-wrap elementor-element-populated\">\n\t\t\t\t\t\t<div class=\"elementor-element elementor-element-977f7c9 elementor-widget elementor-widget-image\" data-id=\"977f7c9\" data-element_type=\"widget\" data-widget_type=\"image.default\">\n\t\t\t\t<div class=\"elementor-widget-container\">\n\t\t\t\t\t\t\t\t\t\t\t\t\t\t\t\t<a href=\"https:\/\/vallesalado.com\/fr\/sel-danana\/ambassadors\/martin-berasategui\/\">\n\t\t\t\t\t\t\t<img loading=\"lazy\" decoding=\"async\" width=\"600\" height=\"368\" src=\"https:\/\/www.vallesalado.com\/wp-content\/uploads\/2025\/03\/martin-berasategui.webp\" class=\"attachment-full size-full wp-image-5923\" alt=\"Mart\u00edn Berasategui\" \/>\t\t\t\t\t\t\t\t<\/a>\n\t\t\t\t\t\t\t\t\t\t\t\t\t\t\t<\/div>\n\t\t\t\t<\/div>\n\t\t\t\t<div class=\"elementor-element elementor-element-6e65b9d elementor-widget elementor-widget-heading\" data-id=\"6e65b9d\" data-element_type=\"widget\" data-widget_type=\"heading.default\">\n\t\t\t\t<div class=\"elementor-widget-container\">\n\t\t\t\t\t<h2 class=\"elementor-heading-title elementor-size-default\"><a href=\"https:\/\/vallesalado.com\/fr\/sel-danana\/ambassadors\/martin-berasategui\/\">Mart\u00edn Berasategui<\/a><\/h2>\t\t\t\t<\/div>\n\t\t\t\t<\/div>\n\t\t\t\t\t<\/div>\n\t\t<\/div>\n\t\t\t\t<div class=\"elementor-column elementor-col-25 elementor-inner-column elementor-element elementor-element-eb9bda2\" data-id=\"eb9bda2\" data-element_type=\"column\">\n\t\t\t<div class=\"elementor-widget-wrap elementor-element-populated\">\n\t\t\t\t\t\t<div class=\"elementor-element elementor-element-bbcc227 elementor-widget elementor-widget-image\" data-id=\"bbcc227\" data-element_type=\"widget\" data-widget_type=\"image.default\">\n\t\t\t\t<div class=\"elementor-widget-container\">\n\t\t\t\t\t\t\t\t\t\t\t\t\t\t\t\t<a href=\"https:\/\/www.vallesalado.com\/sal-anana\/embajadores\/aitor-arregi\/\">\n\t\t\t\t\t\t\t<img loading=\"lazy\" decoding=\"async\" width=\"600\" height=\"368\" src=\"https:\/\/www.vallesalado.com\/wp-content\/uploads\/2025\/10\/aitor-arregi-00.jpg\" class=\"attachment-full size-full wp-image-8161\" alt=\"Aitor Arregi\" srcset=\"https:\/\/www.vallesalado.com\/wp-content\/uploads\/2025\/10\/aitor-arregi-00.jpg 600w, https:\/\/www.vallesalado.com\/wp-content\/uploads\/2025\/10\/aitor-arregi-00-300x184.jpg 300w\" sizes=\"(max-width: 600px) 100vw, 600px\" \/>\t\t\t\t\t\t\t\t<\/a>\n\t\t\t\t\t\t\t\t\t\t\t\t\t\t\t<\/div>\n\t\t\t\t<\/div>\n\t\t\t\t<div class=\"elementor-element elementor-element-88b1e3b elementor-widget elementor-widget-heading\" data-id=\"88b1e3b\" data-element_type=\"widget\" data-widget_type=\"heading.default\">\n\t\t\t\t<div class=\"elementor-widget-container\">\n\t\t\t\t\t<h2 class=\"elementor-heading-title elementor-size-default\"><a href=\"https:\/\/www.vallesalado.com\/sal-anana\/embajadores\/aitor-arregi\/\">Aitor Arregi<\/a><\/h2>\t\t\t\t<\/div>\n\t\t\t\t<\/div>\n\t\t\t\t\t<\/div>\n\t\t<\/div>\n\t\t\t\t<div class=\"elementor-column elementor-col-25 elementor-inner-column elementor-element elementor-element-594380d\" data-id=\"594380d\" data-element_type=\"column\">\n\t\t\t<div class=\"elementor-widget-wrap elementor-element-populated\">\n\t\t\t\t\t\t<div class=\"elementor-element elementor-element-f12bf24 elementor-widget elementor-widget-image\" data-id=\"f12bf24\" data-element_type=\"widget\" data-widget_type=\"image.default\">\n\t\t\t\t<div class=\"elementor-widget-container\">\n\t\t\t\t\t\t\t\t\t\t\t\t\t\t\t\t<a href=\"https:\/\/vallesalado.com\/fr\/sel-danana\/ambassadors\/diego-guerrero\/\">\n\t\t\t\t\t\t\t<img loading=\"lazy\" decoding=\"async\" width=\"600\" height=\"368\" src=\"https:\/\/www.vallesalado.com\/wp-content\/uploads\/2025\/03\/diego-guerrero.webp\" class=\"attachment-full size-full wp-image-5931\" alt=\"Diego Guerrero\" \/>\t\t\t\t\t\t\t\t<\/a>\n\t\t\t\t\t\t\t\t\t\t\t\t\t\t\t<\/div>\n\t\t\t\t<\/div>\n\t\t\t\t<div class=\"elementor-element elementor-element-d7471ef elementor-widget elementor-widget-heading\" data-id=\"d7471ef\" data-element_type=\"widget\" data-widget_type=\"heading.default\">\n\t\t\t\t<div class=\"elementor-widget-container\">\n\t\t\t\t\t<h2 class=\"elementor-heading-title elementor-size-default\"><a href=\"https:\/\/vallesalado.com\/fr\/sel-danana\/ambassadors\/diego-guerrero\/\">Diego Guerrero<\/a><\/h2>\t\t\t\t<\/div>\n\t\t\t\t<\/div>\n\t\t\t\t\t<\/div>\n\t\t<\/div>\n\t\t\t\t<div class=\"elementor-column elementor-col-25 elementor-inner-column elementor-element elementor-element-4b94f2d\" data-id=\"4b94f2d\" data-element_type=\"column\">\n\t\t\t<div class=\"elementor-widget-wrap elementor-element-populated\">\n\t\t\t\t\t\t<div class=\"elementor-element elementor-element-cf531ea elementor-widget elementor-widget-image\" data-id=\"cf531ea\" data-element_type=\"widget\" data-widget_type=\"image.default\">\n\t\t\t\t<div class=\"elementor-widget-container\">\n\t\t\t\t\t\t\t\t\t\t\t\t\t\t\t\t<a href=\"https:\/\/vallesalado.com\/fr\/sel-danana\/ambassadors\/edorta-lamo\/\">\n\t\t\t\t\t\t\t<img loading=\"lazy\" decoding=\"async\" width=\"600\" height=\"368\" src=\"https:\/\/www.vallesalado.com\/wp-content\/uploads\/2025\/03\/edorta-lamo.webp\" class=\"attachment-full size-full wp-image-5935\" alt=\"Edorta Lamo\" \/>\t\t\t\t\t\t\t\t<\/a>\n\t\t\t\t\t\t\t\t\t\t\t\t\t\t\t<\/div>\n\t\t\t\t<\/div>\n\t\t\t\t<div class=\"elementor-element elementor-element-298cf75 elementor-widget elementor-widget-heading\" data-id=\"298cf75\" data-element_type=\"widget\" data-widget_type=\"heading.default\">\n\t\t\t\t<div class=\"elementor-widget-container\">\n\t\t\t\t\t<h2 class=\"elementor-heading-title elementor-size-default\"><a href=\"https:\/\/vallesalado.com\/fr\/sel-danana\/ambassadors\/edorta-lamo\/\">Edorta Lamo<\/a><\/h2>\t\t\t\t<\/div>\n\t\t\t\t<\/div>\n\t\t\t\t\t<\/div>\n\t\t<\/div>\n\t\t\t\t\t<\/div>\n\t\t<\/section>\n\t\t\t\t<section class=\"elementor-section elementor-inner-section elementor-element elementor-element-cb647dd elementor-section-boxed elementor-section-height-default elementor-section-height-default\" data-id=\"cb647dd\" data-element_type=\"section\">\n\t\t\t\t\t\t<div class=\"elementor-container elementor-column-gap-narrow\">\n\t\t\t\t\t<div class=\"elementor-column elementor-col-25 elementor-inner-column elementor-element elementor-element-9dcdbda\" data-id=\"9dcdbda\" data-element_type=\"column\">\n\t\t\t<div class=\"elementor-widget-wrap elementor-element-populated\">\n\t\t\t\t\t\t<div class=\"elementor-element elementor-element-05c67ca elementor-widget elementor-widget-image\" data-id=\"05c67ca\" data-element_type=\"widget\" data-widget_type=\"image.default\">\n\t\t\t\t<div class=\"elementor-widget-container\">\n\t\t\t\t\t\t\t\t\t\t\t\t\t\t\t\t<a href=\"https:\/\/vallesalado.com\/fr\/sel-danana\/ambassadors\/francis-paniego\/\">\n\t\t\t\t\t\t\t<img loading=\"lazy\" decoding=\"async\" width=\"600\" height=\"368\" src=\"https:\/\/www.vallesalado.com\/wp-content\/uploads\/2025\/03\/francis-paniego.webp\" class=\"attachment-full size-full wp-image-5939\" alt=\"Francis Paniego\" \/>\t\t\t\t\t\t\t\t<\/a>\n\t\t\t\t\t\t\t\t\t\t\t\t\t\t\t<\/div>\n\t\t\t\t<\/div>\n\t\t\t\t<div class=\"elementor-element elementor-element-024b673 elementor-widget elementor-widget-heading\" data-id=\"024b673\" data-element_type=\"widget\" data-widget_type=\"heading.default\">\n\t\t\t\t<div class=\"elementor-widget-container\">\n\t\t\t\t\t<h2 class=\"elementor-heading-title elementor-size-default\"><a href=\"https:\/\/vallesalado.com\/fr\/sel-danana\/ambassadors\/francis-paniego\/\">Francis Paniego<\/a><\/h2>\t\t\t\t<\/div>\n\t\t\t\t<\/div>\n\t\t\t\t\t<\/div>\n\t\t<\/div>\n\t\t\t\t<div class=\"elementor-column elementor-col-25 elementor-inner-column elementor-element elementor-element-19629c3\" data-id=\"19629c3\" data-element_type=\"column\">\n\t\t\t<div class=\"elementor-widget-wrap elementor-element-populated\">\n\t\t\t\t\t\t<div class=\"elementor-element elementor-element-c3caadb elementor-widget elementor-widget-image\" data-id=\"c3caadb\" data-element_type=\"widget\" data-widget_type=\"image.default\">\n\t\t\t\t<div class=\"elementor-widget-container\">\n\t\t\t\t\t\t\t\t\t\t\t\t\t\t\t\t<a href=\"https:\/\/vallesalado.com\/fr\/sel-danana\/ambassadors\/joan-roca\/\">\n\t\t\t\t\t\t\t<img loading=\"lazy\" decoding=\"async\" width=\"600\" height=\"368\" src=\"https:\/\/www.vallesalado.com\/wp-content\/uploads\/2025\/03\/joan-roca.jpg\" class=\"attachment-full size-full wp-image-5943\" alt=\"Joan Roca\" srcset=\"https:\/\/www.vallesalado.com\/wp-content\/uploads\/2025\/03\/joan-roca.jpg 600w, https:\/\/www.vallesalado.com\/wp-content\/uploads\/2025\/03\/joan-roca-300x184.jpg 300w\" sizes=\"(max-width: 600px) 100vw, 600px\" \/>\t\t\t\t\t\t\t\t<\/a>\n\t\t\t\t\t\t\t\t\t\t\t\t\t\t\t<\/div>\n\t\t\t\t<\/div>\n\t\t\t\t<div class=\"elementor-element elementor-element-cca8ec2 elementor-widget elementor-widget-heading\" data-id=\"cca8ec2\" data-element_type=\"widget\" data-widget_type=\"heading.default\">\n\t\t\t\t<div class=\"elementor-widget-container\">\n\t\t\t\t\t<h2 class=\"elementor-heading-title elementor-size-default\"><a href=\"https:\/\/vallesalado.com\/fr\/sel-danana\/ambassadors\/joan-roca\/\">Joan Roca<\/a><\/h2>\t\t\t\t<\/div>\n\t\t\t\t<\/div>\n\t\t\t\t\t<\/div>\n\t\t<\/div>\n\t\t\t\t<div class=\"elementor-column elementor-col-25 elementor-inner-column elementor-element elementor-element-cce6b78\" data-id=\"cce6b78\" data-element_type=\"column\">\n\t\t\t<div class=\"elementor-widget-wrap elementor-element-populated\">\n\t\t\t\t\t\t<div class=\"elementor-element elementor-element-ea2f23d elementor-widget elementor-widget-image\" data-id=\"ea2f23d\" data-element_type=\"widget\" data-widget_type=\"image.default\">\n\t\t\t\t<div class=\"elementor-widget-container\">\n\t\t\t\t\t\t\t\t\t\t\t\t\t\t\t\t<a href=\"https:\/\/vallesalado.com\/fr\/sel-danana\/ambassadors\/pedro-subijana\/\">\n\t\t\t\t\t\t\t<img loading=\"lazy\" decoding=\"async\" width=\"600\" height=\"368\" src=\"https:\/\/www.vallesalado.com\/wp-content\/uploads\/2025\/03\/pedro-subijana.webp\" class=\"attachment-full size-full wp-image-5947\" alt=\"Pedro Subijana\" \/>\t\t\t\t\t\t\t\t<\/a>\n\t\t\t\t\t\t\t\t\t\t\t\t\t\t\t<\/div>\n\t\t\t\t<\/div>\n\t\t\t\t<div class=\"elementor-element elementor-element-d4a329e elementor-widget elementor-widget-heading\" data-id=\"d4a329e\" data-element_type=\"widget\" data-widget_type=\"heading.default\">\n\t\t\t\t<div class=\"elementor-widget-container\">\n\t\t\t\t\t<h2 class=\"elementor-heading-title elementor-size-default\"><a href=\"https:\/\/vallesalado.com\/fr\/sel-danana\/ambassadors\/pedro-subijana\/\">Pedro Subijana<\/a><\/h2>\t\t\t\t<\/div>\n\t\t\t\t<\/div>\n\t\t\t\t\t<\/div>\n\t\t<\/div>\n\t\t\t\t<div class=\"elementor-column elementor-col-25 elementor-inner-column elementor-element elementor-element-26a7763\" data-id=\"26a7763\" data-element_type=\"column\">\n\t\t\t<div class=\"elementor-widget-wrap elementor-element-populated\">\n\t\t\t\t\t\t<div class=\"elementor-element elementor-element-d4a2724 elementor-widget elementor-widget-image\" data-id=\"d4a2724\" data-element_type=\"widget\" data-widget_type=\"image.default\">\n\t\t\t\t<div class=\"elementor-widget-container\">\n\t\t\t\t\t\t\t\t\t\t\t\t\t\t\t\t<a href=\"https:\/\/vallesalado.com\/fr\/sel-danana\/ambassadors\/oscar-velasco-martin\/\">\n\t\t\t\t\t\t\t<img loading=\"lazy\" decoding=\"async\" width=\"600\" height=\"368\" src=\"https:\/\/www.vallesalado.com\/wp-content\/uploads\/2025\/03\/oscar-velasco-martin.webp\" class=\"attachment-full size-full wp-image-5951\" alt=\"Oscar Velasco Mart\u00edn\" \/>\t\t\t\t\t\t\t\t<\/a>\n\t\t\t\t\t\t\t\t\t\t\t\t\t\t\t<\/div>\n\t\t\t\t<\/div>\n\t\t\t\t<div class=\"elementor-element elementor-element-d296164 elementor-widget elementor-widget-heading\" data-id=\"d296164\" data-element_type=\"widget\" data-widget_type=\"heading.default\">\n\t\t\t\t<div class=\"elementor-widget-container\">\n\t\t\t\t\t<h2 class=\"elementor-heading-title elementor-size-default\"><a href=\"https:\/\/vallesalado.com\/fr\/sel-danana\/ambassadors\/oscar-velasco-martin\/\">\u00d3scar Velasco<\/a><\/h2>\t\t\t\t<\/div>\n\t\t\t\t<\/div>\n\t\t\t\t\t<\/div>\n\t\t<\/div>\n\t\t\t\t\t<\/div>\n\t\t<\/section>\n\t\t\t\t<section class=\"elementor-section elementor-inner-section elementor-element elementor-element-8936197 elementor-section-boxed elementor-section-height-default elementor-section-height-default\" data-id=\"8936197\" data-element_type=\"section\">\n\t\t\t\t\t\t<div class=\"elementor-container elementor-column-gap-narrow\">\n\t\t\t\t\t<div class=\"elementor-column elementor-col-25 elementor-inner-column elementor-element elementor-element-bc95005\" data-id=\"bc95005\" data-element_type=\"column\">\n\t\t\t<div class=\"elementor-widget-wrap elementor-element-populated\">\n\t\t\t\t\t\t<div class=\"elementor-element elementor-element-f363b18 elementor-widget elementor-widget-image\" data-id=\"f363b18\" data-element_type=\"widget\" data-widget_type=\"image.default\">\n\t\t\t\t<div class=\"elementor-widget-container\">\n\t\t\t\t\t\t\t\t\t\t\t\t\t\t\t\t<a href=\"https:\/\/vallesalado.com\/fr\/sel-danana\/ambassadors\/inaki-murua-et-carolina-sanchez\/\">\n\t\t\t\t\t\t\t<img loading=\"lazy\" decoding=\"async\" width=\"600\" height=\"368\" src=\"https:\/\/www.vallesalado.com\/wp-content\/uploads\/2025\/01\/miniatura-murua-sanchez.webp\" class=\"attachment-full size-full wp-image-5093\" alt=\"\" srcset=\"https:\/\/www.vallesalado.com\/wp-content\/uploads\/2025\/01\/miniatura-murua-sanchez.webp 600w, https:\/\/www.vallesalado.com\/wp-content\/uploads\/2025\/01\/miniatura-murua-sanchez-300x184.webp 300w\" sizes=\"(max-width: 600px) 100vw, 600px\" \/>\t\t\t\t\t\t\t\t<\/a>\n\t\t\t\t\t\t\t\t\t\t\t\t\t\t\t<\/div>\n\t\t\t\t<\/div>\n\t\t\t\t<div class=\"elementor-element elementor-element-6effc04 elementor-widget elementor-widget-heading\" data-id=\"6effc04\" data-element_type=\"widget\" data-widget_type=\"heading.default\">\n\t\t\t\t<div class=\"elementor-widget-container\">\n\t\t\t\t\t<h2 class=\"elementor-heading-title elementor-size-default\"><a href=\"https:\/\/vallesalado.com\/fr\/sel-danana\/ambassadors\/inaki-murua-et-carolina-sanchez\/\">I. Murua - C. S\u00e1nchez<\/a><\/h2>\t\t\t\t<\/div>\n\t\t\t\t<\/div>\n\t\t\t\t\t<\/div>\n\t\t<\/div>\n\t\t\t\t<div class=\"elementor-column elementor-col-25 elementor-inner-column elementor-element elementor-element-5058a59\" data-id=\"5058a59\" data-element_type=\"column\">\n\t\t\t<div class=\"elementor-widget-wrap elementor-element-populated\">\n\t\t\t\t\t\t<div class=\"elementor-element elementor-element-80c4857 elementor-widget elementor-widget-image\" data-id=\"80c4857\" data-element_type=\"widget\" data-widget_type=\"image.default\">\n\t\t\t\t<div class=\"elementor-widget-container\">\n\t\t\t\t\t\t\t\t\t\t\t\t\t\t\t\t<a href=\"https:\/\/vallesalado.com\/fr\/sel-danana\/ambassadors\/basque-culinary-center\/\">\n\t\t\t\t\t\t\t<img loading=\"lazy\" decoding=\"async\" width=\"600\" height=\"368\" src=\"https:\/\/www.vallesalado.com\/wp-content\/uploads\/2025\/03\/bcc.webp\" class=\"attachment-full size-full wp-image-5955\" alt=\"Basque Culinary Center\" \/>\t\t\t\t\t\t\t\t<\/a>\n\t\t\t\t\t\t\t\t\t\t\t\t\t\t\t<\/div>\n\t\t\t\t<\/div>\n\t\t\t\t<div class=\"elementor-element elementor-element-592edf1 elementor-widget elementor-widget-heading\" data-id=\"592edf1\" data-element_type=\"widget\" data-widget_type=\"heading.default\">\n\t\t\t\t<div class=\"elementor-widget-container\">\n\t\t\t\t\t<h2 class=\"elementor-heading-title elementor-size-default\"><a href=\"https:\/\/vallesalado.com\/fr\/sel-danana\/ambassadors\/basque-culinary-center\/\">Basque Culinary Center<\/a><\/h2>\t\t\t\t<\/div>\n\t\t\t\t<\/div>\n\t\t\t\t\t<\/div>\n\t\t<\/div>\n\t\t\t\t<div class=\"elementor-column elementor-col-25 elementor-inner-column elementor-element elementor-element-cc85a62\" data-id=\"cc85a62\" data-element_type=\"column\">\n\t\t\t<div class=\"elementor-widget-wrap elementor-element-populated\">\n\t\t\t\t\t\t<div class=\"elementor-element elementor-element-66df77e elementor-widget elementor-widget-image\" data-id=\"66df77e\" data-element_type=\"widget\" data-widget_type=\"image.default\">\n\t\t\t\t<div class=\"elementor-widget-container\">\n\t\t\t\t\t\t\t\t\t\t\t\t\t\t\t\t<a href=\"https:\/\/vallesalado.com\/fr\/sel-danana\/ambassadors\/ecoles-de-cuisine\/\">\n\t\t\t\t\t\t\t<img loading=\"lazy\" decoding=\"async\" width=\"600\" height=\"368\" src=\"https:\/\/www.vallesalado.com\/wp-content\/uploads\/2025\/01\/miniatura-escuelas-cocina.webp\" class=\"attachment-full size-full wp-image-5099\" alt=\"\" srcset=\"https:\/\/www.vallesalado.com\/wp-content\/uploads\/2025\/01\/miniatura-escuelas-cocina.webp 600w, https:\/\/www.vallesalado.com\/wp-content\/uploads\/2025\/01\/miniatura-escuelas-cocina-300x184.webp 300w\" sizes=\"(max-width: 600px) 100vw, 600px\" \/>\t\t\t\t\t\t\t\t<\/a>\n\t\t\t\t\t\t\t\t\t\t\t\t\t\t\t<\/div>\n\t\t\t\t<\/div>\n\t\t\t\t<div class=\"elementor-element elementor-element-fff780a elementor-widget elementor-widget-heading\" data-id=\"fff780a\" data-element_type=\"widget\" data-widget_type=\"heading.default\">\n\t\t\t\t<div class=\"elementor-widget-container\">\n\t\t\t\t\t<h2 class=\"elementor-heading-title elementor-size-default\"><a href=\"https:\/\/vallesalado.com\/fr\/sel-danana\/ambassadors\/ecoles-de-cuisine\/\">\u00c9coles de cuisine<\/a><\/h2>\t\t\t\t<\/div>\n\t\t\t\t<\/div>\n\t\t\t\t\t<\/div>\n\t\t<\/div>\n\t\t\t\t<div class=\"elementor-column elementor-col-25 elementor-inner-column elementor-element elementor-element-97ff321\" data-id=\"97ff321\" data-element_type=\"column\">\n\t\t\t<div class=\"elementor-widget-wrap elementor-element-populated\">\n\t\t\t\t\t\t<div class=\"elementor-element elementor-element-3f57c8a elementor-widget elementor-widget-image\" data-id=\"3f57c8a\" data-element_type=\"widget\" data-widget_type=\"image.default\">\n\t\t\t\t<div class=\"elementor-widget-container\">\n\t\t\t\t\t\t\t\t\t\t\t\t\t\t\t\t<a href=\"https:\/\/vallesalado.com\/fr\/sel-danana\/culture-du-sel\/\">\n\t\t\t\t\t\t\t<img loading=\"lazy\" decoding=\"async\" width=\"600\" height=\"368\" src=\"https:\/\/www.vallesalado.com\/wp-content\/uploads\/2025\/01\/miniatura-slow-food.webp\" class=\"attachment-full size-full wp-image-5102\" alt=\"\" srcset=\"https:\/\/www.vallesalado.com\/wp-content\/uploads\/2025\/01\/miniatura-slow-food.webp 600w, https:\/\/www.vallesalado.com\/wp-content\/uploads\/2025\/01\/miniatura-slow-food-300x184.webp 300w\" sizes=\"(max-width: 600px) 100vw, 600px\" \/>\t\t\t\t\t\t\t\t<\/a>\n\t\t\t\t\t\t\t\t\t\t\t\t\t\t\t<\/div>\n\t\t\t\t<\/div>\n\t\t\t\t<div class=\"elementor-element elementor-element-a54eaa1 elementor-widget elementor-widget-heading\" data-id=\"a54eaa1\" data-element_type=\"widget\" data-widget_type=\"heading.default\">\n\t\t\t\t<div class=\"elementor-widget-container\">\n\t\t\t\t\t<h2 class=\"elementor-heading-title elementor-size-default\"><a href=\"https:\/\/vallesalado.com\/fr\/sel-danana\/culture-du-sel\/\">Slow Food<\/a><\/h2>\t\t\t\t<\/div>\n\t\t\t\t<\/div>\n\t\t\t\t\t<\/div>\n\t\t<\/div>\n\t\t\t\t\t<\/div>\n\t\t<\/section>\n\t\t\t\t\t<\/div>\n\t\t<\/div>\n\t\t\t\t\t<\/div>\n\t\t<\/section>\n\t\t\t\t<\/div>\n\t\t","protected":false},"excerpt":{"rendered":"<p>La collaboration d\u00e9sint\u00e9ress\u00e9e de personnes reconnues dans le monde de la gastronomie internationale contribue non seulement \u00e0 promouvoir la qualit\u00e9 et la consommation de sel d&rsquo;A\u00f1ana, mais aussi \u00e0 projeter dans le monde l&rsquo;exceptionnalit\u00e9 de la vall\u00e9e sal\u00e9e. Andoni L. Aduriz Bittor Arginzoniz Joanna Artieda Eneko Atxa Mart\u00edn Berasategui Aitor Arregi Diego Guerrero Edorta Lamo [&hellip;]<\/p>\n","protected":false},"author":1,"featured_media":4148,"parent":6996,"menu_order":0,"comment_status":"closed","ping_status":"closed","template":"","meta":{"inline_featured_image":false,"footnotes":"","_links_to":"","_links_to_target":""},"class_list":["post-6983","page","type-page","status-publish","has-post-thumbnail","hentry"],"yoast_head":"<!-- This site is optimized with the Yoast SEO plugin v26.7 - https:\/\/yoast.com\/wordpress\/plugins\/seo\/ -->\n<title>Ambassadeurs - Valle Salado de A\u00f1ana<\/title>\n<meta name=\"description\" content=\"Les ambassadeurs du monde gastronomique soulignent la qualit\u00e9 du Sel d\u2019A\u00f1ana et l\u2019exceptionnalit\u00e9 de la Vall\u00e9e Sal\u00e9e.\" \/>\n<meta name=\"robots\" content=\"index, follow, max-snippet:-1, max-image-preview:large, max-video-preview:-1\" \/>\n<link rel=\"canonical\" href=\"https:\/\/www.vallesalado.com\/fr\/sel-danana\/ambassadors\/\" \/>\n<meta property=\"og:locale\" content=\"fr_FR\" \/>\n<meta property=\"og:type\" content=\"article\" \/>\n<meta property=\"og:title\" content=\"Ambassadeurs - Valle Salado de A\u00f1ana\" \/>\n<meta property=\"og:description\" content=\"Les ambassadeurs du monde gastronomique soulignent la qualit\u00e9 du Sel d\u2019A\u00f1ana et l\u2019exceptionnalit\u00e9 de la Vall\u00e9e Sal\u00e9e.\" \/>\n<meta property=\"og:url\" content=\"https:\/\/www.vallesalado.com\/fr\/sel-danana\/ambassadors\/\" \/>\n<meta property=\"og:site_name\" content=\"Valle Salado de A\u00f1ana\" \/>\n<meta property=\"article:publisher\" content=\"https:\/\/www.facebook.com\/ValleSaladodeAnana\" \/>\n<meta property=\"article:modified_time\" content=\"2025-10-14T08:41:42+00:00\" \/>\n<meta property=\"og:image\" content=\"https:\/\/www.vallesalado.com\/wp-content\/uploads\/2024\/12\/valle-salado-miniatura.webp\" \/>\n\t<meta property=\"og:image:width\" content=\"1200\" \/>\n\t<meta property=\"og:image:height\" content=\"630\" \/>\n\t<meta property=\"og:image:type\" content=\"image\/webp\" \/>\n<meta name=\"twitter:card\" content=\"summary_large_image\" \/>\n<meta name=\"twitter:site\" content=\"@vallesalado\" \/>\n<script type=\"application\/ld+json\" class=\"yoast-schema-graph\">{\"@context\":\"https:\/\/schema.org\",\"@graph\":[{\"@type\":\"WebPage\",\"@id\":\"https:\/\/www.vallesalado.com\/fr\/sel-danana\/ambassadors\/\",\"url\":\"https:\/\/www.vallesalado.com\/fr\/sel-danana\/ambassadors\/\",\"name\":\"Ambassadeurs - Valle Salado de A\u00f1ana\",\"isPartOf\":{\"@id\":\"https:\/\/www.vallesalado.com\/fr\/#website\"},\"primaryImageOfPage\":{\"@id\":\"https:\/\/www.vallesalado.com\/fr\/sel-danana\/ambassadors\/#primaryimage\"},\"image\":{\"@id\":\"https:\/\/www.vallesalado.com\/fr\/sel-danana\/ambassadors\/#primaryimage\"},\"thumbnailUrl\":\"https:\/\/www.vallesalado.com\/wp-content\/uploads\/2024\/12\/valle-salado-miniatura.webp\",\"datePublished\":\"2024-12-03T16:38:44+00:00\",\"dateModified\":\"2025-10-14T08:41:42+00:00\",\"description\":\"Les ambassadeurs du monde gastronomique soulignent la qualit\u00e9 du Sel d\u2019A\u00f1ana et l\u2019exceptionnalit\u00e9 de la Vall\u00e9e Sal\u00e9e.\",\"breadcrumb\":{\"@id\":\"https:\/\/www.vallesalado.com\/fr\/sel-danana\/ambassadors\/#breadcrumb\"},\"inLanguage\":\"fr-FR\",\"potentialAction\":[{\"@type\":\"ReadAction\",\"target\":[\"https:\/\/www.vallesalado.com\/fr\/sel-danana\/ambassadors\/\"]}]},{\"@type\":\"ImageObject\",\"inLanguage\":\"fr-FR\",\"@id\":\"https:\/\/www.vallesalado.com\/fr\/sel-danana\/ambassadors\/#primaryimage\",\"url\":\"https:\/\/www.vallesalado.com\/wp-content\/uploads\/2024\/12\/valle-salado-miniatura.webp\",\"contentUrl\":\"https:\/\/www.vallesalado.com\/wp-content\/uploads\/2024\/12\/valle-salado-miniatura.webp\",\"width\":1200,\"height\":630},{\"@type\":\"BreadcrumbList\",\"@id\":\"https:\/\/www.vallesalado.com\/fr\/sel-danana\/ambassadors\/#breadcrumb\",\"itemListElement\":[{\"@type\":\"ListItem\",\"position\":1,\"name\":\"Valle Salado\",\"item\":\"https:\/\/www.vallesalado.com\/fr\/\"},{\"@type\":\"ListItem\",\"position\":2,\"name\":\"Sel d&rsquo;A\u00f1ana\",\"item\":\"https:\/\/www.vallesalado.com\/fr\/sel-danana\/\"},{\"@type\":\"ListItem\",\"position\":3,\"name\":\"Ambassadeurs\"}]},{\"@type\":\"WebSite\",\"@id\":\"https:\/\/www.vallesalado.com\/fr\/#website\",\"url\":\"https:\/\/www.vallesalado.com\/fr\/\",\"name\":\"Valle Salado de A\u00f1ana\",\"description\":\"Valle Salado de A\u00f1ana\",\"publisher\":{\"@id\":\"https:\/\/www.vallesalado.com\/fr\/#organization\"},\"potentialAction\":[{\"@type\":\"SearchAction\",\"target\":{\"@type\":\"EntryPoint\",\"urlTemplate\":\"https:\/\/www.vallesalado.com\/fr\/?s={search_term_string}\"},\"query-input\":{\"@type\":\"PropertyValueSpecification\",\"valueRequired\":true,\"valueName\":\"search_term_string\"}}],\"inLanguage\":\"fr-FR\"},{\"@type\":\"Organization\",\"@id\":\"https:\/\/www.vallesalado.com\/fr\/#organization\",\"name\":\"Valle Salado de A\u00f1ana\",\"url\":\"https:\/\/www.vallesalado.com\/fr\/\",\"logo\":{\"@type\":\"ImageObject\",\"inLanguage\":\"fr-FR\",\"@id\":\"https:\/\/www.vallesalado.com\/fr\/#\/schema\/logo\/image\/\",\"url\":\"https:\/\/www.vallesalado.com\/wp-content\/uploads\/2025\/05\/logo-valle-salado.webp\",\"contentUrl\":\"https:\/\/www.vallesalado.com\/wp-content\/uploads\/2025\/05\/logo-valle-salado.webp\",\"width\":600,\"height\":143,\"caption\":\"Valle Salado de A\u00f1ana\"},\"image\":{\"@id\":\"https:\/\/www.vallesalado.com\/fr\/#\/schema\/logo\/image\/\"},\"sameAs\":[\"https:\/\/www.facebook.com\/ValleSaladodeAnana\",\"https:\/\/x.com\/vallesalado\",\"https:\/\/www.instagram.com\/vallesalado\/\"]}]}<\/script>\n<!-- \/ Yoast SEO plugin. -->","yoast_head_json":{"title":"Ambassadeurs - Valle Salado de A\u00f1ana","description":"Les ambassadeurs du monde gastronomique soulignent la qualit\u00e9 du Sel d\u2019A\u00f1ana et l\u2019exceptionnalit\u00e9 de la Vall\u00e9e Sal\u00e9e.","robots":{"index":"index","follow":"follow","max-snippet":"max-snippet:-1","max-image-preview":"max-image-preview:large","max-video-preview":"max-video-preview:-1"},"canonical":"https:\/\/www.vallesalado.com\/fr\/sel-danana\/ambassadors\/","og_locale":"fr_FR","og_type":"article","og_title":"Ambassadeurs - Valle Salado de A\u00f1ana","og_description":"Les ambassadeurs du monde gastronomique soulignent la qualit\u00e9 du Sel d\u2019A\u00f1ana et l\u2019exceptionnalit\u00e9 de la Vall\u00e9e Sal\u00e9e.","og_url":"https:\/\/www.vallesalado.com\/fr\/sel-danana\/ambassadors\/","og_site_name":"Valle Salado de A\u00f1ana","article_publisher":"https:\/\/www.facebook.com\/ValleSaladodeAnana","article_modified_time":"2025-10-14T08:41:42+00:00","og_image":[{"width":1200,"height":630,"url":"https:\/\/www.vallesalado.com\/wp-content\/uploads\/2024\/12\/valle-salado-miniatura.webp","type":"image\/webp"}],"twitter_card":"summary_large_image","twitter_site":"@vallesalado","schema":{"@context":"https:\/\/schema.org","@graph":[{"@type":"WebPage","@id":"https:\/\/www.vallesalado.com\/fr\/sel-danana\/ambassadors\/","url":"https:\/\/www.vallesalado.com\/fr\/sel-danana\/ambassadors\/","name":"Ambassadeurs - Valle Salado de A\u00f1ana","isPartOf":{"@id":"https:\/\/www.vallesalado.com\/fr\/#website"},"primaryImageOfPage":{"@id":"https:\/\/www.vallesalado.com\/fr\/sel-danana\/ambassadors\/#primaryimage"},"image":{"@id":"https:\/\/www.vallesalado.com\/fr\/sel-danana\/ambassadors\/#primaryimage"},"thumbnailUrl":"https:\/\/www.vallesalado.com\/wp-content\/uploads\/2024\/12\/valle-salado-miniatura.webp","datePublished":"2024-12-03T16:38:44+00:00","dateModified":"2025-10-14T08:41:42+00:00","description":"Les ambassadeurs du monde gastronomique soulignent la qualit\u00e9 du Sel d\u2019A\u00f1ana et l\u2019exceptionnalit\u00e9 de la Vall\u00e9e Sal\u00e9e.","breadcrumb":{"@id":"https:\/\/www.vallesalado.com\/fr\/sel-danana\/ambassadors\/#breadcrumb"},"inLanguage":"fr-FR","potentialAction":[{"@type":"ReadAction","target":["https:\/\/www.vallesalado.com\/fr\/sel-danana\/ambassadors\/"]}]},{"@type":"ImageObject","inLanguage":"fr-FR","@id":"https:\/\/www.vallesalado.com\/fr\/sel-danana\/ambassadors\/#primaryimage","url":"https:\/\/www.vallesalado.com\/wp-content\/uploads\/2024\/12\/valle-salado-miniatura.webp","contentUrl":"https:\/\/www.vallesalado.com\/wp-content\/uploads\/2024\/12\/valle-salado-miniatura.webp","width":1200,"height":630},{"@type":"BreadcrumbList","@id":"https:\/\/www.vallesalado.com\/fr\/sel-danana\/ambassadors\/#breadcrumb","itemListElement":[{"@type":"ListItem","position":1,"name":"Valle Salado","item":"https:\/\/www.vallesalado.com\/fr\/"},{"@type":"ListItem","position":2,"name":"Sel d&rsquo;A\u00f1ana","item":"https:\/\/www.vallesalado.com\/fr\/sel-danana\/"},{"@type":"ListItem","position":3,"name":"Ambassadeurs"}]},{"@type":"WebSite","@id":"https:\/\/www.vallesalado.com\/fr\/#website","url":"https:\/\/www.vallesalado.com\/fr\/","name":"Valle Salado de A\u00f1ana","description":"Valle Salado de A\u00f1ana","publisher":{"@id":"https:\/\/www.vallesalado.com\/fr\/#organization"},"potentialAction":[{"@type":"SearchAction","target":{"@type":"EntryPoint","urlTemplate":"https:\/\/www.vallesalado.com\/fr\/?s={search_term_string}"},"query-input":{"@type":"PropertyValueSpecification","valueRequired":true,"valueName":"search_term_string"}}],"inLanguage":"fr-FR"},{"@type":"Organization","@id":"https:\/\/www.vallesalado.com\/fr\/#organization","name":"Valle Salado de A\u00f1ana","url":"https:\/\/www.vallesalado.com\/fr\/","logo":{"@type":"ImageObject","inLanguage":"fr-FR","@id":"https:\/\/www.vallesalado.com\/fr\/#\/schema\/logo\/image\/","url":"https:\/\/www.vallesalado.com\/wp-content\/uploads\/2025\/05\/logo-valle-salado.webp","contentUrl":"https:\/\/www.vallesalado.com\/wp-content\/uploads\/2025\/05\/logo-valle-salado.webp","width":600,"height":143,"caption":"Valle Salado de A\u00f1ana"},"image":{"@id":"https:\/\/www.vallesalado.com\/fr\/#\/schema\/logo\/image\/"},"sameAs":["https:\/\/www.facebook.com\/ValleSaladodeAnana","https:\/\/x.com\/vallesalado","https:\/\/www.instagram.com\/vallesalado\/"]}]}},"_links":{"self":[{"href":"https:\/\/www.vallesalado.com\/fr\/wp-json\/wp\/v2\/pages\/6983","targetHints":{"allow":["GET"]}}],"collection":[{"href":"https:\/\/www.vallesalado.com\/fr\/wp-json\/wp\/v2\/pages"}],"about":[{"href":"https:\/\/www.vallesalado.com\/fr\/wp-json\/wp\/v2\/types\/page"}],"author":[{"embeddable":true,"href":"https:\/\/www.vallesalado.com\/fr\/wp-json\/wp\/v2\/users\/1"}],"replies":[{"embeddable":true,"href":"https:\/\/www.vallesalado.com\/fr\/wp-json\/wp\/v2\/comments?post=6983"}],"version-history":[{"count":20,"href":"https:\/\/www.vallesalado.com\/fr\/wp-json\/wp\/v2\/pages\/6983\/revisions"}],"predecessor-version":[{"id":8166,"href":"https:\/\/www.vallesalado.com\/fr\/wp-json\/wp\/v2\/pages\/6983\/revisions\/8166"}],"up":[{"embeddable":true,"href":"https:\/\/www.vallesalado.com\/fr\/wp-json\/wp\/v2\/pages\/6996"}],"wp:featuredmedia":[{"embeddable":true,"href":"https:\/\/www.vallesalado.com\/fr\/wp-json\/wp\/v2\/media\/4148"}],"wp:attachment":[{"href":"https:\/\/www.vallesalado.com\/fr\/wp-json\/wp\/v2\/media?parent=6983"}],"curies":[{"name":"wp","href":"https:\/\/api.w.org\/{rel}","templated":true}]}}