{"id":7089,"date":"2024-12-03T17:33:32","date_gmt":"2024-12-03T16:33:32","guid":{"rendered":"https:\/\/vallesalado.com\/sel-danana\/origine\/"},"modified":"2025-10-31T13:34:50","modified_gmt":"2025-10-31T12:34:50","slug":"origine","status":"publish","type":"page","link":"https:\/\/www.vallesalado.com\/fr\/sel-danana\/origine\/","title":{"rendered":"Origine"},"content":{"rendered":"\t\t<div data-elementor-type=\"wp-page\" data-elementor-id=\"7089\" class=\"elementor elementor-7089 elementor-270\" data-elementor-post-type=\"page\">\n\t\t\t\t\t\t<section class=\"elementor-section elementor-top-section elementor-element elementor-element-30cb242 elementor-section-boxed elementor-section-height-default elementor-section-height-default\" data-id=\"30cb242\" data-element_type=\"section\" data-settings=\"{&quot;background_background&quot;:&quot;classic&quot;}\">\n\t\t\t\t\t\t<div class=\"elementor-container elementor-column-gap-default\">\n\t\t\t\t\t<div class=\"elementor-column elementor-col-100 elementor-top-column elementor-element elementor-element-9655a1b\" data-id=\"9655a1b\" data-element_type=\"column\">\n\t\t\t<div class=\"elementor-widget-wrap elementor-element-populated\">\n\t\t\t\t\t\t<div class=\"elementor-element elementor-element-2625290 elementor-widget elementor-widget-heading\" data-id=\"2625290\" data-element_type=\"widget\" data-widget_type=\"heading.default\">\n\t\t\t\t<div class=\"elementor-widget-container\">\n\t\t\t\t\t<h1 class=\"elementor-heading-title elementor-size-default\">Origine<\/h1>\t\t\t\t<\/div>\n\t\t\t\t<\/div>\n\t\t\t\t<div class=\"elementor-element elementor-element-2e87dd3 elementor-align-center elementor-widget elementor-widget-breadcrumbs\" data-id=\"2e87dd3\" data-element_type=\"widget\" data-widget_type=\"breadcrumbs.default\">\n\t\t\t\t<div class=\"elementor-widget-container\">\n\t\t\t\t\t<p id=\"breadcrumbs\"><span><span><a href=\"https:\/\/www.vallesalado.com\/fr\/\">Valle Salado<\/a><\/span><\/span><\/p>\t\t\t\t<\/div>\n\t\t\t\t<\/div>\n\t\t\t\t\t<\/div>\n\t\t<\/div>\n\t\t\t\t\t<\/div>\n\t\t<\/section>\n\t\t\t\t<section class=\"elementor-section elementor-top-section elementor-element elementor-element-5bd77a9 elementor-section-boxed elementor-section-height-default elementor-section-height-default\" data-id=\"5bd77a9\" data-element_type=\"section\">\n\t\t\t\t\t\t<div class=\"elementor-container elementor-column-gap-wider\">\n\t\t\t\t\t<div class=\"elementor-column elementor-col-50 elementor-top-column elementor-element elementor-element-2e48ac6\" data-id=\"2e48ac6\" data-element_type=\"column\">\n\t\t\t<div class=\"elementor-widget-wrap elementor-element-populated\">\n\t\t\t\t\t\t<div class=\"elementor-element elementor-element-c9b4b97 elementor-widget elementor-widget-text-editor\" data-id=\"c9b4b97\" data-element_type=\"widget\" data-widget_type=\"text-editor.default\">\n\t\t\t\t<div class=\"elementor-widget-container\">\n\t\t\t\t\t\t\t\t\t<p>Pendant la p\u00e9riode le Trias, p\u00e9riode qui a commenc\u00e9 il y a environ 251 millions d&rsquo;ann\u00e9es et s&rsquo;est termin\u00e9e il y a environ 200 millions d&rsquo;ann\u00e9es \u00e0 une \u00e9poque o\u00f9 tous les continents \u00e9taient unis formant le un seul continent appel\u00e9 Pangea, Salinas de A\u00f1ana a \u00e9t\u00e9 submerg\u00e9e sous un grand oc\u00e9an. L&rsquo;\u00e9vaporation de ses eaux a provoqu\u00e9 le d\u00e9p\u00f4t de grandes couches d&rsquo;\u00e9vaporites dans son fond qui, au fil du temps, ont \u00e9t\u00e9 recouvertes par d&rsquo;autres strates. <\/p><p>L&rsquo;existence du sel \u00e0 A\u00f1ana s&rsquo;explique par le ph\u00e9nom\u00e8ne g\u00e9ologique appel\u00e9 diapir. En g\u00e9n\u00e9ral, il consiste en la remont\u00e9e en surface terrestre de mat\u00e9riaux plus anciens en raison de sa plus faible densit\u00e9, de la m\u00eame mani\u00e8re qu&rsquo;une bulle d&rsquo;air immerg\u00e9e dans un liquide a un mouvement ascendant. <\/p>\t\t\t\t\t\t\t\t<\/div>\n\t\t\t\t<\/div>\n\t\t\t\t\t<\/div>\n\t\t<\/div>\n\t\t\t\t<div class=\"elementor-column elementor-col-50 elementor-top-column elementor-element elementor-element-8c095ed\" data-id=\"8c095ed\" data-element_type=\"column\">\n\t\t\t<div class=\"elementor-widget-wrap elementor-element-populated\">\n\t\t\t\t\t\t<div class=\"elementor-element elementor-element-e87e575 elementor-widget elementor-widget-image\" data-id=\"e87e575\" data-element_type=\"widget\" data-widget_type=\"image.default\">\n\t\t\t\t<div class=\"elementor-widget-container\">\n\t\t\t\t\t\t\t\t\t\t\t\t\t\t\t<img fetchpriority=\"high\" decoding=\"async\" width=\"1200\" height=\"900\" src=\"https:\/\/www.vallesalado.com\/wp-content\/uploads\/2025\/01\/origen-01.webp\" class=\"attachment-full size-full wp-image-5180\" alt=\"\" srcset=\"https:\/\/www.vallesalado.com\/wp-content\/uploads\/2025\/01\/origen-01.webp 1200w, https:\/\/www.vallesalado.com\/wp-content\/uploads\/2025\/01\/origen-01-300x225.webp 300w, https:\/\/www.vallesalado.com\/wp-content\/uploads\/2025\/01\/origen-01-1024x768.webp 1024w, https:\/\/www.vallesalado.com\/wp-content\/uploads\/2025\/01\/origen-01-768x576.webp 768w, https:\/\/www.vallesalado.com\/wp-content\/uploads\/2025\/01\/origen-01-600x450.webp 600w\" sizes=\"(max-width: 1200px) 100vw, 1200px\" \/>\t\t\t\t\t\t\t\t\t\t\t\t\t\t\t<\/div>\n\t\t\t\t<\/div>\n\t\t\t\t<div class=\"elementor-element elementor-element-6878b81 e-transform elementor-widget elementor-widget-image\" data-id=\"6878b81\" data-element_type=\"widget\" data-settings=\"{&quot;_transform_translateX_effect&quot;:{&quot;unit&quot;:&quot;px&quot;,&quot;size&quot;:325,&quot;sizes&quot;:[]},&quot;_transform_translateX_effect_tablet&quot;:{&quot;unit&quot;:&quot;px&quot;,&quot;size&quot;:113,&quot;sizes&quot;:[]},&quot;_transform_translateX_effect_mobile&quot;:{&quot;unit&quot;:&quot;px&quot;,&quot;size&quot;:100,&quot;sizes&quot;:[]},&quot;_transform_translateY_effect&quot;:{&quot;unit&quot;:&quot;px&quot;,&quot;size&quot;:-219,&quot;sizes&quot;:[]},&quot;_transform_translateY_effect_tablet&quot;:{&quot;unit&quot;:&quot;px&quot;,&quot;size&quot;:-126,&quot;sizes&quot;:[]},&quot;_transform_translateY_effect_mobile&quot;:{&quot;unit&quot;:&quot;px&quot;,&quot;size&quot;:-150,&quot;sizes&quot;:[]}}\" data-widget_type=\"image.default\">\n\t\t\t\t<div class=\"elementor-widget-container\">\n\t\t\t\t\t\t\t\t\t\t\t\t\t\t\t<img decoding=\"async\" width=\"600\" height=\"600\" src=\"https:\/\/www.vallesalado.com\/wp-content\/uploads\/2024\/12\/valle-salado-gota-14.webp\" class=\"attachment-full size-full wp-image-4463\" alt=\"\" srcset=\"https:\/\/www.vallesalado.com\/wp-content\/uploads\/2024\/12\/valle-salado-gota-14.webp 600w, https:\/\/www.vallesalado.com\/wp-content\/uploads\/2024\/12\/valle-salado-gota-14-300x300.webp 300w, https:\/\/www.vallesalado.com\/wp-content\/uploads\/2024\/12\/valle-salado-gota-14-150x150.webp 150w, https:\/\/www.vallesalado.com\/wp-content\/uploads\/2024\/12\/valle-salado-gota-14-100x100.webp 100w\" sizes=\"(max-width: 600px) 100vw, 600px\" \/>\t\t\t\t\t\t\t\t\t\t\t\t\t\t\t<\/div>\n\t\t\t\t<\/div>\n\t\t\t\t\t<\/div>\n\t\t<\/div>\n\t\t\t\t\t<\/div>\n\t\t<\/section>\n\t\t\t\t<section class=\"elementor-section elementor-top-section elementor-element elementor-element-a760c6a elementor-reverse-mobile elementor-section-boxed elementor-section-height-default elementor-section-height-default\" data-id=\"a760c6a\" data-element_type=\"section\">\n\t\t\t\t\t\t<div class=\"elementor-container elementor-column-gap-wider\">\n\t\t\t\t\t<div class=\"elementor-column elementor-col-50 elementor-top-column elementor-element elementor-element-26329c7\" data-id=\"26329c7\" data-element_type=\"column\">\n\t\t\t<div class=\"elementor-widget-wrap elementor-element-populated\">\n\t\t\t\t\t\t<div class=\"elementor-element elementor-element-4b48cb9 elementor-widget elementor-widget-image\" data-id=\"4b48cb9\" data-element_type=\"widget\" data-widget_type=\"image.default\">\n\t\t\t\t<div class=\"elementor-widget-container\">\n\t\t\t\t\t\t\t\t\t\t\t\t\t\t\t<img decoding=\"async\" width=\"1200\" height=\"820\" src=\"https:\/\/www.vallesalado.com\/wp-content\/uploads\/2025\/01\/origen-02.webp\" class=\"attachment-full size-full wp-image-5183\" alt=\"\" srcset=\"https:\/\/www.vallesalado.com\/wp-content\/uploads\/2025\/01\/origen-02.webp 1200w, https:\/\/www.vallesalado.com\/wp-content\/uploads\/2025\/01\/origen-02-300x205.webp 300w, https:\/\/www.vallesalado.com\/wp-content\/uploads\/2025\/01\/origen-02-1024x700.webp 1024w, https:\/\/www.vallesalado.com\/wp-content\/uploads\/2025\/01\/origen-02-768x525.webp 768w, https:\/\/www.vallesalado.com\/wp-content\/uploads\/2025\/01\/origen-02-600x410.webp 600w\" sizes=\"(max-width: 1200px) 100vw, 1200px\" \/>\t\t\t\t\t\t\t\t\t\t\t\t\t\t\t<\/div>\n\t\t\t\t<\/div>\n\t\t\t\t\t<\/div>\n\t\t<\/div>\n\t\t\t\t<div class=\"elementor-column elementor-col-50 elementor-top-column elementor-element elementor-element-4cf1b84\" data-id=\"4cf1b84\" data-element_type=\"column\">\n\t\t\t<div class=\"elementor-widget-wrap elementor-element-populated\">\n\t\t\t\t\t\t<div class=\"elementor-element elementor-element-6c8db59 elementor-widget elementor-widget-text-editor\" data-id=\"6c8db59\" data-element_type=\"widget\" data-widget_type=\"text-editor.default\">\n\t\t\t\t<div class=\"elementor-widget-container\">\n\t\t\t\t\t\t\t\t\t<p>Ce processus particulier a d\u00e9but\u00e9 il y a 220 millions d&rsquo;ann\u00e9es, lorsque les roches \u00e9vaporites du faci\u00e8s triasique du Keuper, situ\u00e9es \u00e0 environ 5 kilom\u00e8tres de profondeur ont commenc\u00e9 \u00e0 remonter \u00e0 la surface, tra\u00eenant avec elles les mat\u00e9riaux qui caract\u00e9risent le paysage salin: Carnioles, Ophites, calcaires. loams, argiles, etc. Ce processus est toujours actif. <br><br>L&rsquo;eau de pluie qui tombe sur le diapir passe d&rsquo;abord par les couches sup\u00e9rieures de la roche et ensuite par les couches de sel, refaisant surface sous forme de sources ou des remont\u00e9es d\u2019eau hyper salines. Les sources d&rsquo;A\u00f1ana fournissent un d\u00e9bit moyen d&rsquo;environ 2 litres par seconde, avec une concentration de sel d&rsquo;environ 240 grammes par litre. <br><br>Le syst\u00e8me hydrologique li\u00e9 au diapir est compl\u00e9t\u00e9 par le lac Arreo, dont les eaux, en raison de leur emplacement dans un bassin ferm\u00e9 s&rsquo;\u00e9vaporent, et elles sont \u00e9galement salines. Le lac comme les d\u00e9p\u00f4ts de sel contiennent tous deux des gisements comportant des informations pal\u00e9o environnementales et pal\u00e9o climatiques importantes, ainsi qu&rsquo;une biodiversit\u00e9 typique des milieux salins. Pour cette raison et dans le but de les pr\u00e9server, ces deux espaces ont \u00e9t\u00e9 inclus dans la Liste des Zones Humides de RAMSAR d&rsquo;importance internationale.  <\/p>\t\t\t\t\t\t\t\t<\/div>\n\t\t\t\t<\/div>\n\t\t\t\t\t<\/div>\n\t\t<\/div>\n\t\t\t\t\t<\/div>\n\t\t<\/section>\n\t\t\t\t<section class=\"elementor-section elementor-top-section elementor-element elementor-element-4590e64 elementor-section-boxed elementor-section-height-default elementor-section-height-default\" data-id=\"4590e64\" data-element_type=\"section\">\n\t\t\t\t\t\t<div class=\"elementor-container elementor-column-gap-default\">\n\t\t\t\t\t<div class=\"elementor-column elementor-col-100 elementor-top-column elementor-element elementor-element-f9df22b\" data-id=\"f9df22b\" data-element_type=\"column\">\n\t\t\t<div class=\"elementor-widget-wrap elementor-element-populated\">\n\t\t\t\t\t\t<div class=\"elementor-element elementor-element-2369421 elementor-widget elementor-widget-text-editor\" data-id=\"2369421\" data-element_type=\"widget\" data-widget_type=\"text-editor.default\">\n\t\t\t\t<div class=\"elementor-widget-container\">\n\t\t\t\t\t\t\t\t\t<p>CON LA GARANT\u00cdA DE:<\/p>\t\t\t\t\t\t\t\t<\/div>\n\t\t\t\t<\/div>\n\t\t\t\t<section class=\"elementor-section elementor-inner-section elementor-element elementor-element-823a559 elementor-section-boxed elementor-section-height-default elementor-section-height-default\" data-id=\"823a559\" data-element_type=\"section\">\n\t\t\t\t\t\t<div class=\"elementor-container elementor-column-gap-default\">\n\t\t\t\t\t<div class=\"elementor-column elementor-col-33 elementor-inner-column elementor-element elementor-element-70d5f08\" data-id=\"70d5f08\" data-element_type=\"column\">\n\t\t\t<div class=\"elementor-widget-wrap elementor-element-populated\">\n\t\t\t\t\t\t<div class=\"elementor-element elementor-element-1826a42 elementor-widget elementor-widget-image\" data-id=\"1826a42\" data-element_type=\"widget\" data-widget_type=\"image.default\">\n\t\t\t\t<div class=\"elementor-widget-container\">\n\t\t\t\t\t\t\t\t\t\t\t\t\t\t\t<img loading=\"lazy\" decoding=\"async\" width=\"282\" height=\"160\" src=\"https:\/\/www.vallesalado.com\/wp-content\/uploads\/2025\/05\/eco-026-vas-1.webp\" class=\"attachment-full size-full wp-image-7985\" alt=\"\" \/>\t\t\t\t\t\t\t\t\t\t\t\t\t\t\t<\/div>\n\t\t\t\t<\/div>\n\t\t\t\t\t<\/div>\n\t\t<\/div>\n\t\t\t\t<div class=\"elementor-column elementor-col-33 elementor-inner-column elementor-element elementor-element-ec512fe\" data-id=\"ec512fe\" data-element_type=\"column\">\n\t\t\t<div class=\"elementor-widget-wrap elementor-element-populated\">\n\t\t\t\t\t\t<div class=\"elementor-element elementor-element-0309a58 elementor-widget elementor-widget-image\" data-id=\"0309a58\" data-element_type=\"widget\" data-widget_type=\"image.default\">\n\t\t\t\t<div class=\"elementor-widget-container\">\n\t\t\t\t\t\t\t\t\t\t\t\t\t\t\t<img loading=\"lazy\" decoding=\"async\" width=\"282\" height=\"160\" src=\"https:\/\/www.vallesalado.com\/wp-content\/uploads\/2025\/02\/logo-eusko-label.webp\" class=\"attachment-full size-full wp-image-5564\" alt=\"\" \/>\t\t\t\t\t\t\t\t\t\t\t\t\t\t\t<\/div>\n\t\t\t\t<\/div>\n\t\t\t\t\t<\/div>\n\t\t<\/div>\n\t\t\t\t<div class=\"elementor-column elementor-col-33 elementor-inner-column elementor-element elementor-element-6d1b557\" data-id=\"6d1b557\" data-element_type=\"column\">\n\t\t\t<div class=\"elementor-widget-wrap elementor-element-populated\">\n\t\t\t\t\t\t<div class=\"elementor-element elementor-element-2265c4d elementor-widget__width-initial elementor-widget elementor-widget-image\" data-id=\"2265c4d\" data-element_type=\"widget\" data-widget_type=\"image.default\">\n\t\t\t\t<div class=\"elementor-widget-container\">\n\t\t\t\t\t\t\t\t\t\t\t\t\t\t\t<img loading=\"lazy\" decoding=\"async\" width=\"855\" height=\"567\" src=\"https:\/\/www.vallesalado.com\/wp-content\/uploads\/2025\/10\/SlowFood.jpg\" class=\"attachment-full size-full wp-image-8889\" alt=\"\" srcset=\"https:\/\/www.vallesalado.com\/wp-content\/uploads\/2025\/10\/SlowFood.jpg 855w, https:\/\/www.vallesalado.com\/wp-content\/uploads\/2025\/10\/SlowFood-600x398.jpg 600w, https:\/\/www.vallesalado.com\/wp-content\/uploads\/2025\/10\/SlowFood-768x509.jpg 768w\" sizes=\"(max-width: 855px) 100vw, 855px\" \/>\t\t\t\t\t\t\t\t\t\t\t\t\t\t\t<\/div>\n\t\t\t\t<\/div>\n\t\t\t\t\t<\/div>\n\t\t<\/div>\n\t\t\t\t\t<\/div>\n\t\t<\/section>\n\t\t\t\t\t<\/div>\n\t\t<\/div>\n\t\t\t\t\t<\/div>\n\t\t<\/section>\n\t\t\t\t<\/div>\n\t\t","protected":false},"excerpt":{"rendered":"<p>Pendant la p\u00e9riode le Trias, p\u00e9riode qui a commenc\u00e9 il y a environ 251 millions d&rsquo;ann\u00e9es et s&rsquo;est termin\u00e9e il y a environ 200 millions d&rsquo;ann\u00e9es \u00e0 une \u00e9poque o\u00f9 tous les continents \u00e9taient unis formant le un seul continent appel\u00e9 Pangea, Salinas de A\u00f1ana a \u00e9t\u00e9 submerg\u00e9e sous un grand oc\u00e9an. L&rsquo;\u00e9vaporation de ses [&hellip;]<\/p>\n","protected":false},"author":1,"featured_media":4148,"parent":6996,"menu_order":0,"comment_status":"closed","ping_status":"closed","template":"","meta":{"inline_featured_image":false,"footnotes":"","_links_to":"","_links_to_target":""},"class_list":["post-7089","page","type-page","status-publish","has-post-thumbnail","hentry"],"yoast_head":"<!-- This site is optimized with the Yoast SEO plugin v26.7 - https:\/\/yoast.com\/wordpress\/plugins\/seo\/ -->\n<title>Origine - Valle Salado de A\u00f1ana<\/title>\n<meta name=\"description\" content=\"Origine des salines d&#039;A\u00f1ana, compos\u00e9es d&#039;\u00e9vaporites du Triasico, unies au ph\u00e9nom\u00e8ne du diapiro et riches en biodiversit\u00e9 saline.\" \/>\n<meta name=\"robots\" content=\"index, follow, max-snippet:-1, max-image-preview:large, max-video-preview:-1\" \/>\n<link rel=\"canonical\" href=\"https:\/\/www.vallesalado.com\/fr\/sel-danana\/origine\/\" \/>\n<meta property=\"og:locale\" content=\"fr_FR\" \/>\n<meta property=\"og:type\" content=\"article\" \/>\n<meta property=\"og:title\" content=\"Origine - Valle Salado de A\u00f1ana\" \/>\n<meta property=\"og:description\" content=\"Origine des salines d&#039;A\u00f1ana, compos\u00e9es d&#039;\u00e9vaporites du Triasico, unies au ph\u00e9nom\u00e8ne du diapiro et riches en biodiversit\u00e9 saline.\" \/>\n<meta property=\"og:url\" content=\"https:\/\/www.vallesalado.com\/fr\/sel-danana\/origine\/\" \/>\n<meta property=\"og:site_name\" content=\"Valle Salado de A\u00f1ana\" \/>\n<meta property=\"article:publisher\" content=\"https:\/\/www.facebook.com\/ValleSaladodeAnana\" \/>\n<meta property=\"article:modified_time\" content=\"2025-10-31T12:34:50+00:00\" \/>\n<meta property=\"og:image\" content=\"https:\/\/www.vallesalado.com\/wp-content\/uploads\/2024\/12\/valle-salado-miniatura.webp\" \/>\n\t<meta property=\"og:image:width\" content=\"1200\" \/>\n\t<meta property=\"og:image:height\" content=\"630\" \/>\n\t<meta property=\"og:image:type\" content=\"image\/webp\" \/>\n<meta name=\"twitter:card\" content=\"summary_large_image\" \/>\n<meta name=\"twitter:site\" content=\"@vallesalado\" \/>\n<meta name=\"twitter:label1\" content=\"Dur\u00e9e de lecture estim\u00e9e\" \/>\n\t<meta name=\"twitter:data1\" content=\"2 minutes\" \/>\n<script type=\"application\/ld+json\" class=\"yoast-schema-graph\">{\"@context\":\"https:\/\/schema.org\",\"@graph\":[{\"@type\":\"WebPage\",\"@id\":\"https:\/\/www.vallesalado.com\/fr\/sel-danana\/origine\/\",\"url\":\"https:\/\/www.vallesalado.com\/fr\/sel-danana\/origine\/\",\"name\":\"Origine - Valle Salado de A\u00f1ana\",\"isPartOf\":{\"@id\":\"https:\/\/www.vallesalado.com\/fr\/#website\"},\"primaryImageOfPage\":{\"@id\":\"https:\/\/www.vallesalado.com\/fr\/sel-danana\/origine\/#primaryimage\"},\"image\":{\"@id\":\"https:\/\/www.vallesalado.com\/fr\/sel-danana\/origine\/#primaryimage\"},\"thumbnailUrl\":\"https:\/\/www.vallesalado.com\/wp-content\/uploads\/2024\/12\/valle-salado-miniatura.webp\",\"datePublished\":\"2024-12-03T16:33:32+00:00\",\"dateModified\":\"2025-10-31T12:34:50+00:00\",\"description\":\"Origine des salines d'A\u00f1ana, compos\u00e9es d'\u00e9vaporites du Triasico, unies au ph\u00e9nom\u00e8ne du diapiro et riches en biodiversit\u00e9 saline.\",\"breadcrumb\":{\"@id\":\"https:\/\/www.vallesalado.com\/fr\/sel-danana\/origine\/#breadcrumb\"},\"inLanguage\":\"fr-FR\",\"potentialAction\":[{\"@type\":\"ReadAction\",\"target\":[\"https:\/\/www.vallesalado.com\/fr\/sel-danana\/origine\/\"]}]},{\"@type\":\"ImageObject\",\"inLanguage\":\"fr-FR\",\"@id\":\"https:\/\/www.vallesalado.com\/fr\/sel-danana\/origine\/#primaryimage\",\"url\":\"https:\/\/www.vallesalado.com\/wp-content\/uploads\/2024\/12\/valle-salado-miniatura.webp\",\"contentUrl\":\"https:\/\/www.vallesalado.com\/wp-content\/uploads\/2024\/12\/valle-salado-miniatura.webp\",\"width\":1200,\"height\":630},{\"@type\":\"BreadcrumbList\",\"@id\":\"https:\/\/www.vallesalado.com\/fr\/sel-danana\/origine\/#breadcrumb\",\"itemListElement\":[{\"@type\":\"ListItem\",\"position\":1,\"name\":\"Valle Salado\",\"item\":\"https:\/\/www.vallesalado.com\/fr\/\"},{\"@type\":\"ListItem\",\"position\":2,\"name\":\"Sel d&rsquo;A\u00f1ana\",\"item\":\"https:\/\/www.vallesalado.com\/fr\/sel-danana\/\"},{\"@type\":\"ListItem\",\"position\":3,\"name\":\"Origine\"}]},{\"@type\":\"WebSite\",\"@id\":\"https:\/\/www.vallesalado.com\/fr\/#website\",\"url\":\"https:\/\/www.vallesalado.com\/fr\/\",\"name\":\"Valle Salado de A\u00f1ana\",\"description\":\"Valle Salado de A\u00f1ana\",\"publisher\":{\"@id\":\"https:\/\/www.vallesalado.com\/fr\/#organization\"},\"potentialAction\":[{\"@type\":\"SearchAction\",\"target\":{\"@type\":\"EntryPoint\",\"urlTemplate\":\"https:\/\/www.vallesalado.com\/fr\/?s={search_term_string}\"},\"query-input\":{\"@type\":\"PropertyValueSpecification\",\"valueRequired\":true,\"valueName\":\"search_term_string\"}}],\"inLanguage\":\"fr-FR\"},{\"@type\":\"Organization\",\"@id\":\"https:\/\/www.vallesalado.com\/fr\/#organization\",\"name\":\"Valle Salado de A\u00f1ana\",\"url\":\"https:\/\/www.vallesalado.com\/fr\/\",\"logo\":{\"@type\":\"ImageObject\",\"inLanguage\":\"fr-FR\",\"@id\":\"https:\/\/www.vallesalado.com\/fr\/#\/schema\/logo\/image\/\",\"url\":\"https:\/\/www.vallesalado.com\/wp-content\/uploads\/2025\/05\/logo-valle-salado.webp\",\"contentUrl\":\"https:\/\/www.vallesalado.com\/wp-content\/uploads\/2025\/05\/logo-valle-salado.webp\",\"width\":600,\"height\":143,\"caption\":\"Valle Salado de A\u00f1ana\"},\"image\":{\"@id\":\"https:\/\/www.vallesalado.com\/fr\/#\/schema\/logo\/image\/\"},\"sameAs\":[\"https:\/\/www.facebook.com\/ValleSaladodeAnana\",\"https:\/\/x.com\/vallesalado\",\"https:\/\/www.instagram.com\/vallesalado\/\"]}]}<\/script>\n<!-- \/ Yoast SEO plugin. -->","yoast_head_json":{"title":"Origine - Valle Salado de A\u00f1ana","description":"Origine des salines d'A\u00f1ana, compos\u00e9es d'\u00e9vaporites du Triasico, unies au ph\u00e9nom\u00e8ne du diapiro et riches en biodiversit\u00e9 saline.","robots":{"index":"index","follow":"follow","max-snippet":"max-snippet:-1","max-image-preview":"max-image-preview:large","max-video-preview":"max-video-preview:-1"},"canonical":"https:\/\/www.vallesalado.com\/fr\/sel-danana\/origine\/","og_locale":"fr_FR","og_type":"article","og_title":"Origine - Valle Salado de A\u00f1ana","og_description":"Origine des salines d'A\u00f1ana, compos\u00e9es d'\u00e9vaporites du Triasico, unies au ph\u00e9nom\u00e8ne du diapiro et riches en biodiversit\u00e9 saline.","og_url":"https:\/\/www.vallesalado.com\/fr\/sel-danana\/origine\/","og_site_name":"Valle Salado de A\u00f1ana","article_publisher":"https:\/\/www.facebook.com\/ValleSaladodeAnana","article_modified_time":"2025-10-31T12:34:50+00:00","og_image":[{"width":1200,"height":630,"url":"https:\/\/www.vallesalado.com\/wp-content\/uploads\/2024\/12\/valle-salado-miniatura.webp","type":"image\/webp"}],"twitter_card":"summary_large_image","twitter_site":"@vallesalado","twitter_misc":{"Dur\u00e9e de lecture estim\u00e9e":"2 minutes"},"schema":{"@context":"https:\/\/schema.org","@graph":[{"@type":"WebPage","@id":"https:\/\/www.vallesalado.com\/fr\/sel-danana\/origine\/","url":"https:\/\/www.vallesalado.com\/fr\/sel-danana\/origine\/","name":"Origine - Valle Salado de A\u00f1ana","isPartOf":{"@id":"https:\/\/www.vallesalado.com\/fr\/#website"},"primaryImageOfPage":{"@id":"https:\/\/www.vallesalado.com\/fr\/sel-danana\/origine\/#primaryimage"},"image":{"@id":"https:\/\/www.vallesalado.com\/fr\/sel-danana\/origine\/#primaryimage"},"thumbnailUrl":"https:\/\/www.vallesalado.com\/wp-content\/uploads\/2024\/12\/valle-salado-miniatura.webp","datePublished":"2024-12-03T16:33:32+00:00","dateModified":"2025-10-31T12:34:50+00:00","description":"Origine des salines d'A\u00f1ana, compos\u00e9es d'\u00e9vaporites du Triasico, unies au ph\u00e9nom\u00e8ne du diapiro et riches en biodiversit\u00e9 saline.","breadcrumb":{"@id":"https:\/\/www.vallesalado.com\/fr\/sel-danana\/origine\/#breadcrumb"},"inLanguage":"fr-FR","potentialAction":[{"@type":"ReadAction","target":["https:\/\/www.vallesalado.com\/fr\/sel-danana\/origine\/"]}]},{"@type":"ImageObject","inLanguage":"fr-FR","@id":"https:\/\/www.vallesalado.com\/fr\/sel-danana\/origine\/#primaryimage","url":"https:\/\/www.vallesalado.com\/wp-content\/uploads\/2024\/12\/valle-salado-miniatura.webp","contentUrl":"https:\/\/www.vallesalado.com\/wp-content\/uploads\/2024\/12\/valle-salado-miniatura.webp","width":1200,"height":630},{"@type":"BreadcrumbList","@id":"https:\/\/www.vallesalado.com\/fr\/sel-danana\/origine\/#breadcrumb","itemListElement":[{"@type":"ListItem","position":1,"name":"Valle Salado","item":"https:\/\/www.vallesalado.com\/fr\/"},{"@type":"ListItem","position":2,"name":"Sel d&rsquo;A\u00f1ana","item":"https:\/\/www.vallesalado.com\/fr\/sel-danana\/"},{"@type":"ListItem","position":3,"name":"Origine"}]},{"@type":"WebSite","@id":"https:\/\/www.vallesalado.com\/fr\/#website","url":"https:\/\/www.vallesalado.com\/fr\/","name":"Valle Salado de A\u00f1ana","description":"Valle Salado de A\u00f1ana","publisher":{"@id":"https:\/\/www.vallesalado.com\/fr\/#organization"},"potentialAction":[{"@type":"SearchAction","target":{"@type":"EntryPoint","urlTemplate":"https:\/\/www.vallesalado.com\/fr\/?s={search_term_string}"},"query-input":{"@type":"PropertyValueSpecification","valueRequired":true,"valueName":"search_term_string"}}],"inLanguage":"fr-FR"},{"@type":"Organization","@id":"https:\/\/www.vallesalado.com\/fr\/#organization","name":"Valle Salado de A\u00f1ana","url":"https:\/\/www.vallesalado.com\/fr\/","logo":{"@type":"ImageObject","inLanguage":"fr-FR","@id":"https:\/\/www.vallesalado.com\/fr\/#\/schema\/logo\/image\/","url":"https:\/\/www.vallesalado.com\/wp-content\/uploads\/2025\/05\/logo-valle-salado.webp","contentUrl":"https:\/\/www.vallesalado.com\/wp-content\/uploads\/2025\/05\/logo-valle-salado.webp","width":600,"height":143,"caption":"Valle Salado de A\u00f1ana"},"image":{"@id":"https:\/\/www.vallesalado.com\/fr\/#\/schema\/logo\/image\/"},"sameAs":["https:\/\/www.facebook.com\/ValleSaladodeAnana","https:\/\/x.com\/vallesalado","https:\/\/www.instagram.com\/vallesalado\/"]}]}},"_links":{"self":[{"href":"https:\/\/www.vallesalado.com\/fr\/wp-json\/wp\/v2\/pages\/7089","targetHints":{"allow":["GET"]}}],"collection":[{"href":"https:\/\/www.vallesalado.com\/fr\/wp-json\/wp\/v2\/pages"}],"about":[{"href":"https:\/\/www.vallesalado.com\/fr\/wp-json\/wp\/v2\/types\/page"}],"author":[{"embeddable":true,"href":"https:\/\/www.vallesalado.com\/fr\/wp-json\/wp\/v2\/users\/1"}],"replies":[{"embeddable":true,"href":"https:\/\/www.vallesalado.com\/fr\/wp-json\/wp\/v2\/comments?post=7089"}],"version-history":[{"count":5,"href":"https:\/\/www.vallesalado.com\/fr\/wp-json\/wp\/v2\/pages\/7089\/revisions"}],"predecessor-version":[{"id":8898,"href":"https:\/\/www.vallesalado.com\/fr\/wp-json\/wp\/v2\/pages\/7089\/revisions\/8898"}],"up":[{"embeddable":true,"href":"https:\/\/www.vallesalado.com\/fr\/wp-json\/wp\/v2\/pages\/6996"}],"wp:featuredmedia":[{"embeddable":true,"href":"https:\/\/www.vallesalado.com\/fr\/wp-json\/wp\/v2\/media\/4148"}],"wp:attachment":[{"href":"https:\/\/www.vallesalado.com\/fr\/wp-json\/wp\/v2\/media?parent=7089"}],"curies":[{"name":"wp","href":"https:\/\/api.w.org\/{rel}","templated":true}]}}