{"id":7101,"date":"2025-01-20T13:20:13","date_gmt":"2025-01-20T12:20:13","guid":{"rendered":"https:\/\/vallesalado.com\/decouvrez-la-vallee-salee\/histoire\/du-viiie-au-xiie-siecle-la-communaute-des-villages-paludiers\/"},"modified":"2025-05-15T11:46:41","modified_gmt":"2025-05-15T09:46:41","slug":"du-viiie-au-xiie-siecle-la-communaute-des-villages-paludiers","status":"publish","type":"page","link":"https:\/\/www.vallesalado.com\/fr\/decouvrez-la-vallee-salee\/histoire\/du-viiie-au-xiie-siecle-la-communaute-des-villages-paludiers\/","title":{"rendered":"Du VIIIe au XIIe si\u00e8cle &#8211; La communaut\u00e9 des villages paludiers"},"content":{"rendered":"\t\t<div data-elementor-type=\"wp-page\" data-elementor-id=\"7101\" class=\"elementor elementor-7101 elementor-2787\" data-elementor-post-type=\"page\">\n\t\t\t\t\t\t<section class=\"elementor-section elementor-top-section elementor-element elementor-element-1ca28b4 elementor-section-boxed elementor-section-height-default elementor-section-height-default\" data-id=\"1ca28b4\" data-element_type=\"section\" data-settings=\"{&quot;background_background&quot;:&quot;classic&quot;}\">\n\t\t\t\t\t\t<div class=\"elementor-container elementor-column-gap-default\">\n\t\t\t\t\t<div class=\"elementor-column elementor-col-100 elementor-top-column elementor-element elementor-element-435b9ea\" data-id=\"435b9ea\" data-element_type=\"column\">\n\t\t\t<div class=\"elementor-widget-wrap elementor-element-populated\">\n\t\t\t\t\t\t<div class=\"elementor-element elementor-element-f0325d5 elementor-widget elementor-widget-heading\" data-id=\"f0325d5\" data-element_type=\"widget\" data-widget_type=\"heading.default\">\n\t\t\t\t<div class=\"elementor-widget-container\">\n\t\t\t\t\t<h1 class=\"elementor-heading-title elementor-size-default\">Du VIIIe au XIIe si\u00e8cle &#8211; La communaut\u00e9 des villages paludiers<\/h1>\t\t\t\t<\/div>\n\t\t\t\t<\/div>\n\t\t\t\t<div class=\"elementor-element elementor-element-96a9084 elementor-align-center elementor-widget elementor-widget-breadcrumbs\" data-id=\"96a9084\" data-element_type=\"widget\" data-widget_type=\"breadcrumbs.default\">\n\t\t\t\t<div class=\"elementor-widget-container\">\n\t\t\t\t\t<p id=\"breadcrumbs\"><span><span><a href=\"https:\/\/www.vallesalado.com\/fr\/\">Valle Salado<\/a><\/span><\/span><\/p>\t\t\t\t<\/div>\n\t\t\t\t<\/div>\n\t\t\t\t\t<\/div>\n\t\t<\/div>\n\t\t\t\t\t<\/div>\n\t\t<\/section>\n\t\t\t\t<section class=\"elementor-section elementor-top-section elementor-element elementor-element-a31ac6f elementor-section-boxed elementor-section-height-default elementor-section-height-default\" data-id=\"a31ac6f\" data-element_type=\"section\">\n\t\t\t\t\t\t<div class=\"elementor-container elementor-column-gap-wider\">\n\t\t\t\t\t<div class=\"elementor-column elementor-col-66 elementor-top-column elementor-element elementor-element-d3fb4ae\" data-id=\"d3fb4ae\" data-element_type=\"column\">\n\t\t\t<div class=\"elementor-widget-wrap elementor-element-populated\">\n\t\t\t\t\t\t<div class=\"elementor-element elementor-element-18439ba elementor-widget elementor-widget-heading\" data-id=\"18439ba\" data-element_type=\"widget\" data-widget_type=\"heading.default\">\n\t\t\t\t<div class=\"elementor-widget-container\">\n\t\t\t\t\t<h2 class=\"elementor-heading-title elementor-size-default\">La communaut\u00e9 du village de sel<\/h2>\t\t\t\t<\/div>\n\t\t\t\t<\/div>\n\t\t\t\t<div class=\"elementor-element elementor-element-b971fec elementor-widget elementor-widget-text-editor\" data-id=\"b971fec\" data-element_type=\"widget\" data-widget_type=\"text-editor.default\">\n\t\t\t\t<div class=\"elementor-widget-container\">\n\t\t\t\t\t\t\t\t\t<p>Entre le VIIIe et la premi\u00e8re moiti\u00e9 du Xe si\u00e8cle, l&rsquo;ancienne communaut\u00e9 de la vall\u00e9e du sel s&rsquo;est modifi\u00e9e et un r\u00e9seau de villages ind\u00e9pendants est apparu. L&rsquo;origine de ce changement important dans le mod\u00e8le d&rsquo;organisation du paysage habit\u00e9 de Salinas dans l&rsquo;Antiquit\u00e9 tardive n&rsquo;est pas due \u00e0 une cause unique, mais \u00e0 la somme de diff\u00e9rents facteurs. <\/p><p>\u00c0 titre d&rsquo;exemple, durant cette p\u00e9riode, l&rsquo;instabilit\u00e9 du territoire s&rsquo;est consid\u00e9rablement accrue, tant en raison des affrontements successifs entre les Vascons et les Wisigoths et les Francs qu&rsquo;en raison de l&rsquo;invasion musulmane et de la pression subs\u00e9quente exerc\u00e9e sur la r\u00e9gion par les \u00e9mirs, qui ont envoy\u00e9 leur arm\u00e9e dans une vingtaine de raids entre 767 et 886, \u00e0 des fins de pillage et de destruction. Le plus important de ces raids a eu lieu en 865, lorsque l&rsquo;\u00e9mir Abd- al-Rahman ibn Muhammad a envoy\u00e9 ses troupes vers le nord pour raser les ch\u00e2teaux du comte Rodrigo et de Salinas de A\u00f1ana, ce qui est appel\u00e9 Al-Mallaha dans le texte. <\/p><p>Sous le couvert de cette instabilit\u00e9, d&rsquo;importants pouvoirs f\u00e9odaux se sont d\u00e9velopp\u00e9s, tant au sein de la communaut\u00e9 que sur le territoire. Tout cela, entre autres facteurs, a conduit \u00e0 la division de la grande communaut\u00e9 qui exploitait les mines de sel en un r\u00e9seau de six villages totalement autonomes qui partageaient la vall\u00e9e du sel avec les monast\u00e8res les plus importants de l&rsquo;\u00e9poque. <\/p>\t\t\t\t\t\t\t\t<\/div>\n\t\t\t\t<\/div>\n\t\t\t\t<div class=\"elementor-element elementor-element-482cdea elementor-widget elementor-widget-image\" data-id=\"482cdea\" data-element_type=\"widget\" data-widget_type=\"image.default\">\n\t\t\t\t<div class=\"elementor-widget-container\">\n\t\t\t\t\t\t\t\t\t\t\t\t\t\t\t<img fetchpriority=\"high\" decoding=\"async\" width=\"800\" height=\"543\" src=\"https:\/\/www.vallesalado.com\/wp-content\/uploads\/2025\/01\/historia-04.webp\" class=\"attachment-full size-full wp-image-4886\" alt=\"\" srcset=\"https:\/\/www.vallesalado.com\/wp-content\/uploads\/2025\/01\/historia-04.webp 800w, https:\/\/www.vallesalado.com\/wp-content\/uploads\/2025\/01\/historia-04-300x204.webp 300w, https:\/\/www.vallesalado.com\/wp-content\/uploads\/2025\/01\/historia-04-768x521.webp 768w, https:\/\/www.vallesalado.com\/wp-content\/uploads\/2025\/01\/historia-04-600x407.webp 600w\" sizes=\"(max-width: 800px) 100vw, 800px\" \/>\t\t\t\t\t\t\t\t\t\t\t\t\t\t\t<\/div>\n\t\t\t\t<\/div>\n\t\t\t\t<div class=\"elementor-element elementor-element-baa90f1 elementor-widget elementor-widget-text-editor\" data-id=\"baa90f1\" data-element_type=\"widget\" data-widget_type=\"text-editor.default\">\n\t\t\t\t<div class=\"elementor-widget-container\">\n\t\t\t\t\t\t\t\t\t<p>Les textes conserv\u00e9s des Xe et XIe si\u00e8cles montrent qu&rsquo;au moins six villages ont \u00e9t\u00e9 cr\u00e9\u00e9s dans la vall\u00e9e : Fontes, Terrazos, Villacones, Villanueva, Olisares et Orb\u00f3n. Avec l&rsquo;union des habitants de la vall\u00e9e du sel dans les diff\u00e9rents centres de population pour faire face \u00e0 la pression croissante des pouvoirs f\u00e9odaux et aux crises syst\u00e9miques, ses habitants ont r\u00e9ussi \u00e0 maintenir la propri\u00e9t\u00e9 des aires de battage et de la saumure des sources, \u00e0 am\u00e9liorer le syst\u00e8me d&rsquo;exploitation et, avec lui, la productivit\u00e9 et la commercialisation du sel. <\/p><p>\u00c0 diff\u00e9rentes \u00e9tapes du cycle de production, le travail communautaire \u00e9tait b\u00e9n\u00e9fique, comme la construction des terrasses et des canaux, leur entretien et, surtout, l'\u00a0\u00bbentroje\u00a0\u00bb, qui consistait en un dur labeur de transport du sel \u00e0 la main depuis les entrep\u00f4ts situ\u00e9s \u00e0 l&rsquo;int\u00e9rieur des marais salants jusqu&rsquo;\u00e0 ceux situ\u00e9s \u00e0 l&rsquo;ext\u00e9rieur, \u00e0 c\u00f4t\u00e9 des maisons.<\/p><p><em>Document de l&rsquo;ann\u00e9e 822 du monast\u00e8re de San Rom\u00e1n de Tobillas (\u00c1lava) dans lequel les salines d&rsquo;A\u00f1ana sont mentionn\u00e9es pour la premi\u00e8re fois : \u00ab\u00a0XXXIII eras en salinas con su pozo y raciones en sus fuentes\u00a0\u00bb (AHN,Clero Secular Regular,Car,N 1r).<\/em><\/p>\t\t\t\t\t\t\t\t<\/div>\n\t\t\t\t<\/div>\n\t\t\t\t\t<\/div>\n\t\t<\/div>\n\t\t\t\t<div class=\"elementor-column elementor-col-33 elementor-top-column elementor-element elementor-element-a4bdc4a\" data-id=\"a4bdc4a\" data-element_type=\"column\">\n\t\t\t<div class=\"elementor-widget-wrap elementor-element-populated\">\n\t\t\t\t\t\t<div class=\"elementor-element elementor-element-4b1a0dc elementor-widget elementor-widget-text-editor\" data-id=\"4b1a0dc\" data-element_type=\"widget\" data-widget_type=\"text-editor.default\">\n\t\t\t\t<div class=\"elementor-widget-container\">\n\t\t\t\t\t\t\t\t\t\t\t<div data-elementor-type=\"section\" data-elementor-id=\"7069\" class=\"elementor elementor-7069 elementor-2822 elementor-2822\" data-elementor-post-type=\"elementor_library\">\n\t\t\t\t\t<section class=\"elementor-section elementor-top-section elementor-element elementor-element-666cc03d elementor-section-boxed elementor-section-height-default elementor-section-height-default\" data-id=\"666cc03d\" data-element_type=\"section\">\n\t\t\t\t\t\t<div class=\"elementor-container elementor-column-gap-default\">\n\t\t\t\t\t<div class=\"elementor-column elementor-col-100 elementor-top-column elementor-element elementor-element-3c718924\" data-id=\"3c718924\" data-element_type=\"column\">\n\t\t\t<div class=\"elementor-widget-wrap elementor-element-populated\">\n\t\t\t\t\t\t<section class=\"elementor-section elementor-inner-section elementor-element elementor-element-4aa16b98 elementor-section-boxed elementor-section-height-default elementor-section-height-default\" data-id=\"4aa16b98\" data-element_type=\"section\">\n\t\t\t\t\t\t<div class=\"elementor-container elementor-column-gap-default\">\n\t\t\t\t\t<div class=\"elementor-column elementor-col-100 elementor-inner-column elementor-element elementor-element-5488e39b\" data-id=\"5488e39b\" data-element_type=\"column\" data-settings=\"{&quot;background_background&quot;:&quot;classic&quot;}\">\n\t\t\t<div class=\"elementor-widget-wrap elementor-element-populated\">\n\t\t\t\t\t\t<div class=\"elementor-element elementor-element-1439bee2 elementor-widget elementor-widget-heading\" data-id=\"1439bee2\" data-element_type=\"widget\" data-widget_type=\"heading.default\">\n\t\t\t\t<div class=\"elementor-widget-container\">\n\t\t\t\t\t<h3 class=\"elementor-heading-title elementor-size-default\"><a href=\"https:\/\/vallesalado.com\/fr\/decouvrez-la-vallee-salee\/histoire\/de-7500-av-j-c-au-1er-siecle-av-j-c-les-origines\/\">Du 7.500 av. J.-C au Ier si\u00e8cle av. J-C.<\/a><\/h3>\t\t\t\t<\/div>\n\t\t\t\t<\/div>\n\t\t\t\t<div class=\"elementor-element elementor-element-36359cb2 elementor-widget elementor-widget-heading\" data-id=\"36359cb2\" data-element_type=\"widget\" data-widget_type=\"heading.default\">\n\t\t\t\t<div class=\"elementor-widget-container\">\n\t\t\t\t\t<p class=\"elementor-heading-title elementor-size-default\"><a href=\"https:\/\/vallesalado.com\/fr\/decouvrez-la-vallee-salee\/histoire\/de-7500-av-j-c-au-1er-siecle-av-j-c-les-origines\/\">Les origines<\/a><\/p>\t\t\t\t<\/div>\n\t\t\t\t<\/div>\n\t\t\t\t\t<\/div>\n\t\t<\/div>\n\t\t\t\t\t<\/div>\n\t\t<\/section>\n\t\t\t\t<section class=\"elementor-section elementor-inner-section elementor-element elementor-element-f7eca9a elementor-section-boxed elementor-section-height-default elementor-section-height-default\" data-id=\"f7eca9a\" data-element_type=\"section\">\n\t\t\t\t\t\t<div class=\"elementor-container elementor-column-gap-default\">\n\t\t\t\t\t<div class=\"elementor-column elementor-col-100 elementor-inner-column elementor-element elementor-element-d3b49db\" data-id=\"d3b49db\" data-element_type=\"column\" data-settings=\"{&quot;background_background&quot;:&quot;classic&quot;}\">\n\t\t\t<div class=\"elementor-widget-wrap elementor-element-populated\">\n\t\t\t\t\t\t<div class=\"elementor-element elementor-element-2ed6c21 elementor-widget elementor-widget-heading\" data-id=\"2ed6c21\" data-element_type=\"widget\" data-widget_type=\"heading.default\">\n\t\t\t\t<div class=\"elementor-widget-container\">\n\t\t\t\t\t<h3 class=\"elementor-heading-title elementor-size-default\"><a href=\"https:\/\/vallesalado.com\/fr\/decouvrez-la-vallee-salee\/histoire\/du-ier-siecle-av-j-c-au-ve-siecle-lempire-romain\/\">Du Ier si\u00e8cle av. J.-C. au Ve si\u00e8cle av. J.-C<\/a><\/h3>\t\t\t\t<\/div>\n\t\t\t\t<\/div>\n\t\t\t\t<div class=\"elementor-element elementor-element-ae4212a elementor-widget elementor-widget-heading\" data-id=\"ae4212a\" data-element_type=\"widget\" data-widget_type=\"heading.default\">\n\t\t\t\t<div class=\"elementor-widget-container\">\n\t\t\t\t\t<p class=\"elementor-heading-title elementor-size-default\"><a href=\"https:\/\/vallesalado.com\/fr\/decouvrez-la-vallee-salee\/histoire\/du-ier-siecle-av-j-c-au-ve-siecle-lempire-romain\/\">L&rsquo;Empire Romain<\/a><\/p>\t\t\t\t<\/div>\n\t\t\t\t<\/div>\n\t\t\t\t\t<\/div>\n\t\t<\/div>\n\t\t\t\t\t<\/div>\n\t\t<\/section>\n\t\t\t\t<section class=\"elementor-section elementor-inner-section elementor-element elementor-element-0e09b5c elementor-section-boxed elementor-section-height-default elementor-section-height-default\" data-id=\"0e09b5c\" data-element_type=\"section\">\n\t\t\t\t\t\t<div class=\"elementor-container elementor-column-gap-default\">\n\t\t\t\t\t<div class=\"elementor-column elementor-col-100 elementor-inner-column elementor-element elementor-element-52510c3\" data-id=\"52510c3\" data-element_type=\"column\" data-settings=\"{&quot;background_background&quot;:&quot;classic&quot;}\">\n\t\t\t<div class=\"elementor-widget-wrap elementor-element-populated\">\n\t\t\t\t\t\t<div class=\"elementor-element elementor-element-328b48d elementor-widget elementor-widget-heading\" data-id=\"328b48d\" data-element_type=\"widget\" data-widget_type=\"heading.default\">\n\t\t\t\t<div class=\"elementor-widget-container\">\n\t\t\t\t\t<h3 class=\"elementor-heading-title elementor-size-default\"><a href=\"https:\/\/vallesalado.com\/valle-salado\/historia\/tardoantiguedad\/\">Du Ve si\u00e8cle au VIIIe si\u00e8cle<\/a><\/h3>\t\t\t\t<\/div>\n\t\t\t\t<\/div>\n\t\t\t\t<div class=\"elementor-element elementor-element-0f088cd elementor-widget elementor-widget-heading\" data-id=\"0f088cd\" data-element_type=\"widget\" data-widget_type=\"heading.default\">\n\t\t\t\t<div class=\"elementor-widget-container\">\n\t\t\t\t\t<p class=\"elementor-heading-title elementor-size-default\"><a href=\"https:\/\/vallesalado.com\/valle-salado\/historia\/tardoantiguedad\/\">Antiquit\u00e9 Ancienne<\/a><\/p>\t\t\t\t<\/div>\n\t\t\t\t<\/div>\n\t\t\t\t\t<\/div>\n\t\t<\/div>\n\t\t\t\t\t<\/div>\n\t\t<\/section>\n\t\t\t\t<section class=\"elementor-section elementor-inner-section elementor-element elementor-element-bb1e8f0 elementor-section-boxed elementor-section-height-default elementor-section-height-default\" data-id=\"bb1e8f0\" data-element_type=\"section\">\n\t\t\t\t\t\t<div class=\"elementor-container elementor-column-gap-default\">\n\t\t\t\t\t<div class=\"elementor-column elementor-col-100 elementor-inner-column elementor-element elementor-element-94a0aa2\" data-id=\"94a0aa2\" data-element_type=\"column\" data-settings=\"{&quot;background_background&quot;:&quot;classic&quot;}\">\n\t\t\t<div class=\"elementor-widget-wrap elementor-element-populated\">\n\t\t\t\t\t\t<div class=\"elementor-element elementor-element-de60f35 elementor-widget elementor-widget-heading\" data-id=\"de60f35\" data-element_type=\"widget\" data-widget_type=\"heading.default\">\n\t\t\t\t<div class=\"elementor-widget-container\">\n\t\t\t\t\t<h3 class=\"elementor-heading-title elementor-size-default\"><a href=\"https:\/\/vallesalado.com\/valle-salado\/historia\/aldeas-salineras\/\">Du VIIIe si\u00e8cle au XIIe si\u00e8cle<\/a><\/h3>\t\t\t\t<\/div>\n\t\t\t\t<\/div>\n\t\t\t\t<div class=\"elementor-element elementor-element-7eb2086 elementor-widget elementor-widget-heading\" data-id=\"7eb2086\" data-element_type=\"widget\" data-widget_type=\"heading.default\">\n\t\t\t\t<div class=\"elementor-widget-container\">\n\t\t\t\t\t<p class=\"elementor-heading-title elementor-size-default\"><a href=\"https:\/\/vallesalado.com\/valle-salado\/historia\/aldeas-salineras\/\">La Communaut\u00e9 des villages paludiers<\/a><\/p>\t\t\t\t<\/div>\n\t\t\t\t<\/div>\n\t\t\t\t\t<\/div>\n\t\t<\/div>\n\t\t\t\t\t<\/div>\n\t\t<\/section>\n\t\t\t\t<section class=\"elementor-section elementor-inner-section elementor-element elementor-element-a906c10 elementor-section-boxed elementor-section-height-default elementor-section-height-default\" data-id=\"a906c10\" data-element_type=\"section\">\n\t\t\t\t\t\t<div class=\"elementor-container elementor-column-gap-default\">\n\t\t\t\t\t<div class=\"elementor-column elementor-col-100 elementor-inner-column elementor-element elementor-element-d336865\" data-id=\"d336865\" data-element_type=\"column\" data-settings=\"{&quot;background_background&quot;:&quot;classic&quot;}\">\n\t\t\t<div class=\"elementor-widget-wrap elementor-element-populated\">\n\t\t\t\t\t\t<div class=\"elementor-element elementor-element-357fd29 elementor-widget elementor-widget-heading\" data-id=\"357fd29\" data-element_type=\"widget\" data-widget_type=\"heading.default\">\n\t\t\t\t<div class=\"elementor-widget-container\">\n\t\t\t\t\t<h3 class=\"elementor-heading-title elementor-size-default\"><a href=\"https:\/\/vallesalado.com\/valle-salado\/historia\/nacimiento-villa\/\">Du XIIe si\u00e8cle au XVIe si\u00e8cle<\/a><\/h3>\t\t\t\t<\/div>\n\t\t\t\t<\/div>\n\t\t\t\t<div class=\"elementor-element elementor-element-2537a38 elementor-widget elementor-widget-heading\" data-id=\"2537a38\" data-element_type=\"widget\" data-widget_type=\"heading.default\">\n\t\t\t\t<div class=\"elementor-widget-container\">\n\t\t\t\t\t<p class=\"elementor-heading-title elementor-size-default\"><a href=\"https:\/\/vallesalado.com\/valle-salado\/historia\/nacimiento-villa\/\">La naissance du village de Salinas d&rsquo; A\u00f1ana<\/a><\/p>\t\t\t\t<\/div>\n\t\t\t\t<\/div>\n\t\t\t\t\t<\/div>\n\t\t<\/div>\n\t\t\t\t\t<\/div>\n\t\t<\/section>\n\t\t\t\t<section class=\"elementor-section elementor-inner-section elementor-element elementor-element-25c34aa elementor-section-boxed elementor-section-height-default elementor-section-height-default\" data-id=\"25c34aa\" data-element_type=\"section\">\n\t\t\t\t\t\t<div class=\"elementor-container elementor-column-gap-default\">\n\t\t\t\t\t<div class=\"elementor-column elementor-col-100 elementor-inner-column elementor-element elementor-element-653c2c2\" data-id=\"653c2c2\" data-element_type=\"column\" data-settings=\"{&quot;background_background&quot;:&quot;classic&quot;}\">\n\t\t\t<div class=\"elementor-widget-wrap elementor-element-populated\">\n\t\t\t\t\t\t<div class=\"elementor-element elementor-element-caf8751 elementor-widget elementor-widget-heading\" data-id=\"caf8751\" data-element_type=\"widget\" data-widget_type=\"heading.default\">\n\t\t\t\t<div class=\"elementor-widget-container\">\n\t\t\t\t\t<h3 class=\"elementor-heading-title elementor-size-default\"><a href=\"https:\/\/vallesalado.com\/valle-salado\/historia\/monopolio-sal\/\">Du XVIe si\u00e8cle au XIXe si\u00e8cle<\/a><\/h3>\t\t\t\t<\/div>\n\t\t\t\t<\/div>\n\t\t\t\t<div class=\"elementor-element elementor-element-a84bba0 elementor-widget elementor-widget-heading\" data-id=\"a84bba0\" data-element_type=\"widget\" data-widget_type=\"heading.default\">\n\t\t\t\t<div class=\"elementor-widget-container\">\n\t\t\t\t\t<p class=\"elementor-heading-title elementor-size-default\"><a href=\"https:\/\/vallesalado.com\/valle-salado\/historia\/monopolio-sal\/\">Le monopole du sel<\/a><\/p>\t\t\t\t<\/div>\n\t\t\t\t<\/div>\n\t\t\t\t\t<\/div>\n\t\t<\/div>\n\t\t\t\t\t<\/div>\n\t\t<\/section>\n\t\t\t\t<section class=\"elementor-section elementor-inner-section elementor-element elementor-element-fd930c6 elementor-section-boxed elementor-section-height-default elementor-section-height-default\" data-id=\"fd930c6\" data-element_type=\"section\">\n\t\t\t\t\t\t<div class=\"elementor-container elementor-column-gap-default\">\n\t\t\t\t\t<div class=\"elementor-column elementor-col-100 elementor-inner-column elementor-element elementor-element-d8ca028\" data-id=\"d8ca028\" data-element_type=\"column\" data-settings=\"{&quot;background_background&quot;:&quot;classic&quot;}\">\n\t\t\t<div class=\"elementor-widget-wrap elementor-element-populated\">\n\t\t\t\t\t\t<div class=\"elementor-element elementor-element-6160108 elementor-widget elementor-widget-heading\" data-id=\"6160108\" data-element_type=\"widget\" data-widget_type=\"heading.default\">\n\t\t\t\t<div class=\"elementor-widget-container\">\n\t\t\t\t\t<h3 class=\"elementor-heading-title elementor-size-default\"><a href=\"https:\/\/vallesalado.com\/valle-salado\/historia\/resurgimiento\/\">XXe si\u00e8cle<\/a><\/h3>\t\t\t\t<\/div>\n\t\t\t\t<\/div>\n\t\t\t\t<div class=\"elementor-element elementor-element-51bba7d elementor-widget elementor-widget-heading\" data-id=\"51bba7d\" data-element_type=\"widget\" data-widget_type=\"heading.default\">\n\t\t\t\t<div class=\"elementor-widget-container\">\n\t\t\t\t\t<p class=\"elementor-heading-title elementor-size-default\"><a href=\"https:\/\/vallesalado.com\/valle-salado\/historia\/resurgimiento\/\">La r\u00e9surgence de l&rsquo;activit\u00e9 saline<\/a><\/p>\t\t\t\t<\/div>\n\t\t\t\t<\/div>\n\t\t\t\t\t<\/div>\n\t\t<\/div>\n\t\t\t\t\t<\/div>\n\t\t<\/section>\n\t\t\t\t<section class=\"elementor-section elementor-inner-section elementor-element elementor-element-6eb2285 elementor-section-boxed elementor-section-height-default elementor-section-height-default\" data-id=\"6eb2285\" data-element_type=\"section\">\n\t\t\t\t\t\t<div class=\"elementor-container elementor-column-gap-default\">\n\t\t\t\t\t<div class=\"elementor-column elementor-col-100 elementor-inner-column elementor-element elementor-element-2de44ea\" data-id=\"2de44ea\" data-element_type=\"column\" data-settings=\"{&quot;background_background&quot;:&quot;classic&quot;}\">\n\t\t\t<div class=\"elementor-widget-wrap elementor-element-populated\">\n\t\t\t\t\t\t<div class=\"elementor-element elementor-element-68ffae5 elementor-widget elementor-widget-heading\" data-id=\"68ffae5\" data-element_type=\"widget\" data-widget_type=\"heading.default\">\n\t\t\t\t<div class=\"elementor-widget-container\">\n\t\t\t\t\t<h3 class=\"elementor-heading-title elementor-size-default\"><a href=\"https:\/\/vallesalado.com\/publicaciones\/\">Publications<\/a><\/h3>\t\t\t\t<\/div>\n\t\t\t\t<\/div>\n\t\t\t\t\t<\/div>\n\t\t<\/div>\n\t\t\t\t\t<\/div>\n\t\t<\/section>\n\t\t\t\t\t<\/div>\n\t\t<\/div>\n\t\t\t\t\t<\/div>\n\t\t<\/section>\n\t\t\t\t<\/div>\n\t\t\t\t\t\t\t\t\t\t<\/div>\n\t\t\t\t<\/div>\n\t\t\t\t\t<\/div>\n\t\t<\/div>\n\t\t\t\t\t<\/div>\n\t\t<\/section>\n\t\t\t\t<\/div>\n\t\t","protected":false},"excerpt":{"rendered":"<p>La communaut\u00e9 du village de sel Entre le VIIIe et la premi\u00e8re moiti\u00e9 du Xe si\u00e8cle, l&rsquo;ancienne communaut\u00e9 de la vall\u00e9e du sel s&rsquo;est modifi\u00e9e et un r\u00e9seau de villages ind\u00e9pendants est apparu. L&rsquo;origine de ce changement important dans le mod\u00e8le d&rsquo;organisation du paysage habit\u00e9 de Salinas dans l&rsquo;Antiquit\u00e9 tardive n&rsquo;est pas due \u00e0 une [&hellip;]<\/p>\n","protected":false},"author":1,"featured_media":0,"parent":6973,"menu_order":0,"comment_status":"closed","ping_status":"closed","template":"","meta":{"inline_featured_image":false,"footnotes":"","_links_to":"","_links_to_target":""},"class_list":["post-7101","page","type-page","status-publish","hentry"],"yoast_head":"<!-- This site is optimized with the Yoast SEO plugin v26.7 - https:\/\/yoast.com\/wordpress\/plugins\/seo\/ -->\n<title>Du VIIIe au XIIe si\u00e8cle - La communaut\u00e9 des villages paludiers - Valle Salado de A\u00f1ana<\/title>\n<meta name=\"robots\" content=\"index, follow, max-snippet:-1, max-image-preview:large, max-video-preview:-1\" \/>\n<link rel=\"canonical\" href=\"https:\/\/www.vallesalado.com\/fr\/decouvrez-la-vallee-salee\/histoire\/du-viiie-au-xiie-siecle-la-communaute-des-villages-paludiers\/\" \/>\n<meta property=\"og:locale\" content=\"fr_FR\" \/>\n<meta property=\"og:type\" content=\"article\" \/>\n<meta property=\"og:title\" content=\"Du VIIIe au XIIe si\u00e8cle - La communaut\u00e9 des villages paludiers - Valle Salado de A\u00f1ana\" \/>\n<meta property=\"og:description\" content=\"La communaut\u00e9 du village de sel Entre le VIIIe et la premi\u00e8re moiti\u00e9 du Xe si\u00e8cle, l&rsquo;ancienne communaut\u00e9 de la vall\u00e9e du sel s&rsquo;est modifi\u00e9e et un r\u00e9seau de villages ind\u00e9pendants est apparu. L&rsquo;origine de ce changement important dans le mod\u00e8le d&rsquo;organisation du paysage habit\u00e9 de Salinas dans l&rsquo;Antiquit\u00e9 tardive n&rsquo;est pas due \u00e0 une [&hellip;]\" \/>\n<meta property=\"og:url\" content=\"https:\/\/www.vallesalado.com\/fr\/decouvrez-la-vallee-salee\/histoire\/du-viiie-au-xiie-siecle-la-communaute-des-villages-paludiers\/\" \/>\n<meta property=\"og:site_name\" content=\"Valle Salado de A\u00f1ana\" \/>\n<meta property=\"article:publisher\" content=\"https:\/\/www.facebook.com\/ValleSaladodeAnana\" \/>\n<meta property=\"article:modified_time\" content=\"2025-05-15T09:46:41+00:00\" \/>\n<meta property=\"og:image\" content=\"https:\/\/vallesalado.com\/wp-content\/uploads\/2025\/01\/historia-04.webp\" \/>\n<meta name=\"twitter:card\" content=\"summary_large_image\" \/>\n<meta name=\"twitter:site\" content=\"@vallesalado\" \/>\n<meta name=\"twitter:label1\" content=\"Dur\u00e9e de lecture estim\u00e9e\" \/>\n\t<meta name=\"twitter:data1\" content=\"2 minutes\" \/>\n<script type=\"application\/ld+json\" class=\"yoast-schema-graph\">{\"@context\":\"https:\/\/schema.org\",\"@graph\":[{\"@type\":\"WebPage\",\"@id\":\"https:\/\/www.vallesalado.com\/fr\/decouvrez-la-vallee-salee\/histoire\/du-viiie-au-xiie-siecle-la-communaute-des-villages-paludiers\/\",\"url\":\"https:\/\/www.vallesalado.com\/fr\/decouvrez-la-vallee-salee\/histoire\/du-viiie-au-xiie-siecle-la-communaute-des-villages-paludiers\/\",\"name\":\"Du VIIIe au XIIe si\u00e8cle - La communaut\u00e9 des villages paludiers - Valle Salado de A\u00f1ana\",\"isPartOf\":{\"@id\":\"https:\/\/www.vallesalado.com\/fr\/#website\"},\"primaryImageOfPage\":{\"@id\":\"https:\/\/www.vallesalado.com\/fr\/decouvrez-la-vallee-salee\/histoire\/du-viiie-au-xiie-siecle-la-communaute-des-villages-paludiers\/#primaryimage\"},\"image\":{\"@id\":\"https:\/\/www.vallesalado.com\/fr\/decouvrez-la-vallee-salee\/histoire\/du-viiie-au-xiie-siecle-la-communaute-des-villages-paludiers\/#primaryimage\"},\"thumbnailUrl\":\"https:\/\/vallesalado.com\/wp-content\/uploads\/2025\/01\/historia-04.webp\",\"datePublished\":\"2025-01-20T12:20:13+00:00\",\"dateModified\":\"2025-05-15T09:46:41+00:00\",\"breadcrumb\":{\"@id\":\"https:\/\/www.vallesalado.com\/fr\/decouvrez-la-vallee-salee\/histoire\/du-viiie-au-xiie-siecle-la-communaute-des-villages-paludiers\/#breadcrumb\"},\"inLanguage\":\"fr-FR\",\"potentialAction\":[{\"@type\":\"ReadAction\",\"target\":[\"https:\/\/www.vallesalado.com\/fr\/decouvrez-la-vallee-salee\/histoire\/du-viiie-au-xiie-siecle-la-communaute-des-villages-paludiers\/\"]}]},{\"@type\":\"ImageObject\",\"inLanguage\":\"fr-FR\",\"@id\":\"https:\/\/www.vallesalado.com\/fr\/decouvrez-la-vallee-salee\/histoire\/du-viiie-au-xiie-siecle-la-communaute-des-villages-paludiers\/#primaryimage\",\"url\":\"https:\/\/vallesalado.com\/wp-content\/uploads\/2025\/01\/historia-04.webp\",\"contentUrl\":\"https:\/\/vallesalado.com\/wp-content\/uploads\/2025\/01\/historia-04.webp\"},{\"@type\":\"BreadcrumbList\",\"@id\":\"https:\/\/www.vallesalado.com\/fr\/decouvrez-la-vallee-salee\/histoire\/du-viiie-au-xiie-siecle-la-communaute-des-villages-paludiers\/#breadcrumb\",\"itemListElement\":[{\"@type\":\"ListItem\",\"position\":1,\"name\":\"Valle Salado\",\"item\":\"https:\/\/www.vallesalado.com\/fr\/\"},{\"@type\":\"ListItem\",\"position\":2,\"name\":\"D\u00e9couvrez la Vall\u00e9e Sal\u00e9e\",\"item\":\"https:\/\/www.vallesalado.com\/fr\/decouvrez-la-vallee-salee\/\"},{\"@type\":\"ListItem\",\"position\":3,\"name\":\"Histoire\",\"item\":\"https:\/\/www.vallesalado.com\/fr\/decouvrez-la-vallee-salee\/histoire\/\"},{\"@type\":\"ListItem\",\"position\":4,\"name\":\"Du VIIIe au XIIe si\u00e8cle &#8211; La communaut\u00e9 des villages paludiers\"}]},{\"@type\":\"WebSite\",\"@id\":\"https:\/\/www.vallesalado.com\/fr\/#website\",\"url\":\"https:\/\/www.vallesalado.com\/fr\/\",\"name\":\"Valle Salado de A\u00f1ana\",\"description\":\"Valle Salado de A\u00f1ana\",\"publisher\":{\"@id\":\"https:\/\/www.vallesalado.com\/fr\/#organization\"},\"potentialAction\":[{\"@type\":\"SearchAction\",\"target\":{\"@type\":\"EntryPoint\",\"urlTemplate\":\"https:\/\/www.vallesalado.com\/fr\/?s={search_term_string}\"},\"query-input\":{\"@type\":\"PropertyValueSpecification\",\"valueRequired\":true,\"valueName\":\"search_term_string\"}}],\"inLanguage\":\"fr-FR\"},{\"@type\":\"Organization\",\"@id\":\"https:\/\/www.vallesalado.com\/fr\/#organization\",\"name\":\"Valle Salado de A\u00f1ana\",\"url\":\"https:\/\/www.vallesalado.com\/fr\/\",\"logo\":{\"@type\":\"ImageObject\",\"inLanguage\":\"fr-FR\",\"@id\":\"https:\/\/www.vallesalado.com\/fr\/#\/schema\/logo\/image\/\",\"url\":\"https:\/\/www.vallesalado.com\/wp-content\/uploads\/2025\/05\/logo-valle-salado.webp\",\"contentUrl\":\"https:\/\/www.vallesalado.com\/wp-content\/uploads\/2025\/05\/logo-valle-salado.webp\",\"width\":600,\"height\":143,\"caption\":\"Valle Salado de A\u00f1ana\"},\"image\":{\"@id\":\"https:\/\/www.vallesalado.com\/fr\/#\/schema\/logo\/image\/\"},\"sameAs\":[\"https:\/\/www.facebook.com\/ValleSaladodeAnana\",\"https:\/\/x.com\/vallesalado\",\"https:\/\/www.instagram.com\/vallesalado\/\"]}]}<\/script>\n<!-- \/ Yoast SEO plugin. -->","yoast_head_json":{"title":"Du VIIIe au XIIe si\u00e8cle - La communaut\u00e9 des villages paludiers - Valle Salado de A\u00f1ana","robots":{"index":"index","follow":"follow","max-snippet":"max-snippet:-1","max-image-preview":"max-image-preview:large","max-video-preview":"max-video-preview:-1"},"canonical":"https:\/\/www.vallesalado.com\/fr\/decouvrez-la-vallee-salee\/histoire\/du-viiie-au-xiie-siecle-la-communaute-des-villages-paludiers\/","og_locale":"fr_FR","og_type":"article","og_title":"Du VIIIe au XIIe si\u00e8cle - La communaut\u00e9 des villages paludiers - Valle Salado de A\u00f1ana","og_description":"La communaut\u00e9 du village de sel Entre le VIIIe et la premi\u00e8re moiti\u00e9 du Xe si\u00e8cle, l&rsquo;ancienne communaut\u00e9 de la vall\u00e9e du sel s&rsquo;est modifi\u00e9e et un r\u00e9seau de villages ind\u00e9pendants est apparu. L&rsquo;origine de ce changement important dans le mod\u00e8le d&rsquo;organisation du paysage habit\u00e9 de Salinas dans l&rsquo;Antiquit\u00e9 tardive n&rsquo;est pas due \u00e0 une [&hellip;]","og_url":"https:\/\/www.vallesalado.com\/fr\/decouvrez-la-vallee-salee\/histoire\/du-viiie-au-xiie-siecle-la-communaute-des-villages-paludiers\/","og_site_name":"Valle Salado de A\u00f1ana","article_publisher":"https:\/\/www.facebook.com\/ValleSaladodeAnana","article_modified_time":"2025-05-15T09:46:41+00:00","og_image":[{"url":"https:\/\/vallesalado.com\/wp-content\/uploads\/2025\/01\/historia-04.webp","type":"","width":"","height":""}],"twitter_card":"summary_large_image","twitter_site":"@vallesalado","twitter_misc":{"Dur\u00e9e de lecture estim\u00e9e":"2 minutes"},"schema":{"@context":"https:\/\/schema.org","@graph":[{"@type":"WebPage","@id":"https:\/\/www.vallesalado.com\/fr\/decouvrez-la-vallee-salee\/histoire\/du-viiie-au-xiie-siecle-la-communaute-des-villages-paludiers\/","url":"https:\/\/www.vallesalado.com\/fr\/decouvrez-la-vallee-salee\/histoire\/du-viiie-au-xiie-siecle-la-communaute-des-villages-paludiers\/","name":"Du VIIIe au XIIe si\u00e8cle - La communaut\u00e9 des villages paludiers - Valle Salado de A\u00f1ana","isPartOf":{"@id":"https:\/\/www.vallesalado.com\/fr\/#website"},"primaryImageOfPage":{"@id":"https:\/\/www.vallesalado.com\/fr\/decouvrez-la-vallee-salee\/histoire\/du-viiie-au-xiie-siecle-la-communaute-des-villages-paludiers\/#primaryimage"},"image":{"@id":"https:\/\/www.vallesalado.com\/fr\/decouvrez-la-vallee-salee\/histoire\/du-viiie-au-xiie-siecle-la-communaute-des-villages-paludiers\/#primaryimage"},"thumbnailUrl":"https:\/\/vallesalado.com\/wp-content\/uploads\/2025\/01\/historia-04.webp","datePublished":"2025-01-20T12:20:13+00:00","dateModified":"2025-05-15T09:46:41+00:00","breadcrumb":{"@id":"https:\/\/www.vallesalado.com\/fr\/decouvrez-la-vallee-salee\/histoire\/du-viiie-au-xiie-siecle-la-communaute-des-villages-paludiers\/#breadcrumb"},"inLanguage":"fr-FR","potentialAction":[{"@type":"ReadAction","target":["https:\/\/www.vallesalado.com\/fr\/decouvrez-la-vallee-salee\/histoire\/du-viiie-au-xiie-siecle-la-communaute-des-villages-paludiers\/"]}]},{"@type":"ImageObject","inLanguage":"fr-FR","@id":"https:\/\/www.vallesalado.com\/fr\/decouvrez-la-vallee-salee\/histoire\/du-viiie-au-xiie-siecle-la-communaute-des-villages-paludiers\/#primaryimage","url":"https:\/\/vallesalado.com\/wp-content\/uploads\/2025\/01\/historia-04.webp","contentUrl":"https:\/\/vallesalado.com\/wp-content\/uploads\/2025\/01\/historia-04.webp"},{"@type":"BreadcrumbList","@id":"https:\/\/www.vallesalado.com\/fr\/decouvrez-la-vallee-salee\/histoire\/du-viiie-au-xiie-siecle-la-communaute-des-villages-paludiers\/#breadcrumb","itemListElement":[{"@type":"ListItem","position":1,"name":"Valle Salado","item":"https:\/\/www.vallesalado.com\/fr\/"},{"@type":"ListItem","position":2,"name":"D\u00e9couvrez la Vall\u00e9e Sal\u00e9e","item":"https:\/\/www.vallesalado.com\/fr\/decouvrez-la-vallee-salee\/"},{"@type":"ListItem","position":3,"name":"Histoire","item":"https:\/\/www.vallesalado.com\/fr\/decouvrez-la-vallee-salee\/histoire\/"},{"@type":"ListItem","position":4,"name":"Du VIIIe au XIIe si\u00e8cle &#8211; La communaut\u00e9 des villages paludiers"}]},{"@type":"WebSite","@id":"https:\/\/www.vallesalado.com\/fr\/#website","url":"https:\/\/www.vallesalado.com\/fr\/","name":"Valle Salado de A\u00f1ana","description":"Valle Salado de A\u00f1ana","publisher":{"@id":"https:\/\/www.vallesalado.com\/fr\/#organization"},"potentialAction":[{"@type":"SearchAction","target":{"@type":"EntryPoint","urlTemplate":"https:\/\/www.vallesalado.com\/fr\/?s={search_term_string}"},"query-input":{"@type":"PropertyValueSpecification","valueRequired":true,"valueName":"search_term_string"}}],"inLanguage":"fr-FR"},{"@type":"Organization","@id":"https:\/\/www.vallesalado.com\/fr\/#organization","name":"Valle Salado de A\u00f1ana","url":"https:\/\/www.vallesalado.com\/fr\/","logo":{"@type":"ImageObject","inLanguage":"fr-FR","@id":"https:\/\/www.vallesalado.com\/fr\/#\/schema\/logo\/image\/","url":"https:\/\/www.vallesalado.com\/wp-content\/uploads\/2025\/05\/logo-valle-salado.webp","contentUrl":"https:\/\/www.vallesalado.com\/wp-content\/uploads\/2025\/05\/logo-valle-salado.webp","width":600,"height":143,"caption":"Valle Salado de A\u00f1ana"},"image":{"@id":"https:\/\/www.vallesalado.com\/fr\/#\/schema\/logo\/image\/"},"sameAs":["https:\/\/www.facebook.com\/ValleSaladodeAnana","https:\/\/x.com\/vallesalado","https:\/\/www.instagram.com\/vallesalado\/"]}]}},"_links":{"self":[{"href":"https:\/\/www.vallesalado.com\/fr\/wp-json\/wp\/v2\/pages\/7101","targetHints":{"allow":["GET"]}}],"collection":[{"href":"https:\/\/www.vallesalado.com\/fr\/wp-json\/wp\/v2\/pages"}],"about":[{"href":"https:\/\/www.vallesalado.com\/fr\/wp-json\/wp\/v2\/types\/page"}],"author":[{"embeddable":true,"href":"https:\/\/www.vallesalado.com\/fr\/wp-json\/wp\/v2\/users\/1"}],"replies":[{"embeddable":true,"href":"https:\/\/www.vallesalado.com\/fr\/wp-json\/wp\/v2\/comments?post=7101"}],"version-history":[{"count":1,"href":"https:\/\/www.vallesalado.com\/fr\/wp-json\/wp\/v2\/pages\/7101\/revisions"}],"predecessor-version":[{"id":7102,"href":"https:\/\/www.vallesalado.com\/fr\/wp-json\/wp\/v2\/pages\/7101\/revisions\/7102"}],"up":[{"embeddable":true,"href":"https:\/\/www.vallesalado.com\/fr\/wp-json\/wp\/v2\/pages\/6973"}],"wp:attachment":[{"href":"https:\/\/www.vallesalado.com\/fr\/wp-json\/wp\/v2\/media?parent=7101"}],"curies":[{"name":"wp","href":"https:\/\/api.w.org\/{rel}","templated":true}]}}