{"id":7150,"date":"2024-12-03T17:21:51","date_gmt":"2024-12-03T16:21:51","guid":{"rendered":"https:\/\/vallesalado.com\/decouvrez-la-vallee-salee\/fondation\/sel-dexcellente-qualite\/"},"modified":"2025-05-18T17:01:47","modified_gmt":"2025-05-18T15:01:47","slug":"sel-dexcellente-qualite","status":"publish","type":"page","link":"https:\/\/www.vallesalado.com\/fr\/decouvrez-la-vallee-salee\/fondation\/sel-dexcellente-qualite\/","title":{"rendered":"Sel d&rsquo;excellente qualit\u00e9"},"content":{"rendered":"\t\t<div data-elementor-type=\"wp-page\" data-elementor-id=\"7150\" class=\"elementor elementor-7150 elementor-235\" data-elementor-post-type=\"page\">\n\t\t\t\t\t\t<section class=\"elementor-section elementor-top-section elementor-element elementor-element-b4e7b66 elementor-section-boxed elementor-section-height-default elementor-section-height-default\" data-id=\"b4e7b66\" data-element_type=\"section\" data-settings=\"{&quot;background_background&quot;:&quot;classic&quot;}\">\n\t\t\t\t\t\t<div class=\"elementor-container elementor-column-gap-default\">\n\t\t\t\t\t<div class=\"elementor-column elementor-col-100 elementor-top-column elementor-element elementor-element-f449dd3\" data-id=\"f449dd3\" data-element_type=\"column\">\n\t\t\t<div class=\"elementor-widget-wrap elementor-element-populated\">\n\t\t\t\t\t\t<div class=\"elementor-element elementor-element-9354a9a elementor-widget elementor-widget-heading\" data-id=\"9354a9a\" data-element_type=\"widget\" data-widget_type=\"heading.default\">\n\t\t\t\t<div class=\"elementor-widget-container\">\n\t\t\t\t\t<h1 class=\"elementor-heading-title elementor-size-default\">Sel d&rsquo;excellente qualit\u00e9<\/h1>\t\t\t\t<\/div>\n\t\t\t\t<\/div>\n\t\t\t\t<div class=\"elementor-element elementor-element-bbd1d1b elementor-align-center elementor-widget elementor-widget-breadcrumbs\" data-id=\"bbd1d1b\" data-element_type=\"widget\" data-widget_type=\"breadcrumbs.default\">\n\t\t\t\t<div class=\"elementor-widget-container\">\n\t\t\t\t\t<p id=\"breadcrumbs\"><span><span><a href=\"https:\/\/www.vallesalado.com\/fr\/\">Valle Salado<\/a><\/span><\/span><\/p>\t\t\t\t<\/div>\n\t\t\t\t<\/div>\n\t\t\t\t\t<\/div>\n\t\t<\/div>\n\t\t\t\t\t<\/div>\n\t\t<\/section>\n\t\t\t\t<section class=\"elementor-section elementor-top-section elementor-element elementor-element-68ceda8 elementor-section-boxed elementor-section-height-default elementor-section-height-default\" data-id=\"68ceda8\" data-element_type=\"section\">\n\t\t\t\t\t\t<div class=\"elementor-container elementor-column-gap-wider\">\n\t\t\t\t\t<div class=\"elementor-column elementor-col-50 elementor-top-column elementor-element elementor-element-1008ac6\" data-id=\"1008ac6\" data-element_type=\"column\">\n\t\t\t<div class=\"elementor-widget-wrap elementor-element-populated\">\n\t\t\t\t\t\t<div class=\"elementor-element elementor-element-c8ec476 elementor-widget elementor-widget-text-editor\" data-id=\"c8ec476\" data-element_type=\"widget\" data-widget_type=\"text-editor.default\">\n\t\t\t\t<div class=\"elementor-widget-container\">\n\t\t\t\t\t\t\t\t\t<p>L&rsquo;un des principaux moteurs \u00e9conomiques de la vall\u00e9e du sel est la production de sel de la plus haute qualit\u00e9. Compte tenu des caract\u00e9ristiques et du caract\u00e8re unique du paysage, l&rsquo;activit\u00e9 salicole vise \u00e0 produire un sel naturel, \u00e9cologique et de grande qualit\u00e9 qui rivalise sur le march\u00e9 avec les meilleures salines traditionnelles. C&rsquo;est pourquoi le sel d&rsquo;A\u00f1ana est consid\u00e9r\u00e9 comme l&rsquo;un des meilleurs au monde.  <\/p><p>Du point de vue \u00e9conomique et de l&rsquo;avenir du paysage culturel, il est essentiel de promouvoir l&rsquo;activit\u00e9 du sel. La Fondation de la Vall\u00e9e Sal\u00e9e d&rsquo;A\u00f1ana, en plus d&rsquo;\u00eatre responsable de la production, est charg\u00e9e de cr\u00e9er une image de marque qui refl\u00e8te l&rsquo;extraordinaire qualit\u00e9 du sel. Pour ce faire, elle b\u00e9n\u00e9ficie de la collaboration d\u00e9sint\u00e9ress\u00e9e de quelques-uns des meilleurs chefs cuisiniers du monde, qui cautionnent ses propri\u00e9t\u00e9s en l&rsquo;utilisant dans leurs restaurants et en pr\u00eatant leur image publique au projet.  <\/p>\t\t\t\t\t\t\t\t<\/div>\n\t\t\t\t<\/div>\n\t\t\t\t\t<\/div>\n\t\t<\/div>\n\t\t\t\t<div class=\"elementor-column elementor-col-50 elementor-top-column elementor-element elementor-element-a49482f\" data-id=\"a49482f\" data-element_type=\"column\">\n\t\t\t<div class=\"elementor-widget-wrap elementor-element-populated\">\n\t\t\t\t\t\t<div class=\"elementor-element elementor-element-162748f elementor-widget elementor-widget-video\" data-id=\"162748f\" data-element_type=\"widget\" data-settings=\"{&quot;youtube_url&quot;:&quot;https:\\\/\\\/www.youtube.com\\\/watch?v=muwFnyHcvKM&quot;,&quot;video_type&quot;:&quot;youtube&quot;,&quot;controls&quot;:&quot;yes&quot;}\" data-widget_type=\"video.default\">\n\t\t\t\t<div class=\"elementor-widget-container\">\n\t\t\t\t\t\t\t<div class=\"elementor-wrapper elementor-open-inline\">\n\t\t\t<div class=\"elementor-video\"><\/div>\t\t<\/div>\n\t\t\t\t\t\t<\/div>\n\t\t\t\t<\/div>\n\t\t\t\t<div class=\"elementor-element elementor-element-f17fd08 e-transform elementor-widget elementor-widget-image\" data-id=\"f17fd08\" data-element_type=\"widget\" data-settings=\"{&quot;_transform_translateX_effect&quot;:{&quot;unit&quot;:&quot;px&quot;,&quot;size&quot;:167,&quot;sizes&quot;:[]},&quot;_transform_translateX_effect_tablet&quot;:{&quot;unit&quot;:&quot;px&quot;,&quot;size&quot;:73,&quot;sizes&quot;:[]},&quot;_transform_translateX_effect_mobile&quot;:{&quot;unit&quot;:&quot;px&quot;,&quot;size&quot;:93,&quot;sizes&quot;:[]},&quot;_transform_translateY_effect&quot;:{&quot;unit&quot;:&quot;px&quot;,&quot;size&quot;:-93,&quot;sizes&quot;:[]},&quot;_transform_translateY_effect_tablet&quot;:{&quot;unit&quot;:&quot;px&quot;,&quot;size&quot;:-73,&quot;sizes&quot;:[]},&quot;_transform_translateY_effect_mobile&quot;:{&quot;unit&quot;:&quot;px&quot;,&quot;size&quot;:-110,&quot;sizes&quot;:[]}}\" data-widget_type=\"image.default\">\n\t\t\t\t<div class=\"elementor-widget-container\">\n\t\t\t\t\t\t\t\t\t\t\t\t\t\t\t<img fetchpriority=\"high\" decoding=\"async\" width=\"600\" height=\"600\" src=\"https:\/\/www.vallesalado.com\/wp-content\/uploads\/2024\/12\/valle-salado-gota-01.webp\" class=\"attachment-full size-full wp-image-4493\" alt=\"\" srcset=\"https:\/\/www.vallesalado.com\/wp-content\/uploads\/2024\/12\/valle-salado-gota-01.webp 600w, https:\/\/www.vallesalado.com\/wp-content\/uploads\/2024\/12\/valle-salado-gota-01-300x300.webp 300w, https:\/\/www.vallesalado.com\/wp-content\/uploads\/2024\/12\/valle-salado-gota-01-150x150.webp 150w, https:\/\/www.vallesalado.com\/wp-content\/uploads\/2024\/12\/valle-salado-gota-01-100x100.webp 100w\" sizes=\"(max-width: 600px) 100vw, 600px\" \/>\t\t\t\t\t\t\t\t\t\t\t\t\t\t\t<\/div>\n\t\t\t\t<\/div>\n\t\t\t\t\t<\/div>\n\t\t<\/div>\n\t\t\t\t\t<\/div>\n\t\t<\/section>\n\t\t\t\t<section class=\"elementor-section elementor-top-section elementor-element elementor-element-12322d2 elementor-section-boxed elementor-section-height-default elementor-section-height-default\" data-id=\"12322d2\" data-element_type=\"section\">\n\t\t\t\t\t\t<div class=\"elementor-container elementor-column-gap-default\">\n\t\t\t\t\t<div class=\"elementor-column elementor-col-100 elementor-top-column elementor-element elementor-element-f85dbc9\" data-id=\"f85dbc9\" data-element_type=\"column\">\n\t\t\t<div class=\"elementor-widget-wrap elementor-element-populated\">\n\t\t\t\t\t\t<div class=\"elementor-element elementor-element-e8de9ab elementor-widget elementor-widget-text-editor\" data-id=\"e8de9ab\" data-element_type=\"widget\" data-widget_type=\"text-editor.default\">\n\t\t\t\t<div class=\"elementor-widget-container\">\n\t\t\t\t\t\t\t\t\t<p>La production de sel est r\u00e9alis\u00e9e \u00e0 l&rsquo;aide de techniques traditionnelles et selon des param\u00e8tres de durabilit\u00e9 et de respect du paysage. La viabilit\u00e9 de l&rsquo;activit\u00e9 saline garantit \u00e9galement le maintien des valeurs d&rsquo;authenticit\u00e9 et d&rsquo;int\u00e9grit\u00e9 de la vall\u00e9e du sel. <\/p><p>Cet engagement en faveur de la qualit\u00e9 repr\u00e9sente une nouvelle approche. Au lieu de produire un seul sel, comme ce fut le cas tout au long de l&rsquo;histoire, la Fondation a lanc\u00e9 sur le march\u00e9 quatre types de sels naturels : le sel min\u00e9ral de printemps, les flocons Flor de Sal, le sel de printemps liquide et le Chuzo de Sal. <\/p><p>Le chuzo est un produit unique au monde et, en raison de sa raret\u00e9, il est presque un objet de collection. Il est produit par l&rsquo;effet des petites filtrations d&rsquo;eau sal\u00e9e dans les treillis et les canaux sur\u00e9lev\u00e9s qui, goutte \u00e0 goutte, cr\u00e9ent des stalactites de sel qui, selon l&rsquo;analyse gustative effectu\u00e9e par des sp\u00e9cialistes, sont la meilleure qualit\u00e9 de sel. <\/p><p>La production et la vente de Sal de A\u00f1ana contribuent de mani\u00e8re tr\u00e8s significative \u00e0 l&rsquo;autofinancement du projet de r\u00e9cup\u00e9ration et de valorisation.<\/p>\t\t\t\t\t\t\t\t<\/div>\n\t\t\t\t<\/div>\n\t\t\t\t\t<\/div>\n\t\t<\/div>\n\t\t\t\t\t<\/div>\n\t\t<\/section>\n\t\t\t\t<\/div>\n\t\t","protected":false},"excerpt":{"rendered":"<p>L&rsquo;un des principaux moteurs \u00e9conomiques de la vall\u00e9e du sel est la production de sel de la plus haute qualit\u00e9. Compte tenu des caract\u00e9ristiques et du caract\u00e8re unique du paysage, l&rsquo;activit\u00e9 salicole vise \u00e0 produire un sel naturel, \u00e9cologique et de grande qualit\u00e9 qui rivalise sur le march\u00e9 avec les meilleures salines traditionnelles. C&rsquo;est pourquoi [&hellip;]<\/p>\n","protected":false},"author":1,"featured_media":4148,"parent":7134,"menu_order":0,"comment_status":"closed","ping_status":"closed","template":"","meta":{"inline_featured_image":false,"footnotes":"","_links_to":"","_links_to_target":""},"class_list":["post-7150","page","type-page","status-publish","has-post-thumbnail","hentry"],"yoast_head":"<!-- This site is optimized with the Yoast SEO plugin v26.7 - https:\/\/yoast.com\/wordpress\/plugins\/seo\/ -->\n<title>Sel d&#039;excellente qualit\u00e9 - Valle Salado de A\u00f1ana<\/title>\n<meta name=\"description\" content=\"Le sel d&#039;A\u00f1ana, consid\u00e9r\u00e9 comme l&#039;un des meilleurs au monde, est produit de mani\u00e8re durable, ce qui garantit la qualit\u00e9 et l&#039;authenticit\u00e9 de chaque vari\u00e9t\u00e9.\" \/>\n<meta name=\"robots\" content=\"index, follow, max-snippet:-1, max-image-preview:large, max-video-preview:-1\" \/>\n<link rel=\"canonical\" href=\"https:\/\/www.vallesalado.com\/fr\/decouvrez-la-vallee-salee\/fondation\/sel-dexcellente-qualite\/\" \/>\n<meta property=\"og:locale\" content=\"fr_FR\" \/>\n<meta property=\"og:type\" content=\"article\" \/>\n<meta property=\"og:title\" content=\"Sel d&#039;excellente qualit\u00e9 - Valle Salado de A\u00f1ana\" \/>\n<meta property=\"og:description\" content=\"Le sel d&#039;A\u00f1ana, consid\u00e9r\u00e9 comme l&#039;un des meilleurs au monde, est produit de mani\u00e8re durable, ce qui garantit la qualit\u00e9 et l&#039;authenticit\u00e9 de chaque vari\u00e9t\u00e9.\" \/>\n<meta property=\"og:url\" content=\"https:\/\/www.vallesalado.com\/fr\/decouvrez-la-vallee-salee\/fondation\/sel-dexcellente-qualite\/\" \/>\n<meta property=\"og:site_name\" content=\"Valle Salado de A\u00f1ana\" \/>\n<meta property=\"article:publisher\" content=\"https:\/\/www.facebook.com\/ValleSaladodeAnana\" \/>\n<meta property=\"article:modified_time\" content=\"2025-05-18T15:01:47+00:00\" \/>\n<meta property=\"og:image\" content=\"https:\/\/www.vallesalado.com\/wp-content\/uploads\/2024\/12\/valle-salado-miniatura.webp\" \/>\n\t<meta property=\"og:image:width\" content=\"1200\" \/>\n\t<meta property=\"og:image:height\" content=\"630\" \/>\n\t<meta property=\"og:image:type\" content=\"image\/webp\" \/>\n<meta name=\"twitter:card\" content=\"summary_large_image\" \/>\n<meta name=\"twitter:site\" content=\"@vallesalado\" \/>\n<meta name=\"twitter:label1\" content=\"Dur\u00e9e de lecture estim\u00e9e\" \/>\n\t<meta name=\"twitter:data1\" content=\"2 minutes\" \/>\n<script type=\"application\/ld+json\" class=\"yoast-schema-graph\">{\"@context\":\"https:\/\/schema.org\",\"@graph\":[{\"@type\":\"WebPage\",\"@id\":\"https:\/\/www.vallesalado.com\/fr\/decouvrez-la-vallee-salee\/fondation\/sel-dexcellente-qualite\/\",\"url\":\"https:\/\/www.vallesalado.com\/fr\/decouvrez-la-vallee-salee\/fondation\/sel-dexcellente-qualite\/\",\"name\":\"Sel d'excellente qualit\u00e9 - Valle Salado de A\u00f1ana\",\"isPartOf\":{\"@id\":\"https:\/\/www.vallesalado.com\/fr\/#website\"},\"primaryImageOfPage\":{\"@id\":\"https:\/\/www.vallesalado.com\/fr\/decouvrez-la-vallee-salee\/fondation\/sel-dexcellente-qualite\/#primaryimage\"},\"image\":{\"@id\":\"https:\/\/www.vallesalado.com\/fr\/decouvrez-la-vallee-salee\/fondation\/sel-dexcellente-qualite\/#primaryimage\"},\"thumbnailUrl\":\"https:\/\/www.vallesalado.com\/wp-content\/uploads\/2024\/12\/valle-salado-miniatura.webp\",\"datePublished\":\"2024-12-03T16:21:51+00:00\",\"dateModified\":\"2025-05-18T15:01:47+00:00\",\"description\":\"Le sel d'A\u00f1ana, consid\u00e9r\u00e9 comme l'un des meilleurs au monde, est produit de mani\u00e8re durable, ce qui garantit la qualit\u00e9 et l'authenticit\u00e9 de chaque vari\u00e9t\u00e9.\",\"breadcrumb\":{\"@id\":\"https:\/\/www.vallesalado.com\/fr\/decouvrez-la-vallee-salee\/fondation\/sel-dexcellente-qualite\/#breadcrumb\"},\"inLanguage\":\"fr-FR\",\"potentialAction\":[{\"@type\":\"ReadAction\",\"target\":[\"https:\/\/www.vallesalado.com\/fr\/decouvrez-la-vallee-salee\/fondation\/sel-dexcellente-qualite\/\"]}]},{\"@type\":\"ImageObject\",\"inLanguage\":\"fr-FR\",\"@id\":\"https:\/\/www.vallesalado.com\/fr\/decouvrez-la-vallee-salee\/fondation\/sel-dexcellente-qualite\/#primaryimage\",\"url\":\"https:\/\/www.vallesalado.com\/wp-content\/uploads\/2024\/12\/valle-salado-miniatura.webp\",\"contentUrl\":\"https:\/\/www.vallesalado.com\/wp-content\/uploads\/2024\/12\/valle-salado-miniatura.webp\",\"width\":1200,\"height\":630},{\"@type\":\"BreadcrumbList\",\"@id\":\"https:\/\/www.vallesalado.com\/fr\/decouvrez-la-vallee-salee\/fondation\/sel-dexcellente-qualite\/#breadcrumb\",\"itemListElement\":[{\"@type\":\"ListItem\",\"position\":1,\"name\":\"Valle Salado\",\"item\":\"https:\/\/www.vallesalado.com\/fr\/\"},{\"@type\":\"ListItem\",\"position\":2,\"name\":\"D\u00e9couvrez la Vall\u00e9e Sal\u00e9e\",\"item\":\"https:\/\/www.vallesalado.com\/fr\/decouvrez-la-vallee-salee\/\"},{\"@type\":\"ListItem\",\"position\":3,\"name\":\"Fondation\",\"item\":\"https:\/\/www.vallesalado.com\/fr\/decouvrez-la-vallee-salee\/fondation\/\"},{\"@type\":\"ListItem\",\"position\":4,\"name\":\"Sel d&rsquo;excellente qualit\u00e9\"}]},{\"@type\":\"WebSite\",\"@id\":\"https:\/\/www.vallesalado.com\/fr\/#website\",\"url\":\"https:\/\/www.vallesalado.com\/fr\/\",\"name\":\"Valle Salado de A\u00f1ana\",\"description\":\"Valle Salado de A\u00f1ana\",\"publisher\":{\"@id\":\"https:\/\/www.vallesalado.com\/fr\/#organization\"},\"potentialAction\":[{\"@type\":\"SearchAction\",\"target\":{\"@type\":\"EntryPoint\",\"urlTemplate\":\"https:\/\/www.vallesalado.com\/fr\/?s={search_term_string}\"},\"query-input\":{\"@type\":\"PropertyValueSpecification\",\"valueRequired\":true,\"valueName\":\"search_term_string\"}}],\"inLanguage\":\"fr-FR\"},{\"@type\":\"Organization\",\"@id\":\"https:\/\/www.vallesalado.com\/fr\/#organization\",\"name\":\"Valle Salado de A\u00f1ana\",\"url\":\"https:\/\/www.vallesalado.com\/fr\/\",\"logo\":{\"@type\":\"ImageObject\",\"inLanguage\":\"fr-FR\",\"@id\":\"https:\/\/www.vallesalado.com\/fr\/#\/schema\/logo\/image\/\",\"url\":\"https:\/\/www.vallesalado.com\/wp-content\/uploads\/2025\/05\/logo-valle-salado.webp\",\"contentUrl\":\"https:\/\/www.vallesalado.com\/wp-content\/uploads\/2025\/05\/logo-valle-salado.webp\",\"width\":600,\"height\":143,\"caption\":\"Valle Salado de A\u00f1ana\"},\"image\":{\"@id\":\"https:\/\/www.vallesalado.com\/fr\/#\/schema\/logo\/image\/\"},\"sameAs\":[\"https:\/\/www.facebook.com\/ValleSaladodeAnana\",\"https:\/\/x.com\/vallesalado\",\"https:\/\/www.instagram.com\/vallesalado\/\"]}]}<\/script>\n<!-- \/ Yoast SEO plugin. -->","yoast_head_json":{"title":"Sel d'excellente qualit\u00e9 - Valle Salado de A\u00f1ana","description":"Le sel d'A\u00f1ana, consid\u00e9r\u00e9 comme l'un des meilleurs au monde, est produit de mani\u00e8re durable, ce qui garantit la qualit\u00e9 et l'authenticit\u00e9 de chaque vari\u00e9t\u00e9.","robots":{"index":"index","follow":"follow","max-snippet":"max-snippet:-1","max-image-preview":"max-image-preview:large","max-video-preview":"max-video-preview:-1"},"canonical":"https:\/\/www.vallesalado.com\/fr\/decouvrez-la-vallee-salee\/fondation\/sel-dexcellente-qualite\/","og_locale":"fr_FR","og_type":"article","og_title":"Sel d'excellente qualit\u00e9 - Valle Salado de A\u00f1ana","og_description":"Le sel d'A\u00f1ana, consid\u00e9r\u00e9 comme l'un des meilleurs au monde, est produit de mani\u00e8re durable, ce qui garantit la qualit\u00e9 et l'authenticit\u00e9 de chaque vari\u00e9t\u00e9.","og_url":"https:\/\/www.vallesalado.com\/fr\/decouvrez-la-vallee-salee\/fondation\/sel-dexcellente-qualite\/","og_site_name":"Valle Salado de A\u00f1ana","article_publisher":"https:\/\/www.facebook.com\/ValleSaladodeAnana","article_modified_time":"2025-05-18T15:01:47+00:00","og_image":[{"width":1200,"height":630,"url":"https:\/\/www.vallesalado.com\/wp-content\/uploads\/2024\/12\/valle-salado-miniatura.webp","type":"image\/webp"}],"twitter_card":"summary_large_image","twitter_site":"@vallesalado","twitter_misc":{"Dur\u00e9e de lecture estim\u00e9e":"2 minutes"},"schema":{"@context":"https:\/\/schema.org","@graph":[{"@type":"WebPage","@id":"https:\/\/www.vallesalado.com\/fr\/decouvrez-la-vallee-salee\/fondation\/sel-dexcellente-qualite\/","url":"https:\/\/www.vallesalado.com\/fr\/decouvrez-la-vallee-salee\/fondation\/sel-dexcellente-qualite\/","name":"Sel d'excellente qualit\u00e9 - Valle Salado de A\u00f1ana","isPartOf":{"@id":"https:\/\/www.vallesalado.com\/fr\/#website"},"primaryImageOfPage":{"@id":"https:\/\/www.vallesalado.com\/fr\/decouvrez-la-vallee-salee\/fondation\/sel-dexcellente-qualite\/#primaryimage"},"image":{"@id":"https:\/\/www.vallesalado.com\/fr\/decouvrez-la-vallee-salee\/fondation\/sel-dexcellente-qualite\/#primaryimage"},"thumbnailUrl":"https:\/\/www.vallesalado.com\/wp-content\/uploads\/2024\/12\/valle-salado-miniatura.webp","datePublished":"2024-12-03T16:21:51+00:00","dateModified":"2025-05-18T15:01:47+00:00","description":"Le sel d'A\u00f1ana, consid\u00e9r\u00e9 comme l'un des meilleurs au monde, est produit de mani\u00e8re durable, ce qui garantit la qualit\u00e9 et l'authenticit\u00e9 de chaque vari\u00e9t\u00e9.","breadcrumb":{"@id":"https:\/\/www.vallesalado.com\/fr\/decouvrez-la-vallee-salee\/fondation\/sel-dexcellente-qualite\/#breadcrumb"},"inLanguage":"fr-FR","potentialAction":[{"@type":"ReadAction","target":["https:\/\/www.vallesalado.com\/fr\/decouvrez-la-vallee-salee\/fondation\/sel-dexcellente-qualite\/"]}]},{"@type":"ImageObject","inLanguage":"fr-FR","@id":"https:\/\/www.vallesalado.com\/fr\/decouvrez-la-vallee-salee\/fondation\/sel-dexcellente-qualite\/#primaryimage","url":"https:\/\/www.vallesalado.com\/wp-content\/uploads\/2024\/12\/valle-salado-miniatura.webp","contentUrl":"https:\/\/www.vallesalado.com\/wp-content\/uploads\/2024\/12\/valle-salado-miniatura.webp","width":1200,"height":630},{"@type":"BreadcrumbList","@id":"https:\/\/www.vallesalado.com\/fr\/decouvrez-la-vallee-salee\/fondation\/sel-dexcellente-qualite\/#breadcrumb","itemListElement":[{"@type":"ListItem","position":1,"name":"Valle Salado","item":"https:\/\/www.vallesalado.com\/fr\/"},{"@type":"ListItem","position":2,"name":"D\u00e9couvrez la Vall\u00e9e Sal\u00e9e","item":"https:\/\/www.vallesalado.com\/fr\/decouvrez-la-vallee-salee\/"},{"@type":"ListItem","position":3,"name":"Fondation","item":"https:\/\/www.vallesalado.com\/fr\/decouvrez-la-vallee-salee\/fondation\/"},{"@type":"ListItem","position":4,"name":"Sel d&rsquo;excellente qualit\u00e9"}]},{"@type":"WebSite","@id":"https:\/\/www.vallesalado.com\/fr\/#website","url":"https:\/\/www.vallesalado.com\/fr\/","name":"Valle Salado de A\u00f1ana","description":"Valle Salado de A\u00f1ana","publisher":{"@id":"https:\/\/www.vallesalado.com\/fr\/#organization"},"potentialAction":[{"@type":"SearchAction","target":{"@type":"EntryPoint","urlTemplate":"https:\/\/www.vallesalado.com\/fr\/?s={search_term_string}"},"query-input":{"@type":"PropertyValueSpecification","valueRequired":true,"valueName":"search_term_string"}}],"inLanguage":"fr-FR"},{"@type":"Organization","@id":"https:\/\/www.vallesalado.com\/fr\/#organization","name":"Valle Salado de A\u00f1ana","url":"https:\/\/www.vallesalado.com\/fr\/","logo":{"@type":"ImageObject","inLanguage":"fr-FR","@id":"https:\/\/www.vallesalado.com\/fr\/#\/schema\/logo\/image\/","url":"https:\/\/www.vallesalado.com\/wp-content\/uploads\/2025\/05\/logo-valle-salado.webp","contentUrl":"https:\/\/www.vallesalado.com\/wp-content\/uploads\/2025\/05\/logo-valle-salado.webp","width":600,"height":143,"caption":"Valle Salado de A\u00f1ana"},"image":{"@id":"https:\/\/www.vallesalado.com\/fr\/#\/schema\/logo\/image\/"},"sameAs":["https:\/\/www.facebook.com\/ValleSaladodeAnana","https:\/\/x.com\/vallesalado","https:\/\/www.instagram.com\/vallesalado\/"]}]}},"_links":{"self":[{"href":"https:\/\/www.vallesalado.com\/fr\/wp-json\/wp\/v2\/pages\/7150","targetHints":{"allow":["GET"]}}],"collection":[{"href":"https:\/\/www.vallesalado.com\/fr\/wp-json\/wp\/v2\/pages"}],"about":[{"href":"https:\/\/www.vallesalado.com\/fr\/wp-json\/wp\/v2\/types\/page"}],"author":[{"embeddable":true,"href":"https:\/\/www.vallesalado.com\/fr\/wp-json\/wp\/v2\/users\/1"}],"replies":[{"embeddable":true,"href":"https:\/\/www.vallesalado.com\/fr\/wp-json\/wp\/v2\/comments?post=7150"}],"version-history":[{"count":1,"href":"https:\/\/www.vallesalado.com\/fr\/wp-json\/wp\/v2\/pages\/7150\/revisions"}],"predecessor-version":[{"id":7151,"href":"https:\/\/www.vallesalado.com\/fr\/wp-json\/wp\/v2\/pages\/7150\/revisions\/7151"}],"up":[{"embeddable":true,"href":"https:\/\/www.vallesalado.com\/fr\/wp-json\/wp\/v2\/pages\/7134"}],"wp:featuredmedia":[{"embeddable":true,"href":"https:\/\/www.vallesalado.com\/fr\/wp-json\/wp\/v2\/media\/4148"}],"wp:attachment":[{"href":"https:\/\/www.vallesalado.com\/fr\/wp-json\/wp\/v2\/media?parent=7150"}],"curies":[{"name":"wp","href":"https:\/\/api.w.org\/{rel}","templated":true}]}}