{"id":7183,"date":"2024-12-03T17:24:22","date_gmt":"2024-12-03T16:24:22","guid":{"rendered":"https:\/\/vallesalado.com\/decouvrez-la-vallee-salee\/plan-directeur\/phylosophie\/"},"modified":"2025-05-18T17:35:21","modified_gmt":"2025-05-18T15:35:21","slug":"phylosophie","status":"publish","type":"page","link":"https:\/\/www.vallesalado.com\/fr\/decouvrez-la-vallee-salee\/plan-directeur\/phylosophie\/","title":{"rendered":"Phylosophie"},"content":{"rendered":"\t\t<div data-elementor-type=\"wp-page\" data-elementor-id=\"7183\" class=\"elementor elementor-7183 elementor-243\" data-elementor-post-type=\"page\">\n\t\t\t\t\t\t<section class=\"elementor-section elementor-top-section elementor-element elementor-element-e2c3b84 elementor-section-boxed elementor-section-height-default elementor-section-height-default\" data-id=\"e2c3b84\" data-element_type=\"section\" data-settings=\"{&quot;background_background&quot;:&quot;classic&quot;}\">\n\t\t\t\t\t\t<div class=\"elementor-container elementor-column-gap-default\">\n\t\t\t\t\t<div class=\"elementor-column elementor-col-100 elementor-top-column elementor-element elementor-element-bd19948\" data-id=\"bd19948\" data-element_type=\"column\">\n\t\t\t<div class=\"elementor-widget-wrap elementor-element-populated\">\n\t\t\t\t\t\t<div class=\"elementor-element elementor-element-8e1081a elementor-widget elementor-widget-heading\" data-id=\"8e1081a\" data-element_type=\"widget\" data-widget_type=\"heading.default\">\n\t\t\t\t<div class=\"elementor-widget-container\">\n\t\t\t\t\t<h1 class=\"elementor-heading-title elementor-size-default\">Phylosophie<\/h1>\t\t\t\t<\/div>\n\t\t\t\t<\/div>\n\t\t\t\t<div class=\"elementor-element elementor-element-a2ad8f2 elementor-align-center elementor-widget elementor-widget-breadcrumbs\" data-id=\"a2ad8f2\" data-element_type=\"widget\" data-widget_type=\"breadcrumbs.default\">\n\t\t\t\t<div class=\"elementor-widget-container\">\n\t\t\t\t\t<p id=\"breadcrumbs\"><span><span><a href=\"https:\/\/www.vallesalado.com\/fr\/\">Valle Salado<\/a><\/span><\/span><\/p>\t\t\t\t<\/div>\n\t\t\t\t<\/div>\n\t\t\t\t\t<\/div>\n\t\t<\/div>\n\t\t\t\t\t<\/div>\n\t\t<\/section>\n\t\t\t\t<section class=\"elementor-section elementor-top-section elementor-element elementor-element-b3389fd elementor-section-boxed elementor-section-height-default elementor-section-height-default\" data-id=\"b3389fd\" data-element_type=\"section\">\n\t\t\t\t\t\t<div class=\"elementor-container elementor-column-gap-wider\">\n\t\t\t\t\t<div class=\"elementor-column elementor-col-100 elementor-top-column elementor-element elementor-element-f95bbf6\" data-id=\"f95bbf6\" data-element_type=\"column\">\n\t\t\t<div class=\"elementor-widget-wrap elementor-element-populated\">\n\t\t\t\t\t\t<div class=\"elementor-element elementor-element-2c79e4c elementor-widget elementor-widget-text-editor\" data-id=\"2c79e4c\" data-element_type=\"widget\" data-widget_type=\"text-editor.default\">\n\t\t\t\t<div class=\"elementor-widget-container\">\n\t\t\t\t\t\t\t\t\t<p>La forte baisse de la productivit\u00e9 du sel d\u00e8s le milieu du XXeme si\u00e8cle a entra\u00een\u00e9 une diminution des travaux d&rsquo;entretien des infrastructures de la production. Les paludiers qui se battaient encore pour leur Vall\u00e9e Sal\u00e9e ont commenc\u00e9 \u00e0 s&rsquo;organiser et sont all\u00e9s dans des institutions publiques \u00e0 la recherche d&rsquo;aide. Premi\u00e8rement, demander des subventions et r\u00e9aliser des \u00e9tudes permettant de rendre rentable \u00e0 nouveau la production du sel, m\u00eame si c\u2019\u00e9tait avec des moyens non adapt\u00e9s, et ensuite de sorte \u00e0 ce que les administrations soient directement impliqu\u00e9es dans la conservation de leur patrimoine mat\u00e9riel et immat\u00e9riel.  <\/p><p>Cette situation a pouss\u00e9 les institutions publiques \u00e0 r\u00e9aliser que la Vall\u00e9e Sal\u00e9e n&rsquo;\u00e9tait pas seulement la plus ancienne industrie du territoire, mais qu&rsquo;elle constituait une partie fondamentale du patrimoine \u00e0 conserver. Pour cette raison, ils ont promu une s\u00e9rie de lois et de d\u00e9crets pour la protection des salines et de leur environnement, \u00e0 la fois dans leurs aspects patrimoniaux et environnementaux. <\/p><p>Le tournant de la Vall\u00e9e Sal\u00e9e s&rsquo;est produit \u00e0 la fin des ann\u00e9es 90, lorsque la Diputation Foral d\u2019\u00c1lava a initi\u00e9 une s\u00e9rie d&rsquo;actions directes afin de g\u00e9n\u00e9rer les conditions n\u00e9cessaires pour r\u00e9cup\u00e9rer la durabilit\u00e9 perdue. Et pour se faire, un plan directeur a \u00e9t\u00e9 lanc\u00e9 (2000-2004) \u00e0 la base des bons r\u00e9sultats obtenus dans l&rsquo;un des monuments les plus importants d&rsquo;\u00c1lava, la cath\u00e9drale de Santa Maria de Vitoria-Gasteiz (Prix Europa Nostra 2002). <\/p><p>La phrase qui refl\u00e8te le mieux la philosophie du travail effectu\u00e9 est: \u00abSavoir pour r\u00e9cup\u00e9rer, r\u00e9cup\u00e9rer pour survivre\u00bb. Nous devons garder \u00e0 l&rsquo;esprit que l&rsquo;image offerte aujourd&rsquo;hui par la Vall\u00e9e Sal\u00e9e est le r\u00e9sultat d&rsquo;un processus \u00e9volutif complexe, tant du point de vue politique qu&rsquo;\u00e9conomique et social, qui a commenc\u00e9 lorsque le premier homme de la Pr\u00e9histoire a profit\u00e9 de la saumure , de leur sources , pour produire du sel \u00e0 l\u2019aide du feu , et il est encore tr\u00e8s vivant aujourd&rsquo;hui , produisant du sel de la m\u00eame mani\u00e8re que les Romains l&rsquo;ont fait il y a plus de deux mille ans. <\/p><p>Pour que le paysage de la Vall\u00e9e Sal\u00e9e retrouve sa p\u00e9rennit\u00e9, il a fallu comprendre ce processus. Ce n&rsquo;est qu&rsquo;en apprenant des erreurs du pass\u00e9 que la vall\u00e9e peut \u00eatre transmise aux g\u00e9n\u00e9rations futures, dans des conditions optimales d&rsquo;authenticit\u00e9 et d&rsquo;int\u00e9grit\u00e9 <\/p><p>Par cons\u00e9quent, la proc\u00e9dure m\u00e9thodologique du plan directeur repose sur trois \u00e9tapes interd\u00e9pendantes et fondamentales. Le premier est \u00ab\u00a0documenter\u00a0\u00bb, le second \u00ab\u00a0analyser\u00a0\u00bb et le troisi\u00e8me \u00ab\u00a0proposer\u00a0\u00bb. <\/p><p><strong>1.- DOCUMENTER<\/strong><\/p><p>C&rsquo;est une condition sine qua non d&rsquo;avoir le plus haut niveau de connaissances possibles de l&rsquo;objet sur lequel on vat intervenir, car l\u00e0 ou on op\u00e8re il faut que les \u00e9tudes que l&rsquo;on va faire soient bien document\u00e9es. En outre la documentation se transforme en un document historique de grande valeur pour les g\u00e9n\u00e9rations futures. Pour cette raison, avant d&rsquo;intervenir dans la Vall\u00e9e Sal\u00e9e, une documentation compl\u00e8te des travaux salins a \u00e9t\u00e9 \u00e9labor\u00e9e \u00e0 partir de diff\u00e9rents points de vue: architectural, historique, arch\u00e9ologique, op\u00e9rationnel, paysager, biologique, g\u00e9ologique et organisationnel.  <\/p><p><strong>2.- ANALYSER<\/strong><\/p><p>Pour comprendre la r\u00e9alit\u00e9 physique de la Vall\u00e9e Sal\u00e9e et entammer la derni\u00e8re \u00e9tape du processus avec les garanties de succ\u00e8s, il est n\u00e9cessaire de l&rsquo;analyser en tenant compte du plus grand nombre de points de vue possible. Une equipe de travail multidisciplinaire a \u00e9t\u00e9 cr\u00e9\u00e9e dont les objectifs \u00e9taient de connaitres les cl\u00e9s de l&rsquo;\u00e9volution constructive, fonctionnelle, paysag\u00e8re, g\u00e9ologique, sociale, touristique et \u00e9conomique de la vall\u00e9e. <\/p><p>Dans le cadre du processus analytique, il \u00e9tait \u00e9galement n\u00e9cessaire d&rsquo;examiner et de r\u00e9f\u00e9rencer un contexte plus large que le contexte strictement localic\u00e9 dans la recherche de promoteurs d&rsquo;actions, d&rsquo;utilisateurs potentiels et de b\u00e9n\u00e9ficiaires de la r\u00e9cup\u00e9ration des salines.<\/p><p><strong>3.- PROPOSER<\/strong><\/p><p>Les propositions relatives \u00e0 la maintnenance et \u00e0 la remise en valeur du paysage partent d&rsquo;une hypoth\u00e9se d\u00e9terminante: dans la Vall\u00e9e Sal\u00e9e, il y a eu une activit\u00e9 industrielle pendant des milliers d&rsquo;ann\u00e9es qui a \u00e9t\u00e9 le moteur \u00e9conomique de la r\u00e9gion tout au long de son histoire. Cependant, il est tout \u00e0 fait n\u00e9cessaire de compl\u00e9ter cette activit\u00e9 par d&rsquo;autres viables aujourd&rsquo;hui. Dans la derni\u00e8re partie de la proc\u00e9dure adopt\u00e9e, diff\u00e9rents chemins ont \u00e9t\u00e9 d\u00e9velopp\u00e9s, chacune des \u00e9quipes ayant particip\u00e9 \u00e0 la pr\u00e9paration du plan directeur etait charg\u00e9e de faire les propositions qu&rsquo;elle jugeait les plus appropri\u00e9es, chacun dans son perimetre d&rsquo;action.  <\/p><p>Ainsi, en premier lieu, la zone et les \u00e9l\u00e9ments qui composent l&rsquo;ensemble ont \u00e9t\u00e9 clairement definis \u00e0 la base des crit\u00e8res historiques, typologiques, paysagers, operationnels ou d&rsquo;opportunit\u00e9, \u00e9tablissant ainsi un sc\u00e9nario d&rsquo;avenir durable. Ensuite, les diff\u00e9rentes propositions d&rsquo;intervention ont \u00e9t\u00e9 definies, et par consc\u00e9quent les d\u00e9lais de realisation, et le co\u00fbt \u00e9conomique des travaux ont \u00e9t\u00e9 determin\u00e9s. <\/p><p>Les diff\u00e9rents intervenants concern\u00e9s par le projet ont \u00e9t\u00e9 directement impliqu\u00e9s pour les propositions de projets: Gouvernement basque, Diputaci\u00f3n Foral de \u00c1lava, Groupe de A\u00f1ana, Mairie de A\u00f1ana, soci\u00e9t\u00e9 de salage Gatzagak, associations, etc. De cette mani\u00e8re, des solutions complexes et viables ont \u00e9t\u00e9 conjointement promues, qui sont sans aucun doute un \u00e9l\u00e9ment fondamental pour l\u2019atteinte des objectifs et l\u2019aumentation au maximal le potentiel qui garantit l&rsquo;avenir de la Vall\u00e9e Sal\u00e9e. <\/p><p>Sans aucun doute la soci\u00e9t\u00e9 civile et la participation de la communaut\u00e9 locale ont jou\u00e9 un r\u00f4le d\u00e9cisif dans les propositions, d&rsquo;une mani\u00e8re \u00e0 assurer le d\u00e9veloppement humain futur gr\u00e2ce \u00e0 leur adhesi\u00f3n active et \u00e0 leur participation.<\/p>\t\t\t\t\t\t\t\t<\/div>\n\t\t\t\t<\/div>\n\t\t\t\t\t<\/div>\n\t\t<\/div>\n\t\t\t\t\t<\/div>\n\t\t<\/section>\n\t\t\t\t<\/div>\n\t\t","protected":false},"excerpt":{"rendered":"<p>La forte baisse de la productivit\u00e9 du sel d\u00e8s le milieu du XXeme si\u00e8cle a entra\u00een\u00e9 une diminution des travaux d&rsquo;entretien des infrastructures de la production. Les paludiers qui se battaient encore pour leur Vall\u00e9e Sal\u00e9e ont commenc\u00e9 \u00e0 s&rsquo;organiser et sont all\u00e9s dans des institutions publiques \u00e0 la recherche d&rsquo;aide. Premi\u00e8rement, demander des subventions [&hellip;]<\/p>\n","protected":false},"author":1,"featured_media":4148,"parent":7172,"menu_order":0,"comment_status":"closed","ping_status":"closed","template":"","meta":{"inline_featured_image":false,"footnotes":"","_links_to":"","_links_to_target":""},"class_list":["post-7183","page","type-page","status-publish","has-post-thumbnail","hentry"],"yoast_head":"<!-- This site is optimized with the Yoast SEO plugin v26.7 - https:\/\/yoast.com\/wordpress\/plugins\/seo\/ -->\n<title>Phylosophie - Valle Salado de A\u00f1ana<\/title>\n<meta name=\"description\" content=\"Philosophie de r\u00e9cup\u00e9ration de la Vall\u00e9e Sal\u00e9e: documentation, analyses et propositions pour pr\u00e9server son patrimoine et sa durabilit\u00e9 \u00e0 l&#039;avenir.\" \/>\n<meta name=\"robots\" content=\"index, follow, max-snippet:-1, max-image-preview:large, max-video-preview:-1\" \/>\n<link rel=\"canonical\" href=\"https:\/\/www.vallesalado.com\/fr\/decouvrez-la-vallee-salee\/plan-directeur\/phylosophie\/\" \/>\n<meta property=\"og:locale\" content=\"fr_FR\" \/>\n<meta property=\"og:type\" content=\"article\" \/>\n<meta property=\"og:title\" content=\"Phylosophie - Valle Salado de A\u00f1ana\" \/>\n<meta property=\"og:description\" content=\"Philosophie de r\u00e9cup\u00e9ration de la Vall\u00e9e Sal\u00e9e: documentation, analyses et propositions pour pr\u00e9server son patrimoine et sa durabilit\u00e9 \u00e0 l&#039;avenir.\" \/>\n<meta property=\"og:url\" content=\"https:\/\/www.vallesalado.com\/fr\/decouvrez-la-vallee-salee\/plan-directeur\/phylosophie\/\" \/>\n<meta property=\"og:site_name\" content=\"Valle Salado de A\u00f1ana\" \/>\n<meta property=\"article:publisher\" content=\"https:\/\/www.facebook.com\/ValleSaladodeAnana\" \/>\n<meta property=\"article:modified_time\" content=\"2025-05-18T15:35:21+00:00\" \/>\n<meta property=\"og:image\" content=\"https:\/\/www.vallesalado.com\/wp-content\/uploads\/2024\/12\/valle-salado-miniatura.webp\" \/>\n\t<meta property=\"og:image:width\" content=\"1200\" \/>\n\t<meta property=\"og:image:height\" content=\"630\" \/>\n\t<meta property=\"og:image:type\" content=\"image\/webp\" \/>\n<meta name=\"twitter:card\" content=\"summary_large_image\" \/>\n<meta name=\"twitter:site\" content=\"@vallesalado\" \/>\n<meta name=\"twitter:label1\" content=\"Dur\u00e9e de lecture estim\u00e9e\" \/>\n\t<meta name=\"twitter:data1\" content=\"5 minutes\" \/>\n<script type=\"application\/ld+json\" class=\"yoast-schema-graph\">{\"@context\":\"https:\/\/schema.org\",\"@graph\":[{\"@type\":\"WebPage\",\"@id\":\"https:\/\/www.vallesalado.com\/fr\/decouvrez-la-vallee-salee\/plan-directeur\/phylosophie\/\",\"url\":\"https:\/\/www.vallesalado.com\/fr\/decouvrez-la-vallee-salee\/plan-directeur\/phylosophie\/\",\"name\":\"Phylosophie - Valle Salado de A\u00f1ana\",\"isPartOf\":{\"@id\":\"https:\/\/www.vallesalado.com\/fr\/#website\"},\"primaryImageOfPage\":{\"@id\":\"https:\/\/www.vallesalado.com\/fr\/decouvrez-la-vallee-salee\/plan-directeur\/phylosophie\/#primaryimage\"},\"image\":{\"@id\":\"https:\/\/www.vallesalado.com\/fr\/decouvrez-la-vallee-salee\/plan-directeur\/phylosophie\/#primaryimage\"},\"thumbnailUrl\":\"https:\/\/www.vallesalado.com\/wp-content\/uploads\/2024\/12\/valle-salado-miniatura.webp\",\"datePublished\":\"2024-12-03T16:24:22+00:00\",\"dateModified\":\"2025-05-18T15:35:21+00:00\",\"description\":\"Philosophie de r\u00e9cup\u00e9ration de la Vall\u00e9e Sal\u00e9e: documentation, analyses et propositions pour pr\u00e9server son patrimoine et sa durabilit\u00e9 \u00e0 l'avenir.\",\"breadcrumb\":{\"@id\":\"https:\/\/www.vallesalado.com\/fr\/decouvrez-la-vallee-salee\/plan-directeur\/phylosophie\/#breadcrumb\"},\"inLanguage\":\"fr-FR\",\"potentialAction\":[{\"@type\":\"ReadAction\",\"target\":[\"https:\/\/www.vallesalado.com\/fr\/decouvrez-la-vallee-salee\/plan-directeur\/phylosophie\/\"]}]},{\"@type\":\"ImageObject\",\"inLanguage\":\"fr-FR\",\"@id\":\"https:\/\/www.vallesalado.com\/fr\/decouvrez-la-vallee-salee\/plan-directeur\/phylosophie\/#primaryimage\",\"url\":\"https:\/\/www.vallesalado.com\/wp-content\/uploads\/2024\/12\/valle-salado-miniatura.webp\",\"contentUrl\":\"https:\/\/www.vallesalado.com\/wp-content\/uploads\/2024\/12\/valle-salado-miniatura.webp\",\"width\":1200,\"height\":630},{\"@type\":\"BreadcrumbList\",\"@id\":\"https:\/\/www.vallesalado.com\/fr\/decouvrez-la-vallee-salee\/plan-directeur\/phylosophie\/#breadcrumb\",\"itemListElement\":[{\"@type\":\"ListItem\",\"position\":1,\"name\":\"Valle Salado\",\"item\":\"https:\/\/www.vallesalado.com\/fr\/\"},{\"@type\":\"ListItem\",\"position\":2,\"name\":\"D\u00e9couvrez la Vall\u00e9e Sal\u00e9e\",\"item\":\"https:\/\/www.vallesalado.com\/fr\/decouvrez-la-vallee-salee\/\"},{\"@type\":\"ListItem\",\"position\":3,\"name\":\"Plan Directeur\",\"item\":\"https:\/\/www.vallesalado.com\/fr\/decouvrez-la-vallee-salee\/plan-directeur\/\"},{\"@type\":\"ListItem\",\"position\":4,\"name\":\"Phylosophie\"}]},{\"@type\":\"WebSite\",\"@id\":\"https:\/\/www.vallesalado.com\/fr\/#website\",\"url\":\"https:\/\/www.vallesalado.com\/fr\/\",\"name\":\"Valle Salado de A\u00f1ana\",\"description\":\"Valle Salado de A\u00f1ana\",\"publisher\":{\"@id\":\"https:\/\/www.vallesalado.com\/fr\/#organization\"},\"potentialAction\":[{\"@type\":\"SearchAction\",\"target\":{\"@type\":\"EntryPoint\",\"urlTemplate\":\"https:\/\/www.vallesalado.com\/fr\/?s={search_term_string}\"},\"query-input\":{\"@type\":\"PropertyValueSpecification\",\"valueRequired\":true,\"valueName\":\"search_term_string\"}}],\"inLanguage\":\"fr-FR\"},{\"@type\":\"Organization\",\"@id\":\"https:\/\/www.vallesalado.com\/fr\/#organization\",\"name\":\"Valle Salado de A\u00f1ana\",\"url\":\"https:\/\/www.vallesalado.com\/fr\/\",\"logo\":{\"@type\":\"ImageObject\",\"inLanguage\":\"fr-FR\",\"@id\":\"https:\/\/www.vallesalado.com\/fr\/#\/schema\/logo\/image\/\",\"url\":\"https:\/\/www.vallesalado.com\/wp-content\/uploads\/2025\/05\/logo-valle-salado.webp\",\"contentUrl\":\"https:\/\/www.vallesalado.com\/wp-content\/uploads\/2025\/05\/logo-valle-salado.webp\",\"width\":600,\"height\":143,\"caption\":\"Valle Salado de A\u00f1ana\"},\"image\":{\"@id\":\"https:\/\/www.vallesalado.com\/fr\/#\/schema\/logo\/image\/\"},\"sameAs\":[\"https:\/\/www.facebook.com\/ValleSaladodeAnana\",\"https:\/\/x.com\/vallesalado\",\"https:\/\/www.instagram.com\/vallesalado\/\"]}]}<\/script>\n<!-- \/ Yoast SEO plugin. -->","yoast_head_json":{"title":"Phylosophie - Valle Salado de A\u00f1ana","description":"Philosophie de r\u00e9cup\u00e9ration de la Vall\u00e9e Sal\u00e9e: documentation, analyses et propositions pour pr\u00e9server son patrimoine et sa durabilit\u00e9 \u00e0 l'avenir.","robots":{"index":"index","follow":"follow","max-snippet":"max-snippet:-1","max-image-preview":"max-image-preview:large","max-video-preview":"max-video-preview:-1"},"canonical":"https:\/\/www.vallesalado.com\/fr\/decouvrez-la-vallee-salee\/plan-directeur\/phylosophie\/","og_locale":"fr_FR","og_type":"article","og_title":"Phylosophie - Valle Salado de A\u00f1ana","og_description":"Philosophie de r\u00e9cup\u00e9ration de la Vall\u00e9e Sal\u00e9e: documentation, analyses et propositions pour pr\u00e9server son patrimoine et sa durabilit\u00e9 \u00e0 l'avenir.","og_url":"https:\/\/www.vallesalado.com\/fr\/decouvrez-la-vallee-salee\/plan-directeur\/phylosophie\/","og_site_name":"Valle Salado de A\u00f1ana","article_publisher":"https:\/\/www.facebook.com\/ValleSaladodeAnana","article_modified_time":"2025-05-18T15:35:21+00:00","og_image":[{"width":1200,"height":630,"url":"https:\/\/www.vallesalado.com\/wp-content\/uploads\/2024\/12\/valle-salado-miniatura.webp","type":"image\/webp"}],"twitter_card":"summary_large_image","twitter_site":"@vallesalado","twitter_misc":{"Dur\u00e9e de lecture estim\u00e9e":"5 minutes"},"schema":{"@context":"https:\/\/schema.org","@graph":[{"@type":"WebPage","@id":"https:\/\/www.vallesalado.com\/fr\/decouvrez-la-vallee-salee\/plan-directeur\/phylosophie\/","url":"https:\/\/www.vallesalado.com\/fr\/decouvrez-la-vallee-salee\/plan-directeur\/phylosophie\/","name":"Phylosophie - Valle Salado de A\u00f1ana","isPartOf":{"@id":"https:\/\/www.vallesalado.com\/fr\/#website"},"primaryImageOfPage":{"@id":"https:\/\/www.vallesalado.com\/fr\/decouvrez-la-vallee-salee\/plan-directeur\/phylosophie\/#primaryimage"},"image":{"@id":"https:\/\/www.vallesalado.com\/fr\/decouvrez-la-vallee-salee\/plan-directeur\/phylosophie\/#primaryimage"},"thumbnailUrl":"https:\/\/www.vallesalado.com\/wp-content\/uploads\/2024\/12\/valle-salado-miniatura.webp","datePublished":"2024-12-03T16:24:22+00:00","dateModified":"2025-05-18T15:35:21+00:00","description":"Philosophie de r\u00e9cup\u00e9ration de la Vall\u00e9e Sal\u00e9e: documentation, analyses et propositions pour pr\u00e9server son patrimoine et sa durabilit\u00e9 \u00e0 l'avenir.","breadcrumb":{"@id":"https:\/\/www.vallesalado.com\/fr\/decouvrez-la-vallee-salee\/plan-directeur\/phylosophie\/#breadcrumb"},"inLanguage":"fr-FR","potentialAction":[{"@type":"ReadAction","target":["https:\/\/www.vallesalado.com\/fr\/decouvrez-la-vallee-salee\/plan-directeur\/phylosophie\/"]}]},{"@type":"ImageObject","inLanguage":"fr-FR","@id":"https:\/\/www.vallesalado.com\/fr\/decouvrez-la-vallee-salee\/plan-directeur\/phylosophie\/#primaryimage","url":"https:\/\/www.vallesalado.com\/wp-content\/uploads\/2024\/12\/valle-salado-miniatura.webp","contentUrl":"https:\/\/www.vallesalado.com\/wp-content\/uploads\/2024\/12\/valle-salado-miniatura.webp","width":1200,"height":630},{"@type":"BreadcrumbList","@id":"https:\/\/www.vallesalado.com\/fr\/decouvrez-la-vallee-salee\/plan-directeur\/phylosophie\/#breadcrumb","itemListElement":[{"@type":"ListItem","position":1,"name":"Valle Salado","item":"https:\/\/www.vallesalado.com\/fr\/"},{"@type":"ListItem","position":2,"name":"D\u00e9couvrez la Vall\u00e9e Sal\u00e9e","item":"https:\/\/www.vallesalado.com\/fr\/decouvrez-la-vallee-salee\/"},{"@type":"ListItem","position":3,"name":"Plan Directeur","item":"https:\/\/www.vallesalado.com\/fr\/decouvrez-la-vallee-salee\/plan-directeur\/"},{"@type":"ListItem","position":4,"name":"Phylosophie"}]},{"@type":"WebSite","@id":"https:\/\/www.vallesalado.com\/fr\/#website","url":"https:\/\/www.vallesalado.com\/fr\/","name":"Valle Salado de A\u00f1ana","description":"Valle Salado de A\u00f1ana","publisher":{"@id":"https:\/\/www.vallesalado.com\/fr\/#organization"},"potentialAction":[{"@type":"SearchAction","target":{"@type":"EntryPoint","urlTemplate":"https:\/\/www.vallesalado.com\/fr\/?s={search_term_string}"},"query-input":{"@type":"PropertyValueSpecification","valueRequired":true,"valueName":"search_term_string"}}],"inLanguage":"fr-FR"},{"@type":"Organization","@id":"https:\/\/www.vallesalado.com\/fr\/#organization","name":"Valle Salado de A\u00f1ana","url":"https:\/\/www.vallesalado.com\/fr\/","logo":{"@type":"ImageObject","inLanguage":"fr-FR","@id":"https:\/\/www.vallesalado.com\/fr\/#\/schema\/logo\/image\/","url":"https:\/\/www.vallesalado.com\/wp-content\/uploads\/2025\/05\/logo-valle-salado.webp","contentUrl":"https:\/\/www.vallesalado.com\/wp-content\/uploads\/2025\/05\/logo-valle-salado.webp","width":600,"height":143,"caption":"Valle Salado de A\u00f1ana"},"image":{"@id":"https:\/\/www.vallesalado.com\/fr\/#\/schema\/logo\/image\/"},"sameAs":["https:\/\/www.facebook.com\/ValleSaladodeAnana","https:\/\/x.com\/vallesalado","https:\/\/www.instagram.com\/vallesalado\/"]}]}},"_links":{"self":[{"href":"https:\/\/www.vallesalado.com\/fr\/wp-json\/wp\/v2\/pages\/7183","targetHints":{"allow":["GET"]}}],"collection":[{"href":"https:\/\/www.vallesalado.com\/fr\/wp-json\/wp\/v2\/pages"}],"about":[{"href":"https:\/\/www.vallesalado.com\/fr\/wp-json\/wp\/v2\/types\/page"}],"author":[{"embeddable":true,"href":"https:\/\/www.vallesalado.com\/fr\/wp-json\/wp\/v2\/users\/1"}],"replies":[{"embeddable":true,"href":"https:\/\/www.vallesalado.com\/fr\/wp-json\/wp\/v2\/comments?post=7183"}],"version-history":[{"count":1,"href":"https:\/\/www.vallesalado.com\/fr\/wp-json\/wp\/v2\/pages\/7183\/revisions"}],"predecessor-version":[{"id":7184,"href":"https:\/\/www.vallesalado.com\/fr\/wp-json\/wp\/v2\/pages\/7183\/revisions\/7184"}],"up":[{"embeddable":true,"href":"https:\/\/www.vallesalado.com\/fr\/wp-json\/wp\/v2\/pages\/7172"}],"wp:featuredmedia":[{"embeddable":true,"href":"https:\/\/www.vallesalado.com\/fr\/wp-json\/wp\/v2\/media\/4148"}],"wp:attachment":[{"href":"https:\/\/www.vallesalado.com\/fr\/wp-json\/wp\/v2\/media?parent=7183"}],"curies":[{"name":"wp","href":"https:\/\/api.w.org\/{rel}","templated":true}]}}