{"id":7191,"date":"2024-12-03T17:27:51","date_gmt":"2024-12-03T16:27:51","guid":{"rendered":"https:\/\/vallesalado.com\/decouvrez-la-vallee-salee\/programme-de-financement\/patrons\/"},"modified":"2025-05-18T17:54:25","modified_gmt":"2025-05-18T15:54:25","slug":"patrons","status":"publish","type":"page","link":"https:\/\/www.vallesalado.com\/fr\/decouvrez-la-vallee-salee\/programme-de-financement\/patrons\/","title":{"rendered":"Patrons"},"content":{"rendered":"\t\t<div data-elementor-type=\"wp-page\" data-elementor-id=\"7191\" class=\"elementor elementor-7191 elementor-254\" data-elementor-post-type=\"page\">\n\t\t\t\t\t\t<section class=\"elementor-section elementor-top-section elementor-element elementor-element-97c867f elementor-section-boxed elementor-section-height-default elementor-section-height-default\" data-id=\"97c867f\" data-element_type=\"section\" data-settings=\"{&quot;background_background&quot;:&quot;classic&quot;}\">\n\t\t\t\t\t\t<div class=\"elementor-container elementor-column-gap-default\">\n\t\t\t\t\t<div class=\"elementor-column elementor-col-100 elementor-top-column elementor-element elementor-element-4872f01\" data-id=\"4872f01\" data-element_type=\"column\">\n\t\t\t<div class=\"elementor-widget-wrap elementor-element-populated\">\n\t\t\t\t\t\t<div class=\"elementor-element elementor-element-1e3d7f8 elementor-widget elementor-widget-heading\" data-id=\"1e3d7f8\" data-element_type=\"widget\" data-widget_type=\"heading.default\">\n\t\t\t\t<div class=\"elementor-widget-container\">\n\t\t\t\t\t<h1 class=\"elementor-heading-title elementor-size-default\">Patrons<\/h1>\t\t\t\t<\/div>\n\t\t\t\t<\/div>\n\t\t\t\t<div class=\"elementor-element elementor-element-61d05a6 elementor-align-center elementor-widget elementor-widget-breadcrumbs\" data-id=\"61d05a6\" data-element_type=\"widget\" data-widget_type=\"breadcrumbs.default\">\n\t\t\t\t<div class=\"elementor-widget-container\">\n\t\t\t\t\t<p id=\"breadcrumbs\"><span><span><a href=\"https:\/\/www.vallesalado.com\/fr\/\">Valle Salado<\/a><\/span><\/span><\/p>\t\t\t\t<\/div>\n\t\t\t\t<\/div>\n\t\t\t\t\t<\/div>\n\t\t<\/div>\n\t\t\t\t\t<\/div>\n\t\t<\/section>\n\t\t\t\t<section class=\"elementor-section elementor-top-section elementor-element elementor-element-55719ee elementor-section-boxed elementor-section-height-default elementor-section-height-default\" data-id=\"55719ee\" data-element_type=\"section\">\n\t\t\t\t\t\t<div class=\"elementor-container elementor-column-gap-wider\">\n\t\t\t\t\t<div class=\"elementor-column elementor-col-100 elementor-top-column elementor-element elementor-element-a124162\" data-id=\"a124162\" data-element_type=\"column\">\n\t\t\t<div class=\"elementor-widget-wrap elementor-element-populated\">\n\t\t\t\t\t\t<div class=\"elementor-element elementor-element-d79de24 elementor-widget elementor-widget-text-editor\" data-id=\"d79de24\" data-element_type=\"widget\" data-widget_type=\"text-editor.default\">\n\t\t\t\t<div class=\"elementor-widget-container\">\n\t\t\t\t\t\t\t\t\t<p>Le patronage de la Fondation de la Vall\u00e9e Sal\u00e9e d\u2019A\u00f1ana est actuellement compos\u00e9 de quatre donneurs d\u2019ordre: la Diputation Foral de \u00c1lava, le gouvernement basque, le conseil municipal d\u2019A\u00f1ana, et la soci\u00e9t\u00e9 des paludiers Gatzagak.<\/p><p>La Diputation Foral d\u2019 \u00c1lava est l&rsquo;institution qui a promu le projet depuis sa naissance et qui a port\u00e9 une grande partie du poids \u00e9conomique et de la responsabilit\u00e9 dans le travail effectu\u00e9 jusqu&rsquo;\u00e0 la cr\u00e9ation de la Fondation en 2009.<\/p><p>Le gouvernement basque, principalement depuis 2013, fait partie du patronage de la Fondation, et ce \u00e0 travers ses d\u00e9partements de l&rsquo;environnement et de la culture. Aussi son aide \u00e9conomique et institutionnel est \u00e9galement pr\u00e9sent depuis le commencement des travaux de r\u00e9cup\u00e9ration. <\/p><p>Les deux autres patrons, le conseil municipal d&rsquo;A\u00f1ana et la soci\u00e9t\u00e9 des paludiers Gatzagak, contribuent indirectement au financement, mais surtout, ils collaborent \u00e0 toutes les activit\u00e9s men\u00e9es par la Fondation. <\/p><p>La structure du conseil et ses partenaires strat\u00e9giques garantissent la participation et le soutien financier des administrations publiques au projet, ainsi qu&rsquo;un soutien social complet.<\/p>\t\t\t\t\t\t\t\t<\/div>\n\t\t\t\t<\/div>\n\t\t\t\t\t<\/div>\n\t\t<\/div>\n\t\t\t\t\t<\/div>\n\t\t<\/section>\n\t\t\t\t<section class=\"elementor-section elementor-top-section elementor-element elementor-element-2dbc154 elementor-section-boxed elementor-section-height-default elementor-section-height-default\" data-id=\"2dbc154\" data-element_type=\"section\">\n\t\t\t\t\t\t<div class=\"elementor-container elementor-column-gap-default\">\n\t\t\t\t\t<div class=\"elementor-column elementor-col-25 elementor-top-column elementor-element elementor-element-70a743a\" data-id=\"70a743a\" data-element_type=\"column\">\n\t\t\t<div class=\"elementor-widget-wrap elementor-element-populated\">\n\t\t\t\t\t\t<div class=\"elementor-element elementor-element-8b9b43f elementor-widget elementor-widget-image\" data-id=\"8b9b43f\" data-element_type=\"widget\" data-widget_type=\"image.default\">\n\t\t\t\t<div class=\"elementor-widget-container\">\n\t\t\t\t\t\t\t\t\t\t\t\t\t\t\t\t<a href=\"http:\/\/www.alava.net\/\" target=\"_blank\">\n\t\t\t\t\t\t\t<img fetchpriority=\"high\" decoding=\"async\" width=\"800\" height=\"450\" src=\"https:\/\/www.vallesalado.com\/wp-content\/uploads\/2025\/01\/patrocinador-logo-diputacion-alava.webp\" class=\"attachment-full size-full wp-image-4727\" alt=\"\" srcset=\"https:\/\/www.vallesalado.com\/wp-content\/uploads\/2025\/01\/patrocinador-logo-diputacion-alava.webp 800w, https:\/\/www.vallesalado.com\/wp-content\/uploads\/2025\/01\/patrocinador-logo-diputacion-alava-300x169.webp 300w, https:\/\/www.vallesalado.com\/wp-content\/uploads\/2025\/01\/patrocinador-logo-diputacion-alava-768x432.webp 768w, https:\/\/www.vallesalado.com\/wp-content\/uploads\/2025\/01\/patrocinador-logo-diputacion-alava-600x338.webp 600w\" sizes=\"(max-width: 800px) 100vw, 800px\" \/>\t\t\t\t\t\t\t\t<\/a>\n\t\t\t\t\t\t\t\t\t\t\t\t\t\t\t<\/div>\n\t\t\t\t<\/div>\n\t\t\t\t\t<\/div>\n\t\t<\/div>\n\t\t\t\t<div class=\"elementor-column elementor-col-25 elementor-top-column elementor-element elementor-element-04233ae\" data-id=\"04233ae\" data-element_type=\"column\">\n\t\t\t<div class=\"elementor-widget-wrap elementor-element-populated\">\n\t\t\t\t\t\t<div class=\"elementor-element elementor-element-72b1c4e elementor-widget elementor-widget-image\" data-id=\"72b1c4e\" data-element_type=\"widget\" data-widget_type=\"image.default\">\n\t\t\t\t<div class=\"elementor-widget-container\">\n\t\t\t\t\t\t\t\t\t\t\t\t\t\t\t\t<a href=\"http:\/\/www.ejgv.euskadi.net\/r53-2283\/eu\" target=\"_blank\">\n\t\t\t\t\t\t\t<img decoding=\"async\" width=\"800\" height=\"450\" src=\"https:\/\/www.vallesalado.com\/wp-content\/uploads\/2025\/01\/patrocinador-eusko-jaurlaritza.webp\" class=\"attachment-full size-full wp-image-4730\" alt=\"\" srcset=\"https:\/\/www.vallesalado.com\/wp-content\/uploads\/2025\/01\/patrocinador-eusko-jaurlaritza.webp 800w, https:\/\/www.vallesalado.com\/wp-content\/uploads\/2025\/01\/patrocinador-eusko-jaurlaritza-300x169.webp 300w, https:\/\/www.vallesalado.com\/wp-content\/uploads\/2025\/01\/patrocinador-eusko-jaurlaritza-768x432.webp 768w, https:\/\/www.vallesalado.com\/wp-content\/uploads\/2025\/01\/patrocinador-eusko-jaurlaritza-600x338.webp 600w\" sizes=\"(max-width: 800px) 100vw, 800px\" \/>\t\t\t\t\t\t\t\t<\/a>\n\t\t\t\t\t\t\t\t\t\t\t\t\t\t\t<\/div>\n\t\t\t\t<\/div>\n\t\t\t\t\t<\/div>\n\t\t<\/div>\n\t\t\t\t<div class=\"elementor-column elementor-col-25 elementor-top-column elementor-element elementor-element-40ccc0e\" data-id=\"40ccc0e\" data-element_type=\"column\">\n\t\t\t<div class=\"elementor-widget-wrap elementor-element-populated\">\n\t\t\t\t\t\t<div class=\"elementor-element elementor-element-9bf1db9 elementor-widget elementor-widget-image\" data-id=\"9bf1db9\" data-element_type=\"widget\" data-widget_type=\"image.default\">\n\t\t\t\t<div class=\"elementor-widget-container\">\n\t\t\t\t\t\t\t\t\t\t\t\t\t\t\t\t<a href=\"http:\/\/www.gatzagak.org\/\" target=\"_blank\">\n\t\t\t\t\t\t\t<img decoding=\"async\" width=\"800\" height=\"450\" src=\"https:\/\/www.vallesalado.com\/wp-content\/uploads\/2025\/01\/patrocinador-gatzagak.webp\" class=\"attachment-full size-full wp-image-4733\" alt=\"\" srcset=\"https:\/\/www.vallesalado.com\/wp-content\/uploads\/2025\/01\/patrocinador-gatzagak.webp 800w, https:\/\/www.vallesalado.com\/wp-content\/uploads\/2025\/01\/patrocinador-gatzagak-300x169.webp 300w, https:\/\/www.vallesalado.com\/wp-content\/uploads\/2025\/01\/patrocinador-gatzagak-768x432.webp 768w, https:\/\/www.vallesalado.com\/wp-content\/uploads\/2025\/01\/patrocinador-gatzagak-600x338.webp 600w\" sizes=\"(max-width: 800px) 100vw, 800px\" \/>\t\t\t\t\t\t\t\t<\/a>\n\t\t\t\t\t\t\t\t\t\t\t\t\t\t\t<\/div>\n\t\t\t\t<\/div>\n\t\t\t\t\t<\/div>\n\t\t<\/div>\n\t\t\t\t<div class=\"elementor-column elementor-col-25 elementor-top-column elementor-element elementor-element-b8d9edc\" data-id=\"b8d9edc\" data-element_type=\"column\">\n\t\t\t<div class=\"elementor-widget-wrap elementor-element-populated\">\n\t\t\t\t\t\t<div class=\"elementor-element elementor-element-1b7fe24 elementor-widget elementor-widget-image\" data-id=\"1b7fe24\" data-element_type=\"widget\" data-widget_type=\"image.default\">\n\t\t\t\t<div class=\"elementor-widget-container\">\n\t\t\t\t\t\t\t\t\t\t\t\t\t\t\t\t<a href=\"https:\/\/www.xn--aanagesaltzaudala-fxb.eus\/\" target=\"_blank\">\n\t\t\t\t\t\t\t<img loading=\"lazy\" decoding=\"async\" width=\"800\" height=\"450\" src=\"https:\/\/www.vallesalado.com\/wp-content\/uploads\/2025\/01\/patrocinador-anana-gesaltza.webp\" class=\"attachment-full size-full wp-image-4736\" alt=\"\" srcset=\"https:\/\/www.vallesalado.com\/wp-content\/uploads\/2025\/01\/patrocinador-anana-gesaltza.webp 800w, https:\/\/www.vallesalado.com\/wp-content\/uploads\/2025\/01\/patrocinador-anana-gesaltza-300x169.webp 300w, https:\/\/www.vallesalado.com\/wp-content\/uploads\/2025\/01\/patrocinador-anana-gesaltza-768x432.webp 768w, https:\/\/www.vallesalado.com\/wp-content\/uploads\/2025\/01\/patrocinador-anana-gesaltza-600x338.webp 600w\" sizes=\"(max-width: 800px) 100vw, 800px\" \/>\t\t\t\t\t\t\t\t<\/a>\n\t\t\t\t\t\t\t\t\t\t\t\t\t\t\t<\/div>\n\t\t\t\t<\/div>\n\t\t\t\t\t<\/div>\n\t\t<\/div>\n\t\t\t\t\t<\/div>\n\t\t<\/section>\n\t\t\t\t<\/div>\n\t\t","protected":false},"excerpt":{"rendered":"<p>Le patronage de la Fondation de la Vall\u00e9e Sal\u00e9e d\u2019A\u00f1ana est actuellement compos\u00e9 de quatre donneurs d\u2019ordre: la Diputation Foral de \u00c1lava, le gouvernement basque, le conseil municipal d\u2019A\u00f1ana, et la soci\u00e9t\u00e9 des paludiers Gatzagak. La Diputation Foral d\u2019 \u00c1lava est l&rsquo;institution qui a promu le projet depuis sa naissance et qui a port\u00e9 une [&hellip;]<\/p>\n","protected":false},"author":1,"featured_media":4148,"parent":7059,"menu_order":0,"comment_status":"closed","ping_status":"closed","template":"","meta":{"inline_featured_image":false,"footnotes":"","_links_to":"","_links_to_target":""},"class_list":["post-7191","page","type-page","status-publish","has-post-thumbnail","hentry"],"yoast_head":"<!-- This site is optimized with the Yoast SEO plugin v26.7 - https:\/\/yoast.com\/wordpress\/plugins\/seo\/ -->\n<title>Patrons - Valle Salado de A\u00f1ana<\/title>\n<meta name=\"description\" content=\"Les patrons de la Fundaci\u00f3n Valle Salado de A\u00f1ana assurent un soutien \u00e9conomique et social pour la r\u00e9cup\u00e9ration du patrimoine salinaire.\" \/>\n<meta name=\"robots\" content=\"index, follow, max-snippet:-1, max-image-preview:large, max-video-preview:-1\" \/>\n<link rel=\"canonical\" href=\"https:\/\/www.vallesalado.com\/fr\/decouvrez-la-vallee-salee\/programme-de-financement\/patrons\/\" \/>\n<meta property=\"og:locale\" content=\"fr_FR\" \/>\n<meta property=\"og:type\" content=\"article\" \/>\n<meta property=\"og:title\" content=\"Patrons - Valle Salado de A\u00f1ana\" \/>\n<meta property=\"og:description\" content=\"Les patrons de la Fundaci\u00f3n Valle Salado de A\u00f1ana assurent un soutien \u00e9conomique et social pour la r\u00e9cup\u00e9ration du patrimoine salinaire.\" \/>\n<meta property=\"og:url\" content=\"https:\/\/www.vallesalado.com\/fr\/decouvrez-la-vallee-salee\/programme-de-financement\/patrons\/\" \/>\n<meta property=\"og:site_name\" content=\"Valle Salado de A\u00f1ana\" \/>\n<meta property=\"article:publisher\" content=\"https:\/\/www.facebook.com\/ValleSaladodeAnana\" \/>\n<meta property=\"article:modified_time\" content=\"2025-05-18T15:54:25+00:00\" \/>\n<meta property=\"og:image\" content=\"https:\/\/www.vallesalado.com\/wp-content\/uploads\/2024\/12\/valle-salado-miniatura.webp\" \/>\n\t<meta property=\"og:image:width\" content=\"1200\" \/>\n\t<meta property=\"og:image:height\" content=\"630\" \/>\n\t<meta property=\"og:image:type\" content=\"image\/webp\" \/>\n<meta name=\"twitter:card\" content=\"summary_large_image\" \/>\n<meta name=\"twitter:site\" content=\"@vallesalado\" \/>\n<meta name=\"twitter:label1\" content=\"Dur\u00e9e de lecture estim\u00e9e\" \/>\n\t<meta name=\"twitter:data1\" content=\"1 minute\" \/>\n<script type=\"application\/ld+json\" class=\"yoast-schema-graph\">{\"@context\":\"https:\/\/schema.org\",\"@graph\":[{\"@type\":\"WebPage\",\"@id\":\"https:\/\/www.vallesalado.com\/fr\/decouvrez-la-vallee-salee\/programme-de-financement\/patrons\/\",\"url\":\"https:\/\/www.vallesalado.com\/fr\/decouvrez-la-vallee-salee\/programme-de-financement\/patrons\/\",\"name\":\"Patrons - Valle Salado de A\u00f1ana\",\"isPartOf\":{\"@id\":\"https:\/\/www.vallesalado.com\/fr\/#website\"},\"primaryImageOfPage\":{\"@id\":\"https:\/\/www.vallesalado.com\/fr\/decouvrez-la-vallee-salee\/programme-de-financement\/patrons\/#primaryimage\"},\"image\":{\"@id\":\"https:\/\/www.vallesalado.com\/fr\/decouvrez-la-vallee-salee\/programme-de-financement\/patrons\/#primaryimage\"},\"thumbnailUrl\":\"https:\/\/www.vallesalado.com\/wp-content\/uploads\/2024\/12\/valle-salado-miniatura.webp\",\"datePublished\":\"2024-12-03T16:27:51+00:00\",\"dateModified\":\"2025-05-18T15:54:25+00:00\",\"description\":\"Les patrons de la Fundaci\u00f3n Valle Salado de A\u00f1ana assurent un soutien \u00e9conomique et social pour la r\u00e9cup\u00e9ration du patrimoine salinaire.\",\"breadcrumb\":{\"@id\":\"https:\/\/www.vallesalado.com\/fr\/decouvrez-la-vallee-salee\/programme-de-financement\/patrons\/#breadcrumb\"},\"inLanguage\":\"fr-FR\",\"potentialAction\":[{\"@type\":\"ReadAction\",\"target\":[\"https:\/\/www.vallesalado.com\/fr\/decouvrez-la-vallee-salee\/programme-de-financement\/patrons\/\"]}]},{\"@type\":\"ImageObject\",\"inLanguage\":\"fr-FR\",\"@id\":\"https:\/\/www.vallesalado.com\/fr\/decouvrez-la-vallee-salee\/programme-de-financement\/patrons\/#primaryimage\",\"url\":\"https:\/\/www.vallesalado.com\/wp-content\/uploads\/2024\/12\/valle-salado-miniatura.webp\",\"contentUrl\":\"https:\/\/www.vallesalado.com\/wp-content\/uploads\/2024\/12\/valle-salado-miniatura.webp\",\"width\":1200,\"height\":630},{\"@type\":\"BreadcrumbList\",\"@id\":\"https:\/\/www.vallesalado.com\/fr\/decouvrez-la-vallee-salee\/programme-de-financement\/patrons\/#breadcrumb\",\"itemListElement\":[{\"@type\":\"ListItem\",\"position\":1,\"name\":\"Valle Salado\",\"item\":\"https:\/\/www.vallesalado.com\/fr\/\"},{\"@type\":\"ListItem\",\"position\":2,\"name\":\"D\u00e9couvrez la Vall\u00e9e Sal\u00e9e\",\"item\":\"https:\/\/www.vallesalado.com\/fr\/decouvrez-la-vallee-salee\/\"},{\"@type\":\"ListItem\",\"position\":3,\"name\":\"Programme de financement\",\"item\":\"https:\/\/www.vallesalado.com\/fr\/decouvrez-la-vallee-salee\/programme-de-financement\/\"},{\"@type\":\"ListItem\",\"position\":4,\"name\":\"Patrons\"}]},{\"@type\":\"WebSite\",\"@id\":\"https:\/\/www.vallesalado.com\/fr\/#website\",\"url\":\"https:\/\/www.vallesalado.com\/fr\/\",\"name\":\"Valle Salado de A\u00f1ana\",\"description\":\"Valle Salado de A\u00f1ana\",\"publisher\":{\"@id\":\"https:\/\/www.vallesalado.com\/fr\/#organization\"},\"potentialAction\":[{\"@type\":\"SearchAction\",\"target\":{\"@type\":\"EntryPoint\",\"urlTemplate\":\"https:\/\/www.vallesalado.com\/fr\/?s={search_term_string}\"},\"query-input\":{\"@type\":\"PropertyValueSpecification\",\"valueRequired\":true,\"valueName\":\"search_term_string\"}}],\"inLanguage\":\"fr-FR\"},{\"@type\":\"Organization\",\"@id\":\"https:\/\/www.vallesalado.com\/fr\/#organization\",\"name\":\"Valle Salado de A\u00f1ana\",\"url\":\"https:\/\/www.vallesalado.com\/fr\/\",\"logo\":{\"@type\":\"ImageObject\",\"inLanguage\":\"fr-FR\",\"@id\":\"https:\/\/www.vallesalado.com\/fr\/#\/schema\/logo\/image\/\",\"url\":\"https:\/\/www.vallesalado.com\/wp-content\/uploads\/2025\/05\/logo-valle-salado.webp\",\"contentUrl\":\"https:\/\/www.vallesalado.com\/wp-content\/uploads\/2025\/05\/logo-valle-salado.webp\",\"width\":600,\"height\":143,\"caption\":\"Valle Salado de A\u00f1ana\"},\"image\":{\"@id\":\"https:\/\/www.vallesalado.com\/fr\/#\/schema\/logo\/image\/\"},\"sameAs\":[\"https:\/\/www.facebook.com\/ValleSaladodeAnana\",\"https:\/\/x.com\/vallesalado\",\"https:\/\/www.instagram.com\/vallesalado\/\"]}]}<\/script>\n<!-- \/ Yoast SEO plugin. -->","yoast_head_json":{"title":"Patrons - Valle Salado de A\u00f1ana","description":"Les patrons de la Fundaci\u00f3n Valle Salado de A\u00f1ana assurent un soutien \u00e9conomique et social pour la r\u00e9cup\u00e9ration du patrimoine salinaire.","robots":{"index":"index","follow":"follow","max-snippet":"max-snippet:-1","max-image-preview":"max-image-preview:large","max-video-preview":"max-video-preview:-1"},"canonical":"https:\/\/www.vallesalado.com\/fr\/decouvrez-la-vallee-salee\/programme-de-financement\/patrons\/","og_locale":"fr_FR","og_type":"article","og_title":"Patrons - Valle Salado de A\u00f1ana","og_description":"Les patrons de la Fundaci\u00f3n Valle Salado de A\u00f1ana assurent un soutien \u00e9conomique et social pour la r\u00e9cup\u00e9ration du patrimoine salinaire.","og_url":"https:\/\/www.vallesalado.com\/fr\/decouvrez-la-vallee-salee\/programme-de-financement\/patrons\/","og_site_name":"Valle Salado de A\u00f1ana","article_publisher":"https:\/\/www.facebook.com\/ValleSaladodeAnana","article_modified_time":"2025-05-18T15:54:25+00:00","og_image":[{"width":1200,"height":630,"url":"https:\/\/www.vallesalado.com\/wp-content\/uploads\/2024\/12\/valle-salado-miniatura.webp","type":"image\/webp"}],"twitter_card":"summary_large_image","twitter_site":"@vallesalado","twitter_misc":{"Dur\u00e9e de lecture estim\u00e9e":"1 minute"},"schema":{"@context":"https:\/\/schema.org","@graph":[{"@type":"WebPage","@id":"https:\/\/www.vallesalado.com\/fr\/decouvrez-la-vallee-salee\/programme-de-financement\/patrons\/","url":"https:\/\/www.vallesalado.com\/fr\/decouvrez-la-vallee-salee\/programme-de-financement\/patrons\/","name":"Patrons - Valle Salado de A\u00f1ana","isPartOf":{"@id":"https:\/\/www.vallesalado.com\/fr\/#website"},"primaryImageOfPage":{"@id":"https:\/\/www.vallesalado.com\/fr\/decouvrez-la-vallee-salee\/programme-de-financement\/patrons\/#primaryimage"},"image":{"@id":"https:\/\/www.vallesalado.com\/fr\/decouvrez-la-vallee-salee\/programme-de-financement\/patrons\/#primaryimage"},"thumbnailUrl":"https:\/\/www.vallesalado.com\/wp-content\/uploads\/2024\/12\/valle-salado-miniatura.webp","datePublished":"2024-12-03T16:27:51+00:00","dateModified":"2025-05-18T15:54:25+00:00","description":"Les patrons de la Fundaci\u00f3n Valle Salado de A\u00f1ana assurent un soutien \u00e9conomique et social pour la r\u00e9cup\u00e9ration du patrimoine salinaire.","breadcrumb":{"@id":"https:\/\/www.vallesalado.com\/fr\/decouvrez-la-vallee-salee\/programme-de-financement\/patrons\/#breadcrumb"},"inLanguage":"fr-FR","potentialAction":[{"@type":"ReadAction","target":["https:\/\/www.vallesalado.com\/fr\/decouvrez-la-vallee-salee\/programme-de-financement\/patrons\/"]}]},{"@type":"ImageObject","inLanguage":"fr-FR","@id":"https:\/\/www.vallesalado.com\/fr\/decouvrez-la-vallee-salee\/programme-de-financement\/patrons\/#primaryimage","url":"https:\/\/www.vallesalado.com\/wp-content\/uploads\/2024\/12\/valle-salado-miniatura.webp","contentUrl":"https:\/\/www.vallesalado.com\/wp-content\/uploads\/2024\/12\/valle-salado-miniatura.webp","width":1200,"height":630},{"@type":"BreadcrumbList","@id":"https:\/\/www.vallesalado.com\/fr\/decouvrez-la-vallee-salee\/programme-de-financement\/patrons\/#breadcrumb","itemListElement":[{"@type":"ListItem","position":1,"name":"Valle Salado","item":"https:\/\/www.vallesalado.com\/fr\/"},{"@type":"ListItem","position":2,"name":"D\u00e9couvrez la Vall\u00e9e Sal\u00e9e","item":"https:\/\/www.vallesalado.com\/fr\/decouvrez-la-vallee-salee\/"},{"@type":"ListItem","position":3,"name":"Programme de financement","item":"https:\/\/www.vallesalado.com\/fr\/decouvrez-la-vallee-salee\/programme-de-financement\/"},{"@type":"ListItem","position":4,"name":"Patrons"}]},{"@type":"WebSite","@id":"https:\/\/www.vallesalado.com\/fr\/#website","url":"https:\/\/www.vallesalado.com\/fr\/","name":"Valle Salado de A\u00f1ana","description":"Valle Salado de A\u00f1ana","publisher":{"@id":"https:\/\/www.vallesalado.com\/fr\/#organization"},"potentialAction":[{"@type":"SearchAction","target":{"@type":"EntryPoint","urlTemplate":"https:\/\/www.vallesalado.com\/fr\/?s={search_term_string}"},"query-input":{"@type":"PropertyValueSpecification","valueRequired":true,"valueName":"search_term_string"}}],"inLanguage":"fr-FR"},{"@type":"Organization","@id":"https:\/\/www.vallesalado.com\/fr\/#organization","name":"Valle Salado de A\u00f1ana","url":"https:\/\/www.vallesalado.com\/fr\/","logo":{"@type":"ImageObject","inLanguage":"fr-FR","@id":"https:\/\/www.vallesalado.com\/fr\/#\/schema\/logo\/image\/","url":"https:\/\/www.vallesalado.com\/wp-content\/uploads\/2025\/05\/logo-valle-salado.webp","contentUrl":"https:\/\/www.vallesalado.com\/wp-content\/uploads\/2025\/05\/logo-valle-salado.webp","width":600,"height":143,"caption":"Valle Salado de A\u00f1ana"},"image":{"@id":"https:\/\/www.vallesalado.com\/fr\/#\/schema\/logo\/image\/"},"sameAs":["https:\/\/www.facebook.com\/ValleSaladodeAnana","https:\/\/x.com\/vallesalado","https:\/\/www.instagram.com\/vallesalado\/"]}]}},"_links":{"self":[{"href":"https:\/\/www.vallesalado.com\/fr\/wp-json\/wp\/v2\/pages\/7191","targetHints":{"allow":["GET"]}}],"collection":[{"href":"https:\/\/www.vallesalado.com\/fr\/wp-json\/wp\/v2\/pages"}],"about":[{"href":"https:\/\/www.vallesalado.com\/fr\/wp-json\/wp\/v2\/types\/page"}],"author":[{"embeddable":true,"href":"https:\/\/www.vallesalado.com\/fr\/wp-json\/wp\/v2\/users\/1"}],"replies":[{"embeddable":true,"href":"https:\/\/www.vallesalado.com\/fr\/wp-json\/wp\/v2\/comments?post=7191"}],"version-history":[{"count":2,"href":"https:\/\/www.vallesalado.com\/fr\/wp-json\/wp\/v2\/pages\/7191\/revisions"}],"predecessor-version":[{"id":7193,"href":"https:\/\/www.vallesalado.com\/fr\/wp-json\/wp\/v2\/pages\/7191\/revisions\/7193"}],"up":[{"embeddable":true,"href":"https:\/\/www.vallesalado.com\/fr\/wp-json\/wp\/v2\/pages\/7059"}],"wp:featuredmedia":[{"embeddable":true,"href":"https:\/\/www.vallesalado.com\/fr\/wp-json\/wp\/v2\/media\/4148"}],"wp:attachment":[{"href":"https:\/\/www.vallesalado.com\/fr\/wp-json\/wp\/v2\/media?parent=7191"}],"curies":[{"name":"wp","href":"https:\/\/api.w.org\/{rel}","templated":true}]}}