{"id":7271,"date":"2024-12-03T17:49:32","date_gmt":"2024-12-03T16:49:32","guid":{"rendered":"https:\/\/vallesalado.com\/avis-juridique\/"},"modified":"2025-05-19T17:35:46","modified_gmt":"2025-05-19T15:35:46","slug":"avis-juridique","status":"publish","type":"page","link":"https:\/\/www.vallesalado.com\/fr\/avis-juridique\/","title":{"rendered":"Avis juridique"},"content":{"rendered":"\t\t<div data-elementor-type=\"wp-page\" data-elementor-id=\"7271\" class=\"elementor elementor-7271 elementor-326\" data-elementor-post-type=\"page\">\n\t\t\t\t\t\t<section class=\"elementor-section elementor-top-section elementor-element elementor-element-257de56 elementor-section-boxed elementor-section-height-default elementor-section-height-default\" data-id=\"257de56\" data-element_type=\"section\" data-settings=\"{&quot;background_background&quot;:&quot;classic&quot;}\">\n\t\t\t\t\t\t<div class=\"elementor-container elementor-column-gap-default\">\n\t\t\t\t\t<div class=\"elementor-column elementor-col-100 elementor-top-column elementor-element elementor-element-e09f7f2\" data-id=\"e09f7f2\" data-element_type=\"column\">\n\t\t\t<div class=\"elementor-widget-wrap elementor-element-populated\">\n\t\t\t\t\t\t<div class=\"elementor-element elementor-element-75f7736 elementor-widget elementor-widget-heading\" data-id=\"75f7736\" data-element_type=\"widget\" data-widget_type=\"heading.default\">\n\t\t\t\t<div class=\"elementor-widget-container\">\n\t\t\t\t\t<h1 class=\"elementor-heading-title elementor-size-default\">Avis juridique<\/h1>\t\t\t\t<\/div>\n\t\t\t\t<\/div>\n\t\t\t\t<div class=\"elementor-element elementor-element-a62f006 elementor-align-center elementor-widget elementor-widget-breadcrumbs\" data-id=\"a62f006\" data-element_type=\"widget\" data-widget_type=\"breadcrumbs.default\">\n\t\t\t\t<div class=\"elementor-widget-container\">\n\t\t\t\t\t<p id=\"breadcrumbs\"><span><span><a href=\"https:\/\/www.vallesalado.com\/fr\/\">Valle Salado<\/a><\/span><\/span><\/p>\t\t\t\t<\/div>\n\t\t\t\t<\/div>\n\t\t\t\t\t<\/div>\n\t\t<\/div>\n\t\t\t\t\t<\/div>\n\t\t<\/section>\n\t\t\t\t<section class=\"elementor-section elementor-top-section elementor-element elementor-element-bf25435 elementor-section-boxed elementor-section-height-default elementor-section-height-default\" data-id=\"bf25435\" data-element_type=\"section\">\n\t\t\t\t\t\t<div class=\"elementor-container elementor-column-gap-default\">\n\t\t\t\t\t<div class=\"elementor-column elementor-col-100 elementor-top-column elementor-element elementor-element-87ae324\" data-id=\"87ae324\" data-element_type=\"column\">\n\t\t\t<div class=\"elementor-widget-wrap elementor-element-populated\">\n\t\t\t\t\t\t<div class=\"elementor-element elementor-element-86d4ed7 elementor-widget elementor-widget-text-editor\" data-id=\"86d4ed7\" data-element_type=\"widget\" data-widget_type=\"text-editor.default\">\n\t\t\t\t<div class=\"elementor-widget-container\">\n\t\t\t\t\t\t\t\t\t<p><strong>1.- Information g\u00e9n\u00e9rale.<\/strong><\/p><p>Ce site Web est la propri\u00e9t\u00e9 de FUNDACI\u00d3N VALLE SALADO DE A\u00d1ANA, domicili\u00e9e \u00e0 la place Miguel Diaz de Tuesta, 1 01426 Salinas de A\u00f1ana (\u00c1lava) C.I.F. num\u00e9ro G01458454, inscrite au registre des fondations du Pays basque sous le num\u00e9ro F-235 et le num\u00e9ro de t\u00e9l\u00e9phone 945351413, adresse \u00e9lectronique <a href=\"mailto:fundacion@vallesalado.eus\">fundacion@vallesalado.eus<\/a> Au cas d\u2019enregistrement contrat en ligne, tout consommateur ou utilisateur peut d\u00e9poser une r\u00e9clamation et r\u00e9clamations ou demandes d&rsquo;informations sur les biens ou services offerts ou contract\u00e9s par les m\u00e9dias susmentionn\u00e9s.<\/p><p>En utilisant ce site Web, ainsi que tous les sous-domaines, microsites et \/ ou sous-sections qu&rsquo;il contient, il est entendu que vous avez lu, compris et accept\u00e9, sans limitation ni r\u00e9serve, les conditions d&rsquo;utilisation incluses dans le pr\u00e9sent avis juridique ainsi que la politique. de confidentialit\u00e9 qui est \u00e0 votre disposition sur ce m\u00eame site Web et dont nous vous recommandons express\u00e9ment la lecture, ce qui constitue une utilisation du m\u00eame consentement expr\u00e8s et sans r\u00e9serve de la notification l\u00e9gale et de la politique de confidentialit\u00e9 de la version publi\u00e9e au moment de l&rsquo;acc\u00e8s, sans pr\u00e9judice des conditions d&rsquo;utilisation sp\u00e9cifiques pouvant \u00eatre appliqu\u00e9es \u00e0 certains services sp\u00e9cifiques du site Web, dont l&rsquo;acceptation pr\u00e9alable sera une condition indispensable pour acc\u00e9der \u00e0 ces services.<\/p><p>Si vous n&rsquo;\u00eates pas satisfait des termes de cet avis juridique, veuillez ne pas utiliser le site Web, car son utilisation impliquera l&rsquo;acceptation des conditions l\u00e9gales figurant \u00e0 la fois dans l&rsquo;avis juridique et dans la politique de confidentialit\u00e9.<\/p><p>La FONDATION VALLE SALADO DE A\u00d1ANA se r\u00e9serve le droit de modifier, \u00e0 tout moment et sans pr\u00e9avis, les termes et conditions figurant sur ce site web, d&rsquo;en \u00e9largir le contenu, les informations, il est donc conseill\u00e9 de consulter avec une p\u00e9riodicit\u00e9 raisonnable pour detecter d\u2019eventuels changements de ces termes ou conditions.<\/p><p>L&rsquo;activit\u00e9 n&rsquo;est soumise \u00e0 aucun r\u00e9gime d&rsquo;autorisation administrative pr\u00e9alable, ni \u00e0 des codes de conduite, elle est cependant soumise \u00e0 la bonne, \u00e0 la coutume et au code civil. Le propri\u00e9taire ne fournit pas d&rsquo;interm\u00e9diation ou de services d&rsquo;h\u00e9bergement. <\/p><p><strong>2.- Communications commerciales et contenus publicitaires.<\/strong><\/p><p>LA FONDATION VALLE SALADO DE A\u00d1ANA informe les utilisateurs que, conform\u00e9ment \u00e0 la loi n \u00b0 34\/2002 du 11 juillet sur les services de la soci\u00e9t\u00e9 de l&rsquo;information et du commerce \u00e9lectronique, elle proc\u00e9dera \u00e0 l&rsquo;envoi par e-mail d&rsquo;informations sur les services et activit\u00e9s de la Fondation. Si vous ne souhaitez pas recevoir de inforamtions \u00e9lectroniques sur nos services et activit\u00e9s, veuillez nous envoyer un courrier \u00e9lectronique \u00e0 <a href=\"mailto:fundacion@vallesalado.eus\">fundacion@vallesalado.eus<\/a>. <\/p><p>Publicit\u00e9: le site Web peut h\u00e9berger des contenus publicitaires ou \u00eatre sponsoris\u00e9. Les annonceurs et les sponsors sont les seuls responsables de la conformit\u00e9 du mat\u00e9riel soumis \u00e0 l&rsquo;inclusion sur le site Web avec la l\u00e9gislation et les consentements pouvant s&rsquo;appliquer dans chaque cas. Le propri\u00e9taire du Web ne pourra \u00eatre tenu responsable d&rsquo;aucune erreur, inexactitude ou irr\u00e9gularit\u00e9 susceptible de contenir le contenu de la publicit\u00e9 ou les sponsors. Ni seront responsables des dommages \u00e0 la sensibilit\u00e9 que le mat\u00e9riel publicitaire ou autre mat\u00e9riel peut causer aux utilisateurs ou aux visiteurs du Web.   <\/p><p><strong>3.- Droits de propri\u00e9t\u00e9 intellectuelle et \/ ou industrielle<\/strong><\/p><p>Le propri\u00e9taire du contenu et des \u00e9l\u00e9ments qui composent ce site Web est la FUNDACI\u00d3N VALLE SALADO DE A\u00d1ANA, appartenant \u00e0 la propri\u00e9t\u00e9 intellectuelle et industrielle de celui-ci, et notamment pour tout ce qui est codes sources, textes, images, graphismes, logos, programmes d&rsquo;ordinateur, animations, bases de donn\u00e9es, marques commerciales, nom commercial ou signe distinctif, sons et autres \u00e9l\u00e9ments graphiques ou sonores des pages du site Web. Cette liste ne constitue pas une liste ferm\u00e9e, mais un exemple. Ces \u00e9l\u00e9ments sont d\u00fbment prot\u00e9g\u00e9s conform\u00e9ment aux r\u00e9glementations espagnoles et internationales relatif \u00e0 la propri\u00e9t\u00e9 intellectuelle et industrielle. <\/p><p>L&rsquo;utilisateur s&rsquo;engage \u00e0 utiliser le contenu de mani\u00e8re diligente et correcte, conform\u00e9ment \u00e0 la loi, \u00e0 la moralit\u00e9 et \u00e0 l&rsquo;ordre public. La FONDATION VALLE SALADO DE A\u00d1ANA autorise l&rsquo;utilisateur \u00e0 consulter les informations contenues sur ce site Internet, ainsi qu&rsquo;\u00e0 en faire des reproductions priv\u00e9es (simple t\u00e9l\u00e9chargement et stockage dans leurs syst\u00e8mes informatiques), \u00e0 condition que les \u00e9l\u00e9ments soient destin\u00e9s \u00e0 un usage personnel uniquement. , ainsi que son utilisation soit exclusivement \u00e0 des fins journalistiques, \u00e0 condition que dans les deux cas, son int\u00e9grit\u00e9 soit respect\u00e9e et qu&rsquo;il soit \u00e9tabli que le site Web propri\u00e9t\u00e9 de FUNDACI\u00d3N VALLE SALADO DE A\u00d1ANA est \u00e0 l&rsquo;origine de la source d\u2019information, \u00e9tant express\u00e9ment interdit tout type d&rsquo;usage biais\u00e9 et contraire \u00e0 sa nature. <\/p><p>Il est interdit, en dehors des objectifs express\u00e9ment \u00e9nonc\u00e9s dans le paragraphe pr\u00e9c\u00e9dent, d\u2019utiliser le contenu du site Web, de le distribuer, de le modifier, de le c\u00e9der \u00e0 des tiers ainsi que la reproduction, la transformation ou la communication publique par tout moyen ou technologie , et pour faire cela il est necessaire d\u2019avoir le consentement pr\u00e9alable et expr\u00e8s de FUNDACI\u00d3N VALLE SALADO DE A\u00d1ANA, et toute action contraire \u00e0 ce texte constitue une violation de la r\u00e9glementation sur les droits de propri\u00e9t\u00e9 industrielle et intellectuelle.<\/p><p>Toutefois, l&rsquo;utilisation de ce site Web est autoris\u00e9e \u00e0 condition que l&rsquo;int\u00e9grit\u00e9 de celle-ci soit respect\u00e9e et que la source originale ait \u00e9t\u00e9 ce site Web appartenant \u00e0 FUNDACI\u00d3N VALLE SALADO DE A\u00d1ANA, il est express\u00e9ment interdit tout usage biais\u00e9 et contraire \u00e0 sa nature.<\/p><p>LA FONDATION VALLE SALADO DE A\u00d1ANA se r\u00e9serve le droit d&rsquo;intenter une action en justice pour la d\u00e9fense de ses droits.<\/p><p><strong>4.- Responsabilit\u00e9.<\/strong><\/p><p><strong>G\u00e9n\u00e9ralit\u00e9s.<\/strong><\/p><p>L\u2019int\u00e9r\u00eat de la FONDATION VALLE SALADO DE A\u00d1ANA est que ce site fonctionne avec une efficacit\u00e9 maximale et qu\u2019il remplisse le but pour lequel il a \u00e9t\u00e9 cr\u00e9\u00e9, mais elle n\u2019est pas responsable des erreurs typographiques, formelles ou num\u00e9riques qu\u2019il pourrait contenir, de l&rsquo;exactitude des informations qu&rsquo;il contient, ou de possibles dysfonctionnements ou anomalies dans son fonctionnement.<\/p><p>FUNDACI\u00d3N VALLE SALADO DE A\u00d1ANA ne garantit pas que le site Web ni le serveur sont exempts de virus et n&rsquo;est pas responsable des dommages caus\u00e9s par l&rsquo;acc\u00e8s au site Web ou l&rsquo;impossibilit\u00e9 d&rsquo;y acc\u00e9der.<\/p><p>L&rsquo;utilisateur accepte d&rsquo;utiliser ce site Web de mani\u00e8re loyale et l\u00e9gitime, conform\u00e9ment aux lois et usages du trafic d\u2019inforamtions, s\u2019engage \u00e9galement \u00e0 ne pas adopter de comportement qui pourrait porter atteinte \u00e0 l&rsquo;image, aux int\u00e9r\u00eats ou aux droits de FUNDACI\u00d3N VALLE SALADO DE A\u00d1ANA ou \u00e0 des tiers, ou qui pourrait endommager, d\u00e9sactiver, surcharger ou emp\u00eacher toute utilisation normale de ce site.<\/p><p>La FONDATION VALLE SALADO DE A\u00d1ANA se r\u00e9serve le droit de modifier les conditions g\u00e9n\u00e9rales figurant sur ce site Web, d&rsquo;en \u00e9largir le contenu, les informations, etc., \u00e0 tout moment et sans pr\u00e9avis. Par cons\u00e9quent, elle conseille de le consulter \u00e0 une fr\u00e9quence raisonnable aux cas ou il y a des changements. Vous devriez lire les nouveaux avis juridiques et conditions d&rsquo;utilisation du site Web qui pourraient \u00eatre incorpor\u00e9s. Sinon, vous devez vous abstenir de l&rsquo;utiliser et d&rsquo;y acc\u00e9der, en d\u00e9clinant toute responsabilit\u00e9 vis-\u00e0-vis de la FONDATION VALLE SALADO DE A\u00d1ANA qui se r\u00e9serve le droit de suspendre et de r\u00e9silier l&rsquo;acc\u00e8s au contenu du site Web ainsi qu&rsquo;aux services fournis \u00e0 partir de celui-ci.  <\/p><p><strong>Liens et hyperliens.<\/strong><\/p><p>Les sites Web appartenant \u00e0 la FONDATION VALLE SALADO DE A\u00d1ANA peuvent faciliter le lien ou l&rsquo;acc\u00e8s \u00e0 d&rsquo;autres ressources ou sites Web de tiers, que nous consid\u00e9rons comme pouvant \u00eatre d&rsquo;int\u00e9r\u00eat ou n\u00e9cessaires \u00e0 la fourniture de certains services de nos sites Web, mais en aucun cas, lesdits sites Web ne sont contr\u00f4l\u00e9s par nous.<\/p><p>Ces liens peuvent avoir pour objet de faciliter la recherche de ressources susceptibles de vous int\u00e9resser par le biais d\u2019Internet ou la gestion de certains services de sites Web appartenant \u00e0 la FONDATION VALLE SALADO DE A\u00d1ANA, comme le traitement, le paiement et la facturation de votre inscription \u00e0 des \u00e9v\u00e9nements , ou des activit\u00e9s promues ou g\u00e9r\u00e9es par FUNDACI\u00d3N VALLE SALADO DE A\u00d1ANA ou des entit\u00e9s collaboratrices.<\/p><p>Cependant, ces pages n&rsquo;appartiennent pas \u00e0 FUNDACI\u00d3N VALLE SALADO DE A\u00d1ANA et n&rsquo;en r\u00e9visent pas le contenu. Par cons\u00e9quent, elle ne peut en \u00eatre tenueresponsables, ni de ses services rendus, si elles apparaissent et \/ ou sont disponibles sur ces sites, le fonctionnement de la page li\u00e9e, l&rsquo;utilisation et le traitement des donn\u00e9es qu&rsquo;ils peuvent constituer, les infractions \u00e9ventuelles qu&rsquo;ils pourraient \u00e9ventuellement commettre ou les \u00e9ventuels dommages pouvant d\u00e9couler de leur acc\u00e8s ou de leur utilisation , n&rsquo;impliquent pas l&rsquo;existence d&rsquo;un lien quelconque entre la FONDATION VALLE SALADO DE A\u00d1ANA et les personnes ou entit\u00e9s titulaires de ce contenu ou les sites o\u00f9 ils se trouvent.<\/p><p>Par cons\u00e9quent, FUNDACI\u00d3N VALLE SALADO DE A\u00d1ANA n&rsquo;assume aucune forme de responsabilit\u00e9 en ce qui concerne les sites li\u00e9s, elle n&rsquo;est ni responsable de son fonctionnement, ni du contenu et des services qui y sont h\u00e9berg\u00e9s, ni des liens \u00e9ventuels contenus dans ces sites.<\/p><p>Nous vous recommandons vivement de lire les mentions l\u00e9gales correspondantes, et en particulier les politiques de confidentialit\u00e9 de ces pages avant d\u2019y introduire vos donn\u00e9es personnelles. Et en cas de doute, nous vous recommandons de contacter ces sites directement pour obtenir plus d&rsquo;informations sur leurs politiques de confidentialit\u00e9.<\/p><p>Si l&rsquo;utilisateur a eu connaissance d&rsquo;une ill\u00e9galit\u00e9 ou d&rsquo;une insuffisance du contenu, des services ou de toutes autres activit\u00e9s d\u00e9velopp\u00e9es via un site li\u00e9, il doit imm\u00e9diatement informer FUNDACI\u00d3N VALLE SALADO DE A\u00d1ANA afin que ce dernier puisse, le cas \u00e9ch\u00e9ant, adopter les mesures qu&rsquo;il jugera n\u00e9cessaires en temps utile.<\/p><p>Il est express\u00e9ment interdit \u00e0 la fois de pr\u00e9senter une page du site http:\/\/vallesalado.com dans une autre page n&rsquo;appartenant pas \u00e0 FUNDACI\u00d3N VALLE SALADO DE A\u00d1ANA (par la technique dite du \u00ab\u00a0framing\u00a0\u00bb ou toute autre action ayant un effet identique ou similaire), telle que insertion de tout type de contenu diffus\u00e9 par http:\/\/vallesalado.com sur un autre site que celui-ci par le biais d&rsquo;une technique appel\u00e9e \u00ab\u00a0liens en ligne\u00a0\u00bb, ou de tout autre nature ayant des effets identiques ou similaires, sans l&rsquo;autorisation expresse de FUNDACI\u00d3N VALLE SALADO D&rsquo;A\u00d1ANA.<\/p><p>Lors de l&rsquo;utilisation de ce site, nous consid\u00e9rons que l&rsquo;utilisateur a lu attentivement ce document, qu&rsquo;il a compris et suivi ses conseils. Au cas o\u00f9 l&rsquo;utilisateur ne souscrit pas \u00e0 cette politique de protection des donn\u00e9es ou aux conseils qui en d\u00e9coulent, veuillez ne pas utiliser notre site Web. <\/p><p><strong>6. Comp\u00e9tence et comp\u00e9tence.-<\/strong><\/p><p>En cas de conflit ou de litige concernant l&rsquo;interpr\u00e9tation de ces conditions, ainsi que de tout autre extr\u00eame lien aux services de ce site Web, la juridiction et la r\u00e9glementation applicables seront de l\u2019espagne, tandis que les tribunaux comp\u00e9tents seront ceux de Vitoria-Gasteiz.<\/p>\t\t\t\t\t\t\t\t<\/div>\n\t\t\t\t<\/div>\n\t\t\t\t\t<\/div>\n\t\t<\/div>\n\t\t\t\t\t<\/div>\n\t\t<\/section>\n\t\t\t\t<\/div>\n\t\t","protected":false},"excerpt":{"rendered":"<p>1.- Information g\u00e9n\u00e9rale. Ce site Web est la propri\u00e9t\u00e9 de FUNDACI\u00d3N VALLE SALADO DE A\u00d1ANA, domicili\u00e9e \u00e0 la place Miguel Diaz de Tuesta, 1 01426 Salinas de A\u00f1ana (\u00c1lava) C.I.F. num\u00e9ro G01458454, inscrite au registre des fondations du Pays basque sous le num\u00e9ro F-235 et le num\u00e9ro de t\u00e9l\u00e9phone 945351413, adresse \u00e9lectronique fundacion@vallesalado.eus Au cas [&hellip;]<\/p>\n","protected":false},"author":1,"featured_media":4148,"parent":0,"menu_order":0,"comment_status":"closed","ping_status":"closed","template":"","meta":{"inline_featured_image":false,"footnotes":"","_links_to":"","_links_to_target":""},"class_list":["post-7271","page","type-page","status-publish","has-post-thumbnail","hentry"],"yoast_head":"<!-- This site is optimized with the Yoast SEO plugin v26.7 - https:\/\/yoast.com\/wordpress\/plugins\/seo\/ -->\n<title>Avis juridique - Valle Salado de A\u00f1ana<\/title>\n<meta name=\"description\" content=\"Avis juridique de la Fundaci\u00f3n Valle Salado de A\u00f1ana sur l&#039;utilisation du site Web, les droits de propri\u00e9t\u00e9 intellectuelle et la responsabilit\u00e9.\" \/>\n<meta name=\"robots\" content=\"index, follow, max-snippet:-1, max-image-preview:large, max-video-preview:-1\" \/>\n<link rel=\"canonical\" href=\"https:\/\/www.vallesalado.com\/fr\/avis-juridique\/\" \/>\n<meta property=\"og:locale\" content=\"fr_FR\" \/>\n<meta property=\"og:type\" content=\"article\" \/>\n<meta property=\"og:title\" content=\"Avis juridique - Valle Salado de A\u00f1ana\" \/>\n<meta property=\"og:description\" content=\"Avis juridique de la Fundaci\u00f3n Valle Salado de A\u00f1ana sur l&#039;utilisation du site Web, les droits de propri\u00e9t\u00e9 intellectuelle et la responsabilit\u00e9.\" \/>\n<meta property=\"og:url\" content=\"https:\/\/www.vallesalado.com\/fr\/avis-juridique\/\" \/>\n<meta property=\"og:site_name\" content=\"Valle Salado de A\u00f1ana\" \/>\n<meta property=\"article:publisher\" content=\"https:\/\/www.facebook.com\/ValleSaladodeAnana\" \/>\n<meta property=\"article:modified_time\" content=\"2025-05-19T15:35:46+00:00\" \/>\n<meta property=\"og:image\" content=\"https:\/\/www.vallesalado.com\/wp-content\/uploads\/2024\/12\/valle-salado-miniatura.webp\" \/>\n\t<meta property=\"og:image:width\" content=\"1200\" \/>\n\t<meta property=\"og:image:height\" content=\"630\" \/>\n\t<meta property=\"og:image:type\" content=\"image\/webp\" \/>\n<meta name=\"twitter:card\" content=\"summary_large_image\" \/>\n<meta name=\"twitter:site\" content=\"@vallesalado\" \/>\n<meta name=\"twitter:label1\" content=\"Dur\u00e9e de lecture estim\u00e9e\" \/>\n\t<meta name=\"twitter:data1\" content=\"9 minutes\" \/>\n<script type=\"application\/ld+json\" class=\"yoast-schema-graph\">{\"@context\":\"https:\/\/schema.org\",\"@graph\":[{\"@type\":\"WebPage\",\"@id\":\"https:\/\/www.vallesalado.com\/fr\/avis-juridique\/\",\"url\":\"https:\/\/www.vallesalado.com\/fr\/avis-juridique\/\",\"name\":\"Avis juridique - Valle Salado de A\u00f1ana\",\"isPartOf\":{\"@id\":\"https:\/\/www.vallesalado.com\/fr\/#website\"},\"primaryImageOfPage\":{\"@id\":\"https:\/\/www.vallesalado.com\/fr\/avis-juridique\/#primaryimage\"},\"image\":{\"@id\":\"https:\/\/www.vallesalado.com\/fr\/avis-juridique\/#primaryimage\"},\"thumbnailUrl\":\"https:\/\/www.vallesalado.com\/wp-content\/uploads\/2024\/12\/valle-salado-miniatura.webp\",\"datePublished\":\"2024-12-03T16:49:32+00:00\",\"dateModified\":\"2025-05-19T15:35:46+00:00\",\"description\":\"Avis juridique de la Fundaci\u00f3n Valle Salado de A\u00f1ana sur l'utilisation du site Web, les droits de propri\u00e9t\u00e9 intellectuelle et la responsabilit\u00e9.\",\"breadcrumb\":{\"@id\":\"https:\/\/www.vallesalado.com\/fr\/avis-juridique\/#breadcrumb\"},\"inLanguage\":\"fr-FR\",\"potentialAction\":[{\"@type\":\"ReadAction\",\"target\":[\"https:\/\/www.vallesalado.com\/fr\/avis-juridique\/\"]}]},{\"@type\":\"ImageObject\",\"inLanguage\":\"fr-FR\",\"@id\":\"https:\/\/www.vallesalado.com\/fr\/avis-juridique\/#primaryimage\",\"url\":\"https:\/\/www.vallesalado.com\/wp-content\/uploads\/2024\/12\/valle-salado-miniatura.webp\",\"contentUrl\":\"https:\/\/www.vallesalado.com\/wp-content\/uploads\/2024\/12\/valle-salado-miniatura.webp\",\"width\":1200,\"height\":630},{\"@type\":\"BreadcrumbList\",\"@id\":\"https:\/\/www.vallesalado.com\/fr\/avis-juridique\/#breadcrumb\",\"itemListElement\":[{\"@type\":\"ListItem\",\"position\":1,\"name\":\"Valle Salado\",\"item\":\"https:\/\/www.vallesalado.com\/fr\/\"},{\"@type\":\"ListItem\",\"position\":2,\"name\":\"Avis juridique\"}]},{\"@type\":\"WebSite\",\"@id\":\"https:\/\/www.vallesalado.com\/fr\/#website\",\"url\":\"https:\/\/www.vallesalado.com\/fr\/\",\"name\":\"Valle Salado de A\u00f1ana\",\"description\":\"Valle Salado de A\u00f1ana\",\"publisher\":{\"@id\":\"https:\/\/www.vallesalado.com\/fr\/#organization\"},\"potentialAction\":[{\"@type\":\"SearchAction\",\"target\":{\"@type\":\"EntryPoint\",\"urlTemplate\":\"https:\/\/www.vallesalado.com\/fr\/?s={search_term_string}\"},\"query-input\":{\"@type\":\"PropertyValueSpecification\",\"valueRequired\":true,\"valueName\":\"search_term_string\"}}],\"inLanguage\":\"fr-FR\"},{\"@type\":\"Organization\",\"@id\":\"https:\/\/www.vallesalado.com\/fr\/#organization\",\"name\":\"Valle Salado de A\u00f1ana\",\"url\":\"https:\/\/www.vallesalado.com\/fr\/\",\"logo\":{\"@type\":\"ImageObject\",\"inLanguage\":\"fr-FR\",\"@id\":\"https:\/\/www.vallesalado.com\/fr\/#\/schema\/logo\/image\/\",\"url\":\"https:\/\/www.vallesalado.com\/wp-content\/uploads\/2025\/05\/logo-valle-salado.webp\",\"contentUrl\":\"https:\/\/www.vallesalado.com\/wp-content\/uploads\/2025\/05\/logo-valle-salado.webp\",\"width\":600,\"height\":143,\"caption\":\"Valle Salado de A\u00f1ana\"},\"image\":{\"@id\":\"https:\/\/www.vallesalado.com\/fr\/#\/schema\/logo\/image\/\"},\"sameAs\":[\"https:\/\/www.facebook.com\/ValleSaladodeAnana\",\"https:\/\/x.com\/vallesalado\",\"https:\/\/www.instagram.com\/vallesalado\/\"]}]}<\/script>\n<!-- \/ Yoast SEO plugin. -->","yoast_head_json":{"title":"Avis juridique - Valle Salado de A\u00f1ana","description":"Avis juridique de la Fundaci\u00f3n Valle Salado de A\u00f1ana sur l'utilisation du site Web, les droits de propri\u00e9t\u00e9 intellectuelle et la responsabilit\u00e9.","robots":{"index":"index","follow":"follow","max-snippet":"max-snippet:-1","max-image-preview":"max-image-preview:large","max-video-preview":"max-video-preview:-1"},"canonical":"https:\/\/www.vallesalado.com\/fr\/avis-juridique\/","og_locale":"fr_FR","og_type":"article","og_title":"Avis juridique - Valle Salado de A\u00f1ana","og_description":"Avis juridique de la Fundaci\u00f3n Valle Salado de A\u00f1ana sur l'utilisation du site Web, les droits de propri\u00e9t\u00e9 intellectuelle et la responsabilit\u00e9.","og_url":"https:\/\/www.vallesalado.com\/fr\/avis-juridique\/","og_site_name":"Valle Salado de A\u00f1ana","article_publisher":"https:\/\/www.facebook.com\/ValleSaladodeAnana","article_modified_time":"2025-05-19T15:35:46+00:00","og_image":[{"width":1200,"height":630,"url":"https:\/\/www.vallesalado.com\/wp-content\/uploads\/2024\/12\/valle-salado-miniatura.webp","type":"image\/webp"}],"twitter_card":"summary_large_image","twitter_site":"@vallesalado","twitter_misc":{"Dur\u00e9e de lecture estim\u00e9e":"9 minutes"},"schema":{"@context":"https:\/\/schema.org","@graph":[{"@type":"WebPage","@id":"https:\/\/www.vallesalado.com\/fr\/avis-juridique\/","url":"https:\/\/www.vallesalado.com\/fr\/avis-juridique\/","name":"Avis juridique - Valle Salado de A\u00f1ana","isPartOf":{"@id":"https:\/\/www.vallesalado.com\/fr\/#website"},"primaryImageOfPage":{"@id":"https:\/\/www.vallesalado.com\/fr\/avis-juridique\/#primaryimage"},"image":{"@id":"https:\/\/www.vallesalado.com\/fr\/avis-juridique\/#primaryimage"},"thumbnailUrl":"https:\/\/www.vallesalado.com\/wp-content\/uploads\/2024\/12\/valle-salado-miniatura.webp","datePublished":"2024-12-03T16:49:32+00:00","dateModified":"2025-05-19T15:35:46+00:00","description":"Avis juridique de la Fundaci\u00f3n Valle Salado de A\u00f1ana sur l'utilisation du site Web, les droits de propri\u00e9t\u00e9 intellectuelle et la responsabilit\u00e9.","breadcrumb":{"@id":"https:\/\/www.vallesalado.com\/fr\/avis-juridique\/#breadcrumb"},"inLanguage":"fr-FR","potentialAction":[{"@type":"ReadAction","target":["https:\/\/www.vallesalado.com\/fr\/avis-juridique\/"]}]},{"@type":"ImageObject","inLanguage":"fr-FR","@id":"https:\/\/www.vallesalado.com\/fr\/avis-juridique\/#primaryimage","url":"https:\/\/www.vallesalado.com\/wp-content\/uploads\/2024\/12\/valle-salado-miniatura.webp","contentUrl":"https:\/\/www.vallesalado.com\/wp-content\/uploads\/2024\/12\/valle-salado-miniatura.webp","width":1200,"height":630},{"@type":"BreadcrumbList","@id":"https:\/\/www.vallesalado.com\/fr\/avis-juridique\/#breadcrumb","itemListElement":[{"@type":"ListItem","position":1,"name":"Valle Salado","item":"https:\/\/www.vallesalado.com\/fr\/"},{"@type":"ListItem","position":2,"name":"Avis juridique"}]},{"@type":"WebSite","@id":"https:\/\/www.vallesalado.com\/fr\/#website","url":"https:\/\/www.vallesalado.com\/fr\/","name":"Valle Salado de A\u00f1ana","description":"Valle Salado de A\u00f1ana","publisher":{"@id":"https:\/\/www.vallesalado.com\/fr\/#organization"},"potentialAction":[{"@type":"SearchAction","target":{"@type":"EntryPoint","urlTemplate":"https:\/\/www.vallesalado.com\/fr\/?s={search_term_string}"},"query-input":{"@type":"PropertyValueSpecification","valueRequired":true,"valueName":"search_term_string"}}],"inLanguage":"fr-FR"},{"@type":"Organization","@id":"https:\/\/www.vallesalado.com\/fr\/#organization","name":"Valle Salado de A\u00f1ana","url":"https:\/\/www.vallesalado.com\/fr\/","logo":{"@type":"ImageObject","inLanguage":"fr-FR","@id":"https:\/\/www.vallesalado.com\/fr\/#\/schema\/logo\/image\/","url":"https:\/\/www.vallesalado.com\/wp-content\/uploads\/2025\/05\/logo-valle-salado.webp","contentUrl":"https:\/\/www.vallesalado.com\/wp-content\/uploads\/2025\/05\/logo-valle-salado.webp","width":600,"height":143,"caption":"Valle Salado de A\u00f1ana"},"image":{"@id":"https:\/\/www.vallesalado.com\/fr\/#\/schema\/logo\/image\/"},"sameAs":["https:\/\/www.facebook.com\/ValleSaladodeAnana","https:\/\/x.com\/vallesalado","https:\/\/www.instagram.com\/vallesalado\/"]}]}},"_links":{"self":[{"href":"https:\/\/www.vallesalado.com\/fr\/wp-json\/wp\/v2\/pages\/7271","targetHints":{"allow":["GET"]}}],"collection":[{"href":"https:\/\/www.vallesalado.com\/fr\/wp-json\/wp\/v2\/pages"}],"about":[{"href":"https:\/\/www.vallesalado.com\/fr\/wp-json\/wp\/v2\/types\/page"}],"author":[{"embeddable":true,"href":"https:\/\/www.vallesalado.com\/fr\/wp-json\/wp\/v2\/users\/1"}],"replies":[{"embeddable":true,"href":"https:\/\/www.vallesalado.com\/fr\/wp-json\/wp\/v2\/comments?post=7271"}],"version-history":[{"count":1,"href":"https:\/\/www.vallesalado.com\/fr\/wp-json\/wp\/v2\/pages\/7271\/revisions"}],"predecessor-version":[{"id":7272,"href":"https:\/\/www.vallesalado.com\/fr\/wp-json\/wp\/v2\/pages\/7271\/revisions\/7272"}],"wp:featuredmedia":[{"embeddable":true,"href":"https:\/\/www.vallesalado.com\/fr\/wp-json\/wp\/v2\/media\/4148"}],"wp:attachment":[{"href":"https:\/\/www.vallesalado.com\/fr\/wp-json\/wp\/v2\/media?parent=7271"}],"curies":[{"name":"wp","href":"https:\/\/api.w.org\/{rel}","templated":true}]}}