{"id":7275,"date":"2024-12-03T17:24:52","date_gmt":"2024-12-03T16:24:52","guid":{"rendered":"https:\/\/vallesalado.com\/decouvrez-la-vallee-salee\/plan-directeur\/etudes\/"},"modified":"2025-05-19T18:29:56","modified_gmt":"2025-05-19T16:29:56","slug":"etudes","status":"publish","type":"page","link":"https:\/\/www.vallesalado.com\/fr\/decouvrez-la-vallee-salee\/plan-directeur\/etudes\/","title":{"rendered":"\u00c9tudes"},"content":{"rendered":"\t\t<div data-elementor-type=\"wp-page\" data-elementor-id=\"7275\" class=\"elementor elementor-7275 elementor-245\" data-elementor-post-type=\"page\">\n\t\t\t\t\t\t<section class=\"elementor-section elementor-top-section elementor-element elementor-element-889eff1 elementor-section-boxed elementor-section-height-default elementor-section-height-default\" data-id=\"889eff1\" data-element_type=\"section\" data-settings=\"{&quot;background_background&quot;:&quot;classic&quot;}\">\n\t\t\t\t\t\t<div class=\"elementor-container elementor-column-gap-default\">\n\t\t\t\t\t<div class=\"elementor-column elementor-col-100 elementor-top-column elementor-element elementor-element-352b882\" data-id=\"352b882\" data-element_type=\"column\">\n\t\t\t<div class=\"elementor-widget-wrap elementor-element-populated\">\n\t\t\t\t\t\t<div class=\"elementor-element elementor-element-00bb4d7 elementor-widget elementor-widget-heading\" data-id=\"00bb4d7\" data-element_type=\"widget\" data-widget_type=\"heading.default\">\n\t\t\t\t<div class=\"elementor-widget-container\">\n\t\t\t\t\t<h1 class=\"elementor-heading-title elementor-size-default\">\u00c9tudes<\/h1>\t\t\t\t<\/div>\n\t\t\t\t<\/div>\n\t\t\t\t<div class=\"elementor-element elementor-element-88da097 elementor-align-center elementor-widget elementor-widget-breadcrumbs\" data-id=\"88da097\" data-element_type=\"widget\" data-widget_type=\"breadcrumbs.default\">\n\t\t\t\t<div class=\"elementor-widget-container\">\n\t\t\t\t\t<p id=\"breadcrumbs\"><span><span><a href=\"https:\/\/www.vallesalado.com\/fr\/\">Valle Salado<\/a><\/span><\/span><\/p>\t\t\t\t<\/div>\n\t\t\t\t<\/div>\n\t\t\t\t\t<\/div>\n\t\t<\/div>\n\t\t\t\t\t<\/div>\n\t\t<\/section>\n\t\t\t\t<section class=\"elementor-section elementor-top-section elementor-element elementor-element-cd82f15 elementor-section-boxed elementor-section-height-default elementor-section-height-default\" data-id=\"cd82f15\" data-element_type=\"section\">\n\t\t\t\t\t\t<div class=\"elementor-container elementor-column-gap-wider\">\n\t\t\t\t\t<div class=\"elementor-column elementor-col-100 elementor-top-column elementor-element elementor-element-63bce5b\" data-id=\"63bce5b\" data-element_type=\"column\">\n\t\t\t<div class=\"elementor-widget-wrap elementor-element-populated\">\n\t\t\t\t\t\t<div class=\"elementor-element elementor-element-7ee8a9a elementor-widget elementor-widget-text-editor\" data-id=\"7ee8a9a\" data-element_type=\"widget\" data-widget_type=\"text-editor.default\">\n\t\t\t\t<div class=\"elementor-widget-container\">\n\t\t\t\t\t\t\t\t\t<p>L&rsquo;un des aspects cl\u00e9s de la r\u00e9alisation des objectifs a \u00e9t\u00e9 la nature multidisciplinaire de l&rsquo;\u00e9quipe qui a d\u00e9velopp\u00e9 les travaux et, surtout la collaboration de ses constituants. En bref, il s&rsquo;agissait de faire un plan directeur bas\u00e9 sur l&rsquo;interdisciplinarit\u00e9. <\/p><p>Le diagramme de travail a \u00e9t\u00e9 con\u00e7u selon les lignes directrices d\u00e9crites ci-dessus, en essayant de combiner les diff\u00e9rents types de connaissances de base n\u00e9cessaires pour faire un diagnostic approfondi de la vall\u00e9e et de son environnement, et definir une s\u00e9rie de propositions qui marqueront la voie \u00e0 suivre dans le processus.<\/p><p>Le plan directeur a \u00e9t\u00e9 r\u00e9alis\u00e9 par une \u00e9quipe multidisciplinaire. La partie fondamentale qui a fourni des fondations solides a \u00e9t\u00e9 r\u00e9alis\u00e9e entre 2000 et 2004 (plan directeur). Jusqu&rsquo;\u00e0 la cr\u00e9ation de la Fondation Vall\u00e9e Sal\u00e9e de A\u00f1ana en 2009, ses prescriptions initiales \u00e9taient supervis\u00e9es par le Service du Patrimoine Historique et Architectural du Conseil Provincial d&rsquo;\u00c1lava.  <\/p><p>Pendant tout ce temps, plusieurs \u00e9quipes hautement sp\u00e9cialis\u00e9es et reconnues ont collabor\u00e9 aux \u00e9tudes qui ont \u00e9t\u00e9 men\u00e9es, tels que le Groupe Arch\u00e9ologie, antiquit\u00e9 ancienne y Medieval. Arch\u00e9ologie et l&rsquo;Architecture de l&rsquo;Universit\u00e9 du Pays Basque, et D\u00e9partement de G\u00e9ographie, Pr\u00e9histoire et Arch\u00e9ologie; des soci\u00e9t\u00e9s comme I.K.T., Geogram ou Noski; aussi des d\u00e9partements de l&rsquo;Universit\u00e9 publique basque, tels que la g\u00e9odynamique, la min\u00e9ralogie et la p\u00e9trologie, la g\u00e9ographie, le g\u00e9nie chimique et l&rsquo;environnement de l&rsquo;\u00e9cole technique sup\u00e9rieure de Bilbao, ou le d\u00e9partement de la stratigraphie et de la pal\u00e9ontologie de la facult\u00e9 des sciences et Technologie de Bilbao. Les mises \u00e0 jour de la section architecturale au plan directeur sont la responsabilit\u00e9 du Service du patrimoine architectural historique du Conseil provincial d&rsquo;\u00c1lava.   <\/p><p><strong>1.- GROUPE D&rsquo;\u00c9TUDES ARCHITECTURALES<\/strong><\/p><p>Ils comprennent les r\u00e9sultats des essais r\u00e9alis\u00e9s sur les mat\u00e9riaux (action des xylophages sur le bois, degr\u00e9 de protection-attaque produit par le sel), sur les syst\u00e8mes de construction et les planchers de si\u00e8ge, sur l&rsquo;\u00e9tat des d\u00e9formations, les charges et les tensions.<\/p><p>La description de la Vall\u00e9e Sal\u00e9e a \u00e9t\u00e9 int\u00e9gr\u00e9e dans le Syst\u00e8me d&rsquo;Information G\u00e9ographique (SIG). Pour ce faire, un dessin a \u00e9t\u00e9 g\u00e9n\u00e9r\u00e9 pour chacun des \u00e9l\u00e9ments. Mais cette quantit\u00e9 d&rsquo;informations doit \u00eatre structur\u00e9e et ordonn\u00e9e, de sorte qu&rsquo;il a \u00e9t\u00e9 divis\u00e9 en 384 unit\u00e9s de production (UP). La d\u00e9limitation de chaque unit\u00e9 ne r\u00e9pond pas aux crit\u00e8res historiques, mais \u00e0 un ensemble d\u2019aires, de puits, de plates-formes et de cadres qui forment une unit\u00e9 logique, ou \u00e0 ce qui a la capacit\u00e9 de produire du sel de fa\u00e7on autonome.   <\/p><p>La Vall\u00e9e Sal\u00e9e ne peut \u00eatre comprise par une simple description graphique de ses \u00e9l\u00e9ments. .Cette description est compl\u00e9t\u00e9e par une \u00e9tude op\u00e9rationnelle de l&rsquo;activit\u00e9 saline, puisque en fin c\u2019est leur moyen de subsistance. Une \u00e9tude de la production de sel dans la vall\u00e9e a \u00e9t\u00e9 r\u00e9alis\u00e9e, pour permettre la connaissance des techniques traditionnelles, et leur projection dans l&rsquo;avenir a permis de concevoir un plan de production qui soutient \u00e9conomiquement son activit\u00e9 future. Cette \u00e9tude a \u00e9galement trait\u00e9 la propri\u00e9t\u00e9 des aires, leur distribution dans les \u00ab granjas \u00bb, et de leur organisation actuelle autour de l\u2019association des paludiers Gatzagak.   <\/p><p>Les \u00e9tudes constructives ont \u00e9t\u00e9 r\u00e9alis\u00e9es dans deux sens; le premier consistait en un catalogage et une classification exhaustive de chacun des \u00e9l\u00e9ments constituants, l\u2019autre sens consistait en l&rsquo;\u00e9tude constructive de chacune des typologies et de leur fonctionnement. La premi\u00e8re partie a \u00e9t\u00e9 int\u00e9gr\u00e9e dans la base de donn\u00e9es SIG, ce qui a permis la cr\u00e9ation de cartes th\u00e9matiques simples ou de cartes comportant des informations des autres disciplines. La deuxi\u00e8me partie a \u00e9t\u00e9 utilis\u00e9e lors de l&rsquo;\u00e9tablissement des crit\u00e8res autoris\u00e9s ou non dans les actions futures.  <\/p><p>Les grands groupes dans lesquels les informations associ\u00e9es \u00e0 la base de donn\u00e9es g\u00e9n\u00e9rale ont \u00e9t\u00e9 introduites sont les suivants: sources, r\u00e9seau de distribution, puits de stockage, production de sel et \u00e9l\u00e9ments de communication.<\/p><p>Enfin, le comportement des diff\u00e9rents types de construction a \u00e9t\u00e9 examin\u00e9, g\u00e9n\u00e9rant ainsi des informations sur la durabilit\u00e9 et la facilit\u00e9 de maintenance de ceux-ci, tout en analysant aussi le d\u00e9veloppement des types de construction au fil du temps, en insistant sur les raisons de chacun des changements dans les typologies ou les mat\u00e9riaux qui ont \u00e9t\u00e9 introduits \u00e0 travers l&rsquo;histoire dans le Vall\u00e9e Sal\u00e9e, et l&rsquo;effet b\u00e9n\u00e9fique ou pr\u00e9judiciable que chacun d&rsquo;eux a occasionn\u00e9.<\/p><p>Les \u00e9tudes structurelles ont \u00e9t\u00e9 ax\u00e9es sur le d\u00e9veloppement ponctuel des constructions. Des \u00e9l\u00e9ments concrets ont \u00e9t\u00e9 analys\u00e9s tels que ; fondations, charpentes, usines, plateformes et finitions de surface, et ce pour cr\u00e9er des mod\u00e8les permettant de conna\u00eetre leur comportement actuel et de proposer de nouvelles interventions. Enfin, un manuel de maintenance architecturale a \u00e9t\u00e9 cr\u00e9\u00e9, dans lequel les points cl\u00e9s sont d\u00e9finis afin que les diff\u00e9rentes activit\u00e9s d\u00e9velopp\u00e9es dans le paysage culturel respectent pleinement sa valeur universelle exceptionnelle.  <\/p><p><strong>2.- GROUPE D&rsquo;\u00c9TUDES HISTORIQUES-ARCHEOLOGIQUES<\/strong><\/p><p>Leur but est de d\u00e9finir la variable temporelle de l&rsquo;ensemble salin et d&rsquo;int\u00e9grer les crit\u00e8res historiques et arch\u00e9ologiques comme l&rsquo;un des facteurs cl\u00e9s pour \u00e9tablir la strat\u00e9gie de maintenance des salines. C&rsquo;est le groupe qui a appliqu\u00e9 la m\u00e9thodologie appel\u00e9e \u00abarch\u00e9ologie de l&rsquo;architecture\u00bb, incluant dans son champ d&rsquo;application \u00e0 la fois les \u00e9tudes bibliographiques, documentaires et orales, entre les anciens paludiers et les archives historiques, ainsi que les l\u2019analyse typique stratigraphique fondamental du sous-sol et l&rsquo;analyse stratigraphique du syst\u00e8me de construction des salines <\/p><p>L&rsquo;ensemble des \u00e9tudes historiques a \u00e9t\u00e9 confi\u00e9es au Groupe de Recherche en Arch\u00e9ologie de l&rsquo;Architecture de l&rsquo;Universit\u00e9 du Pays Basque (UPV-EHU), qui a \u00e9t\u00e9 fix\u00e9 un objectif prioritaire la connaissance de l&rsquo;\u00e9volution historico-constructive de la vall\u00e9e. Et pour en arriver, il \u00e9tait obligatoire de comprendre leurs transformations dans le temps, leur historiques, leurs \u00e9tapes; bref, toutes les m\u00e9tamorphoses que le complexe salin a subies tout au long de ses plus de 7.000 ans d&rsquo;histoire. <\/p><p>La recherche a \u00e9t\u00e9 r\u00e9alis\u00e9e en suivant les lignes directrices de la discipline connue sous le nom d&rsquo;arch\u00e9ologie de l\u2019architecture. Cependant, les particularit\u00e9s morphologiques de la vall\u00e9e lui conf\u00e8rent un caract\u00e8re particulier qui a oblig\u00e9 \u00e0 changer les outils habituels de travail. Cette refonte s&rsquo;est produite, dans une large mesure, et ce au fur et \u00e0 mesure que l&rsquo;\u00e9tude progressait et que des situations non pr\u00e9vues par les syst\u00e8mes de travail apparaissaient. Ainsi, la Vall\u00e9e Sal\u00e9e est devenue, un laboratoire d&rsquo;exp\u00e9rimentation constant de nouvelles formes d&rsquo;approche objet d&rsquo;\u00e9tude arch\u00e9ologique.   <\/p><p>L&rsquo;analyse effectu\u00e9e a \u00e9t\u00e9 divis\u00e9e en cinq phases:<\/p><ul><li>Le premier conssistait en l&rsquo;\u00e9valuation arch\u00e9ologique de la vall\u00e9e \u00e0 travers l&rsquo;\u00e9tude int\u00e9grale d&rsquo;une zone \u00e0 des limites tr\u00e8s sp\u00e9cifiques. La zone choisie etait caract\u00e9ris\u00e9e par son \u00e9tat de conservation qui a permis de travailler sans risques, aussi la grande visibilit\u00e9 de ses structures a permis d&rsquo;appr\u00e9cier de vue les diff\u00e9rences constructives qui pourraient montrer un certaine historique dans la chronologie stratigraphique.<br>Les difficult\u00e9s constat\u00e9es et les r\u00e9sultats obtenus nous ont permis d&rsquo;\u00e9valuer de mani\u00e8re critique c\u2019est \u00e0 quoi nous \u00e9tions confront\u00e9s, et d\u2019\u00e9valuer les changements que nous devions n\u00e9cessairement apporter dans les outils habituels de travail ainsi que le processus \u00e0 suivre pendant le reste de l&rsquo;enqu\u00eate. <\/li><li>La deuxi\u00e8me phase a permis de d\u00e9velopper les outils de travail, d&rsquo;identifier et de d\u00e9crire toutes les structures salines, et de commencer l&rsquo;inclusion des donn\u00e9es, graphiques et alphanum\u00e9riques, dans le Syst\u00e8me d&rsquo;Information G\u00e9ographique.<\/li><li>La troisi\u00e8me \u00e9tape du travail a commenc\u00e9 \u00e0 la mi-2002. Au cours cette \u00e9tape l\u2019analyse stratigraphique a \u00e9t\u00e9 r\u00e9alis\u00e9e en suivant les directives m\u00e9thodologiques pour l&rsquo;\u00e9tude des b\u00e2timents complexes d\u00e9velopp\u00e9s dans la cath\u00e9drale de Santa Maria de Vitoria-Gasteiz (\u00c1lava). <\/li><li>La quatri\u00e8me phase a consist\u00e9 en l&rsquo;analyse compl\u00e8te des r\u00e9sultats obtenus lors de l&rsquo;\u00e9tape pr\u00e9c\u00e9dente, la mise en place de l&rsquo;\u00e9volution constructive de la Vall\u00e9e Sal\u00e9e, la r\u00e9daction historique des r\u00e9sultats et la mise en place de protocoles de travail pour l&rsquo;avenir.<\/li><li>La cinqui\u00e8me et derni\u00e8re phase consiste en le contr\u00f4le arch\u00e9ologique de toutes les activit\u00e9s qui se d\u00e9roulent dans la Vall\u00e9e Sal\u00e9e d\u2019A\u00f1ana, avec la r\u00e9alisation de fouilles dans les points strat\u00e9giques des salines qui, g\u00e9n\u00e9ralement, sont localis\u00e9s pendant le d\u00e9roulement des travaux de maintenance et qui contribuent \u00e0 un recueil d\u2019informations pr\u00e9cieuses sur les origines les plus lointaines de la production du sel.<\/li><\/ul><p> <\/p><p>L&rsquo;id\u00e9e que l&rsquo;\u00e9tude globale historico-arch\u00e9ologique des salines ne pouvait \u00eatre r\u00e9duite \u00e0 l&rsquo;analyse stratigraphique des \u00e9l\u00e9ments constructifs qui la composent est omnipr\u00e9sente et ce d\u00e8s le d\u00e9but des travaux. L&rsquo;analyse stratigraphique est \u00e9troitement li\u00e9e \u00e0 une autre s\u00e9rie d&rsquo;\u00e9tudes qui ont fourni des informations non seulement sur les donn\u00e9es li\u00e9es \u00e0 l&rsquo;\u00e9volution de la construction, mais aussi sur l&rsquo;histoire de la vall\u00e9e, ses propri\u00e9taires, les formes de production de sel, les paludiers, etc. <\/p><p>Par cons\u00e9quent, parall\u00e8lement aux travaux men\u00e9s au cours des \u00e9tapes pr\u00e9cit\u00e9es, d&rsquo;autres \u00e9tudes ont \u00e9t\u00e9 r\u00e9alis\u00e9es telles que: l&rsquo;analyse toponymique de la vall\u00e9e et de ses environs, l&rsquo;exploration du mat\u00e9riel graphique disponible (photos anciennes, ortho photos, cartographies des diff\u00e9rentes aires, etc.) ainsi que la vidange bibliographique et documentaire de toutes les publications et archives contenant des informations sur le paysage culturel de Vall\u00e9e Sal\u00e9e d\u2019A\u00f1ana.<\/p><p>Tout ce travail a abouti \u00e0 des r\u00e9sultats scientifiques importants. Une th\u00e8se de doctorat sp\u00e9cifique a \u00e9t\u00e9 d\u00e9velopp\u00e9e sur le sujet, et d\u00e9j\u00e0 publi\u00e9, ainsi que de nombreuses conf\u00e9rences et publications scientifiques et informatives, qui ont permis d\u2019inverser les avanc\u00e9es scientifiques g\u00e9n\u00e9r\u00e9es dans la soci\u00e9t\u00e9. <\/p><p><strong>3.- GROUPE D&rsquo;\u00c9TUDES SOCIO-\u00c9CONOMIQUES<\/strong><\/p><p>Le but du travail r\u00e9alis\u00e9 \u00e9tait de d\u00e9terminer, et de rehausser \u00e0 diff\u00e9rents niveaux l&rsquo;impact socio-\u00e9conomique qui pourrait g\u00e9n\u00e9rer la valorisation du patrimoine, tant historico-architectural que naturel du paysage culturel. De m\u00eame, les diff\u00e9rentes alternatives de gestion ont \u00e9t\u00e9 identifi\u00e9es et \u00e9valu\u00e9es, \u00e9galement dans diff\u00e9rents domaines, ce qui pourrait conduire \u00e0 la r\u00e9activation socio-\u00e9conomique promue garantissant le maintien du patrimoine, et qui pourrait \u00eatre partiellement autofinanc\u00e9e par l&rsquo;action collective de l&rsquo;initiative publique et priv\u00e9e. <\/p><p>Pour atteindre ces objectifs, il a \u00e9t\u00e9 pris en consid\u00e9ration, tout au long de l&rsquo;\u00e9tude tant dans le d\u00e9veloppement d&rsquo;activit\u00e9s potentielles que dans la proposition d&rsquo;alternatives de gestion, les int\u00e9r\u00eats des agents socio-\u00e9conomiques qui constituent l&rsquo;environnement des salines et sa r\u00e9gion. La raison en est que ces agents sont les promoteurs possibles des projets qui, conform\u00e9ment au sc\u00e9nario existant, peuvent consolider la strat\u00e9gie globale de la r\u00e9cup\u00e9ration. <\/p><p>Les \u00e9tudes r\u00e9alis\u00e9es dans le cadre du plan sont les suivantes:<\/p><ul><li>Analyse de la gestion organisationnelle et financi\u00e8re de la Vall\u00e9e Sal\u00e9e \u00e0 partir de l\u2019actuelle communaut\u00e9 des propri\u00e9taires Gatzagak S.A.<\/li><li>Conception de la structure organisationnelle de l&rsquo;institution charg\u00e9e de promouvoir et d&rsquo;organiser les mesures propos\u00e9es par le Plan.<\/li><li>\u00c9tude de la gestion \u00e9conomique et des sources possibles de financement public et priv\u00e9.<\/li><li>Enregistrement des conditions r\u00e9glementaires et de l&rsquo;am\u00e9nagement du territoire: R\u00e8gles compl\u00e9mentaires municipales, Plan territorial partiel d&rsquo;\u00c1lava Central, Plan sectoriel territorial pour l&rsquo;agroforesterie et les zones rurales,&#8230;<\/li><li>Analyse des potentiels existants pour la cr\u00e9ation d&rsquo;une structure de d\u00e9veloppement socio-\u00e9conomique autour de Salinas de A\u00f1ana et sa r\u00e9gion.<\/li><li>Recensement des promoteurs (publics et priv\u00e9s)<\/li><li>Liste des ressources existantes au niveau r\u00e9gional avec un potentiel d&rsquo;utilisation touristico-culturel, \u00e9quipement, acc\u00e8s, routes, &#8230;<\/li><li>Etude sur les possibilit\u00e9s du noyau salin et de son environnement en tant que produit touristico-culturel, services, activit\u00e9s et besoins sp\u00e9cifiques<\/li><li>Catalogue des utilisateurs potentiels des services et des installations<\/li><li>D\u00e9veloppement de la m\u00e9thodologie permettant l&rsquo;int\u00e9gration des diff\u00e9rentes initiatives dans le projet global, et l&rsquo;analyse de sa continuit\u00e9.<\/li><\/ul><p> <\/p><p><strong>4.- GROUPE D&rsquo;\u00c9TUDES ENVIRONNEMENTALES<\/strong><\/p><p>La particularit\u00e9 du paysage culturel de la Vall\u00e9e Sal\u00e9e d\u2019A\u00f1ana repose sur plusieurs facettes \u00e9troitement li\u00e9es. Parmi elles, il convient de mentionner celles mini\u00e8re et industrielle, puisque les deux sont le germe des salines, donnant lieu \u00e0 un paysage architectural et par la suite un paysage culturel. <\/p><p>La Vall\u00e9e Sal\u00e9e est une agglom\u00e9ration architecturale d&rsquo;\u00e9l\u00e9ments productifs vari\u00e9s de genre et de forme int\u00e9gr\u00e9s dans la nature, o\u00f9 le temps et le d\u00e9veloppement complexe ont cr\u00e9\u00e9 des liens entre l&rsquo;espace productif, le centre urbain de Salinas de A\u00f1ana, et son environnement paysager et r\u00e9gional.<\/p><p>Pour cela, ce groupe d&rsquo;\u00e9tudes a d\u00e9cid\u00e9 \u00e0 inventorier et \u00e0 diagnostiquer la situation des diff\u00e9rentes ressources naturelles pr\u00e9sentes, aussi bien dans les salines que dans leur environnement le plus proche, tout en \u00e9tablissant les crit\u00e8res pr\u00e9cis \u00e0 prendre en consid\u00e9ration pour \u00e9tablir les priorit\u00e9s de la conservation.<\/p><p><strong>5.- GROUPE D&rsquo;\u00c9TUDES SUR LE PAYSAGE<\/strong><\/p><p>\u00c0 l\u2019issue de l&rsquo;\u00e9tude du paysage culturel de la Vall\u00e9e Sal\u00e9e d\u2019A\u00f1ana, une classification de ce paysage a \u00e0 l&rsquo;\u00e9chelle r\u00e9gionale et territoriale \u00e9t\u00e9 faite, en tenant compte des deux cas des facteurs g\u00e9n\u00e9tiques. En zoomant \u00e0 l&rsquo;\u00e9chelle territoriale, les composantes intrins\u00e8ques ont \u00e9t\u00e9 reconnues d&rsquo;un point de vue syst\u00e9mique et leur dynamique et leur \u00e9volution ont \u00e9t\u00e9 analys\u00e9es, \u00e9tablissant et caract\u00e9risant les diff\u00e9rentes tesselles ou unit\u00e9s de paysage qui composent le territoire. <\/p><p>D&rsquo;un point de vue Les bassins identifi\u00e9s qui compartimentent \u00e9galement cet espace ont \u00e9t\u00e9 d\u00e9limit\u00e9s et caract\u00e9ris\u00e9s, leur visibilit\u00e9 et leurs positions valoris\u00e9es, qui ont \u00e9t\u00e9 consid\u00e9r\u00e9es comme des points d&rsquo;observation et des rep\u00e8res de paysages sur le territoire.<\/p><p>La troisi\u00e8me \u00e9chelle d&rsquo;analyse \u00e9tait le bassin visuel d&rsquo;A\u00f1ana ou de la Vall\u00e9e Sal\u00e9e, o\u00f9, avec un sch\u00e9ma similaire mais \u00e0 degr\u00e9 de d\u00e9tail requis, on s&rsquo;est interess\u00e9 \u00e0 des \u00e9l\u00e9ments et des unit\u00e9s paysag\u00e8res qui composent et expliquent l\u2019engrenage de la vall\u00e9e; les caract\u00e9ristiques visuelles ont \u00e9t\u00e9 analys\u00e9es en termes de capacit\u00e9 et de ressources; les usages de l&rsquo;histoire la plus r\u00e9cente de ce paysage et ceux qui restent encore empreints ont \u00e9t\u00e9 identifi\u00e9s, et enfin, l&rsquo;attention a \u00e9t\u00e9 port\u00e9e sur l&rsquo;accessibilit\u00e9 et la reconnaissance de cette vall\u00e9e et de son territoire pour les consid\u00e9rer aussi comme une valeur.<\/p><p><strong>6.- GROUPE D&rsquo;\u00c9TUDES G\u00c9OLOGIQUES<\/strong><\/p><p>D&rsquo;un point de vue g\u00e9ologique, le paysage culturel de la Vall\u00e9e Sal\u00e9e est le r\u00e9sultat d&rsquo;un ensemble d&rsquo;activit\u00e9s min\u00e9ralogiques, dont le but a \u00e9t\u00e9 l&rsquo;exploitation par \u00e9vaporation des remont\u00e9es d\u2019eau hyper salines. L&rsquo;installation industrielle r\u00e9sultante est conditionn\u00e9e par les caract\u00e9ristiques uniques du substrat \u00e9vaporite qui, en plus de g\u00e9n\u00e9rer une hydrog\u00e9ologie unique, limite la capacit\u00e9 d&rsquo;utilisation du sol en raison de ses caract\u00e9ristiques g\u00e9ochimiques et g\u00e9otechniques particuli\u00e8res. <\/p><p>L&rsquo;\u00e9tude des aspects g\u00e9otiques a \u00e9t\u00e9 faite de trois points de vue:<\/p><p>1- De point de vue descriptif basique: la stratigraphie, la tectonique, la g\u00e9omorphologie, l&rsquo;hydrologie, la lithologie, etc.<\/p><p>2- Comme g\u00e9ologie \u00e9conomique: ressources mini\u00e8res, roches industrielles, ressources didactico-culturelles dans les salines elles-m\u00eames, conformation du diapir, etc.<\/p><p>3- Comme risques g\u00e9ologiques: inondations, glissements de terrain, \u00e9rosion, etc.<\/p><p>Apr\u00e8s l&rsquo;analyse des points susmentionn\u00e9s, d&rsquo;autres \u00e9tapes de l&rsquo;\u00e9tude ont \u00e9t\u00e9 effectu\u00e9es et dans lesquelles les activit\u00e9s suivantes ont \u00e9t\u00e9 r\u00e9alis\u00e9es:<\/p><p>Tout d&rsquo;abord, le diagramme de flux ou le sch\u00e9ma du syst\u00e8me d&rsquo;exploitation a \u00e9t\u00e9 con\u00e7u et interpr\u00e9t\u00e9 depuis les sources salines jusqu\u2019\u00e0 la sortie de la saumure pour sa distribution. Sur ce sch\u00e9ma min\u00e9ralogique, nous avons proc\u00e9d\u00e9 \u00e0 des commentaires sur les mat\u00e9riaux pierreux utilis\u00e9es dans l&rsquo;exploitation, sa lithologie, sa volum\u00e9trie, son origine, sa distribution, etc. <\/p><p>Egalement il a \u00e9t\u00e9 analys\u00e9 les risques potentiels externes et internes. Les premiers font r\u00e9f\u00e9rence aux processus g\u00e9ologiques externes pouvant affecter leur maintien, et les seconds se r\u00e9f\u00e8rent \u00e0 ceux pouvant \u00eatre g\u00e9n\u00e9r\u00e9s en cours de l&rsquo;exploitation. <\/p><p>Nous avons \u00e9tudi\u00e9 les activit\u00e9s et les usages qui pourraient modifier l&rsquo;environnement g\u00e9ologique et, par cons\u00e9quent, pourrait affecter le sel. Entre autres, une attention particuli\u00e8re a \u00e9t\u00e9 port\u00e9e au p\u00e9rim\u00e8tre de protection des nappes phr\u00e9atiques qui approvisionnent en eau sal\u00e9e les infrastructures productives. Et les points d&rsquo;int\u00e9r\u00eat g\u00e9ologique de la Vall\u00e9e sal\u00e9e et ses environs les plus proches ont \u00e9t\u00e9 d\u00e9crits comme des ressources did\u00e1ctico- culturelles potentielles, les conclusions du travail effectu\u00e9 ont \u00e9t\u00e9 synth\u00e9tis\u00e9es et des propositions d\u2019actions pour le maintien de l&rsquo;environnement g\u00e9ologique et son exposition au publique ont \u00e9t\u00e9 mises en ouvre.  <\/p><p>D&rsquo;autre part, dans le cadre de l&rsquo;\u00e9tude g\u00e9ologique, une analyse min\u00e9ralogique des argiles des salines a \u00e9t\u00e9 r\u00e9alis\u00e9e, et ce pour \u00e9valuer la production de sel, la caract\u00e9ristique physico-chimique de la saumure des diff\u00e9rentes sources de la vall\u00e9e.<\/p><p>Concernant l\u2019ensemble des \u00e9tudes qui ont \u00e9t\u00e9 sign\u00e9s avec la Facult\u00e9 des Sciences et Technologies de l&rsquo;Universit\u00e9 du Pays Basque, pour l&rsquo;\u00e9tude et la diffusion des aspects g\u00e9ologiques du paysage culturel, les objectifs suivants ont \u00e9t\u00e9 fix\u00e9s :<\/p><p>a) Identifier, \u00e9valuer et cataloguer en d\u00e9tail les diff\u00e9rents \u00e9l\u00e9ments qui constituent le patrimoine g\u00e9ologique de la zone. Il est Consid\u00e9r\u00e9 comme \u00e9l\u00e9ments du patrimoine g\u00e9ologique tous les niveaux des roches, structures tectoniques, restes et s\u00e9diments des fossiles, ou formes particuli\u00e8res des reliefs, qui sont tous les r\u00e9sultats de l\u2019action des facteurs g\u00e9ologiques. <\/p><p>b) Pr\u00e9paration de mat\u00e9riel pour la diffusion et l\u2019exploitation sociale des connaissances scientifiques. Dans l&rsquo;ensemble des mat\u00e9riaux de la nouvelle confection on envisage la conception des guides g\u00e9ologiques montrant les points les plus remarquables et les plus attractifs des principaux \u00e9l\u00e9ments du patrimoine de la r\u00e9gion. <\/p><p>c) D\u00e9veloppement de blocs didactiques li\u00e9s aux ressources g\u00e9ologiques offertes par la r\u00e9gion. Les blocs didactiques seront consacr\u00e9s \u00e0 la r\u00e9flexion et \u00e0 l&rsquo;apprentissage de diff\u00e9rents sujets ou blocs de connaissances li\u00e9s au patrimoine g\u00e9ologique. A cette fin, des brochures explicatives d\u00e9taill\u00e9es et scientifiquement rigoureuses seront \u00e9labor\u00e9es.  <\/p><p>d) D\u00e9veloppement d&rsquo;activit\u00e9s didactiques en tant qu&rsquo;ateliers relatifs aux ressources g\u00e9ologiques offertes par la r\u00e9gion. Un ensemble d&rsquo;ateliers d\u2019informations sera \u00e9tabli pour faire valoir le patrimoine g\u00e9ologique de l&rsquo;environnement dans les diff\u00e9rentes disciplines scientifiques, d&rsquo;un point de vue ludique et p\u00e9dagogique. <\/p><p><strong>7.- SYST\u00c8ME DE GESTION DE L&rsquo;INFORMATION<\/strong><\/p><p>Le paysage culturel de la Vall\u00e9e Sal\u00e9e d\u2019A\u00f1ana est un \u00e9l\u00e9ment structurel si large, compliqu\u00e9 et \u00e9volutif dans le temps qu&rsquo;il a \u00e9t\u00e9 n\u00e9cessaire de compiler et de structurer toutes les informations descriptives g\u00e9n\u00e9r\u00e9es par les diff\u00e9rentes \u00e9quipes composant ce Plan dans un Syst\u00e8me d&rsquo;Information G\u00e9ographique (GIS).<\/p><p>Le GIS con\u00e7u r\u00e9pond \u00e0 quatre objectifs fondamentaux. Tout d\u2019&rsquo;abord, il permet la collecte et la maitrise de la grande quantit\u00e9 d&rsquo;informations g\u00e9n\u00e9r\u00e9es par chacune des \u00e9quipes qui travaillent en coordination dans l&rsquo;\u00e9laboration du plan directeur. Deuxi\u00e8mement, il sert \u00e0 relier l&rsquo;information g\u00e9ographique avec les donn\u00e9es alphanum\u00e9riques g\u00e9n\u00e9r\u00e9es par des consultations, devenant ainsi un puissant outil d&rsquo;analyse. Troisi\u00e8mement, il a \u00e9t\u00e9 utilis\u00e9 comme un outil de simulation qui, avec ce qui pr\u00e9c\u00e8de, a contribu\u00e9 de mani\u00e8re importante \u00e0 la recherche des causes des probl\u00e8mes de la Vall\u00e9e Sal\u00e9e et de d\u00e9finir les solutions possibles requises.   <\/p><p>Et en quatri\u00e8me et derni\u00e8re \u00e9tape, l&rsquo;introduction de toutes les informations dans le GIS, ainsi que toutes les structures de la Vall\u00e9e Sal\u00e9e qui ont \u00e9t\u00e9 dessin\u00e9es dans les moindres d\u00e9tails en trois dimensions sous fichier Autocar, nous permet un paysage culturel parfaitement document\u00e9, contribuant sans \u00e9quivoque au maintien de l&rsquo;int\u00e9grit\u00e9 et de l&rsquo;authenticit\u00e9 des salines. En outre, c&rsquo;est un syst\u00e8me dans lequel chaque \u00e9l\u00e9ment de la Vall\u00e9e Sal\u00e9e est identifi\u00e9 et maitris\u00e9, y compris les fichiers comportant toutes les informations li\u00e9es \u00e0 son \u00e9volution. <\/p><p>Le GIS permet le d\u00e9veloppement des repr\u00e9sentations cartographiques th\u00e9matiques bas\u00e9es sur des requ\u00eates et aux informations contenues dans la base de donn\u00e9es. Ces consultations permettent de mod\u00e9liser diff\u00e9rents sc\u00e9narios d&rsquo;action, d&rsquo;intervention et d&rsquo;\u00e9valuation du plan directeur. <\/p><p><strong>8.- DOCUMENTATION DE LA VALL\u00c9E SAL\u00c9E ET MODELISATION TRIDIMENSIONNELLE<\/strong><\/p><p>Nous avons proc\u00e9d\u00e9 \u00e0 une structuration topologique en utilisant comme base la cartographie 1: 500, en positionnant dans des couches th\u00e9matiques diff\u00e9renci\u00e9es les diff\u00e9rents \u00e9l\u00e9ments d\u00e9terminants de la structure saline (aires, puits, entrep\u00f4ts, structures sup\u00e9rieurs, structures inf\u00e9rieurs&#8230;). A partir de cette information structur\u00e9e, tous les \u00e9l\u00e9ments ayant des codes uniques ont \u00e9t\u00e9 identifi\u00e9s et num\u00e9rot\u00e9s, de fa\u00e7on \u00e0 ce que l&rsquo;ensemble du syst\u00e8me d&rsquo;\u00e9tude se r\u00e9f\u00e8re de mani\u00e8re univoque et homog\u00e8ne \u00e0 chaque \u00e9l\u00e9ment. Les codes des \u00e9l\u00e9ments graphiques sont li\u00e9s \u00e0 un registre de base de donn\u00e9es dispos\u00e9e en diff\u00e9rentes sections afin que chaque \u00e9quipe oriente ses \u00e9tudes \u00e0 des structures sp\u00e9cifiques.  <\/p><p>Auparavant, un catalogue m\u00e9ticuleux des \u00e9l\u00e9ments constructifs et des typologies de chacun d&rsquo;entre eux a \u00e9t\u00e9 r\u00e9alis\u00e9, ce qui a rendu possible la codification des champs des bases de donn\u00e9es. Ils int\u00e8grent \u00e9galement la documentation photographique de chaque \u00e9l\u00e9ment. Cette base permet la reconstruction graphique compl\u00e8te de l&rsquo;ensemble dans un moment tr\u00e8s sp\u00e9cifique de l&rsquo;histoire de la Vall\u00e9e Sal\u00e9e.  <\/p><p>Le travail exhaustive documentaire qui a \u00e9t\u00e9 r\u00e9alis\u00e9 pour tous les coins de la Vall\u00e9e Sal\u00e9e a permet, quand c\u2019est necessaire,de r\u00e9aliser les travaux de maintenance architecturale avec une reproductivit\u00e9 fidele de la forme et structure originale des salines, facilitant ainsi la g\u00e9n\u00e9ration d&rsquo;images et de vid\u00e9os tridimensionnelles de l&rsquo;ensemble des salines.<\/p><p><strong>9.- \u00c9TUDES DE DYNAMISATION CULTURELLE ET TOURISTIQUE<\/strong><\/p><p>Le plan directeur comporte un plan de revitalisation touristique qui a \u00e9t\u00e9 \u00e9labor\u00e9 pour promouvoir le d\u00e9veloppement du paysage culturel de la Vall\u00e9e Sal\u00e9e d\u2019A\u00f1ana et du territoire environnant. L&rsquo;objectif est de cr\u00e9er un produit touristique durable et de qualit\u00e9. <\/p>\t\t\t\t\t\t\t\t<\/div>\n\t\t\t\t<\/div>\n\t\t\t\t\t<\/div>\n\t\t<\/div>\n\t\t\t\t\t<\/div>\n\t\t<\/section>\n\t\t\t\t<\/div>\n\t\t","protected":false},"excerpt":{"rendered":"<p>L&rsquo;un des aspects cl\u00e9s de la r\u00e9alisation des objectifs a \u00e9t\u00e9 la nature multidisciplinaire de l&rsquo;\u00e9quipe qui a d\u00e9velopp\u00e9 les travaux et, surtout la collaboration de ses constituants. En bref, il s&rsquo;agissait de faire un plan directeur bas\u00e9 sur l&rsquo;interdisciplinarit\u00e9. Le diagramme de travail a \u00e9t\u00e9 con\u00e7u selon les lignes directrices d\u00e9crites ci-dessus, en essayant [&hellip;]<\/p>\n","protected":false},"author":1,"featured_media":4148,"parent":7172,"menu_order":0,"comment_status":"closed","ping_status":"closed","template":"","meta":{"inline_featured_image":false,"footnotes":"","_links_to":"","_links_to_target":""},"class_list":["post-7275","page","type-page","status-publish","has-post-thumbnail","hentry"],"yoast_head":"<!-- This site is optimized with the Yoast SEO plugin v26.7 - https:\/\/yoast.com\/wordpress\/plugins\/seo\/ -->\n<title>\u00c9tudes - Valle Salado de A\u00f1ana<\/title>\n<meta name=\"description\" content=\"\u00c9tudes multidisciplinaires de la vall\u00e9e sal\u00e9e d&#039;A\u00f1ana, examinant son patrimoine historique, architectural et g\u00e9ologique.\" \/>\n<meta name=\"robots\" content=\"index, follow, max-snippet:-1, max-image-preview:large, max-video-preview:-1\" \/>\n<link rel=\"canonical\" href=\"https:\/\/www.vallesalado.com\/fr\/decouvrez-la-vallee-salee\/plan-directeur\/etudes\/\" \/>\n<meta property=\"og:locale\" content=\"fr_FR\" \/>\n<meta property=\"og:type\" content=\"article\" \/>\n<meta property=\"og:title\" content=\"\u00c9tudes - Valle Salado de A\u00f1ana\" \/>\n<meta property=\"og:description\" content=\"\u00c9tudes multidisciplinaires de la vall\u00e9e sal\u00e9e d&#039;A\u00f1ana, examinant son patrimoine historique, architectural et g\u00e9ologique.\" \/>\n<meta property=\"og:url\" content=\"https:\/\/www.vallesalado.com\/fr\/decouvrez-la-vallee-salee\/plan-directeur\/etudes\/\" \/>\n<meta property=\"og:site_name\" content=\"Valle Salado de A\u00f1ana\" \/>\n<meta property=\"article:publisher\" content=\"https:\/\/www.facebook.com\/ValleSaladodeAnana\" \/>\n<meta property=\"article:modified_time\" content=\"2025-05-19T16:29:56+00:00\" \/>\n<meta property=\"og:image\" content=\"https:\/\/www.vallesalado.com\/wp-content\/uploads\/2024\/12\/valle-salado-miniatura.webp\" \/>\n\t<meta property=\"og:image:width\" content=\"1200\" \/>\n\t<meta property=\"og:image:height\" content=\"630\" \/>\n\t<meta property=\"og:image:type\" content=\"image\/webp\" \/>\n<meta name=\"twitter:card\" content=\"summary_large_image\" \/>\n<meta name=\"twitter:site\" content=\"@vallesalado\" \/>\n<meta name=\"twitter:label1\" content=\"Dur\u00e9e de lecture estim\u00e9e\" \/>\n\t<meta name=\"twitter:data1\" content=\"20 minutes\" \/>\n<script type=\"application\/ld+json\" class=\"yoast-schema-graph\">{\"@context\":\"https:\/\/schema.org\",\"@graph\":[{\"@type\":\"WebPage\",\"@id\":\"https:\/\/www.vallesalado.com\/fr\/decouvrez-la-vallee-salee\/plan-directeur\/etudes\/\",\"url\":\"https:\/\/www.vallesalado.com\/fr\/decouvrez-la-vallee-salee\/plan-directeur\/etudes\/\",\"name\":\"\u00c9tudes - Valle Salado de A\u00f1ana\",\"isPartOf\":{\"@id\":\"https:\/\/www.vallesalado.com\/fr\/#website\"},\"primaryImageOfPage\":{\"@id\":\"https:\/\/www.vallesalado.com\/fr\/decouvrez-la-vallee-salee\/plan-directeur\/etudes\/#primaryimage\"},\"image\":{\"@id\":\"https:\/\/www.vallesalado.com\/fr\/decouvrez-la-vallee-salee\/plan-directeur\/etudes\/#primaryimage\"},\"thumbnailUrl\":\"https:\/\/www.vallesalado.com\/wp-content\/uploads\/2024\/12\/valle-salado-miniatura.webp\",\"datePublished\":\"2024-12-03T16:24:52+00:00\",\"dateModified\":\"2025-05-19T16:29:56+00:00\",\"description\":\"\u00c9tudes multidisciplinaires de la vall\u00e9e sal\u00e9e d'A\u00f1ana, examinant son patrimoine historique, architectural et g\u00e9ologique.\",\"breadcrumb\":{\"@id\":\"https:\/\/www.vallesalado.com\/fr\/decouvrez-la-vallee-salee\/plan-directeur\/etudes\/#breadcrumb\"},\"inLanguage\":\"fr-FR\",\"potentialAction\":[{\"@type\":\"ReadAction\",\"target\":[\"https:\/\/www.vallesalado.com\/fr\/decouvrez-la-vallee-salee\/plan-directeur\/etudes\/\"]}]},{\"@type\":\"ImageObject\",\"inLanguage\":\"fr-FR\",\"@id\":\"https:\/\/www.vallesalado.com\/fr\/decouvrez-la-vallee-salee\/plan-directeur\/etudes\/#primaryimage\",\"url\":\"https:\/\/www.vallesalado.com\/wp-content\/uploads\/2024\/12\/valle-salado-miniatura.webp\",\"contentUrl\":\"https:\/\/www.vallesalado.com\/wp-content\/uploads\/2024\/12\/valle-salado-miniatura.webp\",\"width\":1200,\"height\":630},{\"@type\":\"BreadcrumbList\",\"@id\":\"https:\/\/www.vallesalado.com\/fr\/decouvrez-la-vallee-salee\/plan-directeur\/etudes\/#breadcrumb\",\"itemListElement\":[{\"@type\":\"ListItem\",\"position\":1,\"name\":\"Valle Salado\",\"item\":\"https:\/\/www.vallesalado.com\/fr\/\"},{\"@type\":\"ListItem\",\"position\":2,\"name\":\"D\u00e9couvrez la Vall\u00e9e Sal\u00e9e\",\"item\":\"https:\/\/www.vallesalado.com\/fr\/decouvrez-la-vallee-salee\/\"},{\"@type\":\"ListItem\",\"position\":3,\"name\":\"Plan Directeur\",\"item\":\"https:\/\/www.vallesalado.com\/fr\/decouvrez-la-vallee-salee\/plan-directeur\/\"},{\"@type\":\"ListItem\",\"position\":4,\"name\":\"\u00c9tudes\"}]},{\"@type\":\"WebSite\",\"@id\":\"https:\/\/www.vallesalado.com\/fr\/#website\",\"url\":\"https:\/\/www.vallesalado.com\/fr\/\",\"name\":\"Valle Salado de A\u00f1ana\",\"description\":\"Valle Salado de A\u00f1ana\",\"publisher\":{\"@id\":\"https:\/\/www.vallesalado.com\/fr\/#organization\"},\"potentialAction\":[{\"@type\":\"SearchAction\",\"target\":{\"@type\":\"EntryPoint\",\"urlTemplate\":\"https:\/\/www.vallesalado.com\/fr\/?s={search_term_string}\"},\"query-input\":{\"@type\":\"PropertyValueSpecification\",\"valueRequired\":true,\"valueName\":\"search_term_string\"}}],\"inLanguage\":\"fr-FR\"},{\"@type\":\"Organization\",\"@id\":\"https:\/\/www.vallesalado.com\/fr\/#organization\",\"name\":\"Valle Salado de A\u00f1ana\",\"url\":\"https:\/\/www.vallesalado.com\/fr\/\",\"logo\":{\"@type\":\"ImageObject\",\"inLanguage\":\"fr-FR\",\"@id\":\"https:\/\/www.vallesalado.com\/fr\/#\/schema\/logo\/image\/\",\"url\":\"https:\/\/www.vallesalado.com\/wp-content\/uploads\/2025\/05\/logo-valle-salado.webp\",\"contentUrl\":\"https:\/\/www.vallesalado.com\/wp-content\/uploads\/2025\/05\/logo-valle-salado.webp\",\"width\":600,\"height\":143,\"caption\":\"Valle Salado de A\u00f1ana\"},\"image\":{\"@id\":\"https:\/\/www.vallesalado.com\/fr\/#\/schema\/logo\/image\/\"},\"sameAs\":[\"https:\/\/www.facebook.com\/ValleSaladodeAnana\",\"https:\/\/x.com\/vallesalado\",\"https:\/\/www.instagram.com\/vallesalado\/\"]}]}<\/script>\n<!-- \/ Yoast SEO plugin. -->","yoast_head_json":{"title":"\u00c9tudes - Valle Salado de A\u00f1ana","description":"\u00c9tudes multidisciplinaires de la vall\u00e9e sal\u00e9e d'A\u00f1ana, examinant son patrimoine historique, architectural et g\u00e9ologique.","robots":{"index":"index","follow":"follow","max-snippet":"max-snippet:-1","max-image-preview":"max-image-preview:large","max-video-preview":"max-video-preview:-1"},"canonical":"https:\/\/www.vallesalado.com\/fr\/decouvrez-la-vallee-salee\/plan-directeur\/etudes\/","og_locale":"fr_FR","og_type":"article","og_title":"\u00c9tudes - Valle Salado de A\u00f1ana","og_description":"\u00c9tudes multidisciplinaires de la vall\u00e9e sal\u00e9e d'A\u00f1ana, examinant son patrimoine historique, architectural et g\u00e9ologique.","og_url":"https:\/\/www.vallesalado.com\/fr\/decouvrez-la-vallee-salee\/plan-directeur\/etudes\/","og_site_name":"Valle Salado de A\u00f1ana","article_publisher":"https:\/\/www.facebook.com\/ValleSaladodeAnana","article_modified_time":"2025-05-19T16:29:56+00:00","og_image":[{"width":1200,"height":630,"url":"https:\/\/www.vallesalado.com\/wp-content\/uploads\/2024\/12\/valle-salado-miniatura.webp","type":"image\/webp"}],"twitter_card":"summary_large_image","twitter_site":"@vallesalado","twitter_misc":{"Dur\u00e9e de lecture estim\u00e9e":"20 minutes"},"schema":{"@context":"https:\/\/schema.org","@graph":[{"@type":"WebPage","@id":"https:\/\/www.vallesalado.com\/fr\/decouvrez-la-vallee-salee\/plan-directeur\/etudes\/","url":"https:\/\/www.vallesalado.com\/fr\/decouvrez-la-vallee-salee\/plan-directeur\/etudes\/","name":"\u00c9tudes - Valle Salado de A\u00f1ana","isPartOf":{"@id":"https:\/\/www.vallesalado.com\/fr\/#website"},"primaryImageOfPage":{"@id":"https:\/\/www.vallesalado.com\/fr\/decouvrez-la-vallee-salee\/plan-directeur\/etudes\/#primaryimage"},"image":{"@id":"https:\/\/www.vallesalado.com\/fr\/decouvrez-la-vallee-salee\/plan-directeur\/etudes\/#primaryimage"},"thumbnailUrl":"https:\/\/www.vallesalado.com\/wp-content\/uploads\/2024\/12\/valle-salado-miniatura.webp","datePublished":"2024-12-03T16:24:52+00:00","dateModified":"2025-05-19T16:29:56+00:00","description":"\u00c9tudes multidisciplinaires de la vall\u00e9e sal\u00e9e d'A\u00f1ana, examinant son patrimoine historique, architectural et g\u00e9ologique.","breadcrumb":{"@id":"https:\/\/www.vallesalado.com\/fr\/decouvrez-la-vallee-salee\/plan-directeur\/etudes\/#breadcrumb"},"inLanguage":"fr-FR","potentialAction":[{"@type":"ReadAction","target":["https:\/\/www.vallesalado.com\/fr\/decouvrez-la-vallee-salee\/plan-directeur\/etudes\/"]}]},{"@type":"ImageObject","inLanguage":"fr-FR","@id":"https:\/\/www.vallesalado.com\/fr\/decouvrez-la-vallee-salee\/plan-directeur\/etudes\/#primaryimage","url":"https:\/\/www.vallesalado.com\/wp-content\/uploads\/2024\/12\/valle-salado-miniatura.webp","contentUrl":"https:\/\/www.vallesalado.com\/wp-content\/uploads\/2024\/12\/valle-salado-miniatura.webp","width":1200,"height":630},{"@type":"BreadcrumbList","@id":"https:\/\/www.vallesalado.com\/fr\/decouvrez-la-vallee-salee\/plan-directeur\/etudes\/#breadcrumb","itemListElement":[{"@type":"ListItem","position":1,"name":"Valle Salado","item":"https:\/\/www.vallesalado.com\/fr\/"},{"@type":"ListItem","position":2,"name":"D\u00e9couvrez la Vall\u00e9e Sal\u00e9e","item":"https:\/\/www.vallesalado.com\/fr\/decouvrez-la-vallee-salee\/"},{"@type":"ListItem","position":3,"name":"Plan Directeur","item":"https:\/\/www.vallesalado.com\/fr\/decouvrez-la-vallee-salee\/plan-directeur\/"},{"@type":"ListItem","position":4,"name":"\u00c9tudes"}]},{"@type":"WebSite","@id":"https:\/\/www.vallesalado.com\/fr\/#website","url":"https:\/\/www.vallesalado.com\/fr\/","name":"Valle Salado de A\u00f1ana","description":"Valle Salado de A\u00f1ana","publisher":{"@id":"https:\/\/www.vallesalado.com\/fr\/#organization"},"potentialAction":[{"@type":"SearchAction","target":{"@type":"EntryPoint","urlTemplate":"https:\/\/www.vallesalado.com\/fr\/?s={search_term_string}"},"query-input":{"@type":"PropertyValueSpecification","valueRequired":true,"valueName":"search_term_string"}}],"inLanguage":"fr-FR"},{"@type":"Organization","@id":"https:\/\/www.vallesalado.com\/fr\/#organization","name":"Valle Salado de A\u00f1ana","url":"https:\/\/www.vallesalado.com\/fr\/","logo":{"@type":"ImageObject","inLanguage":"fr-FR","@id":"https:\/\/www.vallesalado.com\/fr\/#\/schema\/logo\/image\/","url":"https:\/\/www.vallesalado.com\/wp-content\/uploads\/2025\/05\/logo-valle-salado.webp","contentUrl":"https:\/\/www.vallesalado.com\/wp-content\/uploads\/2025\/05\/logo-valle-salado.webp","width":600,"height":143,"caption":"Valle Salado de A\u00f1ana"},"image":{"@id":"https:\/\/www.vallesalado.com\/fr\/#\/schema\/logo\/image\/"},"sameAs":["https:\/\/www.facebook.com\/ValleSaladodeAnana","https:\/\/x.com\/vallesalado","https:\/\/www.instagram.com\/vallesalado\/"]}]}},"_links":{"self":[{"href":"https:\/\/www.vallesalado.com\/fr\/wp-json\/wp\/v2\/pages\/7275","targetHints":{"allow":["GET"]}}],"collection":[{"href":"https:\/\/www.vallesalado.com\/fr\/wp-json\/wp\/v2\/pages"}],"about":[{"href":"https:\/\/www.vallesalado.com\/fr\/wp-json\/wp\/v2\/types\/page"}],"author":[{"embeddable":true,"href":"https:\/\/www.vallesalado.com\/fr\/wp-json\/wp\/v2\/users\/1"}],"replies":[{"embeddable":true,"href":"https:\/\/www.vallesalado.com\/fr\/wp-json\/wp\/v2\/comments?post=7275"}],"version-history":[{"count":1,"href":"https:\/\/www.vallesalado.com\/fr\/wp-json\/wp\/v2\/pages\/7275\/revisions"}],"predecessor-version":[{"id":7276,"href":"https:\/\/www.vallesalado.com\/fr\/wp-json\/wp\/v2\/pages\/7275\/revisions\/7276"}],"up":[{"embeddable":true,"href":"https:\/\/www.vallesalado.com\/fr\/wp-json\/wp\/v2\/pages\/7172"}],"wp:featuredmedia":[{"embeddable":true,"href":"https:\/\/www.vallesalado.com\/fr\/wp-json\/wp\/v2\/media\/4148"}],"wp:attachment":[{"href":"https:\/\/www.vallesalado.com\/fr\/wp-json\/wp\/v2\/media?parent=7275"}],"curies":[{"name":"wp","href":"https:\/\/api.w.org\/{rel}","templated":true}]}}