{"id":7405,"date":"2024-12-03T17:42:44","date_gmt":"2024-12-03T16:42:44","guid":{"rendered":"https:\/\/vallesalado.com\/sel-danana\/ambassadors\/edorta-lamo\/"},"modified":"2025-05-19T22:31:39","modified_gmt":"2025-05-19T20:31:39","slug":"edorta-lamo","status":"publish","type":"page","link":"https:\/\/www.vallesalado.com\/fr\/sel-danana\/ambassadors\/edorta-lamo\/","title":{"rendered":"Edorta Lamo"},"content":{"rendered":"\t\t<div data-elementor-type=\"wp-page\" data-elementor-id=\"7405\" class=\"elementor elementor-7405 elementor-294\" data-elementor-post-type=\"page\">\n\t\t\t\t\t\t<section class=\"elementor-section elementor-top-section elementor-element elementor-element-eed2a30 elementor-section-boxed elementor-section-height-default elementor-section-height-default\" data-id=\"eed2a30\" data-element_type=\"section\" data-settings=\"{&quot;background_background&quot;:&quot;classic&quot;}\">\n\t\t\t\t\t\t<div class=\"elementor-container elementor-column-gap-default\">\n\t\t\t\t\t<div class=\"elementor-column elementor-col-100 elementor-top-column elementor-element elementor-element-bd2c5b6\" data-id=\"bd2c5b6\" data-element_type=\"column\">\n\t\t\t<div class=\"elementor-widget-wrap elementor-element-populated\">\n\t\t\t\t\t\t<div class=\"elementor-element elementor-element-5ce5fc1 elementor-widget elementor-widget-heading\" data-id=\"5ce5fc1\" data-element_type=\"widget\" data-widget_type=\"heading.default\">\n\t\t\t\t<div class=\"elementor-widget-container\">\n\t\t\t\t\t<h1 class=\"elementor-heading-title elementor-size-default\">Edorta Lamo<\/h1>\t\t\t\t<\/div>\n\t\t\t\t<\/div>\n\t\t\t\t<div class=\"elementor-element elementor-element-2d83379 elementor-align-center elementor-widget elementor-widget-breadcrumbs\" data-id=\"2d83379\" data-element_type=\"widget\" data-widget_type=\"breadcrumbs.default\">\n\t\t\t\t<div class=\"elementor-widget-container\">\n\t\t\t\t\t<p id=\"breadcrumbs\"><span><span><a href=\"https:\/\/www.vallesalado.com\/fr\/\">Valle Salado<\/a><\/span><\/span><\/p>\t\t\t\t<\/div>\n\t\t\t\t<\/div>\n\t\t\t\t\t<\/div>\n\t\t<\/div>\n\t\t\t\t\t<\/div>\n\t\t<\/section>\n\t\t\t\t<section class=\"elementor-section elementor-top-section elementor-element elementor-element-7d526d9 elementor-section-boxed elementor-section-height-default elementor-section-height-default\" data-id=\"7d526d9\" data-element_type=\"section\">\n\t\t\t\t\t\t<div class=\"elementor-container elementor-column-gap-wider\">\n\t\t\t\t\t<div class=\"elementor-column elementor-col-100 elementor-top-column elementor-element elementor-element-45122eb\" data-id=\"45122eb\" data-element_type=\"column\">\n\t\t\t<div class=\"elementor-widget-wrap elementor-element-populated\">\n\t\t\t\t\t\t<div class=\"elementor-element elementor-element-abb39fa elementor-widget elementor-widget-image\" data-id=\"abb39fa\" data-element_type=\"widget\" data-widget_type=\"image.default\">\n\t\t\t\t<div class=\"elementor-widget-container\">\n\t\t\t\t\t\t\t\t\t\t\t\t\t\t\t<img fetchpriority=\"high\" decoding=\"async\" width=\"400\" height=\"400\" src=\"https:\/\/www.vallesalado.com\/wp-content\/uploads\/2024\/12\/embajadores-logo-arrea.webp\" class=\"attachment-full size-full wp-image-4358\" alt=\"\" srcset=\"https:\/\/www.vallesalado.com\/wp-content\/uploads\/2024\/12\/embajadores-logo-arrea.webp 400w, https:\/\/www.vallesalado.com\/wp-content\/uploads\/2024\/12\/embajadores-logo-arrea-300x300.webp 300w, https:\/\/www.vallesalado.com\/wp-content\/uploads\/2024\/12\/embajadores-logo-arrea-150x150.webp 150w, https:\/\/www.vallesalado.com\/wp-content\/uploads\/2024\/12\/embajadores-logo-arrea-100x100.webp 100w\" sizes=\"(max-width: 400px) 100vw, 400px\" \/>\t\t\t\t\t\t\t\t\t\t\t\t\t\t\t<\/div>\n\t\t\t\t<\/div>\n\t\t\t\t<div class=\"elementor-element elementor-element-3c67e60 elementor-widget elementor-widget-text-editor\" data-id=\"3c67e60\" data-element_type=\"widget\" data-widget_type=\"text-editor.default\">\n\t\t\t\t<div class=\"elementor-widget-container\">\n\t\t\t\t\t\t\t\t\t<p>\u00ab\u00a0Pour moi, c&rsquo;est un privil\u00e8ge d&rsquo;appartenir \u00e0 la terre qui poss\u00e8de les plus anciennes salines en activit\u00e9 du monde, et encore plus si, en tant que chef, je peux apporter cette \u00ab\u00a0txispa\u00a0\u00bb gastronomique que seul ce sel authentique procure. Et si cette \u00ab\u00a0txispa\u00a0\u00bb inclut la culture, l&rsquo;histoire et les personnes qui la forment, le privil\u00e8ge devient un honneur\u00a0\u00bb.<\/p>\t\t\t\t\t\t\t\t<\/div>\n\t\t\t\t<\/div>\n\t\t\t\t<section class=\"elementor-section elementor-inner-section elementor-element elementor-element-a5cac86 elementor-section-boxed elementor-section-height-default elementor-section-height-default\" data-id=\"a5cac86\" data-element_type=\"section\">\n\t\t\t\t\t\t<div class=\"elementor-container elementor-column-gap-default\">\n\t\t\t\t\t<div class=\"elementor-column elementor-col-33 elementor-inner-column elementor-element elementor-element-bec36d6\" data-id=\"bec36d6\" data-element_type=\"column\">\n\t\t\t<div class=\"elementor-widget-wrap elementor-element-populated\">\n\t\t\t\t\t\t<div class=\"elementor-element elementor-element-81a2293 elementor-widget elementor-widget-text-editor\" data-id=\"81a2293\" data-element_type=\"widget\" data-widget_type=\"text-editor.default\">\n\t\t\t\t<div class=\"elementor-widget-container\">\n\t\t\t\t\t\t\t\t\t<p>Arrea !<\/p>\t\t\t\t\t\t\t\t<\/div>\n\t\t\t\t<\/div>\n\t\t\t\t\t<\/div>\n\t\t<\/div>\n\t\t\t\t<div class=\"elementor-column elementor-col-33 elementor-inner-column elementor-element elementor-element-c5b7d3f\" data-id=\"c5b7d3f\" data-element_type=\"column\">\n\t\t\t<div class=\"elementor-widget-wrap elementor-element-populated\">\n\t\t\t\t\t\t<div class=\"elementor-element elementor-element-bc9915f elementor-widget elementor-widget-text-editor\" data-id=\"bc9915f\" data-element_type=\"widget\" data-widget_type=\"text-editor.default\">\n\t\t\t\t<div class=\"elementor-widget-container\">\n\t\t\t\t\t\t\t\t\t<p>C\/ Subida al Front\u00f3n, 46 <br>Tel : +34 689740370<\/p>\t\t\t\t\t\t\t\t<\/div>\n\t\t\t\t<\/div>\n\t\t\t\t\t<\/div>\n\t\t<\/div>\n\t\t\t\t<div class=\"elementor-column elementor-col-33 elementor-inner-column elementor-element elementor-element-782e320\" data-id=\"782e320\" data-element_type=\"column\">\n\t\t\t<div class=\"elementor-widget-wrap elementor-element-populated\">\n\t\t\t\t\t\t<div class=\"elementor-element elementor-element-33a26be elementor-widget elementor-widget-text-editor\" data-id=\"33a26be\" data-element_type=\"widget\" data-widget_type=\"text-editor.default\">\n\t\t\t\t<div class=\"elementor-widget-container\">\n\t\t\t\t\t\t\t\t\t<a href=\"https:\/\/arrea.eus\/\" target=\"_blank\" rel=\"noopener\">arrea.eus<\/a>\t\t\t\t\t\t\t\t<\/div>\n\t\t\t\t<\/div>\n\t\t\t\t\t<\/div>\n\t\t<\/div>\n\t\t\t\t\t<\/div>\n\t\t<\/section>\n\t\t\t\t\t<\/div>\n\t\t<\/div>\n\t\t\t\t\t<\/div>\n\t\t<\/section>\n\t\t\t\t<section class=\"elementor-section elementor-top-section elementor-element elementor-element-af4d41c elementor-section-boxed elementor-section-height-default elementor-section-height-default\" data-id=\"af4d41c\" data-element_type=\"section\">\n\t\t\t\t\t\t<div class=\"elementor-container elementor-column-gap-wider\">\n\t\t\t\t\t<div class=\"elementor-column elementor-col-50 elementor-top-column elementor-element elementor-element-64488ca\" data-id=\"64488ca\" data-element_type=\"column\">\n\t\t\t<div class=\"elementor-widget-wrap elementor-element-populated\">\n\t\t\t\t\t\t<div class=\"elementor-element elementor-element-cab61a0 elementor-widget elementor-widget-text-editor\" data-id=\"cab61a0\" data-element_type=\"widget\" data-widget_type=\"text-editor.default\">\n\t\t\t\t<div class=\"elementor-widget-container\">\n\t\t\t\t\t\t\t\t\t<p><strong>Edorta Lamo<\/strong>, chef du restaurant Arrea !, a \u00e9t\u00e9 nomm\u00e9e ambassadrice du sel de la vall\u00e9e sal\u00e9e d&rsquo;A\u00f1ana. Ce chef renomm\u00e9, originaire de Kanpezu (\u00c1lava &#8211; Pays basque), a \u00e9tudi\u00e9 la cuisine \u00e0 l&rsquo;\u00c9cole sup\u00e9rieure d&rsquo;h\u00f4tellerie d&rsquo;O\u00f1ati et, apr\u00e8s avoir travaill\u00e9 dans diff\u00e9rentes cuisines \u00e0 New York, Vitoria et Grenade, a ouvert en 2006 \u00e0 Donostia, avec sa s\u0153ur Amaia Garc\u00eda de Albizu, le restaurant \u00ab\u00a0A fuego negro\u00a0\u00bb, une nouvelle version de la culture pintxo de Donostia, tr\u00e8s reconnue tout au long de sa carri\u00e8re, et qui a ferm\u00e9 ses portes en 2020. <\/p><p>En d\u00e9cembre 2018, il a ouvert le restaurant Arrea ! dans sa ville natale. Un nouveau concept gastronomique qui prend place au c\u0153ur de la Monta\u00f1a Alavesa et qui repr\u00e9sente le retour aux sources d&rsquo;Edorta Lamo. Des racines qu&rsquo;il prend comme r\u00e9f\u00e9rence pour pratiquer une gastronomie fortement locale et autochtone de son propre style qui invoque la personnalit\u00e9, la culture et les coutumes locales.  <\/p><p>Au cours de ces ann\u00e9es, elle a r\u00e9colt\u00e9 de nombreux succ\u00e8s et reconnaissances qui, \u00e0 leur tour, ont donn\u00e9 \u00e0 Arrea ! une force et une projection stables. Rien qu&rsquo;au cours de l&rsquo;ann\u00e9e et demie \u00e9coul\u00e9e : <\/p><ul><li>Nov 2021 : Edorta Lamo a particip\u00e9 \u00e0 Bruges, repr\u00e9sentant la cuisine basque dans le programme du 6\u00e8me Forum Mondial du Tourisme Gastronomique organis\u00e9 par l&rsquo;Organisation Mondiale du Tourisme (OMT) et le Centre Culinaire Basque.<\/li><li>F\u00e9vrier 2022 : Le guide Repsol lui a d\u00e9cern\u00e9 le deuxi\u00e8me soleil.<\/li><li>Juin 2022 : Prix du meilleur restaurateur basque, dans le cadre de la XXVIIIe \u00e9dition des prix gastronomiques Euskadi.<\/li><li>Novembre 2022 : Golden T Award du magazine gastronomique Tapas, qui a consid\u00e9r\u00e9 Arrea et Edorta Lamo comme l&rsquo;un des 18 restaurants et chefs de l&rsquo;ann\u00e9e.<\/li><li>Nov 2022 : Premi\u00e8re \u00e9toile Michelin. La plus haute reconnaissance de la cuisine europ\u00e9enne a \u00e9t\u00e9 d\u00e9cern\u00e9e par le prestigieux Guide Michelin, qui a attribu\u00e9 l&rsquo;\u00c9toile rouge ainsi que l&rsquo;\u00c9toile verte, qui distingue la durabilit\u00e9 et l&rsquo;\u00e9conomie circulaire dans la cuisine. <\/li><li>Nov 2022 : TOP10 Macarfi Guide Award, qui a r\u00e9compens\u00e9 Arrea ! ainsi que Etxebarri et Elkano comme les meilleurs restaurants du Pays basque.<\/li><li>Sep 2023 : Edorta Lamo figure sur la liste Forbes des 100 cr\u00e9atifs de 2023.<\/li><\/ul>\t\t\t\t\t\t\t\t<\/div>\n\t\t\t\t<\/div>\n\t\t\t\t\t<\/div>\n\t\t<\/div>\n\t\t\t\t<div class=\"elementor-column elementor-col-50 elementor-top-column elementor-element elementor-element-6bbadd8\" data-id=\"6bbadd8\" data-element_type=\"column\">\n\t\t\t<div class=\"elementor-widget-wrap elementor-element-populated\">\n\t\t\t\t\t\t<div class=\"elementor-element elementor-element-1015276 elementor-widget elementor-widget-image\" data-id=\"1015276\" data-element_type=\"widget\" data-widget_type=\"image.default\">\n\t\t\t\t<div class=\"elementor-widget-container\">\n\t\t\t\t\t\t\t\t\t\t\t\t\t\t\t<img decoding=\"async\" width=\"900\" height=\"1275\" src=\"https:\/\/www.vallesalado.com\/wp-content\/uploads\/2024\/12\/edorta-lamo-principal.webp\" class=\"attachment-full size-full wp-image-4361\" alt=\"\" srcset=\"https:\/\/www.vallesalado.com\/wp-content\/uploads\/2024\/12\/edorta-lamo-principal.webp 900w, https:\/\/www.vallesalado.com\/wp-content\/uploads\/2024\/12\/edorta-lamo-principal-212x300.webp 212w, https:\/\/www.vallesalado.com\/wp-content\/uploads\/2024\/12\/edorta-lamo-principal-723x1024.webp 723w, https:\/\/www.vallesalado.com\/wp-content\/uploads\/2024\/12\/edorta-lamo-principal-768x1088.webp 768w, https:\/\/www.vallesalado.com\/wp-content\/uploads\/2024\/12\/edorta-lamo-principal-600x850.webp 600w\" sizes=\"(max-width: 900px) 100vw, 900px\" \/>\t\t\t\t\t\t\t\t\t\t\t\t\t\t\t<\/div>\n\t\t\t\t<\/div>\n\t\t\t\t<div class=\"elementor-element elementor-element-9f23d24 e-transform elementor-widget elementor-widget-image\" data-id=\"9f23d24\" data-element_type=\"widget\" data-settings=\"{&quot;_transform_translateX_effect&quot;:{&quot;unit&quot;:&quot;px&quot;,&quot;size&quot;:220,&quot;sizes&quot;:[]},&quot;_transform_translateX_effect_tablet&quot;:{&quot;unit&quot;:&quot;px&quot;,&quot;size&quot;:106,&quot;sizes&quot;:[]},&quot;_transform_translateX_effect_mobile&quot;:{&quot;unit&quot;:&quot;px&quot;,&quot;size&quot;:20,&quot;sizes&quot;:[]},&quot;_transform_translateY_effect&quot;:{&quot;unit&quot;:&quot;px&quot;,&quot;size&quot;:-147,&quot;sizes&quot;:[]},&quot;_transform_translateY_effect_tablet&quot;:{&quot;unit&quot;:&quot;px&quot;,&quot;size&quot;:-86,&quot;sizes&quot;:[]},&quot;_transform_translateY_effect_mobile&quot;:{&quot;unit&quot;:&quot;px&quot;,&quot;size&quot;:-110,&quot;sizes&quot;:[]}}\" data-widget_type=\"image.default\">\n\t\t\t\t<div class=\"elementor-widget-container\">\n\t\t\t\t\t\t\t\t\t\t\t\t\t\t\t<img decoding=\"async\" width=\"600\" height=\"600\" src=\"https:\/\/www.vallesalado.com\/wp-content\/uploads\/2024\/12\/valle-salado-gota-03.webp\" class=\"attachment-full size-full wp-image-4490\" alt=\"\" srcset=\"https:\/\/www.vallesalado.com\/wp-content\/uploads\/2024\/12\/valle-salado-gota-03.webp 600w, https:\/\/www.vallesalado.com\/wp-content\/uploads\/2024\/12\/valle-salado-gota-03-300x300.webp 300w, https:\/\/www.vallesalado.com\/wp-content\/uploads\/2024\/12\/valle-salado-gota-03-150x150.webp 150w, https:\/\/www.vallesalado.com\/wp-content\/uploads\/2024\/12\/valle-salado-gota-03-100x100.webp 100w\" sizes=\"(max-width: 600px) 100vw, 600px\" \/>\t\t\t\t\t\t\t\t\t\t\t\t\t\t\t<\/div>\n\t\t\t\t<\/div>\n\t\t\t\t\t<\/div>\n\t\t<\/div>\n\t\t\t\t\t<\/div>\n\t\t<\/section>\n\t\t\t\t<section class=\"elementor-section elementor-top-section elementor-element elementor-element-723e3ca elementor-section-boxed elementor-section-height-default elementor-section-height-default\" data-id=\"723e3ca\" data-element_type=\"section\">\n\t\t\t\t\t\t<div class=\"elementor-container elementor-column-gap-default\">\n\t\t\t\t\t<div class=\"elementor-column elementor-col-100 elementor-top-column elementor-element elementor-element-46d89bb\" data-id=\"46d89bb\" data-element_type=\"column\">\n\t\t\t<div class=\"elementor-widget-wrap elementor-element-populated\">\n\t\t\t\t\t\t<div class=\"elementor-element elementor-element-b5fc5b0 elementor-widget elementor-widget-video\" data-id=\"b5fc5b0\" data-element_type=\"widget\" data-settings=\"{&quot;youtube_url&quot;:&quot;https:\\\/\\\/www.youtube.com\\\/watch?v=WV53hNz5X5k&quot;,&quot;video_type&quot;:&quot;youtube&quot;,&quot;controls&quot;:&quot;yes&quot;}\" data-widget_type=\"video.default\">\n\t\t\t\t<div class=\"elementor-widget-container\">\n\t\t\t\t\t\t\t<div class=\"elementor-wrapper elementor-open-inline\">\n\t\t\t<div class=\"elementor-video\"><\/div>\t\t<\/div>\n\t\t\t\t\t\t<\/div>\n\t\t\t\t<\/div>\n\t\t\t\t\t<\/div>\n\t\t<\/div>\n\t\t\t\t\t<\/div>\n\t\t<\/section>\n\t\t\t\t<\/div>\n\t\t","protected":false},"excerpt":{"rendered":"<p>\u00ab\u00a0Pour moi, c&rsquo;est un privil\u00e8ge d&rsquo;appartenir \u00e0 la terre qui poss\u00e8de les plus anciennes salines en activit\u00e9 du monde, et encore plus si, en tant que chef, je peux apporter cette \u00ab\u00a0txispa\u00a0\u00bb gastronomique que seul ce sel authentique procure. Et si cette \u00ab\u00a0txispa\u00a0\u00bb inclut la culture, l&rsquo;histoire et les personnes qui la forment, le privil\u00e8ge [&hellip;]<\/p>\n","protected":false},"author":1,"featured_media":4148,"parent":6983,"menu_order":0,"comment_status":"closed","ping_status":"closed","template":"","meta":{"inline_featured_image":false,"footnotes":"","_links_to":"","_links_to_target":""},"class_list":["post-7405","page","type-page","status-publish","has-post-thumbnail","hentry"],"yoast_head":"<!-- This site is optimized with the Yoast SEO plugin v26.7 - https:\/\/yoast.com\/wordpress\/plugins\/seo\/ -->\n<title>Edorta Lamo - Valle Salado de A\u00f1ana<\/title>\n<meta name=\"description\" content=\"Edorta Lamo, ambassadeur de Salt Valley Salt, propose une gastronomie locale et authentique dans son restaurant Arrea ! \u00e0 Kanpezu.\" \/>\n<meta name=\"robots\" content=\"index, follow, max-snippet:-1, max-image-preview:large, max-video-preview:-1\" \/>\n<link rel=\"canonical\" href=\"https:\/\/www.vallesalado.com\/fr\/sel-danana\/ambassadors\/edorta-lamo\/\" \/>\n<meta property=\"og:locale\" content=\"fr_FR\" \/>\n<meta property=\"og:type\" content=\"article\" \/>\n<meta property=\"og:title\" content=\"Edorta Lamo - Valle Salado de A\u00f1ana\" \/>\n<meta property=\"og:description\" content=\"Edorta Lamo, ambassadeur de Salt Valley Salt, propose une gastronomie locale et authentique dans son restaurant Arrea ! \u00e0 Kanpezu.\" \/>\n<meta property=\"og:url\" content=\"https:\/\/www.vallesalado.com\/fr\/sel-danana\/ambassadors\/edorta-lamo\/\" \/>\n<meta property=\"og:site_name\" content=\"Valle Salado de A\u00f1ana\" \/>\n<meta property=\"article:publisher\" content=\"https:\/\/www.facebook.com\/ValleSaladodeAnana\" \/>\n<meta property=\"article:modified_time\" content=\"2025-05-19T20:31:39+00:00\" \/>\n<meta property=\"og:image\" content=\"https:\/\/www.vallesalado.com\/wp-content\/uploads\/2024\/12\/valle-salado-miniatura.webp\" \/>\n\t<meta property=\"og:image:width\" content=\"1200\" \/>\n\t<meta property=\"og:image:height\" content=\"630\" \/>\n\t<meta property=\"og:image:type\" content=\"image\/webp\" \/>\n<meta name=\"twitter:card\" content=\"summary_large_image\" \/>\n<meta name=\"twitter:site\" content=\"@vallesalado\" \/>\n<meta name=\"twitter:label1\" content=\"Dur\u00e9e de lecture estim\u00e9e\" \/>\n\t<meta name=\"twitter:data1\" content=\"2 minutes\" \/>\n<script type=\"application\/ld+json\" class=\"yoast-schema-graph\">{\"@context\":\"https:\/\/schema.org\",\"@graph\":[{\"@type\":\"WebPage\",\"@id\":\"https:\/\/www.vallesalado.com\/fr\/sel-danana\/ambassadors\/edorta-lamo\/\",\"url\":\"https:\/\/www.vallesalado.com\/fr\/sel-danana\/ambassadors\/edorta-lamo\/\",\"name\":\"Edorta Lamo - Valle Salado de A\u00f1ana\",\"isPartOf\":{\"@id\":\"https:\/\/www.vallesalado.com\/fr\/#website\"},\"primaryImageOfPage\":{\"@id\":\"https:\/\/www.vallesalado.com\/fr\/sel-danana\/ambassadors\/edorta-lamo\/#primaryimage\"},\"image\":{\"@id\":\"https:\/\/www.vallesalado.com\/fr\/sel-danana\/ambassadors\/edorta-lamo\/#primaryimage\"},\"thumbnailUrl\":\"https:\/\/www.vallesalado.com\/wp-content\/uploads\/2024\/12\/valle-salado-miniatura.webp\",\"datePublished\":\"2024-12-03T16:42:44+00:00\",\"dateModified\":\"2025-05-19T20:31:39+00:00\",\"description\":\"Edorta Lamo, ambassadeur de Salt Valley Salt, propose une gastronomie locale et authentique dans son restaurant Arrea ! \u00e0 Kanpezu.\",\"breadcrumb\":{\"@id\":\"https:\/\/www.vallesalado.com\/fr\/sel-danana\/ambassadors\/edorta-lamo\/#breadcrumb\"},\"inLanguage\":\"fr-FR\",\"potentialAction\":[{\"@type\":\"ReadAction\",\"target\":[\"https:\/\/www.vallesalado.com\/fr\/sel-danana\/ambassadors\/edorta-lamo\/\"]}]},{\"@type\":\"ImageObject\",\"inLanguage\":\"fr-FR\",\"@id\":\"https:\/\/www.vallesalado.com\/fr\/sel-danana\/ambassadors\/edorta-lamo\/#primaryimage\",\"url\":\"https:\/\/www.vallesalado.com\/wp-content\/uploads\/2024\/12\/valle-salado-miniatura.webp\",\"contentUrl\":\"https:\/\/www.vallesalado.com\/wp-content\/uploads\/2024\/12\/valle-salado-miniatura.webp\",\"width\":1200,\"height\":630},{\"@type\":\"BreadcrumbList\",\"@id\":\"https:\/\/www.vallesalado.com\/fr\/sel-danana\/ambassadors\/edorta-lamo\/#breadcrumb\",\"itemListElement\":[{\"@type\":\"ListItem\",\"position\":1,\"name\":\"Valle Salado\",\"item\":\"https:\/\/www.vallesalado.com\/fr\/\"},{\"@type\":\"ListItem\",\"position\":2,\"name\":\"Sel d&rsquo;A\u00f1ana\",\"item\":\"https:\/\/www.vallesalado.com\/fr\/sel-danana\/\"},{\"@type\":\"ListItem\",\"position\":3,\"name\":\"Ambassadeurs\",\"item\":\"https:\/\/www.vallesalado.com\/fr\/sel-danana\/ambassadors\/\"},{\"@type\":\"ListItem\",\"position\":4,\"name\":\"Edorta Lamo\"}]},{\"@type\":\"WebSite\",\"@id\":\"https:\/\/www.vallesalado.com\/fr\/#website\",\"url\":\"https:\/\/www.vallesalado.com\/fr\/\",\"name\":\"Valle Salado de A\u00f1ana\",\"description\":\"Valle Salado de A\u00f1ana\",\"publisher\":{\"@id\":\"https:\/\/www.vallesalado.com\/fr\/#organization\"},\"potentialAction\":[{\"@type\":\"SearchAction\",\"target\":{\"@type\":\"EntryPoint\",\"urlTemplate\":\"https:\/\/www.vallesalado.com\/fr\/?s={search_term_string}\"},\"query-input\":{\"@type\":\"PropertyValueSpecification\",\"valueRequired\":true,\"valueName\":\"search_term_string\"}}],\"inLanguage\":\"fr-FR\"},{\"@type\":\"Organization\",\"@id\":\"https:\/\/www.vallesalado.com\/fr\/#organization\",\"name\":\"Valle Salado de A\u00f1ana\",\"url\":\"https:\/\/www.vallesalado.com\/fr\/\",\"logo\":{\"@type\":\"ImageObject\",\"inLanguage\":\"fr-FR\",\"@id\":\"https:\/\/www.vallesalado.com\/fr\/#\/schema\/logo\/image\/\",\"url\":\"https:\/\/www.vallesalado.com\/wp-content\/uploads\/2025\/05\/logo-valle-salado.webp\",\"contentUrl\":\"https:\/\/www.vallesalado.com\/wp-content\/uploads\/2025\/05\/logo-valle-salado.webp\",\"width\":600,\"height\":143,\"caption\":\"Valle Salado de A\u00f1ana\"},\"image\":{\"@id\":\"https:\/\/www.vallesalado.com\/fr\/#\/schema\/logo\/image\/\"},\"sameAs\":[\"https:\/\/www.facebook.com\/ValleSaladodeAnana\",\"https:\/\/x.com\/vallesalado\",\"https:\/\/www.instagram.com\/vallesalado\/\"]}]}<\/script>\n<!-- \/ Yoast SEO plugin. -->","yoast_head_json":{"title":"Edorta Lamo - Valle Salado de A\u00f1ana","description":"Edorta Lamo, ambassadeur de Salt Valley Salt, propose une gastronomie locale et authentique dans son restaurant Arrea ! \u00e0 Kanpezu.","robots":{"index":"index","follow":"follow","max-snippet":"max-snippet:-1","max-image-preview":"max-image-preview:large","max-video-preview":"max-video-preview:-1"},"canonical":"https:\/\/www.vallesalado.com\/fr\/sel-danana\/ambassadors\/edorta-lamo\/","og_locale":"fr_FR","og_type":"article","og_title":"Edorta Lamo - Valle Salado de A\u00f1ana","og_description":"Edorta Lamo, ambassadeur de Salt Valley Salt, propose une gastronomie locale et authentique dans son restaurant Arrea ! \u00e0 Kanpezu.","og_url":"https:\/\/www.vallesalado.com\/fr\/sel-danana\/ambassadors\/edorta-lamo\/","og_site_name":"Valle Salado de A\u00f1ana","article_publisher":"https:\/\/www.facebook.com\/ValleSaladodeAnana","article_modified_time":"2025-05-19T20:31:39+00:00","og_image":[{"width":1200,"height":630,"url":"https:\/\/www.vallesalado.com\/wp-content\/uploads\/2024\/12\/valle-salado-miniatura.webp","type":"image\/webp"}],"twitter_card":"summary_large_image","twitter_site":"@vallesalado","twitter_misc":{"Dur\u00e9e de lecture estim\u00e9e":"2 minutes"},"schema":{"@context":"https:\/\/schema.org","@graph":[{"@type":"WebPage","@id":"https:\/\/www.vallesalado.com\/fr\/sel-danana\/ambassadors\/edorta-lamo\/","url":"https:\/\/www.vallesalado.com\/fr\/sel-danana\/ambassadors\/edorta-lamo\/","name":"Edorta Lamo - Valle Salado de A\u00f1ana","isPartOf":{"@id":"https:\/\/www.vallesalado.com\/fr\/#website"},"primaryImageOfPage":{"@id":"https:\/\/www.vallesalado.com\/fr\/sel-danana\/ambassadors\/edorta-lamo\/#primaryimage"},"image":{"@id":"https:\/\/www.vallesalado.com\/fr\/sel-danana\/ambassadors\/edorta-lamo\/#primaryimage"},"thumbnailUrl":"https:\/\/www.vallesalado.com\/wp-content\/uploads\/2024\/12\/valle-salado-miniatura.webp","datePublished":"2024-12-03T16:42:44+00:00","dateModified":"2025-05-19T20:31:39+00:00","description":"Edorta Lamo, ambassadeur de Salt Valley Salt, propose une gastronomie locale et authentique dans son restaurant Arrea ! \u00e0 Kanpezu.","breadcrumb":{"@id":"https:\/\/www.vallesalado.com\/fr\/sel-danana\/ambassadors\/edorta-lamo\/#breadcrumb"},"inLanguage":"fr-FR","potentialAction":[{"@type":"ReadAction","target":["https:\/\/www.vallesalado.com\/fr\/sel-danana\/ambassadors\/edorta-lamo\/"]}]},{"@type":"ImageObject","inLanguage":"fr-FR","@id":"https:\/\/www.vallesalado.com\/fr\/sel-danana\/ambassadors\/edorta-lamo\/#primaryimage","url":"https:\/\/www.vallesalado.com\/wp-content\/uploads\/2024\/12\/valle-salado-miniatura.webp","contentUrl":"https:\/\/www.vallesalado.com\/wp-content\/uploads\/2024\/12\/valle-salado-miniatura.webp","width":1200,"height":630},{"@type":"BreadcrumbList","@id":"https:\/\/www.vallesalado.com\/fr\/sel-danana\/ambassadors\/edorta-lamo\/#breadcrumb","itemListElement":[{"@type":"ListItem","position":1,"name":"Valle Salado","item":"https:\/\/www.vallesalado.com\/fr\/"},{"@type":"ListItem","position":2,"name":"Sel d&rsquo;A\u00f1ana","item":"https:\/\/www.vallesalado.com\/fr\/sel-danana\/"},{"@type":"ListItem","position":3,"name":"Ambassadeurs","item":"https:\/\/www.vallesalado.com\/fr\/sel-danana\/ambassadors\/"},{"@type":"ListItem","position":4,"name":"Edorta Lamo"}]},{"@type":"WebSite","@id":"https:\/\/www.vallesalado.com\/fr\/#website","url":"https:\/\/www.vallesalado.com\/fr\/","name":"Valle Salado de A\u00f1ana","description":"Valle Salado de A\u00f1ana","publisher":{"@id":"https:\/\/www.vallesalado.com\/fr\/#organization"},"potentialAction":[{"@type":"SearchAction","target":{"@type":"EntryPoint","urlTemplate":"https:\/\/www.vallesalado.com\/fr\/?s={search_term_string}"},"query-input":{"@type":"PropertyValueSpecification","valueRequired":true,"valueName":"search_term_string"}}],"inLanguage":"fr-FR"},{"@type":"Organization","@id":"https:\/\/www.vallesalado.com\/fr\/#organization","name":"Valle Salado de A\u00f1ana","url":"https:\/\/www.vallesalado.com\/fr\/","logo":{"@type":"ImageObject","inLanguage":"fr-FR","@id":"https:\/\/www.vallesalado.com\/fr\/#\/schema\/logo\/image\/","url":"https:\/\/www.vallesalado.com\/wp-content\/uploads\/2025\/05\/logo-valle-salado.webp","contentUrl":"https:\/\/www.vallesalado.com\/wp-content\/uploads\/2025\/05\/logo-valle-salado.webp","width":600,"height":143,"caption":"Valle Salado de A\u00f1ana"},"image":{"@id":"https:\/\/www.vallesalado.com\/fr\/#\/schema\/logo\/image\/"},"sameAs":["https:\/\/www.facebook.com\/ValleSaladodeAnana","https:\/\/x.com\/vallesalado","https:\/\/www.instagram.com\/vallesalado\/"]}]}},"_links":{"self":[{"href":"https:\/\/www.vallesalado.com\/fr\/wp-json\/wp\/v2\/pages\/7405","targetHints":{"allow":["GET"]}}],"collection":[{"href":"https:\/\/www.vallesalado.com\/fr\/wp-json\/wp\/v2\/pages"}],"about":[{"href":"https:\/\/www.vallesalado.com\/fr\/wp-json\/wp\/v2\/types\/page"}],"author":[{"embeddable":true,"href":"https:\/\/www.vallesalado.com\/fr\/wp-json\/wp\/v2\/users\/1"}],"replies":[{"embeddable":true,"href":"https:\/\/www.vallesalado.com\/fr\/wp-json\/wp\/v2\/comments?post=7405"}],"version-history":[{"count":2,"href":"https:\/\/www.vallesalado.com\/fr\/wp-json\/wp\/v2\/pages\/7405\/revisions"}],"predecessor-version":[{"id":7407,"href":"https:\/\/www.vallesalado.com\/fr\/wp-json\/wp\/v2\/pages\/7405\/revisions\/7407"}],"up":[{"embeddable":true,"href":"https:\/\/www.vallesalado.com\/fr\/wp-json\/wp\/v2\/pages\/6983"}],"wp:featuredmedia":[{"embeddable":true,"href":"https:\/\/www.vallesalado.com\/fr\/wp-json\/wp\/v2\/media\/4148"}],"wp:attachment":[{"href":"https:\/\/www.vallesalado.com\/fr\/wp-json\/wp\/v2\/media?parent=7405"}],"curies":[{"name":"wp","href":"https:\/\/api.w.org\/{rel}","templated":true}]}}